{"id":1027,"date":"2026-01-01T00:00:07","date_gmt":"2025-12-31T23:00:07","guid":{"rendered":"http:\/\/toutcourtfestival.fr\/?page_id=1027"},"modified":"2026-04-04T11:21:09","modified_gmt":"2026-04-04T09:21:09","slug":"acceuil-test-nouvel-habillage","status":"publish","type":"page","link":"https:\/\/toutcourtfestival.fr\/","title":{"rendered":"Tout Court !"},"content":{"rendered":"<div id=\"pl-1027\"  class=\"panel-layout\" ><div id=\"pg-1027-0\"  class=\"panel-grid panel-has-style\" ><div class=\"panel-row-style panel-row-style-for-1027-0\" ><div id=\"pgc-1027-0-0\"  class=\"panel-grid-cell\" ><div id=\"panel-1027-0-0-0\" class=\"so-panel widget widget_sow-editor panel-first-child panel-last-child\" data-index=\"0\" ><div class=\"panel-widget-style panel-widget-style-for-1027-0-0-0\" ><div\n\t\t\t\n\t\t\tclass=\"so-widget-sow-editor so-widget-sow-editor-base\"\n\t\t\t\n\t\t>\n<div class=\"siteorigin-widget-tinymce textwidget\">\n\t<h1 style=\"text-align: center;\"><span style=\"font-size: 36pt;\">Tout Court !<\/span><strong><br \/>\n<\/strong><\/h1>\n<h2 style=\"text-align: center;\"><span style=\"color: #ff0000;\"><strong><span style=\"color: #000000;\">Festival du court-m\u00e9trage de Gisors<\/span><\/strong><\/span><\/h2>\n<h1 style=\"text-align: center;\"><a href=\"https:\/\/toutcourtfestival.fr\/index.php\/palmares-2026\/\"><strong>LE PALMARES 2026<\/strong><\/a><\/h1>\n<p style=\"text-align: center;\"><span style=\"color: #ff0000;\"><b>Tout Court! Ateliers tous les samedis apr\u00e8s-midi d\u00e8s 14h30<\/b><\/span><\/p>\n<\/div>\n<\/div><\/div><\/div><\/div><\/div><\/div><div id=\"pg-1027-1\"  class=\"panel-grid panel-has-style\" ><div class=\"panel-row-style panel-row-style-for-1027-1\" ><div id=\"pgc-1027-1-0\"  class=\"panel-grid-cell\" ><div id=\"panel-1027-1-0-0\" class=\"so-panel widget widget_media_image panel-first-child panel-last-child\" data-index=\"1\" ><div style=\"width: 1500px\" class=\"wp-caption alignnone\"><a href=\"https:\/\/toutcourtfestival.fr\/wp-content\/uploads\/2026\/03\/Programme-2026-version-WEB.pdf\"><img loading=\"lazy\" decoding=\"async\" width=\"1500\" height=\"2125\" src=\"https:\/\/i0.wp.com\/toutcourtfestival.fr\/wp-content\/uploads\/2026\/03\/Affiche-Tout-Court-2026-Web.jpg-scaled.jpeg?fit=1500%2C2125&amp;ssl=1\" class=\"image wp-image-10237  attachment-1500x2125 size-1500x2125\" alt=\"\" style=\"max-width: 100%; height: auto;\" srcset=\"https:\/\/i0.wp.com\/toutcourtfestival.fr\/wp-content\/uploads\/2026\/03\/Affiche-Tout-Court-2026-Web.jpg-scaled.jpeg?w=1807&amp;ssl=1 1807w, https:\/\/i0.wp.com\/toutcourtfestival.fr\/wp-content\/uploads\/2026\/03\/Affiche-Tout-Court-2026-Web.jpg-scaled.jpeg?resize=212%2C300&amp;ssl=1 212w, https:\/\/i0.wp.com\/toutcourtfestival.fr\/wp-content\/uploads\/2026\/03\/Affiche-Tout-Court-2026-Web.jpg-scaled.jpeg?resize=723%2C1024&amp;ssl=1 723w, https:\/\/i0.wp.com\/toutcourtfestival.fr\/wp-content\/uploads\/2026\/03\/Affiche-Tout-Court-2026-Web.jpg-scaled.jpeg?resize=768%2C1088&amp;ssl=1 768w, https:\/\/i0.wp.com\/toutcourtfestival.fr\/wp-content\/uploads\/2026\/03\/Affiche-Tout-Court-2026-Web.jpg-scaled.jpeg?resize=1084%2C1536&amp;ssl=1 1084w, https:\/\/i0.wp.com\/toutcourtfestival.fr\/wp-content\/uploads\/2026\/03\/Affiche-Tout-Court-2026-Web.jpg-scaled.jpeg?resize=1446%2C2048&amp;ssl=1 1446w, https:\/\/i0.wp.com\/toutcourtfestival.fr\/wp-content\/uploads\/2026\/03\/Affiche-Tout-Court-2026-Web.jpg-scaled.jpeg?resize=1370%2C1941&amp;ssl=1 1370w\" sizes=\"auto, (max-width: 1370px) 100vw, 1370px\" \/><\/a><p class=\"wp-caption-text\">Cette affiche 2026 est un jeu de piste, avec des \u00e9l\u00e9ments des films que vous pourrez d\u00e9couvrir au festival !<\/p><\/div><\/div><\/div><div id=\"pgc-1027-1-1\"  class=\"panel-grid-cell\" ><div id=\"panel-1027-1-1-0\" class=\"so-panel widget widget_sow-editor panel-first-child\" data-index=\"2\" ><div class=\"panel-widget-style panel-widget-style-for-1027-1-1-0\" ><div\n\t\t\t\n\t\t\tclass=\"so-widget-sow-editor so-widget-sow-editor-base\"\n\t\t\t\n\t\t>\n<div class=\"siteorigin-widget-tinymce textwidget\">\n\t<p><iframe loading=\"lazy\" src=\"\/\/www.youtube.com\/embed\/FQwSunBJm00\" width=\"600\" height=\"336\" allowfullscreen=\"allowfullscreen\"><\/iframe><\/p>\n<\/div>\n<\/div><\/div><\/div><div id=\"panel-1027-1-1-1\" class=\"so-panel widget widget_siteorigin-panels-builder\" data-index=\"3\" ><div id=\"pl-w69b4a1b7460e8\"  class=\"panel-layout\" ><div id=\"pg-w69b4a1b7460e8-0\"  class=\"panel-grid panel-no-style\" ><div id=\"pgc-w69b4a1b7460e8-0-0\"  class=\"panel-grid-cell panel-grid-cell-empty\" ><\/div><div id=\"pgc-w69b4a1b7460e8-0-1\"  class=\"panel-grid-cell\" ><div id=\"panel-w69b4a1b7460e8-0-1-0\" class=\"so-panel widget widget_sow-button panel-first-child panel-last-child\" data-index=\"0\" ><div\n\t\t\t\n\t\t\tclass=\"so-widget-sow-button so-widget-sow-button-wire-c741a717f7a3\"\n\t\t\t\n\t\t><div class=\"ow-button-base ow-button-align-justify\"\n style=\"display: block;\">\n\t\t\t<a\n\t\t\t\t\thref=\"https:\/\/toutcourtfestival.fr\/wp-content\/uploads\/2026\/03\/Programme-2026-version-WEB.pdf\"\n\t\t\t\t\tclass=\"sowb-button ow-icon-placement-left ow-button-hover\" target=\"_blank\" rel=\"noopener noreferrer\" \t>\n\t\t<span>\n\t\t\t\n\t\t\tProgramme\t\t<\/span>\n\t\t\t<\/a>\n\t<\/div>\n<\/div><\/div><\/div><div id=\"pgc-w69b4a1b7460e8-0-2\"  class=\"panel-grid-cell\" ><div id=\"panel-w69b4a1b7460e8-0-2-0\" class=\"so-panel widget widget_sow-button panel-first-child panel-last-child\" data-index=\"1\" ><div\n\t\t\t\n\t\t\tclass=\"so-widget-sow-button so-widget-sow-button-wire-c741a717f7a3\"\n\t\t\t\n\t\t><div class=\"ow-button-base ow-button-align-justify\"\n style=\"display: block;\">\n\t\t\t<a\n\t\t\t\t\thref=\"https:\/\/toutcourtfestival.fr\/index.php\/billetterie-en-ligne\/\"\n\t\t\t\t\tclass=\"sowb-button ow-icon-placement-left ow-button-hover\" \t>\n\t\t<span>\n\t\t\t\n\t\t\tBilletterie\t\t<\/span>\n\t\t\t<\/a>\n\t<\/div>\n<\/div><\/div><\/div><div id=\"pgc-w69b4a1b7460e8-0-3\"  class=\"panel-grid-cell panel-grid-cell-mobile-last\" ><div id=\"panel-w69b4a1b7460e8-0-3-0\" class=\"so-panel widget widget_sow-button panel-first-child panel-last-child\" data-index=\"2\" ><div\n\t\t\t\n\t\t\tclass=\"so-widget-sow-button so-widget-sow-button-wire-c741a717f7a3\"\n\t\t\t\n\t\t><div class=\"ow-button-base ow-button-align-justify\"\n style=\"display: block;\">\n\t\t\t<a\n\t\t\t\t\thref=\"https:\/\/toutcourtfestival.fr\/index.php\/selections-2026\/\"\n\t\t\t\t\tclass=\"sowb-button ow-icon-placement-left ow-button-hover\" \t>\n\t\t<span>\n\t\t\t\n\t\t\tS\u00e9lections\t\t<\/span>\n\t\t\t<\/a>\n\t<\/div>\n<\/div><\/div><\/div><div id=\"pgc-w69b4a1b7460e8-0-4\"  class=\"panel-grid-cell panel-grid-cell-empty\" ><\/div><\/div><\/div><\/div><div id=\"panel-1027-1-1-2\" class=\"so-panel widget widget_sow-editor\" data-index=\"4\" ><div class=\"panel-widget-style panel-widget-style-for-1027-1-1-2\" ><div\n\t\t\t\n\t\t\tclass=\"so-widget-sow-editor so-widget-sow-editor-base\"\n\t\t\t\n\t\t>\n<div class=\"siteorigin-widget-tinymce textwidget\">\n\t<p style=\"text-align: justify;\"><span style=\"font-size: 12pt;\"><span style=\"font-size: 12pt; text-align: justify;\">Le<strong> Tout Court !<\/strong> c'est le festival du court m\u00e9trage de Gisors, ainsi que des <strong>Ateliers Cin\u00e9ma<\/strong> propos\u00e9s aux jeunes et moins jeunes<\/span>.<\/span><\/p>\n<p style=\"text-align: justify;\">Le festival a lieu tous les ans dans la ville de Gisors, Eure. Il pr\u00e9sente une comp\u00e9tition de films professionnels mais accorde une place importante \u00e0 la cr\u00e9ation amateur, notamment par les jeunes.<\/p>\n<p style=\"text-align: justify;\"><span style=\"font-size: 12pt;\">Sa principale caract\u00e9ristique est <a href=\"http:\/\/toutcourtfestival.fr\/index.php\/accueil\/direction-artistique\/\" target=\"_blank\" rel=\"noopener noreferrer\">d'impliquer des adolescents (\u00e0 partir de 11 ans) et jeunes adultes au c\u0153ur m\u00eame de sa r\u00e9alisation<\/a>, encadr\u00e9s par des associations et institutions. Il se veut un creuset pour inciter et favoriser la cr\u00e9ation. Il est tr\u00e8s li\u00e9 aux enjeux de l'\u00e9ducation \u00e0 l'image.<\/span><\/p>\n<p style=\"text-align: justify;\"><span style=\"font-size: 12pt;\">Les Ateliers Cin\u00e9ma proposent toute l'ann\u00e9e <a href=\"https:\/\/toutcourtfestival.fr\/index.php\/ateliers_cinema\/\">aux jeunes<\/a> et moins jeunes, ainsi qu'aux <a href=\"http:\/\/toutcourtfestival.fr\/index.php\/aide-aux-structures\/\">structures jeunesses<\/a> de l'Eure, l'Oise et le Val d'Oise, des activit\u00e9s li\u00e9es au cin\u00e9ma : aide \u00e0 la cr\u00e9ation, ateliers pratiques, rencontres, sorties...<\/span><\/p>\n<p style=\"text-align: justify;\"><span style=\"font-size: 12pt;\">Un <a href=\"http:\/\/toutcourtfestival.fr\/index.php\/accueil\/projet-cine-jeunes\/\" target=\"_blank\" rel=\"noopener noreferrer\">projet associatif ambitieux <\/a>men\u00e9 depuis fin 2015 en partenariat avec la commune de Gisors et de nombreux acteurs du territoire.<\/span><\/p>\n<\/div>\n<\/div><\/div><\/div><div id=\"panel-1027-1-1-3\" class=\"so-panel widget widget_siteorigin-panels-builder panel-last-child\" data-index=\"5\" ><div id=\"pl-w69b49b127febd\"  class=\"panel-layout\" ><div id=\"pg-w69b49b127febd-0\"  class=\"panel-grid panel-no-style\" ><div id=\"pgc-w69b49b127febd-0-0\"  class=\"panel-grid-cell panel-grid-cell-empty\" ><\/div><div id=\"pgc-w69b49b127febd-0-1\"  class=\"panel-grid-cell\" ><div id=\"panel-w69b49b127febd-0-1-0\" class=\"so-panel widget widget_sow-button panel-first-child panel-last-child\" data-index=\"0\" ><div\n\t\t\t\n\t\t\tclass=\"so-widget-sow-button so-widget-sow-button-wire-ec93ebf2f669\"\n\t\t\t\n\t\t><div class=\"ow-button-base ow-button-align-justify\"\n style=\"display: block;\">\n\t\t\t<a\n\t\t\t\t\thref=\"https:\/\/toutcourtfestival.fr\/index.php\/inscriptions-et-adhesions\/\"\n\t\t\t\t\tclass=\"sowb-button ow-icon-placement-left ow-button-hover\" target=\"_blank\" rel=\"noopener noreferrer\" \t>\n\t\t<span>\n\t\t\t\n\t\t\tInscription aux activit\u00e9s\t\t<\/span>\n\t\t\t<\/a>\n\t<\/div>\n<\/div><\/div><\/div><div id=\"pgc-w69b49b127febd-0-2\"  class=\"panel-grid-cell panel-grid-cell-mobile-last\" ><div id=\"panel-w69b49b127febd-0-2-0\" class=\"so-panel widget widget_sow-button panel-first-child panel-last-child\" data-index=\"1\" ><div\n\t\t\t\n\t\t\tclass=\"so-widget-sow-button so-widget-sow-button-wire-ec93ebf2f669\"\n\t\t\t\n\t\t><div class=\"ow-button-base ow-button-align-justify\"\n style=\"display: block;\">\n\t\t\t<a\n\t\t\t\t\thref=\"https:\/\/toutcourtfestival.fr\/wp-content\/uploads\/2025\/09\/TC-Plaquette-A5-.pdf\"\n\t\t\t\t\tclass=\"sowb-button ow-icon-placement-left ow-button-hover\" target=\"_blank\" rel=\"noopener noreferrer\" \t>\n\t\t<span>\n\t\t\t\n\t\t\tPlaquette de l'association\t\t<\/span>\n\t\t\t<\/a>\n\t<\/div>\n<\/div><\/div><\/div><div id=\"pgc-w69b49b127febd-0-3\"  class=\"panel-grid-cell panel-grid-cell-empty\" ><\/div><\/div><\/div><\/div><\/div><\/div><\/div><div id=\"pg-1027-2\"  class=\"panel-grid panel-has-style\" ><div class=\"panel-row-style panel-row-style-for-1027-2\" ><div id=\"pgc-1027-2-0\"  class=\"panel-grid-cell\" ><div id=\"panel-1027-2-0-0\" class=\"so-panel widget widget_sow-post-carousel panel-first-child panel-last-child\" data-index=\"6\" ><div class=\"panel-widget-style panel-widget-style-for-1027-2-0-0\" ><div\n\t\t\t\n\t\t\tclass=\"so-widget-sow-post-carousel so-widget-sow-post-carousel-base-0471499d4c66-1027\"\n\t\t\t\n\t\t>\t<div\n\t\tclass=\"sow-post-carousel-wrapper sow-post-carousel-theme-base\"\n\t\tstyle=\"overflow: hidden; max-width: 100%; min-height: 182px\"\n\t>\n\t\t<div class=\"sow-carousel-title has-title\">\n\t<h3 class=\"widget-title\">Nos derni\u00e8res actualit\u00e9s<\/h3>\t\t<div class=\"sow-carousel-navigation \">\n\t\t\t\t\t\t<a href=\"#\" class=\"sow-carousel-next\" title=\"Next\" aria-label=\"Next Posts\" role=\"button\"><\/a>\n\t\t\t\t\t\t<a href=\"#\" class=\"sow-carousel-previous\" title=\"Previous\" aria-label=\"Previous Posts\" role=\"button\"><\/a>\n\t\t\t\t\t<\/div>\n\t<\/div>\n\n<div class=\"sow-carousel-container \">\n\t\t<div class=\"sow-carousel-wrapper\"\n\t\tdata-dir=\"ltr\"\n\t\tstyle=\"opacity: 0;\"\n\t\tdata-widget=\"post\" data-fetching=\"false\" data-page=\"1\" data-ajax-url=\"https:\/\/toutcourtfestival.fr\/wp-admin\/admin-ajax.php?_widgets_nonce=40a0ccd69d\" data-item_count=\"47\" data-carousel_settings=\"{&quot;loop&quot;:true,&quot;animation&quot;:&quot;ease&quot;,&quot;animation_speed&quot;:800,&quot;autoplay&quot;:&quot;off&quot;,&quot;pauseOnHover&quot;:&quot;&quot;,&quot;autoplaySpeed&quot;:8000,&quot;item_overflow&quot;:true,&quot;autoplay_continuous_scroll&quot;:false}\" data-responsive=\"{&quot;desktop_slides_to_scroll&quot;:1,&quot;tablet_landscape_breakpoint&quot;:1366,&quot;tablet_landscape_slides_to_scroll&quot;:2,&quot;tablet_portrait_breakpoint&quot;:1025,&quot;tablet_portrait_slides_to_scroll&quot;:2,&quot;mobile_breakpoint&quot;:480,&quot;mobile_slides_to_scroll&quot;:1}\" data-variable_width=\"true\" \t>\n\t\t<div\n\t\t\tclass=\"sow-carousel-items\"\n\t\t\t\t\t>\n\t\t\t\t<div class=\"sow-carousel-item\" tabindex=\"-1\" style=\"float: left;\">\n\t\t<div class=\"sow-carousel-thumbnail\">\n\t\t\t\t\t\t\t<a\n\t\t\t\t\thref=\"https:\/\/toutcourtfestival.fr\/index.php\/2026\/03\/17\/tout-court-festival-edition-2026\/\"\n\t\t\t\t\t\t\t\t\t\tstyle=\"background-image: url( https:\/\/i0.wp.com\/toutcourtfestival.fr\/wp-content\/uploads\/2026\/03\/Affiche-Tout-Court-2026-Web.jpg-scaled.jpeg?resize=272%2C182&#038;ssl=1 )\"\n\t\t\t\t\taria-labelledby=\"sow-carousel-id-10324\"\n\t\t\t\t\ttabindex=\"-1\"\n\t\t\t\t>\n\t\t\t\t\t<span class=\"overlay\"><\/span>\n\t\t\t\t<\/a>\n\t\t\t\t\t<\/div>\n\t\t<h3 class=\"sow-carousel-item-title\">\n\t\t\t<a\n\t\t\t\thref=\"https:\/\/toutcourtfestival.fr\/index.php\/2026\/03\/17\/tout-court-festival-edition-2026\/\"\n\t\t\t\tid=\"sow-carousel-id-10324\"\n\t\t\t\t\t\t\t\ttabindex=\"-1\"\n\t\t\t>\n\n\t\t\t\tTout Court ! Festival \u2022 Edition 2026\t\t\t<\/a>\n\t\t<\/h3>\n\t<\/div>\n\t\t<div class=\"sow-carousel-item\" tabindex=\"-1\" style=\"float: left;\">\n\t\t<div class=\"sow-carousel-thumbnail\">\n\t\t\t\t\t\t\t<a\n\t\t\t\t\thref=\"https:\/\/toutcourtfestival.fr\/index.php\/2025\/09\/12\/tout-court-ateliers-fait-sa-rentree\/\"\n\t\t\t\t\t\t\t\t\t\tstyle=\"background-image: url( https:\/\/i0.wp.com\/toutcourtfestival.fr\/wp-content\/uploads\/2025\/09\/EQUIPE.jpg?resize=272%2C182&#038;ssl=1 )\"\n\t\t\t\t\taria-labelledby=\"sow-carousel-id-9888\"\n\t\t\t\t\ttabindex=\"-1\"\n\t\t\t\t>\n\t\t\t\t\t<span class=\"overlay\"><\/span>\n\t\t\t\t<\/a>\n\t\t\t\t\t<\/div>\n\t\t<h3 class=\"sow-carousel-item-title\">\n\t\t\t<a\n\t\t\t\thref=\"https:\/\/toutcourtfestival.fr\/index.php\/2025\/09\/12\/tout-court-ateliers-fait-sa-rentree\/\"\n\t\t\t\tid=\"sow-carousel-id-9888\"\n\t\t\t\t\t\t\t\ttabindex=\"-1\"\n\t\t\t>\n\n\t\t\t\t&#8220;Tout Court! Ateliers&#8221; fait sa rentr\u00e9e\t\t\t<\/a>\n\t\t<\/h3>\n\t<\/div>\n\t\t<div class=\"sow-carousel-item\" tabindex=\"-1\" style=\"float: left;\">\n\t\t<div class=\"sow-carousel-thumbnail\">\n\t\t\t\t\t\t\t<a\n\t\t\t\t\thref=\"https:\/\/toutcourtfestival.fr\/index.php\/2025\/03\/19\/tout-court-festival-edition-2025\/\"\n\t\t\t\t\t\t\t\t\t\tstyle=\"background-image: url( https:\/\/i0.wp.com\/toutcourtfestival.fr\/wp-content\/uploads\/2025\/02\/Flyer-2025_Page_1-1.jpg?resize=272%2C182&#038;ssl=1 )\"\n\t\t\t\t\taria-labelledby=\"sow-carousel-id-9537\"\n\t\t\t\t\ttabindex=\"-1\"\n\t\t\t\t>\n\t\t\t\t\t<span class=\"overlay\"><\/span>\n\t\t\t\t<\/a>\n\t\t\t\t\t<\/div>\n\t\t<h3 class=\"sow-carousel-item-title\">\n\t\t\t<a\n\t\t\t\thref=\"https:\/\/toutcourtfestival.fr\/index.php\/2025\/03\/19\/tout-court-festival-edition-2025\/\"\n\t\t\t\tid=\"sow-carousel-id-9537\"\n\t\t\t\t\t\t\t\ttabindex=\"-1\"\n\t\t\t>\n\n\t\t\t\tTout Court! Festival Edition 2025\t\t\t<\/a>\n\t\t<\/h3>\n\t<\/div>\n\t\t<div class=\"sow-carousel-item\" tabindex=\"-1\" style=\"float: left;\">\n\t\t<div class=\"sow-carousel-thumbnail\">\n\t\t\t\t\t\t\t<a\n\t\t\t\t\thref=\"https:\/\/toutcourtfestival.fr\/index.php\/2022\/06\/25\/cine-concert-le-bilan\/\"\n\t\t\t\t\t\t\t\t\t\tstyle=\"background-image: url( https:\/\/i0.wp.com\/toutcourtfestival.fr\/wp-content\/uploads\/2022\/06\/TC.jpg?resize=272%2C182&#038;ssl=1 )\"\n\t\t\t\t\taria-labelledby=\"sow-carousel-id-8362\"\n\t\t\t\t\ttabindex=\"-1\"\n\t\t\t\t>\n\t\t\t\t\t<span class=\"overlay\"><\/span>\n\t\t\t\t<\/a>\n\t\t\t\t\t<\/div>\n\t\t<h3 class=\"sow-carousel-item-title\">\n\t\t\t<a\n\t\t\t\thref=\"https:\/\/toutcourtfestival.fr\/index.php\/2022\/06\/25\/cine-concert-le-bilan\/\"\n\t\t\t\tid=\"sow-carousel-id-8362\"\n\t\t\t\t\t\t\t\ttabindex=\"-1\"\n\t\t\t>\n\n\t\t\t\tCin\u00e9 Concert Le Bilan\t\t\t<\/a>\n\t\t<\/h3>\n\t<\/div>\n\t\t<div class=\"sow-carousel-item\" tabindex=\"-1\" style=\"float: left;\">\n\t\t<div class=\"sow-carousel-thumbnail\">\n\t\t\t\t\t\t\t<a\n\t\t\t\t\thref=\"https:\/\/toutcourtfestival.fr\/index.php\/2022\/06\/11\/cineconcert18062022\/\"\n\t\t\t\t\t\t\t\t\t\tstyle=\"background-image: url( https:\/\/i0.wp.com\/toutcourtfestival.fr\/wp-content\/uploads\/2022\/06\/affiche-cineconcert.jpg?resize=272%2C182&#038;ssl=1 )\"\n\t\t\t\t\taria-labelledby=\"sow-carousel-id-8307\"\n\t\t\t\t\ttabindex=\"-1\"\n\t\t\t\t>\n\t\t\t\t\t<span class=\"overlay\"><\/span>\n\t\t\t\t<\/a>\n\t\t\t\t\t<\/div>\n\t\t<h3 class=\"sow-carousel-item-title\">\n\t\t\t<a\n\t\t\t\thref=\"https:\/\/toutcourtfestival.fr\/index.php\/2022\/06\/11\/cineconcert18062022\/\"\n\t\t\t\tid=\"sow-carousel-id-8307\"\n\t\t\t\t\t\t\t\ttabindex=\"-1\"\n\t\t\t>\n\n\t\t\t\tCin\u00e9-Concert samedi 18 juin 2022\t\t\t<\/a>\n\t\t<\/h3>\n\t<\/div>\n\t\t<div class=\"sow-carousel-item\" tabindex=\"-1\" style=\"float: left;\">\n\t\t<div class=\"sow-carousel-thumbnail\">\n\t\t\t\t\t\t\t<a\n\t\t\t\t\thref=\"https:\/\/toutcourtfestival.fr\/index.php\/2020\/09\/05\/cest-la-rentree-2020-2021\/\"\n\t\t\t\t\t\t\t\t\t\tstyle=\"background-image: url( https:\/\/i0.wp.com\/toutcourtfestival.fr\/wp-content\/uploads\/2020\/09\/Affiche-forum-assoces.jpg?resize=272%2C182&#038;ssl=1 )\"\n\t\t\t\t\taria-labelledby=\"sow-carousel-id-8249\"\n\t\t\t\t\ttabindex=\"-1\"\n\t\t\t\t>\n\t\t\t\t\t<span class=\"overlay\"><\/span>\n\t\t\t\t<\/a>\n\t\t\t\t\t<\/div>\n\t\t<h3 class=\"sow-carousel-item-title\">\n\t\t\t<a\n\t\t\t\thref=\"https:\/\/toutcourtfestival.fr\/index.php\/2020\/09\/05\/cest-la-rentree-2020-2021\/\"\n\t\t\t\tid=\"sow-carousel-id-8249\"\n\t\t\t\t\t\t\t\ttabindex=\"-1\"\n\t\t\t>\n\n\t\t\t\tC&#8217;est la rentr\u00e9e 2020-2021 !\t\t\t<\/a>\n\t\t<\/h3>\n\t<\/div>\n\t\t<div class=\"sow-carousel-item\" tabindex=\"-1\" style=\"float: left;\">\n\t\t<div class=\"sow-carousel-thumbnail\">\n\t\t\t\t\t\t\t<a\n\t\t\t\t\thref=\"https:\/\/toutcourtfestival.fr\/index.php\/2020\/02\/08\/selections-2020-pour-ledition-4-27-29-mars-2020\/\"\n\t\t\t\t\t\t\t\t\t\tstyle=\"background-image: url( https:\/\/i0.wp.com\/toutcourtfestival.fr\/wp-content\/uploads\/2020\/02\/Capture2.png?resize=272%2C182&#038;ssl=1 )\"\n\t\t\t\t\taria-labelledby=\"sow-carousel-id-7950\"\n\t\t\t\t\ttabindex=\"-1\"\n\t\t\t\t>\n\t\t\t\t\t<span class=\"overlay\"><\/span>\n\t\t\t\t<\/a>\n\t\t\t\t\t<\/div>\n\t\t<h3 class=\"sow-carousel-item-title\">\n\t\t\t<a\n\t\t\t\thref=\"https:\/\/toutcourtfestival.fr\/index.php\/2020\/02\/08\/selections-2020-pour-ledition-4-27-29-mars-2020\/\"\n\t\t\t\tid=\"sow-carousel-id-7950\"\n\t\t\t\t\t\t\t\ttabindex=\"-1\"\n\t\t\t>\n\n\t\t\t\tS\u00e9lection 2020 \/ 4i\u00e8me \u00e9dition 27-29 mars 2020\t\t\t<\/a>\n\t\t<\/h3>\n\t<\/div>\n\t\t<div class=\"sow-carousel-item\" tabindex=\"-1\" style=\"float: left;\">\n\t\t<div class=\"sow-carousel-thumbnail\">\n\t\t\t\t\t\t\t<a\n\t\t\t\t\thref=\"https:\/\/toutcourtfestival.fr\/index.php\/2019\/11\/17\/48h_2019\/\"\n\t\t\t\t\t\t\t\t\t\tstyle=\"background-image: url( https:\/\/i0.wp.com\/toutcourtfestival.fr\/wp-content\/uploads\/2019\/11\/2.92.jpg?resize=272%2C182&#038;ssl=1 )\"\n\t\t\t\t\taria-labelledby=\"sow-carousel-id-7472\"\n\t\t\t\t\ttabindex=\"-1\"\n\t\t\t\t>\n\t\t\t\t\t<span class=\"overlay\"><\/span>\n\t\t\t\t<\/a>\n\t\t\t\t\t<\/div>\n\t\t<h3 class=\"sow-carousel-item-title\">\n\t\t\t<a\n\t\t\t\thref=\"https:\/\/toutcourtfestival.fr\/index.php\/2019\/11\/17\/48h_2019\/\"\n\t\t\t\tid=\"sow-carousel-id-7472\"\n\t\t\t\t\t\t\t\ttabindex=\"-1\"\n\t\t\t>\n\n\t\t\t\tL&#8217;aventure des 48h mill\u00e9sime 2019 !\t\t\t<\/a>\n\t\t<\/h3>\n\t<\/div>\n\t\t<div class=\"sow-carousel-item\" tabindex=\"-1\" style=\"float: left;\">\n\t\t<div class=\"sow-carousel-thumbnail\">\n\t\t\t\t\t\t\t<a\n\t\t\t\t\thref=\"https:\/\/toutcourtfestival.fr\/index.php\/2019\/10\/14\/stage-ados-11-18-ans-a-gisors-actor-studio-jeu-dacteur-au-cinema\/\"\n\t\t\t\t\t\t\t\t\t\tstyle=\"background-image: url( https:\/\/i0.wp.com\/toutcourtfestival.fr\/wp-content\/uploads\/2019\/10\/sans-titre-b14ac1bd87fa4513b4b7e0659dad221e_sb2000x350_bb0x0x2000x350.jpg?resize=272%2C182&#038;ssl=1 )\"\n\t\t\t\t\taria-labelledby=\"sow-carousel-id-7457\"\n\t\t\t\t\ttabindex=\"-1\"\n\t\t\t\t>\n\t\t\t\t\t<span class=\"overlay\"><\/span>\n\t\t\t\t<\/a>\n\t\t\t\t\t<\/div>\n\t\t<h3 class=\"sow-carousel-item-title\">\n\t\t\t<a\n\t\t\t\thref=\"https:\/\/toutcourtfestival.fr\/index.php\/2019\/10\/14\/stage-ados-11-18-ans-a-gisors-actor-studio-jeu-dacteur-au-cinema\/\"\n\t\t\t\tid=\"sow-carousel-id-7457\"\n\t\t\t\t\t\t\t\ttabindex=\"-1\"\n\t\t\t>\n\n\t\t\t\tStage ados 11-18 ans \u00e0 Gisors : Actor Studio \/ jeu d&#8217;acteur au cin\u00e9ma\t\t\t<\/a>\n\t\t<\/h3>\n\t<\/div>\n\t\t<div class=\"sow-carousel-item\" tabindex=\"-1\" style=\"float: left;\">\n\t\t<div class=\"sow-carousel-thumbnail\">\n\t\t\t\t\t\t\t<a\n\t\t\t\t\thref=\"https:\/\/toutcourtfestival.fr\/index.php\/2019\/06\/10\/bilan-de-la-3ieme-edition\/\"\n\t\t\t\t\t\t\t\t\t\tstyle=\"background-image: url( https:\/\/i0.wp.com\/toutcourtfestival.fr\/wp-content\/uploads\/2019\/06\/P1044256.MOV_20190610_180042.962.jpg?resize=272%2C182&#038;ssl=1 )\"\n\t\t\t\t\taria-labelledby=\"sow-carousel-id-7215\"\n\t\t\t\t\ttabindex=\"-1\"\n\t\t\t\t>\n\t\t\t\t\t<span class=\"overlay\"><\/span>\n\t\t\t\t<\/a>\n\t\t\t\t\t<\/div>\n\t\t<h3 class=\"sow-carousel-item-title\">\n\t\t\t<a\n\t\t\t\thref=\"https:\/\/toutcourtfestival.fr\/index.php\/2019\/06\/10\/bilan-de-la-3ieme-edition\/\"\n\t\t\t\tid=\"sow-carousel-id-7215\"\n\t\t\t\t\t\t\t\ttabindex=\"-1\"\n\t\t\t>\n\n\t\t\t\tTout Court ! \u00e9dition 3 : le bilan\t\t\t<\/a>\n\t\t<\/h3>\n\t<\/div>\n\t\t<div class=\"sow-carousel-item\" tabindex=\"-1\" style=\"float: left;\">\n\t\t<div class=\"sow-carousel-thumbnail\">\n\t\t\t\t\t\t\t<a\n\t\t\t\t\thref=\"https:\/\/toutcourtfestival.fr\/index.php\/2019\/04\/27\/programme-du-festival\/\"\n\t\t\t\t\t\t\t\t\t\tstyle=\"background-image: url( https:\/\/i0.wp.com\/toutcourtfestival.fr\/wp-content\/uploads\/2019\/04\/Programme.jpg?resize=272%2C182&#038;ssl=1 )\"\n\t\t\t\t\taria-labelledby=\"sow-carousel-id-7107\"\n\t\t\t\t\ttabindex=\"-1\"\n\t\t\t\t>\n\t\t\t\t\t<span class=\"overlay\"><\/span>\n\t\t\t\t<\/a>\n\t\t\t\t\t<\/div>\n\t\t<h3 class=\"sow-carousel-item-title\">\n\t\t\t<a\n\t\t\t\thref=\"https:\/\/toutcourtfestival.fr\/index.php\/2019\/04\/27\/programme-du-festival\/\"\n\t\t\t\tid=\"sow-carousel-id-7107\"\n\t\t\t\t\t\t\t\ttabindex=\"-1\"\n\t\t\t>\n\n\t\t\t\tProgramme du festival\t\t\t<\/a>\n\t\t<\/h3>\n\t<\/div>\n\t\t<div class=\"sow-carousel-item\" tabindex=\"-1\" style=\"float: left;\">\n\t\t<div class=\"sow-carousel-thumbnail\">\n\t\t\t\t\t\t\t<a\n\t\t\t\t\thref=\"https:\/\/toutcourtfestival.fr\/index.php\/2019\/04\/22\/cine-rencontre-samedi-27-a-18h-au-jour-de-fete-dominique-choisy\/\"\n\t\t\t\t\t\t\t\t\t\tstyle=\"background-image: url( https:\/\/i0.wp.com\/toutcourtfestival.fr\/wp-content\/uploads\/2019\/04\/5972403.jpg-r_1280_720-f_jpg-q_x-xxyxx.jpg?resize=272%2C182&#038;ssl=1 )\"\n\t\t\t\t\taria-labelledby=\"sow-carousel-id-7116\"\n\t\t\t\t\ttabindex=\"-1\"\n\t\t\t\t>\n\t\t\t\t\t<span class=\"overlay\"><\/span>\n\t\t\t\t<\/a>\n\t\t\t\t\t<\/div>\n\t\t<h3 class=\"sow-carousel-item-title\">\n\t\t\t<a\n\t\t\t\thref=\"https:\/\/toutcourtfestival.fr\/index.php\/2019\/04\/22\/cine-rencontre-samedi-27-a-18h-au-jour-de-fete-dominique-choisy\/\"\n\t\t\t\tid=\"sow-carousel-id-7116\"\n\t\t\t\t\t\t\t\ttabindex=\"-1\"\n\t\t\t>\n\n\t\t\t\tCin\u00e9-Rencontre samedi 27 \u00e0 18h au Jour-de-F\u00eate \/\/ Dominique Choisy\t\t\t<\/a>\n\t\t<\/h3>\n\t<\/div>\n\t\t<div class=\"sow-carousel-item\" tabindex=\"-1\" style=\"float: left;\">\n\t\t<div class=\"sow-carousel-thumbnail\">\n\t\t\t\t\t\t\t<a\n\t\t\t\t\thref=\"https:\/\/toutcourtfestival.fr\/index.php\/2019\/04\/09\/jury-professionnel-de-ledition-3\/\"\n\t\t\t\t\t\t\t\t\t\tstyle=\"background-image: url( https:\/\/i0.wp.com\/toutcourtfestival.fr\/wp-content\/uploads\/2019\/04\/Sans-titre.jpg?resize=272%2C182&#038;ssl=1 )\"\n\t\t\t\t\taria-labelledby=\"sow-carousel-id-6818\"\n\t\t\t\t\ttabindex=\"-1\"\n\t\t\t\t>\n\t\t\t\t\t<span class=\"overlay\"><\/span>\n\t\t\t\t<\/a>\n\t\t\t\t\t<\/div>\n\t\t<h3 class=\"sow-carousel-item-title\">\n\t\t\t<a\n\t\t\t\thref=\"https:\/\/toutcourtfestival.fr\/index.php\/2019\/04\/09\/jury-professionnel-de-ledition-3\/\"\n\t\t\t\tid=\"sow-carousel-id-6818\"\n\t\t\t\t\t\t\t\ttabindex=\"-1\"\n\t\t\t>\n\n\t\t\t\tJury professionnel de l&#8217;\u00e9dition 3\t\t\t<\/a>\n\t\t<\/h3>\n\t<\/div>\n\t\t<div class=\"sow-carousel-item\" tabindex=\"-1\" style=\"float: left;\">\n\t\t<div class=\"sow-carousel-thumbnail\">\n\t\t\t\t\t\t\t<a\n\t\t\t\t\thref=\"https:\/\/toutcourtfestival.fr\/index.php\/2019\/04\/06\/on-vous-devoile-laffiche-edition-3\/\"\n\t\t\t\t\t\t\t\t\t\tstyle=\"background-image: url( https:\/\/i0.wp.com\/toutcourtfestival.fr\/wp-content\/uploads\/2019\/04\/Affiche-2019-finale-WEB.jpg?resize=272%2C182&#038;ssl=1 )\"\n\t\t\t\t\taria-labelledby=\"sow-carousel-id-6799\"\n\t\t\t\t\ttabindex=\"-1\"\n\t\t\t\t>\n\t\t\t\t\t<span class=\"overlay\"><\/span>\n\t\t\t\t<\/a>\n\t\t\t\t\t<\/div>\n\t\t<h3 class=\"sow-carousel-item-title\">\n\t\t\t<a\n\t\t\t\thref=\"https:\/\/toutcourtfestival.fr\/index.php\/2019\/04\/06\/on-vous-devoile-laffiche-edition-3\/\"\n\t\t\t\tid=\"sow-carousel-id-6799\"\n\t\t\t\t\t\t\t\ttabindex=\"-1\"\n\t\t\t>\n\n\t\t\t\tOn vous d\u00e9voile l&#8217;affiche \u00e9dition 3 !\t\t\t<\/a>\n\t\t<\/h3>\n\t<\/div>\n\t\t<div class=\"sow-carousel-item\" tabindex=\"-1\" style=\"float: left;\">\n\t\t<div class=\"sow-carousel-thumbnail\">\n\t\t\t\t\t\t\t<a\n\t\t\t\t\thref=\"https:\/\/toutcourtfestival.fr\/index.php\/2019\/03\/24\/appel-a-benevoles-2\/\"\n\t\t\t\t\t\t\t\t\t\tstyle=\"background-image: url( https:\/\/i0.wp.com\/toutcourtfestival.fr\/wp-content\/uploads\/2018\/07\/36708897_10156264540048726_7916999987941081088_n.jpg?resize=272%2C182&#038;ssl=1 )\"\n\t\t\t\t\taria-labelledby=\"sow-carousel-id-6748\"\n\t\t\t\t\ttabindex=\"-1\"\n\t\t\t\t>\n\t\t\t\t\t<span class=\"overlay\"><\/span>\n\t\t\t\t<\/a>\n\t\t\t\t\t<\/div>\n\t\t<h3 class=\"sow-carousel-item-title\">\n\t\t\t<a\n\t\t\t\thref=\"https:\/\/toutcourtfestival.fr\/index.php\/2019\/03\/24\/appel-a-benevoles-2\/\"\n\t\t\t\tid=\"sow-carousel-id-6748\"\n\t\t\t\t\t\t\t\ttabindex=\"-1\"\n\t\t\t>\n\n\t\t\t\tAppel \u00e0 b\u00e9n\u00e9voles !\t\t\t<\/a>\n\t\t<\/h3>\n\t<\/div>\n\t\t<div class=\"sow-carousel-item\" tabindex=\"-1\" style=\"float: left;\">\n\t\t<div class=\"sow-carousel-thumbnail\">\n\t\t\t\t\t\t\t<a\n\t\t\t\t\thref=\"https:\/\/toutcourtfestival.fr\/index.php\/2019\/03\/21\/selections-2019\/\"\n\t\t\t\t\t\t\t\t\t\tstyle=\"background-image: url( https:\/\/i0.wp.com\/toutcourtfestival.fr\/wp-content\/uploads\/2019\/03\/Selections.jpg?resize=272%2C182&#038;ssl=1 )\"\n\t\t\t\t\taria-labelledby=\"sow-carousel-id-6718\"\n\t\t\t\t\ttabindex=\"-1\"\n\t\t\t\t>\n\t\t\t\t\t<span class=\"overlay\"><\/span>\n\t\t\t\t<\/a>\n\t\t\t\t\t<\/div>\n\t\t<h3 class=\"sow-carousel-item-title\">\n\t\t\t<a\n\t\t\t\thref=\"https:\/\/toutcourtfestival.fr\/index.php\/2019\/03\/21\/selections-2019\/\"\n\t\t\t\tid=\"sow-carousel-id-6718\"\n\t\t\t\t\t\t\t\ttabindex=\"-1\"\n\t\t\t>\n\n\t\t\t\tS\u00e9lections 2019\t\t\t<\/a>\n\t\t<\/h3>\n\t<\/div>\n\t\t<div class=\"sow-carousel-item\" tabindex=\"-1\" style=\"float: left;\">\n\t\t<div class=\"sow-carousel-thumbnail\">\n\t\t\t\t\t\t\t<a\n\t\t\t\t\thref=\"https:\/\/toutcourtfestival.fr\/index.php\/2019\/03\/07\/concours-video-2019-3\/\"\n\t\t\t\t\t\t\t\t\t\tstyle=\"background-image: url( https:\/\/i0.wp.com\/toutcourtfestival.fr\/wp-content\/uploads\/2019\/03\/mqdefault.jpg?resize=272%2C180&#038;ssl=1 )\"\n\t\t\t\t\taria-labelledby=\"sow-carousel-id-6442\"\n\t\t\t\t\ttabindex=\"-1\"\n\t\t\t\t>\n\t\t\t\t\t<span class=\"overlay\"><\/span>\n\t\t\t\t<\/a>\n\t\t\t\t\t<\/div>\n\t\t<h3 class=\"sow-carousel-item-title\">\n\t\t\t<a\n\t\t\t\thref=\"https:\/\/toutcourtfestival.fr\/index.php\/2019\/03\/07\/concours-video-2019-3\/\"\n\t\t\t\tid=\"sow-carousel-id-6442\"\n\t\t\t\t\t\t\t\ttabindex=\"-1\"\n\t\t\t>\n\n\t\t\t\tConcours vid\u00e9o 2019\t\t\t<\/a>\n\t\t<\/h3>\n\t<\/div>\n\t\t<div class=\"sow-carousel-item\" tabindex=\"-1\" style=\"float: left;\">\n\t\t<div class=\"sow-carousel-thumbnail\">\n\t\t\t\t\t\t\t<a\n\t\t\t\t\thref=\"https:\/\/toutcourtfestival.fr\/index.php\/2019\/03\/02\/le-festival-approche\/\"\n\t\t\t\t\t\t\t\t\t\tstyle=\"background-image: url( https:\/\/i0.wp.com\/toutcourtfestival.fr\/wp-content\/uploads\/2019\/03\/Cine-concert%C2%A9DR.jpg?resize=236%2C182&#038;ssl=1 )\"\n\t\t\t\t\taria-labelledby=\"sow-carousel-id-6389\"\n\t\t\t\t\ttabindex=\"-1\"\n\t\t\t\t>\n\t\t\t\t\t<span class=\"overlay\"><\/span>\n\t\t\t\t<\/a>\n\t\t\t\t\t<\/div>\n\t\t<h3 class=\"sow-carousel-item-title\">\n\t\t\t<a\n\t\t\t\thref=\"https:\/\/toutcourtfestival.fr\/index.php\/2019\/03\/02\/le-festival-approche\/\"\n\t\t\t\tid=\"sow-carousel-id-6389\"\n\t\t\t\t\t\t\t\ttabindex=\"-1\"\n\t\t\t>\n\n\t\t\t\tLe festival approche !\t\t\t<\/a>\n\t\t<\/h3>\n\t<\/div>\n\t\t<div class=\"sow-carousel-item\" tabindex=\"-1\" style=\"float: left;\">\n\t\t<div class=\"sow-carousel-thumbnail\">\n\t\t\t\t\t\t\t<a\n\t\t\t\t\thref=\"https:\/\/toutcourtfestival.fr\/index.php\/2018\/10\/26\/appel-a-films-2019\/\"\n\t\t\t\t\t\t\t\t\t\tstyle=\"background-image: url( https:\/\/i0.wp.com\/toutcourtfestival.fr\/wp-content\/uploads\/2017\/04\/countdown-155439_960_720-1.png?resize=272%2C182&#038;ssl=1 )\"\n\t\t\t\t\taria-labelledby=\"sow-carousel-id-6280\"\n\t\t\t\t\ttabindex=\"-1\"\n\t\t\t\t>\n\t\t\t\t\t<span class=\"overlay\"><\/span>\n\t\t\t\t<\/a>\n\t\t\t\t\t<\/div>\n\t\t<h3 class=\"sow-carousel-item-title\">\n\t\t\t<a\n\t\t\t\thref=\"https:\/\/toutcourtfestival.fr\/index.php\/2018\/10\/26\/appel-a-films-2019\/\"\n\t\t\t\tid=\"sow-carousel-id-6280\"\n\t\t\t\t\t\t\t\ttabindex=\"-1\"\n\t\t\t>\n\n\t\t\t\tOuverture de l&#8217;appel \u00e0 films 2019\t\t\t<\/a>\n\t\t<\/h3>\n\t<\/div>\n\t\t<div class=\"sow-carousel-item\" tabindex=\"-1\" style=\"float: left;\">\n\t\t<div class=\"sow-carousel-thumbnail\">\n\t\t\t\t\t\t\t<a\n\t\t\t\t\thref=\"https:\/\/toutcourtfestival.fr\/index.php\/2018\/10\/15\/laventure-des-48h\/\"\n\t\t\t\t\t\t\t\t\t\tstyle=\"background-image: url( https:\/\/i0.wp.com\/toutcourtfestival.fr\/wp-content\/uploads\/2018\/10\/gg.jpg?resize=272%2C182&#038;ssl=1 )\"\n\t\t\t\t\taria-labelledby=\"sow-carousel-id-6043\"\n\t\t\t\t\ttabindex=\"-1\"\n\t\t\t\t>\n\t\t\t\t\t<span class=\"overlay\"><\/span>\n\t\t\t\t<\/a>\n\t\t\t\t\t<\/div>\n\t\t<h3 class=\"sow-carousel-item-title\">\n\t\t\t<a\n\t\t\t\thref=\"https:\/\/toutcourtfestival.fr\/index.php\/2018\/10\/15\/laventure-des-48h\/\"\n\t\t\t\tid=\"sow-carousel-id-6043\"\n\t\t\t\t\t\t\t\ttabindex=\"-1\"\n\t\t\t>\n\n\t\t\t\tL&#8217;aventure des 48h !\t\t\t<\/a>\n\t\t<\/h3>\n\t<\/div>\n\t\t<div class=\"sow-carousel-item\" tabindex=\"-1\" style=\"float: left;\">\n\t\t<div class=\"sow-carousel-thumbnail\">\n\t\t\t\t\t\t\t<a\n\t\t\t\t\thref=\"https:\/\/toutcourtfestival.fr\/index.php\/2018\/09\/05\/recherche-lieux-de-tournage\/\"\n\t\t\t\t\t\t\t\t\t\tstyle=\"background-image: url( https:\/\/i0.wp.com\/toutcourtfestival.fr\/wp-content\/uploads\/2017\/10\/CDA-00281.jpg?resize=272%2C182&#038;ssl=1 )\"\n\t\t\t\t\taria-labelledby=\"sow-carousel-id-6012\"\n\t\t\t\t\ttabindex=\"-1\"\n\t\t\t\t>\n\t\t\t\t\t<span class=\"overlay\"><\/span>\n\t\t\t\t<\/a>\n\t\t\t\t\t<\/div>\n\t\t<h3 class=\"sow-carousel-item-title\">\n\t\t\t<a\n\t\t\t\thref=\"https:\/\/toutcourtfestival.fr\/index.php\/2018\/09\/05\/recherche-lieux-de-tournage\/\"\n\t\t\t\tid=\"sow-carousel-id-6012\"\n\t\t\t\t\t\t\t\ttabindex=\"-1\"\n\t\t\t>\n\n\t\t\t\tRecherche lieux de tournage !\t\t\t<\/a>\n\t\t<\/h3>\n\t<\/div>\n\t\t<div class=\"sow-carousel-item\" tabindex=\"-1\" style=\"float: left;\">\n\t\t<div class=\"sow-carousel-thumbnail\">\n\t\t\t\t\t\t\t<a\n\t\t\t\t\thref=\"https:\/\/toutcourtfestival.fr\/index.php\/2018\/08\/27\/bilan-2017-2018-et-nouvelle-annee\/\"\n\t\t\t\t\t\t\t\t\t\tstyle=\"background-image: url( https:\/\/i0.wp.com\/toutcourtfestival.fr\/wp-content\/uploads\/2018\/08\/Affiche-forum-assoces.jpg?resize=272%2C182&#038;ssl=1 )\"\n\t\t\t\t\taria-labelledby=\"sow-carousel-id-5964\"\n\t\t\t\t\ttabindex=\"-1\"\n\t\t\t\t>\n\t\t\t\t\t<span class=\"overlay\"><\/span>\n\t\t\t\t<\/a>\n\t\t\t\t\t<\/div>\n\t\t<h3 class=\"sow-carousel-item-title\">\n\t\t\t<a\n\t\t\t\thref=\"https:\/\/toutcourtfestival.fr\/index.php\/2018\/08\/27\/bilan-2017-2018-et-nouvelle-annee\/\"\n\t\t\t\tid=\"sow-carousel-id-5964\"\n\t\t\t\t\t\t\t\ttabindex=\"-1\"\n\t\t\t>\n\n\t\t\t\tBilan 2017-2018 et nouvelle ann\u00e9e\t\t\t<\/a>\n\t\t<\/h3>\n\t<\/div>\n\t\t<div class=\"sow-carousel-item\" tabindex=\"-1\" style=\"float: left;\">\n\t\t<div class=\"sow-carousel-thumbnail\">\n\t\t\t\t\t\t\t<a\n\t\t\t\t\thref=\"https:\/\/toutcourtfestival.fr\/index.php\/2018\/07\/20\/festival-edition-2-cest-fait\/\"\n\t\t\t\t\t\t\t\t\t\tstyle=\"background-image: url( https:\/\/i0.wp.com\/toutcourtfestival.fr\/wp-content\/uploads\/2018\/07\/36708897_10156264540048726_7916999987941081088_n.jpg?resize=272%2C182&#038;ssl=1 )\"\n\t\t\t\t\taria-labelledby=\"sow-carousel-id-5855\"\n\t\t\t\t\ttabindex=\"-1\"\n\t\t\t\t>\n\t\t\t\t\t<span class=\"overlay\"><\/span>\n\t\t\t\t<\/a>\n\t\t\t\t\t<\/div>\n\t\t<h3 class=\"sow-carousel-item-title\">\n\t\t\t<a\n\t\t\t\thref=\"https:\/\/toutcourtfestival.fr\/index.php\/2018\/07\/20\/festival-edition-2-cest-fait\/\"\n\t\t\t\tid=\"sow-carousel-id-5855\"\n\t\t\t\t\t\t\t\ttabindex=\"-1\"\n\t\t\t>\n\n\t\t\t\tTout Court ! \u00e9dition 2 : c&#8217;est fait !\t\t\t<\/a>\n\t\t<\/h3>\n\t<\/div>\n\t\t<div class=\"sow-carousel-item\" tabindex=\"-1\" style=\"float: left;\">\n\t\t<div class=\"sow-carousel-thumbnail\">\n\t\t\t\t\t\t\t<a\n\t\t\t\t\thref=\"https:\/\/toutcourtfestival.fr\/index.php\/2018\/05\/29\/les-selections-2018-sont-en-ligne\/\"\n\t\t\t\t\t\t\t\t\t\tstyle=\"background-image: url( https:\/\/i0.wp.com\/toutcourtfestival.fr\/wp-content\/uploads\/2018\/05\/Hybrids_Photo9.jpg?resize=272%2C182&#038;ssl=1 )\"\n\t\t\t\t\taria-labelledby=\"sow-carousel-id-5520\"\n\t\t\t\t\ttabindex=\"-1\"\n\t\t\t\t>\n\t\t\t\t\t<span class=\"overlay\"><\/span>\n\t\t\t\t<\/a>\n\t\t\t\t\t<\/div>\n\t\t<h3 class=\"sow-carousel-item-title\">\n\t\t\t<a\n\t\t\t\thref=\"https:\/\/toutcourtfestival.fr\/index.php\/2018\/05\/29\/les-selections-2018-sont-en-ligne\/\"\n\t\t\t\tid=\"sow-carousel-id-5520\"\n\t\t\t\t\t\t\t\ttabindex=\"-1\"\n\t\t\t>\n\n\t\t\t\tLes s\u00e9lections 2018 sont en ligne\t\t\t<\/a>\n\t\t<\/h3>\n\t<\/div>\n\t\t<div class=\"sow-carousel-item\" tabindex=\"-1\" style=\"float: left;\">\n\t\t<div class=\"sow-carousel-thumbnail\">\n\t\t\t\t\t\t\t<a\n\t\t\t\t\thref=\"https:\/\/toutcourtfestival.fr\/index.php\/2018\/04\/02\/ca-tourne-action\/\"\n\t\t\t\t\t\t\t\t\t\tstyle=\"background-image: url( https:\/\/i0.wp.com\/toutcourtfestival.fr\/wp-content\/uploads\/2018\/04\/28701105_785189455025426_7856122635626269420_o-e1540510806938.jpg?resize=272%2C182&#038;ssl=1 )\"\n\t\t\t\t\taria-labelledby=\"sow-carousel-id-4512\"\n\t\t\t\t\ttabindex=\"-1\"\n\t\t\t\t>\n\t\t\t\t\t<span class=\"overlay\"><\/span>\n\t\t\t\t<\/a>\n\t\t\t\t\t<\/div>\n\t\t<h3 class=\"sow-carousel-item-title\">\n\t\t\t<a\n\t\t\t\thref=\"https:\/\/toutcourtfestival.fr\/index.php\/2018\/04\/02\/ca-tourne-action\/\"\n\t\t\t\tid=\"sow-carousel-id-4512\"\n\t\t\t\t\t\t\t\ttabindex=\"-1\"\n\t\t\t>\n\n\t\t\t\t\u00c7a tourne, Action !\t\t\t<\/a>\n\t\t<\/h3>\n\t<\/div>\n\t\t<div class=\"sow-carousel-item\" tabindex=\"-1\" style=\"float: left;\">\n\t\t<div class=\"sow-carousel-thumbnail\">\n\t\t\t\t\t\t\t<a\n\t\t\t\t\thref=\"https:\/\/toutcourtfestival.fr\/index.php\/2018\/01\/28\/4469\/\"\n\t\t\t\t\t\t\t\t\t\tstyle=\"background-image: url( https:\/\/i0.wp.com\/toutcourtfestival.fr\/wp-content\/uploads\/2018\/01\/20180121_134121.jpg?resize=272%2C182&#038;ssl=1 )\"\n\t\t\t\t\taria-labelledby=\"sow-carousel-id-4469\"\n\t\t\t\t\ttabindex=\"-1\"\n\t\t\t\t>\n\t\t\t\t\t<span class=\"overlay\"><\/span>\n\t\t\t\t<\/a>\n\t\t\t\t\t<\/div>\n\t\t<h3 class=\"sow-carousel-item-title\">\n\t\t\t<a\n\t\t\t\thref=\"https:\/\/toutcourtfestival.fr\/index.php\/2018\/01\/28\/4469\/\"\n\t\t\t\tid=\"sow-carousel-id-4469\"\n\t\t\t\t\t\t\t\ttabindex=\"-1\"\n\t\t\t>\n\n\t\t\t\tDe festivals en avant-premi\u00e8res\t\t\t<\/a>\n\t\t<\/h3>\n\t<\/div>\n\t\t<div class=\"sow-carousel-item\" tabindex=\"-1\" style=\"float: left;\">\n\t\t<div class=\"sow-carousel-thumbnail\">\n\t\t\t\t\t\t\t<a\n\t\t\t\t\thref=\"https:\/\/toutcourtfestival.fr\/index.php\/2017\/12\/29\/le-tout-court-2ieme-edition-2018-a-un-parrain\/\"\n\t\t\t\t\t\t\t\t\t\tstyle=\"background-image: url( https:\/\/i0.wp.com\/toutcourtfestival.fr\/wp-content\/uploads\/2017\/12\/190-300x200.jpg?resize=272%2C182&#038;ssl=1 )\"\n\t\t\t\t\taria-labelledby=\"sow-carousel-id-4355\"\n\t\t\t\t\ttabindex=\"-1\"\n\t\t\t\t>\n\t\t\t\t\t<span class=\"overlay\"><\/span>\n\t\t\t\t<\/a>\n\t\t\t\t\t<\/div>\n\t\t<h3 class=\"sow-carousel-item-title\">\n\t\t\t<a\n\t\t\t\thref=\"https:\/\/toutcourtfestival.fr\/index.php\/2017\/12\/29\/le-tout-court-2ieme-edition-2018-a-un-parrain\/\"\n\t\t\t\tid=\"sow-carousel-id-4355\"\n\t\t\t\t\t\t\t\ttabindex=\"-1\"\n\t\t\t>\n\n\t\t\t\tLe Tout Court ! 2i\u00e8me \u00e9dition 2018 a un parrain !\t\t\t<\/a>\n\t\t<\/h3>\n\t<\/div>\n\t\t<div class=\"sow-carousel-item\" tabindex=\"-1\" style=\"float: left;\">\n\t\t<div class=\"sow-carousel-thumbnail\">\n\t\t\t\t\t\t\t<a\n\t\t\t\t\thref=\"https:\/\/toutcourtfestival.fr\/index.php\/2017\/11\/19\/faire-un-film-a-15-ans\/\"\n\t\t\t\t\t\t\t\t\t\tstyle=\"background-image: url( https:\/\/i0.wp.com\/toutcourtfestival.fr\/wp-content\/uploads\/2017\/11\/Capture.jpg?resize=272%2C182&#038;ssl=1 )\"\n\t\t\t\t\taria-labelledby=\"sow-carousel-id-4018\"\n\t\t\t\t\ttabindex=\"-1\"\n\t\t\t\t>\n\t\t\t\t\t<span class=\"overlay\"><\/span>\n\t\t\t\t<\/a>\n\t\t\t\t\t<\/div>\n\t\t<h3 class=\"sow-carousel-item-title\">\n\t\t\t<a\n\t\t\t\thref=\"https:\/\/toutcourtfestival.fr\/index.php\/2017\/11\/19\/faire-un-film-a-15-ans\/\"\n\t\t\t\tid=\"sow-carousel-id-4018\"\n\t\t\t\t\t\t\t\ttabindex=\"-1\"\n\t\t\t>\n\n\t\t\t\tFaire un film \u00e0 15 ans !\t\t\t<\/a>\n\t\t<\/h3>\n\t<\/div>\n\t\t<div class=\"sow-carousel-item\" tabindex=\"-1\" style=\"float: left;\">\n\t\t<div class=\"sow-carousel-thumbnail\">\n\t\t\t\t\t\t\t<a\n\t\t\t\t\thref=\"https:\/\/toutcourtfestival.fr\/index.php\/2017\/10\/08\/faire-un-film-en-48h\/\"\n\t\t\t\t\t\t\t\t\t\tstyle=\"background-image: url( https:\/\/i0.wp.com\/toutcourtfestival.fr\/wp-content\/uploads\/2017\/10\/CDA-00255.jpg?resize=272%2C182&#038;ssl=1 )\"\n\t\t\t\t\taria-labelledby=\"sow-carousel-id-3538\"\n\t\t\t\t\ttabindex=\"-1\"\n\t\t\t\t>\n\t\t\t\t\t<span class=\"overlay\"><\/span>\n\t\t\t\t<\/a>\n\t\t\t\t\t<\/div>\n\t\t<h3 class=\"sow-carousel-item-title\">\n\t\t\t<a\n\t\t\t\thref=\"https:\/\/toutcourtfestival.fr\/index.php\/2017\/10\/08\/faire-un-film-en-48h\/\"\n\t\t\t\tid=\"sow-carousel-id-3538\"\n\t\t\t\t\t\t\t\ttabindex=\"-1\"\n\t\t\t>\n\n\t\t\t\t48h tout court pour faire un film !\t\t\t<\/a>\n\t\t<\/h3>\n\t<\/div>\n\t\t<div class=\"sow-carousel-item\" tabindex=\"-1\" style=\"float: left;\">\n\t\t<div class=\"sow-carousel-thumbnail\">\n\t\t\t\t\t\t\t<a\n\t\t\t\t\thref=\"https:\/\/toutcourtfestival.fr\/index.php\/2017\/09\/17\/adhesion-et-inscription-en-ligne\/\"\n\t\t\t\t\t\t\t\t\t\tstyle=\"background-image: url( https:\/\/i0.wp.com\/toutcourtfestival.fr\/wp-content\/uploads\/2017\/09\/Raf17-coincoinREA-e1514760819154.jpg?resize=272%2C182&#038;ssl=1 )\"\n\t\t\t\t\taria-labelledby=\"sow-carousel-id-3526\"\n\t\t\t\t\ttabindex=\"-1\"\n\t\t\t\t>\n\t\t\t\t\t<span class=\"overlay\"><\/span>\n\t\t\t\t<\/a>\n\t\t\t\t\t<\/div>\n\t\t<h3 class=\"sow-carousel-item-title\">\n\t\t\t<a\n\t\t\t\thref=\"https:\/\/toutcourtfestival.fr\/index.php\/2017\/09\/17\/adhesion-et-inscription-en-ligne\/\"\n\t\t\t\tid=\"sow-carousel-id-3526\"\n\t\t\t\t\t\t\t\ttabindex=\"-1\"\n\t\t\t>\n\n\t\t\t\tAdh\u00e9sion et inscription en ligne\t\t\t<\/a>\n\t\t<\/h3>\n\t<\/div>\n\t\t<div class=\"sow-carousel-item\" tabindex=\"-1\" style=\"float: left;\">\n\t\t<div class=\"sow-carousel-thumbnail\">\n\t\t\t\t\t\t\t<a\n\t\t\t\t\thref=\"https:\/\/toutcourtfestival.fr\/index.php\/2017\/09\/15\/une-nouvelle-annee-sur-des-chapeaux-de-roue\/\"\n\t\t\t\t\t\t\t\t\t\tstyle=\"background-image: url( https:\/\/i0.wp.com\/toutcourtfestival.fr\/wp-content\/uploads\/2017\/03\/ToutCourt-logo-rouge-FOND-BLANC.png?resize=272%2C182&#038;ssl=1 )\"\n\t\t\t\t\taria-labelledby=\"sow-carousel-id-3432\"\n\t\t\t\t\ttabindex=\"-1\"\n\t\t\t\t>\n\t\t\t\t\t<span class=\"overlay\"><\/span>\n\t\t\t\t<\/a>\n\t\t\t\t\t<\/div>\n\t\t<h3 class=\"sow-carousel-item-title\">\n\t\t\t<a\n\t\t\t\thref=\"https:\/\/toutcourtfestival.fr\/index.php\/2017\/09\/15\/une-nouvelle-annee-sur-des-chapeaux-de-roue\/\"\n\t\t\t\tid=\"sow-carousel-id-3432\"\n\t\t\t\t\t\t\t\ttabindex=\"-1\"\n\t\t\t>\n\n\t\t\t\tUne nouvelle ann\u00e9e sur des chapeaux de roue!\t\t\t<\/a>\n\t\t<\/h3>\n\t<\/div>\n\t\t<div class=\"sow-carousel-item\" tabindex=\"-1\" style=\"float: left;\">\n\t\t<div class=\"sow-carousel-thumbnail\">\n\t\t\t\t\t\t\t<a\n\t\t\t\t\thref=\"https:\/\/toutcourtfestival.fr\/index.php\/2017\/09\/02\/recherche_lieux_tournage\/\"\n\t\t\t\t\t\t\t\t\t\tstyle=\"background-image: url( https:\/\/i0.wp.com\/toutcourtfestival.fr\/wp-content\/uploads\/2017\/09\/cda-00154.jpg?resize=272%2C182&#038;ssl=1 )\"\n\t\t\t\t\taria-labelledby=\"sow-carousel-id-3387\"\n\t\t\t\t\ttabindex=\"-1\"\n\t\t\t\t>\n\t\t\t\t\t<span class=\"overlay\"><\/span>\n\t\t\t\t<\/a>\n\t\t\t\t\t<\/div>\n\t\t<h3 class=\"sow-carousel-item-title\">\n\t\t\t<a\n\t\t\t\thref=\"https:\/\/toutcourtfestival.fr\/index.php\/2017\/09\/02\/recherche_lieux_tournage\/\"\n\t\t\t\tid=\"sow-carousel-id-3387\"\n\t\t\t\t\t\t\t\ttabindex=\"-1\"\n\t\t\t>\n\n\t\t\t\tRecherche lieux de tournage!\t\t\t<\/a>\n\t\t<\/h3>\n\t<\/div>\n\t\t<div class=\"sow-carousel-item\" tabindex=\"-1\" style=\"float: left;\">\n\t\t<div class=\"sow-carousel-thumbnail\">\n\t\t\t\t\t\t\t<a\n\t\t\t\t\thref=\"https:\/\/toutcourtfestival.fr\/index.php\/2017\/07\/13\/2975\/\"\n\t\t\t\t\t\t\t\t\t\tstyle=\"background-image: url( https:\/\/i0.wp.com\/toutcourtfestival.fr\/wp-content\/uploads\/2017\/01\/CDA-00203.png?resize=272%2C182&#038;ssl=1 )\"\n\t\t\t\t\taria-labelledby=\"sow-carousel-id-2975\"\n\t\t\t\t\ttabindex=\"-1\"\n\t\t\t\t>\n\t\t\t\t\t<span class=\"overlay\"><\/span>\n\t\t\t\t<\/a>\n\t\t\t\t\t<\/div>\n\t\t<h3 class=\"sow-carousel-item-title\">\n\t\t\t<a\n\t\t\t\thref=\"https:\/\/toutcourtfestival.fr\/index.php\/2017\/07\/13\/2975\/\"\n\t\t\t\tid=\"sow-carousel-id-2975\"\n\t\t\t\t\t\t\t\ttabindex=\"-1\"\n\t\t\t>\n\n\t\t\t\tTout Court ! 2017 : bilan et perspectives\t\t\t<\/a>\n\t\t<\/h3>\n\t<\/div>\n\t\t<div class=\"sow-carousel-item\" tabindex=\"-1\" style=\"float: left;\">\n\t\t<div class=\"sow-carousel-thumbnail\">\n\t\t\t\t\t\t\t<a\n\t\t\t\t\thref=\"https:\/\/toutcourtfestival.fr\/index.php\/2017\/07\/12\/2970\/\"\n\t\t\t\t\t\t\t\t\t\tstyle=\"background-image: url( https:\/\/i0.wp.com\/toutcourtfestival.fr\/wp-content\/uploads\/2017\/07\/Tout-Court-2017-Laurier-transparent-pour-fond-sombre.png?resize=272%2C182&#038;ssl=1 )\"\n\t\t\t\t\taria-labelledby=\"sow-carousel-id-2970\"\n\t\t\t\t\ttabindex=\"-1\"\n\t\t\t\t>\n\t\t\t\t\t<span class=\"overlay\"><\/span>\n\t\t\t\t<\/a>\n\t\t\t\t\t<\/div>\n\t\t<h3 class=\"sow-carousel-item-title\">\n\t\t\t<a\n\t\t\t\thref=\"https:\/\/toutcourtfestival.fr\/index.php\/2017\/07\/12\/2970\/\"\n\t\t\t\tid=\"sow-carousel-id-2970\"\n\t\t\t\t\t\t\t\ttabindex=\"-1\"\n\t\t\t>\n\n\t\t\t\tPalmar\u00e8s du Tout Court ! 2017\t\t\t<\/a>\n\t\t<\/h3>\n\t<\/div>\n\t\t<div class=\"sow-carousel-item\" tabindex=\"-1\" style=\"float: left;\">\n\t\t<div class=\"sow-carousel-thumbnail\">\n\t\t\t\t\t\t\t<a\n\t\t\t\t\thref=\"https:\/\/toutcourtfestival.fr\/index.php\/2017\/06\/26\/programme-et-bande-annonce\/\"\n\t\t\t\t\t\t\t\t\t\tstyle=\"background-image: url( https:\/\/i0.wp.com\/toutcourtfestival.fr\/wp-content\/uploads\/2017\/06\/1.0.jpg?resize=272%2C182&#038;ssl=1 )\"\n\t\t\t\t\taria-labelledby=\"sow-carousel-id-2862\"\n\t\t\t\t\ttabindex=\"-1\"\n\t\t\t\t>\n\t\t\t\t\t<span class=\"overlay\"><\/span>\n\t\t\t\t<\/a>\n\t\t\t\t\t<\/div>\n\t\t<h3 class=\"sow-carousel-item-title\">\n\t\t\t<a\n\t\t\t\thref=\"https:\/\/toutcourtfestival.fr\/index.php\/2017\/06\/26\/programme-et-bande-annonce\/\"\n\t\t\t\tid=\"sow-carousel-id-2862\"\n\t\t\t\t\t\t\t\ttabindex=\"-1\"\n\t\t\t>\n\n\t\t\t\tProgramme et bande annonce\t\t\t<\/a>\n\t\t<\/h3>\n\t<\/div>\n\t\t<div class=\"sow-carousel-item\" tabindex=\"-1\" style=\"float: left;\">\n\t\t<div class=\"sow-carousel-thumbnail\">\n\t\t\t\t\t\t\t<a\n\t\t\t\t\thref=\"https:\/\/toutcourtfestival.fr\/index.php\/2017\/06\/23\/des-ateliers-au-tout-court\/\"\n\t\t\t\t\t\t\t\t\t\tstyle=\"background-image: url( https:\/\/i0.wp.com\/toutcourtfestival.fr\/wp-content\/uploads\/2017\/06\/20170429_1505041.jpg?resize=272%2C182&#038;ssl=1 )\"\n\t\t\t\t\taria-labelledby=\"sow-carousel-id-2757\"\n\t\t\t\t\ttabindex=\"-1\"\n\t\t\t\t>\n\t\t\t\t\t<span class=\"overlay\"><\/span>\n\t\t\t\t<\/a>\n\t\t\t\t\t<\/div>\n\t\t<h3 class=\"sow-carousel-item-title\">\n\t\t\t<a\n\t\t\t\thref=\"https:\/\/toutcourtfestival.fr\/index.php\/2017\/06\/23\/des-ateliers-au-tout-court\/\"\n\t\t\t\tid=\"sow-carousel-id-2757\"\n\t\t\t\t\t\t\t\ttabindex=\"-1\"\n\t\t\t>\n\n\t\t\t\tAteliers Animation et Effet-Sp\u00e9ciaux au Tout Court !\t\t\t<\/a>\n\t\t<\/h3>\n\t<\/div>\n\t\t<div class=\"sow-carousel-item\" tabindex=\"-1\" style=\"float: left;\">\n\t\t<div class=\"sow-carousel-thumbnail\">\n\t\t\t\t\t\t\t<a\n\t\t\t\t\thref=\"https:\/\/toutcourtfestival.fr\/index.php\/2017\/06\/20\/2677\/\"\n\t\t\t\t\t\t\t\t\t\tstyle=\"background-image: url( https:\/\/i0.wp.com\/toutcourtfestival.fr\/wp-content\/uploads\/2017\/03\/Affiche-pour-FB.jpg?resize=272%2C182&#038;ssl=1 )\"\n\t\t\t\t\taria-labelledby=\"sow-carousel-id-2677\"\n\t\t\t\t\ttabindex=\"-1\"\n\t\t\t\t>\n\t\t\t\t\t<span class=\"overlay\"><\/span>\n\t\t\t\t<\/a>\n\t\t\t\t\t<\/div>\n\t\t<h3 class=\"sow-carousel-item-title\">\n\t\t\t<a\n\t\t\t\thref=\"https:\/\/toutcourtfestival.fr\/index.php\/2017\/06\/20\/2677\/\"\n\t\t\t\tid=\"sow-carousel-id-2677\"\n\t\t\t\t\t\t\t\ttabindex=\"-1\"\n\t\t\t>\n\n\t\t\t\tOn vous d\u00e9voile l&#8217;affiche 2017 !\t\t\t<\/a>\n\t\t<\/h3>\n\t<\/div>\n\t\t<div class=\"sow-carousel-item\" tabindex=\"-1\" style=\"float: left;\">\n\t\t<div class=\"sow-carousel-thumbnail\">\n\t\t\t\t\t\t\t<a\n\t\t\t\t\thref=\"https:\/\/toutcourtfestival.fr\/index.php\/2017\/06\/17\/decouvrez-les-selections-2017\/\"\n\t\t\t\t\t\t\t\t\t\tstyle=\"background-image: url( https:\/\/i0.wp.com\/toutcourtfestival.fr\/wp-content\/uploads\/2017\/06\/Les_autres_d%C3%A9parts.jpeg?resize=272%2C182&#038;ssl=1 )\"\n\t\t\t\t\taria-labelledby=\"sow-carousel-id-2410\"\n\t\t\t\t\ttabindex=\"-1\"\n\t\t\t\t>\n\t\t\t\t\t<span class=\"overlay\"><\/span>\n\t\t\t\t<\/a>\n\t\t\t\t\t<\/div>\n\t\t<h3 class=\"sow-carousel-item-title\">\n\t\t\t<a\n\t\t\t\thref=\"https:\/\/toutcourtfestival.fr\/index.php\/2017\/06\/17\/decouvrez-les-selections-2017\/\"\n\t\t\t\tid=\"sow-carousel-id-2410\"\n\t\t\t\t\t\t\t\ttabindex=\"-1\"\n\t\t\t>\n\n\t\t\t\tD\u00e9couvrez les s\u00e9lections 2017 !\t\t\t<\/a>\n\t\t<\/h3>\n\t<\/div>\n\t\t<div class=\"sow-carousel-item\" tabindex=\"-1\" style=\"float: left;\">\n\t\t<div class=\"sow-carousel-thumbnail\">\n\t\t\t\t\t\t\t<a\n\t\t\t\t\thref=\"https:\/\/toutcourtfestival.fr\/index.php\/2017\/06\/01\/1646\/\"\n\t\t\t\t\t\t\t\t\t\tstyle=\"background-image: url( https:\/\/i0.wp.com\/toutcourtfestival.fr\/wp-content\/uploads\/2017\/06\/Composition1.jpg?resize=272%2C182&#038;ssl=1 )\"\n\t\t\t\t\taria-labelledby=\"sow-carousel-id-1646\"\n\t\t\t\t\ttabindex=\"-1\"\n\t\t\t\t>\n\t\t\t\t\t<span class=\"overlay\"><\/span>\n\t\t\t\t<\/a>\n\t\t\t\t\t<\/div>\n\t\t<h3 class=\"sow-carousel-item-title\">\n\t\t\t<a\n\t\t\t\thref=\"https:\/\/toutcourtfestival.fr\/index.php\/2017\/06\/01\/1646\/\"\n\t\t\t\tid=\"sow-carousel-id-1646\"\n\t\t\t\t\t\t\t\ttabindex=\"-1\"\n\t\t\t>\n\n\t\t\t\tLes jeunes projettent leurs \u0153uvres !\t\t\t<\/a>\n\t\t<\/h3>\n\t<\/div>\n\t\t<div class=\"sow-carousel-item\" tabindex=\"-1\" style=\"float: left;\">\n\t\t<div class=\"sow-carousel-thumbnail\">\n\t\t\t\t\t\t\t<a\n\t\t\t\t\thref=\"https:\/\/toutcourtfestival.fr\/index.php\/2017\/05\/14\/dossier-de-presse-et-parrainage\/\"\n\t\t\t\t\t\t\t\t\t\tstyle=\"background-image: url( https:\/\/i0.wp.com\/toutcourtfestival.fr\/wp-content\/uploads\/2017\/05\/20170513_152302.png?resize=272%2C182&#038;ssl=1 )\"\n\t\t\t\t\taria-labelledby=\"sow-carousel-id-1586\"\n\t\t\t\t\ttabindex=\"-1\"\n\t\t\t\t>\n\t\t\t\t\t<span class=\"overlay\"><\/span>\n\t\t\t\t<\/a>\n\t\t\t\t\t<\/div>\n\t\t<h3 class=\"sow-carousel-item-title\">\n\t\t\t<a\n\t\t\t\thref=\"https:\/\/toutcourtfestival.fr\/index.php\/2017\/05\/14\/dossier-de-presse-et-parrainage\/\"\n\t\t\t\tid=\"sow-carousel-id-1586\"\n\t\t\t\t\t\t\t\ttabindex=\"-1\"\n\t\t\t>\n\n\t\t\t\tDossier de presse, parrain et s\u00e9lections\t\t\t<\/a>\n\t\t<\/h3>\n\t<\/div>\n\t\t<div class=\"sow-carousel-item\" tabindex=\"-1\" style=\"float: left;\">\n\t\t<div class=\"sow-carousel-thumbnail\">\n\t\t\t\t\t\t\t<a\n\t\t\t\t\thref=\"https:\/\/toutcourtfestival.fr\/index.php\/2017\/04\/15\/503-films-recus\/\"\n\t\t\t\t\t\t\t\t\t\tstyle=\"background-image: url( https:\/\/i0.wp.com\/toutcourtfestival.fr\/wp-content\/uploads\/2017\/04\/Sans-titre.jpg?resize=272%2C182&#038;ssl=1 )\"\n\t\t\t\t\taria-labelledby=\"sow-carousel-id-1553\"\n\t\t\t\t\ttabindex=\"-1\"\n\t\t\t\t>\n\t\t\t\t\t<span class=\"overlay\"><\/span>\n\t\t\t\t<\/a>\n\t\t\t\t\t<\/div>\n\t\t<h3 class=\"sow-carousel-item-title\">\n\t\t\t<a\n\t\t\t\thref=\"https:\/\/toutcourtfestival.fr\/index.php\/2017\/04\/15\/503-films-recus\/\"\n\t\t\t\tid=\"sow-carousel-id-1553\"\n\t\t\t\t\t\t\t\ttabindex=\"-1\"\n\t\t\t>\n\n\t\t\t\t503 films re\u00e7us !\t\t\t<\/a>\n\t\t<\/h3>\n\t<\/div>\n\t\t<div class=\"sow-carousel-item\" tabindex=\"-1\" style=\"float: left;\">\n\t\t<div class=\"sow-carousel-thumbnail\">\n\t\t\t\t\t\t\t<a\n\t\t\t\t\thref=\"https:\/\/toutcourtfestival.fr\/index.php\/2017\/04\/05\/appel-a-benevoles\/\"\n\t\t\t\t\t\t\t\t\t\tstyle=\"background-image: url( https:\/\/i0.wp.com\/toutcourtfestival.fr\/wp-content\/uploads\/2017\/04\/Appel-%C3%A0-b%C3%A9n%C3%A9voles-Recto-p.jpg?resize=272%2C182&#038;ssl=1 )\"\n\t\t\t\t\taria-labelledby=\"sow-carousel-id-1530\"\n\t\t\t\t\ttabindex=\"-1\"\n\t\t\t\t>\n\t\t\t\t\t<span class=\"overlay\"><\/span>\n\t\t\t\t<\/a>\n\t\t\t\t\t<\/div>\n\t\t<h3 class=\"sow-carousel-item-title\">\n\t\t\t<a\n\t\t\t\thref=\"https:\/\/toutcourtfestival.fr\/index.php\/2017\/04\/05\/appel-a-benevoles\/\"\n\t\t\t\tid=\"sow-carousel-id-1530\"\n\t\t\t\t\t\t\t\ttabindex=\"-1\"\n\t\t\t>\n\n\t\t\t\tAppel \u00e0 b\u00e9n\u00e9voles!\t\t\t<\/a>\n\t\t<\/h3>\n\t<\/div>\n\t\t<div class=\"sow-carousel-item\" tabindex=\"-1\" style=\"float: left;\">\n\t\t<div class=\"sow-carousel-thumbnail\">\n\t\t\t\t\t\t\t<a\n\t\t\t\t\thref=\"https:\/\/toutcourtfestival.fr\/index.php\/2017\/04\/03\/jury-pro-et-jury-lyceen\/\"\n\t\t\t\t\t\t\t\t\t\tstyle=\"background-image: url( https:\/\/i0.wp.com\/toutcourtfestival.fr\/wp-content\/uploads\/2017\/03\/JM-Delacruz-p.jpg?resize=272%2C182&#038;ssl=1 )\"\n\t\t\t\t\taria-labelledby=\"sow-carousel-id-1484\"\n\t\t\t\t\ttabindex=\"-1\"\n\t\t\t\t>\n\t\t\t\t\t<span class=\"overlay\"><\/span>\n\t\t\t\t<\/a>\n\t\t\t\t\t<\/div>\n\t\t<h3 class=\"sow-carousel-item-title\">\n\t\t\t<a\n\t\t\t\thref=\"https:\/\/toutcourtfestival.fr\/index.php\/2017\/04\/03\/jury-pro-et-jury-lyceen\/\"\n\t\t\t\tid=\"sow-carousel-id-1484\"\n\t\t\t\t\t\t\t\ttabindex=\"-1\"\n\t\t\t>\n\n\t\t\t\tJury pro et jury lyc\u00e9en\t\t\t<\/a>\n\t\t<\/h3>\n\t<\/div>\n\t\t<div class=\"sow-carousel-item\" tabindex=\"-1\" style=\"float: left;\">\n\t\t<div class=\"sow-carousel-thumbnail\">\n\t\t\t\t\t\t\t<a\n\t\t\t\t\thref=\"https:\/\/toutcourtfestival.fr\/index.php\/2017\/03\/05\/formation-du-jury-selections-et-appel-a-concours\/\"\n\t\t\t\t\t\t\t\t\t\tstyle=\"background-image: url( https:\/\/i0.wp.com\/toutcourtfestival.fr\/wp-content\/uploads\/2017\/03\/Concours-vid%C3%A9o-amateur-BQ.jpg?resize=272%2C182&#038;ssl=1 )\"\n\t\t\t\t\taria-labelledby=\"sow-carousel-id-1247\"\n\t\t\t\t\ttabindex=\"-1\"\n\t\t\t\t>\n\t\t\t\t\t<span class=\"overlay\"><\/span>\n\t\t\t\t<\/a>\n\t\t\t\t\t<\/div>\n\t\t<h3 class=\"sow-carousel-item-title\">\n\t\t\t<a\n\t\t\t\thref=\"https:\/\/toutcourtfestival.fr\/index.php\/2017\/03\/05\/formation-du-jury-selections-et-appel-a-concours\/\"\n\t\t\t\tid=\"sow-carousel-id-1247\"\n\t\t\t\t\t\t\t\ttabindex=\"-1\"\n\t\t\t>\n\n\t\t\t\tFormation du jury, s\u00e9lections et appel \u00e0 concours!\t\t\t<\/a>\n\t\t<\/h3>\n\t<\/div>\n\t\t<div class=\"sow-carousel-item\" tabindex=\"-1\" style=\"float: left;\">\n\t\t<div class=\"sow-carousel-thumbnail\">\n\t\t\t\t\t\t\t<a\n\t\t\t\t\thref=\"https:\/\/toutcourtfestival.fr\/index.php\/2017\/02\/05\/les-selections-commencent\/\"\n\t\t\t\t\t\t\t\t\t\tstyle=\"background-image: url( https:\/\/i0.wp.com\/toutcourtfestival.fr\/wp-content\/uploads\/2017\/02\/20170205_132231_p.jpg?resize=272%2C182&#038;ssl=1 )\"\n\t\t\t\t\taria-labelledby=\"sow-carousel-id-974\"\n\t\t\t\t\ttabindex=\"-1\"\n\t\t\t\t>\n\t\t\t\t\t<span class=\"overlay\"><\/span>\n\t\t\t\t<\/a>\n\t\t\t\t\t<\/div>\n\t\t<h3 class=\"sow-carousel-item-title\">\n\t\t\t<a\n\t\t\t\thref=\"https:\/\/toutcourtfestival.fr\/index.php\/2017\/02\/05\/les-selections-commencent\/\"\n\t\t\t\tid=\"sow-carousel-id-974\"\n\t\t\t\t\t\t\t\ttabindex=\"-1\"\n\t\t\t>\n\n\t\t\t\tLes s\u00e9lections commencent!\t\t\t<\/a>\n\t\t<\/h3>\n\t<\/div>\n\t\t<div class=\"sow-carousel-item\" tabindex=\"-1\" style=\"float: left;\">\n\t\t<div class=\"sow-carousel-thumbnail\">\n\t\t\t\t\t\t\t<a\n\t\t\t\t\thref=\"https:\/\/toutcourtfestival.fr\/index.php\/2017\/01\/31\/les-jeunes-directeurs-artistique-en-sortie-au-festival-dangers\/\"\n\t\t\t\t\t\t\t\t\t\tstyle=\"background-image: url( https:\/\/i0.wp.com\/toutcourtfestival.fr\/wp-content\/uploads\/2017\/01\/20170128_121514.jpg?resize=272%2C182&#038;ssl=1 )\"\n\t\t\t\t\taria-labelledby=\"sow-carousel-id-967\"\n\t\t\t\t\ttabindex=\"-1\"\n\t\t\t\t>\n\t\t\t\t\t<span class=\"overlay\"><\/span>\n\t\t\t\t<\/a>\n\t\t\t\t\t<\/div>\n\t\t<h3 class=\"sow-carousel-item-title\">\n\t\t\t<a\n\t\t\t\thref=\"https:\/\/toutcourtfestival.fr\/index.php\/2017\/01\/31\/les-jeunes-directeurs-artistique-en-sortie-au-festival-dangers\/\"\n\t\t\t\tid=\"sow-carousel-id-967\"\n\t\t\t\t\t\t\t\ttabindex=\"-1\"\n\t\t\t>\n\n\t\t\t\tLes jeunes directeurs artistique en sortie au festival d&#8217;Angers\t\t\t<\/a>\n\t\t<\/h3>\n\t<\/div>\n\t\t<div class=\"sow-carousel-item\" tabindex=\"-1\" style=\"float: left;\">\n\t\t<div class=\"sow-carousel-thumbnail\">\n\t\t\t\t\t\t\t<a\n\t\t\t\t\thref=\"https:\/\/toutcourtfestival.fr\/index.php\/2017\/01\/22\/naissance-dun-festival\/\"\n\t\t\t\t\t\t\t\t\t\tstyle=\"background-image: url( https:\/\/i0.wp.com\/toutcourtfestival.fr\/wp-content\/uploads\/2017\/01\/poussin3-original-format-icone-200x178.png?resize=200%2C178&#038;ssl=1 )\"\n\t\t\t\t\taria-labelledby=\"sow-carousel-id-922\"\n\t\t\t\t\ttabindex=\"-1\"\n\t\t\t\t>\n\t\t\t\t\t<span class=\"overlay\"><\/span>\n\t\t\t\t<\/a>\n\t\t\t\t\t<\/div>\n\t\t<h3 class=\"sow-carousel-item-title\">\n\t\t\t<a\n\t\t\t\thref=\"https:\/\/toutcourtfestival.fr\/index.php\/2017\/01\/22\/naissance-dun-festival\/\"\n\t\t\t\tid=\"sow-carousel-id-922\"\n\t\t\t\t\t\t\t\ttabindex=\"-1\"\n\t\t\t>\n\n\t\t\t\tNaissance d&#8217;un festival!\t\t\t<\/a>\n\t\t<\/h3>\n\t<\/div>\n\t\t\t<\/div>\n\t\t\t<\/div>\n\n\t<\/div>\n\t\t<input type=\"hidden\" name=\"instance_hash\" value=\"908d7999\"\/>\n\t<\/div>\n<\/div><\/div><\/div><\/div><\/div><\/div><div id=\"pg-1027-3\"  class=\"panel-grid panel-has-style\" ><div class=\"panel-row-style panel-row-style-for-1027-3\" ><div id=\"pgc-1027-3-0\"  class=\"panel-grid-cell\" ><div id=\"panel-1027-3-0-0\" class=\"so-panel widget widget_sow-headline panel-first-child panel-last-child\" data-index=\"7\" ><div\n\t\t\t\n\t\t\tclass=\"so-widget-sow-headline so-widget-sow-headline-default-9de132ccfd83-922\"\n\t\t\t\n\t\t><div class=\"sow-headline-container \">\n\t\t\t\t\t\t\t<h2 class=\"sow-headline\">\n\t\t\t\t\t\tImpliquer les jeunes dans des projets d'envergure li\u00e9 au cin\u00e9ma !\t\t\t\t\t\t<\/h2>\n\t\t\t\t\t\t\t\t\t\t\t<div class=\"decoration\">\n\t\t\t\t\t\t<div class=\"decoration-inside\"><\/div>\n\t\t\t\t\t<\/div>\n\t\t\t\t\t\t\t\t\t\t\t<h4 class=\"sow-sub-headline\">\n\t\t\t\t\t\tDirection artistique du festival, comit\u00e9s de s\u00e9lection, jury lyc\u00e9en, cr\u00e9ation de court-m\u00e9trages et de vid\u00e9os...\t\t\t\t\t\t<\/h4>\n\t\t\t\t\t\t<\/div>\n<\/div><\/div><\/div><\/div><\/div><div id=\"pg-1027-4\"  class=\"panel-grid panel-has-style\" ><div class=\"panel-row-style panel-row-style-for-1027-4\" ><div id=\"pgc-1027-4-0\"  class=\"panel-grid-cell\" ><div id=\"panel-1027-4-0-0\" class=\"so-panel widget widget_sow-editor panel-first-child panel-last-child\" data-index=\"8\" ><div class=\"panel-widget-style panel-widget-style-for-1027-4-0-0\" ><div\n\t\t\t\n\t\t\tclass=\"so-widget-sow-editor so-widget-sow-editor-base\"\n\t\t\t\n\t\t>\n<div class=\"siteorigin-widget-tinymce textwidget\">\n\t<h2><a href=\"http:\/\/toutcourtfestival.fr\/index.php\/accueil\/direction-artistique\/\"><img data-recalc-dims=\"1\" loading=\"lazy\" decoding=\"async\" class=\"alignnone wp-image-7248 size-large\" src=\"https:\/\/i0.wp.com\/toutcourtfestival.fr\/wp-content\/uploads\/2019\/06\/P1044308.MOV_20190610_183258.395.jpg?resize=1024%2C576&#038;ssl=1\" alt=\"\" width=\"1024\" height=\"576\" srcset=\"https:\/\/i0.wp.com\/toutcourtfestival.fr\/wp-content\/uploads\/2019\/06\/P1044308.MOV_20190610_183258.395.jpg?resize=1024%2C576&amp;ssl=1 1024w, https:\/\/i0.wp.com\/toutcourtfestival.fr\/wp-content\/uploads\/2019\/06\/P1044308.MOV_20190610_183258.395.jpg?resize=300%2C169&amp;ssl=1 300w, https:\/\/i0.wp.com\/toutcourtfestival.fr\/wp-content\/uploads\/2019\/06\/P1044308.MOV_20190610_183258.395.jpg?resize=768%2C432&amp;ssl=1 768w, https:\/\/i0.wp.com\/toutcourtfestival.fr\/wp-content\/uploads\/2019\/06\/P1044308.MOV_20190610_183258.395.jpg?w=1920&amp;ssl=1 1920w\" sizes=\"auto, (max-width: 1024px) 100vw, 1024px\" \/><\/a><\/h2>\n<h3 style=\"text-align: center;\"><span style=\"color: #000000; font-size: 14pt;\"><a style=\"color: #000000;\" href=\"http:\/\/toutcourtfestival.fr\/index.php\/accueil\/direction-artistique\/\">Jeunes s\u00e9lectionneurs du festival<\/a><\/span><\/h3>\n<hr>\n<p style=\"text-align: justify;\">R\u00e9unis en comit\u00e9s de s\u00e9lection, les jeunes choisissent les films qui seront en comp\u00e9tition au festival Tout Court ! Ils sont encadr\u00e9s par l\u2019association et le service jeunesse de Gisors.<\/p>\n<p style=\"text-align: justify;\">Les jeunes s\u2019impliquent \u00e9galement dans la conception et l\u2019organisation de la prochaine \u00e9dition du festival.<\/p>\n<\/div>\n<\/div><\/div><\/div><\/div><div id=\"pgc-1027-4-1\"  class=\"panel-grid-cell\" ><div id=\"panel-1027-4-1-0\" class=\"so-panel widget widget_sow-editor panel-first-child panel-last-child\" data-index=\"9\" ><div class=\"panel-widget-style panel-widget-style-for-1027-4-1-0\" ><div\n\t\t\t\n\t\t\tclass=\"so-widget-sow-editor so-widget-sow-editor-base\"\n\t\t\t\n\t\t>\n<div class=\"siteorigin-widget-tinymce textwidget\">\n\t<h2><a href=\"https:\/\/toutcourtfestival.fr\/index.php\/ateliers_cinema\/\"><img data-recalc-dims=\"1\" loading=\"lazy\" decoding=\"async\" class=\"alignnone wp-image-7333 size-large\" src=\"https:\/\/i0.wp.com\/toutcourtfestival.fr\/wp-content\/uploads\/2019\/09\/20161112_161959_ee.jpg?resize=1024%2C576&#038;ssl=1\" alt=\"\" width=\"1024\" height=\"576\" srcset=\"https:\/\/i0.wp.com\/toutcourtfestival.fr\/wp-content\/uploads\/2019\/09\/20161112_161959_ee.jpg?resize=1024%2C576&amp;ssl=1 1024w, https:\/\/i0.wp.com\/toutcourtfestival.fr\/wp-content\/uploads\/2019\/09\/20161112_161959_ee.jpg?resize=300%2C169&amp;ssl=1 300w, https:\/\/i0.wp.com\/toutcourtfestival.fr\/wp-content\/uploads\/2019\/09\/20161112_161959_ee.jpg?resize=768%2C432&amp;ssl=1 768w, https:\/\/i0.wp.com\/toutcourtfestival.fr\/wp-content\/uploads\/2019\/09\/20161112_161959_ee.jpg?w=2740&amp;ssl=1 2740w, https:\/\/i0.wp.com\/toutcourtfestival.fr\/wp-content\/uploads\/2019\/09\/20161112_161959_ee.jpg?w=4110&amp;ssl=1 4110w\" sizes=\"auto, (max-width: 1024px) 100vw, 1024px\" \/><\/a><\/h2>\n<h3 style=\"text-align: center;\"><span style=\"color: #000000; font-size: 14pt;\"><a style=\"color: #000000;\" href=\"https:\/\/toutcourtfestival.fr\/index.php\/ateliers_cinema\/\">Les Ateliers Cin\u00e9ma du Tout Court !<\/a><\/span><\/h3>\n<hr>\n<p style=\"text-align: justify;\">Toute l'ann\u00e9e, des activit\u00e9s li\u00e9es au cin\u00e9ma sont propos\u00e9es aux jeunes: tournages, ateliers pratiques, sorties, rencontres avec des artistes...<\/p>\n<p style=\"text-align: justify;\">Les plus inspir\u00e9s peuvent se lancer dans la r\u00e9alisation d\u2019un court-m\u00e9trage qui sera ensuite projet\u00e9 au festival !<\/p>\n<\/div>\n<\/div><\/div><\/div><\/div><div id=\"pgc-1027-4-2\"  class=\"panel-grid-cell\" ><div id=\"panel-1027-4-2-0\" class=\"so-panel widget widget_sow-editor panel-first-child panel-last-child\" data-index=\"10\" ><div class=\"panel-widget-style panel-widget-style-for-1027-4-2-0\" ><div\n\t\t\t\n\t\t\tclass=\"so-widget-sow-editor so-widget-sow-editor-base\"\n\t\t\t\n\t\t>\n<div class=\"siteorigin-widget-tinymce textwidget\">\n\t<h2><a href=\"http:\/\/toutcourtfestival.fr\/index.php\/aide-aux-structures\/\"><img data-recalc-dims=\"1\" loading=\"lazy\" decoding=\"async\" class=\"alignnone wp-image-3111 size-large\" src=\"https:\/\/i0.wp.com\/toutcourtfestival.fr\/wp-content\/uploads\/2017\/03\/IMG_1407-1024x683.jpg?resize=1151%2C647\" alt=\"\" width=\"1151\" height=\"647\"><\/a><\/h2>\n<h3 style=\"text-align: center;\"><span style=\"color: #000000; font-size: 14pt;\"><a style=\"color: #000000;\" href=\"http:\/\/toutcourtfestival.fr\/index.php\/aide-aux-structures\/\">Aide aux structures<\/a><\/span><\/h3>\n<hr>\n<p style=\"text-align: justify;\">Le Tout Court ! propose un programme d\u2019aide aux structures jeunesses (associatives, institutionnelles ou scolaires) qui veulent mener \u00e0 bien des projets de cr\u00e9ation vid\u00e9o avec leur jeune public.<\/p>\n<p style=\"text-align: justify;\">Vous \u00eates animateur ou professeur et souhaitez cr\u00e9er un film avec votre classe ? Contactez-nous !<\/p>\n<\/div>\n<\/div><\/div><\/div><\/div><\/div><\/div><div id=\"pg-1027-5\"  class=\"panel-grid panel-has-style\" ><div class=\"panel-row-style panel-row-style-for-1027-5\" ><div id=\"pgc-1027-5-0\"  class=\"panel-grid-cell\" ><div id=\"panel-1027-5-0-0\" class=\"so-panel widget widget_sow-button panel-first-child panel-last-child\" data-index=\"11\" ><div class=\"panel-widget-style panel-widget-style-for-1027-5-0-0\" ><div\n\t\t\t\n\t\t\tclass=\"so-widget-sow-button so-widget-sow-button-wire-b2014ebe1c81-922\"\n\t\t\t\n\t\t><div class=\"ow-button-base ow-button-align-left\"\n>\n\t\t\t<a\n\t\t\t\t\thref=\"http:\/\/toutcourtfestival.fr\/index.php\/accueil\/direction-artistique\/\"\n\t\t\t\t\tclass=\"sowb-button ow-icon-placement-left ow-button-hover\" \t>\n\t\t<span>\n\t\t\t\n\t\t\tLire la suite\t\t<\/span>\n\t\t\t<\/a>\n\t<\/div>\n<\/div><\/div><\/div><\/div><div id=\"pgc-1027-5-1\"  class=\"panel-grid-cell\" ><div id=\"panel-1027-5-1-0\" class=\"so-panel widget widget_sow-button panel-first-child panel-last-child\" data-index=\"12\" ><div class=\"panel-widget-style panel-widget-style-for-1027-5-1-0\" ><div\n\t\t\t\n\t\t\tclass=\"so-widget-sow-button so-widget-sow-button-wire-4f1f43309adc-922\"\n\t\t\t\n\t\t><div class=\"ow-button-base ow-button-align-left\"\n>\n\t\t\t<a\n\t\t\t\t\thref=\"https:\/\/toutcourtfestival.fr\/index.php\/ateliers_cinema\/\"\n\t\t\t\t\tclass=\"sowb-button ow-icon-placement-left ow-button-hover\" \t>\n\t\t<span>\n\t\t\t\n\t\t\tLire la suite\t\t<\/span>\n\t\t\t<\/a>\n\t<\/div>\n<\/div><\/div><\/div><\/div><div id=\"pgc-1027-5-2\"  class=\"panel-grid-cell\" ><div id=\"panel-1027-5-2-0\" class=\"so-panel widget widget_sow-button panel-first-child panel-last-child\" data-index=\"13\" ><div class=\"panel-widget-style panel-widget-style-for-1027-5-2-0\" ><div\n\t\t\t\n\t\t\tclass=\"so-widget-sow-button so-widget-sow-button-wire-4f1f43309adc-922\"\n\t\t\t\n\t\t><div class=\"ow-button-base ow-button-align-left\"\n>\n\t\t\t<a\n\t\t\t\t\thref=\"https:\/\/toutcourtfestival.fr\/index.php\/aide-aux-structures\/\"\n\t\t\t\t\tclass=\"sowb-button ow-icon-placement-left ow-button-hover\" \t>\n\t\t<span>\n\t\t\t\n\t\t\tLire la suite\t\t<\/span>\n\t\t\t<\/a>\n\t<\/div>\n<\/div><\/div><\/div><\/div><\/div><\/div><div id=\"pg-1027-6\"  class=\"panel-grid panel-has-style\" ><div class=\"siteorigin-panels-stretch panel-row-style panel-row-style-for-1027-6\" data-stretch-type=\"full\" ><div id=\"pgc-1027-6-0\"  class=\"panel-grid-cell\" ><div id=\"panel-1027-6-0-0\" class=\"so-panel widget widget_widget_contact_info widget_contact_info panel-first-child panel-last-child\" data-index=\"14\" ><div class=\"panel-widget-style panel-widget-style-for-1027-6-0-0\" ><h3 class=\"widget-title\">Acc\u00e9der au nouveau cin\u00e9ma<\/h3><div itemscope itemtype=\"http:\/\/schema.org\/LocalBusiness\"><iframe loading=\"lazy\" width=\"600\"  height=\"216\" frameborder=\"0\" src=\"https:\/\/www.google.com\/maps\/embed\/v1\/place?q=3+Place+des+Libert%C3%A9s%2C+27140+Gisors&#038;key=AIzaSyAGt9DkdQUO53WlIj5KzokpVd16337pItI\" title=\"Google Map Embed\" class=\"contact-map\"><\/iframe><div class=\"confit-address\" itemscope itemtype=\"http:\/\/schema.org\/PostalAddress\" itemprop=\"address\"><a href=\"https:\/\/maps.google.com\/maps?z=16&#038;q=3%2Bplace%2Bdes%2Blibert%C3%A9s%2C%2B27140%2Bgisors\" target=\"_blank\" rel=\"noopener noreferrer\">3 Place des Libert\u00e9s, 27140 Gisors<\/a><\/div><div class=\"confit-email\"><a href=\"mailto:contact@toutcourtfestival.fr\">contact@toutcourtfestival.fr<\/a><\/div><div class=\"confit-hours\" itemprop=\"openingHours\">Transilien ligne J depuis Gare Saint Lazare<\/div><\/div><\/div><\/div><\/div><div id=\"pgc-1027-6-1\"  class=\"panel-grid-cell\" ><div id=\"panel-1027-6-1-0\" class=\"so-panel widget widget_widget_contact_info widget_contact_info panel-first-child panel-last-child\" data-index=\"15\" ><div class=\"panel-widget-style panel-widget-style-for-1027-6-1-0\" ><h3 class=\"widget-title\">Acc\u00e9der \u00e0 l'Espace Dany Doriz (Salle polyvalente)<\/h3><div itemscope itemtype=\"http:\/\/schema.org\/LocalBusiness\"><iframe loading=\"lazy\" width=\"600\"  height=\"216\" frameborder=\"0\" src=\"https:\/\/www.google.com\/maps\/embed\/v1\/place?q=78+rue+du+Faubourg+de+Neaufles%2C+27140+Gisors.&#038;key=AIzaSyAGt9DkdQUO53WlIj5KzokpVd16337pItI\" title=\"Google Map Embed\" class=\"contact-map\"><\/iframe><div class=\"confit-address\" itemscope itemtype=\"http:\/\/schema.org\/PostalAddress\" itemprop=\"address\"><a href=\"https:\/\/maps.google.com\/maps?z=16&#038;q=78%2Brue%2Bdu%2Bfaubourg%2Bde%2Bneaufles%2C%2B27140%2Bgisors.\" target=\"_blank\" rel=\"noopener noreferrer\">78 rue du Faubourg de Neaufles, 27140 Gisors.<\/a><\/div><div class=\"confit-email\"><a href=\"mailto:contact@toutcourtfestival.fr\">contact@toutcourtfestival.fr<\/a><\/div><div class=\"confit-hours\" itemprop=\"openingHours\">Transilien ligne J depuis Gare Saint Lazare<\/div><\/div><\/div><\/div><\/div><\/div><\/div><div id=\"pg-1027-7\"  class=\"panel-grid panel-has-style\" ><div class=\"panel-row-style panel-row-style-for-1027-7\" ><div id=\"pgc-1027-7-0\"  class=\"panel-grid-cell\" ><div id=\"panel-1027-7-0-0\" class=\"so-panel widget widget_sow-editor panel-first-child panel-last-child\" data-index=\"16\" ><div\n\t\t\t\n\t\t\tclass=\"so-widget-sow-editor so-widget-sow-editor-base\"\n\t\t\t\n\t\t>\n<div class=\"siteorigin-widget-tinymce textwidget\">\n\t<blockquote>\n<p style=\"text-align: justify;\"><span style=\"font-family: arial, helvetica, sans-serif; font-size: 12pt;\">Je salue ici le superbe travail de&nbsp;l'\u00e9quipe du Tout Court !&nbsp;Avec d\u00e9termination et enthousiasme, elle m\u00e8ne ce projet en&nbsp;faveur du cin\u00e9ma et de la jeunesse de Gisors et son bassin&nbsp;de vie. C'est un r\u00e9el bonheur pour un \u00e9lu d'accompagner cette&nbsp;belle initiative avec des acteurs qui donnent plus qu'ils ne re\u00e7oivent.<\/span><\/p>\n<p style=\"text-align: justify;\"><span style=\"font-family: arial, helvetica, sans-serif; font-size: 12pt;\">Venez nombreux participer \u00e0 cet \u00e9v\u00e9nement qui s'annonce&nbsp;d'ores et d\u00e9j\u00e0 comme un moment majeur pour la jeunesse et pour Gisors.<\/span><\/p>\n<p style=\"text-align: right;\"><span style=\"font-family: 'arial black', sans-serif; font-size: 14pt;\">Franck CAPRON<\/span><\/p>\n<p style=\"text-align: right;\"><span style=\"font-family: 'arial black', sans-serif; font-size: 12pt;\">Conseiller D\u00e9l\u00e9gu\u00e9 aux affaires Culturelles&nbsp;de la <a href=\"http:\/\/www.ville-gisors.fr\/fr\/\">ville de Gisors<\/a><\/span><\/p>\n<\/blockquote>\n<\/div>\n<\/div><\/div><\/div><div id=\"pgc-1027-7-1\"  class=\"panel-grid-cell\" ><div id=\"panel-1027-7-1-0\" class=\"so-panel widget widget_sow-image panel-first-child panel-last-child\" data-index=\"17\" ><div\n\t\t\t\n\t\t\tclass=\"so-widget-sow-image so-widget-sow-image-default-8b5b6f678277-922\"\n\t\t\t\n\t\t>\n<div class=\"sow-image-container\">\n\t\t\t<a href=\"http:\/\/www.ville-gisors.fr\/fr\/\"\n\t\t\t\t\t>\n\t\t\t<img \n\tsrc=\"https:\/\/i0.wp.com\/toutcourtfestival.fr\/wp-content\/uploads\/2017\/01\/Gisors-Blason-VILLE-2.15x3.19-cm-2.jpg?fit=313%2C366&amp;ssl=1\" width=\"313\" height=\"366\" srcset=\"https:\/\/i0.wp.com\/toutcourtfestival.fr\/wp-content\/uploads\/2017\/01\/Gisors-Blason-VILLE-2.15x3.19-cm-2.jpg?w=313&amp;ssl=1 313w, https:\/\/i0.wp.com\/toutcourtfestival.fr\/wp-content\/uploads\/2017\/01\/Gisors-Blason-VILLE-2.15x3.19-cm-2.jpg?resize=257%2C300&amp;ssl=1 257w\" title=\"Gisors &#8211; Blason VILLE 2.15&#215;3.19 cm-2\" alt=\"\" \t\tclass=\"so-widget-image\"\/>\n\t\t\t<\/a><\/div>\n\n<\/div><\/div><\/div><\/div><\/div><div id=\"pg-1027-8\"  class=\"panel-grid panel-has-style\" ><div class=\"siteorigin-panels-stretch panel-row-style panel-row-style-for-1027-8\" data-stretch-type=\"full\" ><div id=\"pgc-1027-8-0\"  class=\"panel-grid-cell\" ><div id=\"panel-1027-8-0-0\" class=\"so-panel widget widget_mc4wp_form_widget panel-first-child panel-last-child\" data-index=\"18\" ><div class=\"panel-widget-style panel-widget-style-for-1027-8-0-0\" ><h3 class=\"widget-title\">Newsletter<\/h3><script>(function() {\n\twindow.mc4wp = window.mc4wp || {\n\t\tlisteners: [],\n\t\tforms: {\n\t\t\ton: function(evt, cb) {\n\t\t\t\twindow.mc4wp.listeners.push(\n\t\t\t\t\t{\n\t\t\t\t\t\tevent   : evt,\n\t\t\t\t\t\tcallback: cb\n\t\t\t\t\t}\n\t\t\t\t);\n\t\t\t}\n\t\t}\n\t}\n})();\n<\/script><!-- Mailchimp for WordPress v4.11.1 - https:\/\/wordpress.org\/plugins\/mailchimp-for-wp\/ --><form id=\"mc4wp-form-1\" class=\"mc4wp-form mc4wp-form-716\" method=\"post\" data-id=\"716\" data-name=\"Lettre d&#039;information du Tout Court de Gisors\" ><div class=\"mc4wp-form-fields\"><p>\r\n\t<label>Adresse e-mail: <\/label>\r\n\t<input type=\"email\" name=\"EMAIL\" placeholder=\"Votre adresse mail\" required \/>\r\n  <\/p>\r\n<p><align=right>\r\n  \t<input type=\"submit\" value=\"Abonnez-vous\" \/>\r\n  <\/align>\r\n<\/p><\/div><label style=\"display: none !important;\">Leave this field empty if you're human: <input type=\"text\" name=\"_mc4wp_honeypot\" value=\"\" tabindex=\"-1\" autocomplete=\"off\" \/><\/label><input type=\"hidden\" name=\"_mc4wp_timestamp\" value=\"1777549743\" \/><input type=\"hidden\" name=\"_mc4wp_form_id\" value=\"716\" \/><input type=\"hidden\" name=\"_mc4wp_form_element_id\" value=\"mc4wp-form-1\" \/><div class=\"mc4wp-response\"><\/div><\/form><!-- \/ Mailchimp for WordPress Plugin --><\/div><\/div><\/div><\/div><\/div><div id=\"pg-1027-9\"  class=\"panel-grid panel-has-style\" ><div class=\"panel-row-style panel-row-style-for-1027-9\" ><div id=\"pgc-1027-9-0\"  class=\"panel-grid-cell\" ><div id=\"panel-1027-9-0-0\" class=\"so-panel widget widget_sow-editor panel-first-child\" data-index=\"19\" ><div\n\t\t\t\n\t\t\tclass=\"so-widget-sow-editor so-widget-sow-editor-base\"\n\t\t\t\n\t\t>\n<div class=\"siteorigin-widget-tinymce textwidget\">\n\t<style>.entry-title {display:none;}<\/p>\n<p>\/*.panel-grid-cell .widget-title {<br \/>    margin-top: 0;<br \/>    color: white;<br \/>}*\/<\/p>\n<\/style>\n<\/div>\n<\/div><\/div><div id=\"panel-1027-9-0-1\" class=\"so-panel widget widget_sow-editor panel-last-child\" data-index=\"20\" ><div\n\t\t\t\n\t\t\tclass=\"so-widget-sow-editor so-widget-sow-editor-base\"\n\t\t\t\n\t\t>\n<div class=\"siteorigin-widget-tinymce textwidget\">\n\t<p>&nbsp;<\/p>\n<\/div>\n<\/div><\/div><\/div><\/div><\/div><\/div>","protected":false},"excerpt":{"rendered":"<p style=\"text-align: justify;\">\n<p style=\"text-align: justify;\">C&#8217;est comme une pendaison de cr\u00e9maill\u00e8re: \u00e7a fleure bon la peinture fra\u00eeche, il reste des cartons pas ouverts, la salle de bain est en chantier mais&#8230; \u00e7a y est, on y est! \ud83d\ude42<\/p>\n<p style=\"text-align: justify;\">Je vous annonce donc avec plaisir la naissance du <strong>Tout Court !<\/strong>&nbsp;, le festival du &hellip; <\/p>\n<p><a class=\"more-link btn\" href=\"https:\/\/toutcourtfestival.fr\/index.php\/2017\/01\/22\/naissance-dun-festival\/\">Continue reading<\/a><\/p>\n","protected":false},"author":1,"featured_media":0,"parent":0,"menu_order":0,"comment_status":"closed","ping_status":"closed","template":"","meta":{"ngg_post_thumbnail":0,"jetpack_post_was_ever_published":false,"footnotes":""},"class_list":["post-1027","page","type-page","status-publish","hentry","nodate","item-wrap"],"jetpack_sharing_enabled":false,"jetpack_shortlink":"https:\/\/wp.me\/P8k6iw-gz","jetpack_likes_enabled":true,"_links":{"self":[{"href":"https:\/\/toutcourtfestival.fr\/index.php\/wp-json\/wp\/v2\/pages\/1027","targetHints":{"allow":["GET"]}}],"collection":[{"href":"https:\/\/toutcourtfestival.fr\/index.php\/wp-json\/wp\/v2\/pages"}],"about":[{"href":"https:\/\/toutcourtfestival.fr\/index.php\/wp-json\/wp\/v2\/types\/page"}],"author":[{"embeddable":true,"href":"https:\/\/toutcourtfestival.fr\/index.php\/wp-json\/wp\/v2\/users\/1"}],"replies":[{"embeddable":true,"href":"https:\/\/toutcourtfestival.fr\/index.php\/wp-json\/wp\/v2\/comments?post=1027"}],"version-history":[{"count":220,"href":"https:\/\/toutcourtfestival.fr\/index.php\/wp-json\/wp\/v2\/pages\/1027\/revisions"}],"predecessor-version":[{"id":10494,"href":"https:\/\/toutcourtfestival.fr\/index.php\/wp-json\/wp\/v2\/pages\/1027\/revisions\/10494"}],"wp:attachment":[{"href":"https:\/\/toutcourtfestival.fr\/index.php\/wp-json\/wp\/v2\/media?parent=1027"}],"curies":[{"name":"wp","href":"https:\/\/api.w.org\/{rel}","templated":true}]}}