{"id":1667,"date":"2017-06-14T16:38:55","date_gmt":"2017-06-14T14:38:55","guid":{"rendered":"http:\/\/toutcourtfestival.fr\/?page_id=1667"},"modified":"2017-06-22T15:48:16","modified_gmt":"2017-06-22T13:48:16","slug":"selection-competition-bij","status":"publish","type":"page","link":"https:\/\/toutcourtfestival.fr\/index.php\/tout-court-2017\/selections-2017\/selection-competition-bij\/","title":{"rendered":"S\u00e9lection comp\u00e9tition BIJ"},"content":{"rendered":"<div id=\"pl-1667\"  class=\"panel-layout\" ><div id=\"pg-1667-0\"  class=\"panel-grid panel-no-style\" ><div id=\"pgc-1667-0-0\"  class=\"panel-grid-cell\" ><div id=\"panel-1667-0-0-0\" class=\"so-panel widget widget_sow-headline panel-first-child panel-last-child\" data-index=\"0\" ><div\n\t\t\t\n\t\t\tclass=\"so-widget-sow-headline so-widget-sow-headline-default-0115510059e4-1667\"\n\t\t\t\n\t\t><div class=\"sow-headline-container \">\n\t\t\t\t\t\t\t<h1 class=\"sow-headline\">\n\t\t\t\t\t\tS\u00e9lection comp\u00e9tition BIJ\t\t\t\t\t\t<\/h1>\n\t\t\t\t\t\t\t\t\t\t\t<div class=\"decoration\">\n\t\t\t\t\t\t<div class=\"decoration-inside\"><\/div>\n\t\t\t\t\t<\/div>\n\t\t\t\t\t<\/div>\n<\/div><\/div><\/div><\/div><div id=\"pg-1667-1\"  class=\"panel-grid panel-no-style\" ><div id=\"pgc-1667-1-0\"  class=\"panel-grid-cell panel-grid-cell-empty\" ><\/div><div id=\"pgc-1667-1-1\"  class=\"panel-grid-cell panel-grid-cell-mobile-last\" ><div id=\"panel-1667-1-1-0\" class=\"so-panel widget widget_sow-editor panel-first-child panel-last-child\" data-index=\"1\" ><div\n\t\t\t\n\t\t\tclass=\"so-widget-sow-editor so-widget-sow-editor-base\"\n\t\t\t\n\t\t>\n<div class=\"siteorigin-widget-tinymce textwidget\">\n\t<p style=\"text-align: justify;\"><span style=\"font-size: 12pt;\">Films s\u00e9lectionn\u00e9s pour la comp\u00e9tition par les jeunes du Bureau Info-Jeunesse de Gisors, encadr\u00e9s par leurs animateurs. Tout comme les jeunes de l'atelier Cin\u00e9macam, pendant 4 mois ils ont regard\u00e9 et not\u00e9 des centaines de films! Avant d'arriver peu \u00e0 peu \u00e0 leur s\u00e9lection finale.<\/span><\/p>\n<p style=\"text-align: center;\"><span style=\"font-size: 12pt;\"><em><strong>9 films<\/strong> - Dur\u00e9e 1'38 plus \u00e9changes avec les r\u00e9alisateurs.<\/em><\/span><\/p>\n<h1 style=\"text-align: center;\"><strong>Projections:<\/strong><\/h1>\n<p style=\"text-align: center;\"><span style=\"font-size: 12pt;\">Samedi 08\/07 18h - Salle des f\u00eates<br \/>Dimanche 09\/07 10h - Cin\u00e9ma Jour-de-F\u00eate<\/span><\/p>\n<\/div>\n<\/div><\/div><\/div><div id=\"pgc-1667-1-2\"  class=\"panel-grid-cell panel-grid-cell-empty\" ><\/div><\/div><div id=\"pg-1667-2\"  class=\"panel-grid panel-no-style\" ><div id=\"pgc-1667-2-0\"  class=\"panel-grid-cell\" ><div id=\"panel-1667-2-0-0\" class=\"so-panel widget widget_sow-headline panel-first-child panel-last-child\" data-index=\"2\" ><div\n\t\t\t\n\t\t\tclass=\"so-widget-sow-headline so-widget-sow-headline-default-6090f20097d1-1667\"\n\t\t\t\n\t\t><div class=\"sow-headline-container \">\n\t\t\t\t\t\t<div class=\"decoration\">\n\t\t\t\t\t\t<div class=\"decoration-inside\"><\/div>\n\t\t\t\t\t<\/div>\n\t\t\t\t\t<\/div>\n<\/div><\/div><\/div><\/div><div id=\"pg-1667-3\"  class=\"panel-grid panel-has-style\" ><div class=\"panel-row-style panel-row-style-for-1667-3\" ><div id=\"pgc-1667-3-0\"  class=\"panel-grid-cell\" ><div id=\"panel-1667-3-0-0\" class=\"so-panel widget widget_sow-image panel-first-child panel-last-child\" data-index=\"3\" ><div class=\"panel-widget-style panel-widget-style-for-1667-3-0-0\" ><div\n\t\t\t\n\t\t\tclass=\"so-widget-sow-image so-widget-sow-image-default-13f2a8b12fcc-1667\"\n\t\t\t\n\t\t>\n<div class=\"sow-image-container\">\n\t\t<img \n\tsrc=\"https:\/\/i0.wp.com\/toutcourtfestival.fr\/wp-content\/uploads\/2017\/06\/GOUT_BACON.jpeg?fit=953%2C508&amp;ssl=1\" width=\"953\" height=\"508\" srcset=\"https:\/\/i0.wp.com\/toutcourtfestival.fr\/wp-content\/uploads\/2017\/06\/GOUT_BACON.jpeg?w=953&amp;ssl=1 953w, https:\/\/i0.wp.com\/toutcourtfestival.fr\/wp-content\/uploads\/2017\/06\/GOUT_BACON.jpeg?resize=300%2C160&amp;ssl=1 300w, https:\/\/i0.wp.com\/toutcourtfestival.fr\/wp-content\/uploads\/2017\/06\/GOUT_BACON.jpeg?resize=768%2C409&amp;ssl=1 768w\" alt=\"\" \t\tclass=\"so-widget-image\"\/>\n\t<\/div>\n\n<\/div><\/div><\/div><\/div><div id=\"pgc-1667-3-1\"  class=\"panel-grid-cell\" ><div id=\"panel-1667-3-1-0\" class=\"so-panel widget widget_sow-editor panel-first-child panel-last-child\" data-index=\"4\" ><div\n\t\t\t\n\t\t\tclass=\"so-widget-sow-editor so-widget-sow-editor-base\"\n\t\t\t\n\t\t>\n<div class=\"siteorigin-widget-tinymce textwidget\">\n\t<h1 style=\"text-align: justify;\"><strong>GOUT BACON<\/strong><\/h1>\n<p style=\"text-align: justify;\"><span style=\"font-size: 12pt;\"><em>Com\u00e9die sentimentale&nbsp;de <strong>Emma Benestan<\/strong> - 13'00<\/em><\/span><\/p>\n<p style=\"text-align: justify;\"><span style=\"font-size: 12pt;\">A la suite d\u2019une rumeur lanc\u00e9e \u00e0 cause de la diffusion d\u2019un snapchat au contenu ambigu, deux amis, Bilal et Adil se mettent en qu\u00eate de filles pour sauver leur r\u00e9putation. Mais le chemin est loin d'\u00eatre celui qu'ils avaient imagin\u00e9...<\/span><\/p>\n<\/div>\n<\/div><\/div><\/div><\/div><\/div><div id=\"pg-1667-4\"  class=\"panel-grid panel-has-style\" ><div class=\"panel-row-style panel-row-style-for-1667-4\" ><div id=\"pgc-1667-4-0\"  class=\"panel-grid-cell\" ><div id=\"panel-1667-4-0-0\" class=\"so-panel widget widget_sow-image panel-first-child panel-last-child\" data-index=\"5\" ><div class=\"panel-widget-style panel-widget-style-for-1667-4-0-0\" ><div\n\t\t\t\n\t\t\tclass=\"so-widget-sow-image so-widget-sow-image-default-13f2a8b12fcc-1667\"\n\t\t\t\n\t\t>\n<div class=\"sow-image-container\">\n\t\t<img \n\tsrc=\"https:\/\/i0.wp.com\/toutcourtfestival.fr\/wp-content\/uploads\/2017\/06\/Le_Jour_o%C3%B9_jai_mang%C3%A9_avec_un_black-1.jpeg?fit=715%2C1000&amp;ssl=1\" width=\"715\" height=\"1000\" title=\"Le_Jour_o\u00f9_j&#8217;ai_mang\u00e9_avec_un_black\" alt=\"\" \t\tclass=\"so-widget-image\"\/>\n\t<\/div>\n\n<\/div><\/div><\/div><\/div><div id=\"pgc-1667-4-1\"  class=\"panel-grid-cell\" ><div id=\"panel-1667-4-1-0\" class=\"so-panel widget widget_sow-editor panel-first-child panel-last-child\" data-index=\"6\" ><div class=\"panel-widget-style panel-widget-style-for-1667-4-1-0\" ><div\n\t\t\t\n\t\t\tclass=\"so-widget-sow-editor so-widget-sow-editor-base\"\n\t\t\t\n\t\t>\n<div class=\"siteorigin-widget-tinymce textwidget\">\n\t<h1 style=\"text-align: justify;\"><strong>Le Jour o\u00f9 j'ai mang\u00e9 avec un black<\/strong><\/h1>\n<p style=\"text-align: justify;\"><span style=\"font-size: 12pt;\"><em>Com\u00e9die de <strong>Daniel Bach<\/strong>&nbsp;- 7'50<\/em><\/span><\/p>\n<p style=\"text-align: justify;\"><span style=\"font-size: 12pt;\">Une petite histoire de plateau un jour comme les autres au restaurant universitaire. Une m\u00e9prise. Une rencontre.<\/span><\/p>\n<\/div>\n<\/div><\/div><\/div><\/div><\/div><\/div><div id=\"pg-1667-5\"  class=\"panel-grid panel-has-style\" ><div class=\"panel-row-style panel-row-style-for-1667-5\" ><div id=\"pgc-1667-5-0\"  class=\"panel-grid-cell\" ><div id=\"panel-1667-5-0-0\" class=\"so-panel widget widget_sow-image panel-first-child panel-last-child\" data-index=\"7\" ><div class=\"panel-widget-style panel-widget-style-for-1667-5-0-0\" ><div\n\t\t\t\n\t\t\tclass=\"so-widget-sow-image so-widget-sow-image-default-13f2a8b12fcc-1667\"\n\t\t\t\n\t\t>\n<div class=\"sow-image-container\">\n\t\t<img \n\tsrc=\"https:\/\/i0.wp.com\/toutcourtfestival.fr\/wp-content\/uploads\/2017\/06\/Pas_de_cadeau.jpeg?fit=800%2C1200&amp;ssl=1\" width=\"800\" height=\"1200\" srcset=\"https:\/\/i0.wp.com\/toutcourtfestival.fr\/wp-content\/uploads\/2017\/06\/Pas_de_cadeau.jpeg?w=800&amp;ssl=1 800w, https:\/\/i0.wp.com\/toutcourtfestival.fr\/wp-content\/uploads\/2017\/06\/Pas_de_cadeau.jpeg?resize=200%2C300&amp;ssl=1 200w, https:\/\/i0.wp.com\/toutcourtfestival.fr\/wp-content\/uploads\/2017\/06\/Pas_de_cadeau.jpeg?resize=768%2C1152&amp;ssl=1 768w, https:\/\/i0.wp.com\/toutcourtfestival.fr\/wp-content\/uploads\/2017\/06\/Pas_de_cadeau.jpeg?resize=683%2C1024&amp;ssl=1 683w\" alt=\"\" \t\tclass=\"so-widget-image\"\/>\n\t<\/div>\n\n<\/div><\/div><\/div><\/div><div id=\"pgc-1667-5-1\"  class=\"panel-grid-cell\" ><div id=\"panel-1667-5-1-0\" class=\"so-panel widget widget_sow-editor panel-first-child panel-last-child\" data-index=\"8\" ><div class=\"panel-widget-style panel-widget-style-for-1667-5-1-0\" ><div\n\t\t\t\n\t\t\tclass=\"so-widget-sow-editor so-widget-sow-editor-base\"\n\t\t\t\n\t\t>\n<div class=\"siteorigin-widget-tinymce textwidget\">\n\t<h1 style=\"text-align: justify;\"><b>Pas de cadeau<\/b><\/h1>\n<p style=\"text-align: justify;\"><span style=\"font-size: 12pt;\"><em>Com\u00e9die dramatique de <strong>Marie VERNALDE<\/strong>&nbsp;- 13'56<\/em><\/span><\/p>\n<p style=\"text-align: justify;\"><span style=\"font-size: 12pt;\">Kathy a un fils qu'elle n'\u00e9l\u00e8ve pas. Pour son anniversaire elle veut lui offrir le plus beau des cadeaux : son p\u00e8re.<\/span><\/p>\n<p><span style=\"font-size: 12pt;\"><em><span style=\"color: #ff0000;\"><strong>Avertissement:<\/strong><\/span> certains \u00e9l\u00e9ments de langage peuvent choquer un public non averti.<\/em><\/span><\/p>\n<\/div>\n<\/div><\/div><\/div><\/div><\/div><\/div><div id=\"pg-1667-6\"  class=\"panel-grid panel-has-style\" ><div class=\"panel-row-style panel-row-style-for-1667-6\" ><div id=\"pgc-1667-6-0\"  class=\"panel-grid-cell\" ><div id=\"panel-1667-6-0-0\" class=\"so-panel widget widget_sow-image panel-first-child panel-last-child\" data-index=\"9\" ><div class=\"panel-widget-style panel-widget-style-for-1667-6-0-0\" ><div\n\t\t\t\n\t\t\tclass=\"so-widget-sow-image so-widget-sow-image-default-13f2a8b12fcc-1667\"\n\t\t\t\n\t\t>\n<div class=\"sow-image-container\">\n\t\t<img \n\tsrc=\"https:\/\/i0.wp.com\/toutcourtfestival.fr\/wp-content\/uploads\/2017\/06\/ton-reve-te-fera-vivre.png?fit=1334%2C750&amp;ssl=1\" width=\"1334\" height=\"750\" srcset=\"https:\/\/i0.wp.com\/toutcourtfestival.fr\/wp-content\/uploads\/2017\/06\/ton-reve-te-fera-vivre.png?w=1334&amp;ssl=1 1334w, https:\/\/i0.wp.com\/toutcourtfestival.fr\/wp-content\/uploads\/2017\/06\/ton-reve-te-fera-vivre.png?resize=300%2C169&amp;ssl=1 300w, https:\/\/i0.wp.com\/toutcourtfestival.fr\/wp-content\/uploads\/2017\/06\/ton-reve-te-fera-vivre.png?resize=768%2C432&amp;ssl=1 768w, https:\/\/i0.wp.com\/toutcourtfestival.fr\/wp-content\/uploads\/2017\/06\/ton-reve-te-fera-vivre.png?resize=1024%2C576&amp;ssl=1 1024w\" title=\"ton reve te fera vivre\" alt=\"\" \t\tclass=\"so-widget-image\"\/>\n\t<\/div>\n\n<\/div><\/div><\/div><\/div><div id=\"pgc-1667-6-1\"  class=\"panel-grid-cell\" ><div id=\"panel-1667-6-1-0\" class=\"so-panel widget widget_sow-editor panel-first-child panel-last-child\" data-index=\"10\" ><div class=\"panel-widget-style panel-widget-style-for-1667-6-1-0\" ><div\n\t\t\t\n\t\t\tclass=\"so-widget-sow-editor so-widget-sow-editor-base\"\n\t\t\t\n\t\t>\n<div class=\"siteorigin-widget-tinymce textwidget\">\n\t<h1 style=\"text-align: justify;\"><b>Ton r\u00eave te fera vivre<\/b><\/h1>\n<p style=\"text-align: justify;\"><span style=\"font-size: 12pt; font-family: arial, helvetica, sans-serif;\"><em>Com\u00e9die dramatique de <strong>Rayane M'ze&nbsp;<\/strong>- 8'47<\/em><\/span><\/p>\n<p style=\"text-align: justify;\"><span style=\"font-size: 12pt;\">Ali et Kassim sont deux meilleurs amis qui ont grandis ensemble, ils ont une passion en commun : le football et un talent que tout le monde a remarqu\u00e9. Leur r\u00eave : devenir footballeurs professionnels. <\/span><\/p>\n<p style=\"text-align: justify;\"><span style=\"font-size: 12pt;\">Le r\u00eave de l\u2019un des deux va \u00eatre bris\u00e9 lorsque le m\u00e9decin lui annonce qu\u2019il est atteint d\u2019un cancer.&nbsp;<\/span><span style=\"font-size: 12pt;\">Mais le lien d\u2019amiti\u00e9 entre les deux gar\u00e7ons saura \u00eatre plus fort que les obstacles.<\/span><\/p>\n<p>&nbsp;<\/p>\n<\/div>\n<\/div><\/div><\/div><\/div><\/div><\/div><div id=\"pg-1667-7\"  class=\"panel-grid panel-has-style\" ><div class=\"panel-row-style panel-row-style-for-1667-7\" ><div id=\"pgc-1667-7-0\"  class=\"panel-grid-cell\" ><div id=\"panel-1667-7-0-0\" class=\"so-panel widget widget_sow-image panel-first-child panel-last-child\" data-index=\"11\" ><div class=\"panel-widget-style panel-widget-style-for-1667-7-0-0\" ><div\n\t\t\t\n\t\t\tclass=\"so-widget-sow-image so-widget-sow-image-default-13f2a8b12fcc-1667\"\n\t\t\t\n\t\t>\n<div class=\"sow-image-container\">\n\t\t<img \n\tsrc=\"https:\/\/i0.wp.com\/toutcourtfestival.fr\/wp-content\/uploads\/2017\/06\/photo1_La_vile_de_Rouja.png?fit=939%2C530&amp;ssl=1\" width=\"939\" height=\"530\" srcset=\"https:\/\/i0.wp.com\/toutcourtfestival.fr\/wp-content\/uploads\/2017\/06\/photo1_La_vile_de_Rouja.png?w=939&amp;ssl=1 939w, https:\/\/i0.wp.com\/toutcourtfestival.fr\/wp-content\/uploads\/2017\/06\/photo1_La_vile_de_Rouja.png?resize=300%2C169&amp;ssl=1 300w, https:\/\/i0.wp.com\/toutcourtfestival.fr\/wp-content\/uploads\/2017\/06\/photo1_La_vile_de_Rouja.png?resize=768%2C433&amp;ssl=1 768w\" alt=\"\" \t\tclass=\"so-widget-image\"\/>\n\t<\/div>\n\n<\/div><\/div><\/div><\/div><div id=\"pgc-1667-7-1\"  class=\"panel-grid-cell\" ><div id=\"panel-1667-7-1-0\" class=\"so-panel widget widget_sow-editor panel-first-child panel-last-child\" data-index=\"12\" ><div class=\"panel-widget-style panel-widget-style-for-1667-7-1-0\" ><div\n\t\t\t\n\t\t\tclass=\"so-widget-sow-editor so-widget-sow-editor-base\"\n\t\t\t\n\t\t>\n<div class=\"siteorigin-widget-tinymce textwidget\">\n\t<h1 style=\"text-align: justify;\"><b>La vile de Rouja<\/b><\/h1>\n<p style=\"text-align: justify;\"><span style=\"font-size: 12pt;\"><em>Fiction de <strong>Bertrand et Maya&nbsp;<span style=\"font-family: arial, helvetica, sans-serif;\">Leduc<\/span><\/strong><span style=\"font-family: arial, helvetica, sans-serif;\">-<\/span> 6'30<\/em><\/span><\/p>\n<p style=\"text-align: justify;\"><span style=\"font-size: 12pt;\">Une enfant improvise l'histoire d'une petit insecte \u00e0 l'aide d' un croquis. Il s'appelle Rouja, il va \u00e0 la ville pour trouver du travail.&nbsp;<\/span><span style=\"font-size: 12pt;\">Au travers de son r\u00e9cit imaginaire se d\u00e9voile les subtilit\u00e9s de l'ordre urbain et de l'organisation sociale \u00e0 l'\u00e9chelle d'un insecte.<\/span><\/p>\n<\/div>\n<\/div><\/div><\/div><\/div><\/div><\/div><div id=\"pg-1667-8\"  class=\"panel-grid panel-has-style\" ><div class=\"panel-row-style panel-row-style-for-1667-8\" ><div id=\"pgc-1667-8-0\"  class=\"panel-grid-cell\" ><div id=\"panel-1667-8-0-0\" class=\"so-panel widget widget_sow-image panel-first-child panel-last-child\" data-index=\"13\" ><div class=\"panel-widget-style panel-widget-style-for-1667-8-0-0\" ><div\n\t\t\t\n\t\t\tclass=\"so-widget-sow-image so-widget-sow-image-default-13f2a8b12fcc-1667\"\n\t\t\t\n\t\t>\n<div class=\"sow-image-container\">\n\t\t<img \n\tsrc=\"https:\/\/i0.wp.com\/toutcourtfestival.fr\/wp-content\/uploads\/2017\/06\/Le_soutien-gorge-1.jpeg?fit=1000%2C712&amp;ssl=1\" width=\"1000\" height=\"712\" srcset=\"https:\/\/i0.wp.com\/toutcourtfestival.fr\/wp-content\/uploads\/2017\/06\/Le_soutien-gorge-1.jpeg?w=1000&amp;ssl=1 1000w, https:\/\/i0.wp.com\/toutcourtfestival.fr\/wp-content\/uploads\/2017\/06\/Le_soutien-gorge-1.jpeg?resize=300%2C214&amp;ssl=1 300w, https:\/\/i0.wp.com\/toutcourtfestival.fr\/wp-content\/uploads\/2017\/06\/Le_soutien-gorge-1.jpeg?resize=768%2C547&amp;ssl=1 768w\" title=\"Le_soutien-gorge\" alt=\"\" \t\tclass=\"so-widget-image\"\/>\n\t<\/div>\n\n<\/div><\/div><\/div><\/div><div id=\"pgc-1667-8-1\"  class=\"panel-grid-cell\" ><div id=\"panel-1667-8-1-0\" class=\"so-panel widget widget_sow-editor panel-first-child panel-last-child\" data-index=\"14\" ><div class=\"panel-widget-style panel-widget-style-for-1667-8-1-0\" ><div\n\t\t\t\n\t\t\tclass=\"so-widget-sow-editor so-widget-sow-editor-base\"\n\t\t\t\n\t\t>\n<div class=\"siteorigin-widget-tinymce textwidget\">\n\t<h1 style=\"text-align: justify;\"><b>Le soutien-gorge<\/b><\/h1>\n<p style=\"text-align: justify;\"><span style=\"font-size: 12pt;\"><em>Com\u00e9die de <strong>Leurent Firode&nbsp;<\/strong>- 14'39<\/em><\/span><\/p>\n<p style=\"text-align: justify;\"><span style=\"font-size: 12pt;\">Novembre 2015, le gouvernement demande \u00e0 tous les citoyens de pavoiser leur balcon en hommage aux victimes des attentats.<\/span><\/p>\n<\/div>\n<\/div><\/div><\/div><\/div><\/div><\/div><div id=\"pg-1667-9\"  class=\"panel-grid panel-has-style\" ><div class=\"panel-row-style panel-row-style-for-1667-9\" ><div id=\"pgc-1667-9-0\"  class=\"panel-grid-cell\" ><div id=\"panel-1667-9-0-0\" class=\"so-panel widget widget_sow-image panel-first-child panel-last-child\" data-index=\"15\" ><div class=\"panel-widget-style panel-widget-style-for-1667-9-0-0\" ><div\n\t\t\t\n\t\t\tclass=\"so-widget-sow-image so-widget-sow-image-default-13f2a8b12fcc-1667\"\n\t\t\t\n\t\t>\n<div class=\"sow-image-container\">\n\t\t<img \n\tsrc=\"https:\/\/i0.wp.com\/toutcourtfestival.fr\/wp-content\/uploads\/2017\/06\/Fireplace.jpeg?fit=658%2C1000&amp;ssl=1\" width=\"658\" height=\"1000\" srcset=\"https:\/\/i0.wp.com\/toutcourtfestival.fr\/wp-content\/uploads\/2017\/06\/Fireplace.jpeg?w=658&amp;ssl=1 658w, https:\/\/i0.wp.com\/toutcourtfestival.fr\/wp-content\/uploads\/2017\/06\/Fireplace.jpeg?resize=197%2C300&amp;ssl=1 197w\" alt=\"\" \t\tclass=\"so-widget-image\"\/>\n\t<\/div>\n\n<\/div><\/div><\/div><\/div><div id=\"pgc-1667-9-1\"  class=\"panel-grid-cell\" ><div id=\"panel-1667-9-1-0\" class=\"so-panel widget widget_sow-editor panel-first-child panel-last-child\" data-index=\"16\" ><div class=\"panel-widget-style panel-widget-style-for-1667-9-1-0\" ><div\n\t\t\t\n\t\t\tclass=\"so-widget-sow-editor so-widget-sow-editor-base\"\n\t\t\t\n\t\t>\n<div class=\"siteorigin-widget-tinymce textwidget\">\n\t<h1 style=\"text-align: justify;\"><b>Fireplace<\/b><\/h1>\n<p style=\"text-align: justify;\"><span style=\"font-size: 12pt;\"><em>Drame de <strong>Muhammad Bayazid&nbsp;<\/strong>[Syrie]<strong>&nbsp;<\/strong>- 11'42&nbsp;<\/em><\/span><\/p>\n<p style=\"text-align: justify;\"><span style=\"font-size: 12pt;\">Inspir\u00e9 de faits r\u00e9els. C'est la veille de No\u00ebl en Syrie, un enfant joue avec son p\u00e8re et se cache dans la chemin\u00e9e. Soudain, tout explose...<\/span><\/p>\n<\/div>\n<\/div><\/div><\/div><\/div><\/div><\/div><div id=\"pg-1667-10\"  class=\"panel-grid panel-has-style\" ><div class=\"panel-row-style panel-row-style-for-1667-10\" ><div id=\"pgc-1667-10-0\"  class=\"panel-grid-cell\" ><div id=\"panel-1667-10-0-0\" class=\"so-panel widget widget_sow-image panel-first-child panel-last-child\" data-index=\"17\" ><div class=\"panel-widget-style panel-widget-style-for-1667-10-0-0\" ><div\n\t\t\t\n\t\t\tclass=\"so-widget-sow-image so-widget-sow-image-default-13f2a8b12fcc-1667\"\n\t\t\t\n\t\t>\n<div class=\"sow-image-container\">\n\t\t<img \n\tsrc=\"https:\/\/i0.wp.com\/toutcourtfestival.fr\/wp-content\/uploads\/2017\/06\/Rupture_de_stock.jpeg?fit=1000%2C567&amp;ssl=1\" width=\"1000\" height=\"567\" srcset=\"https:\/\/i0.wp.com\/toutcourtfestival.fr\/wp-content\/uploads\/2017\/06\/Rupture_de_stock.jpeg?w=1000&amp;ssl=1 1000w, https:\/\/i0.wp.com\/toutcourtfestival.fr\/wp-content\/uploads\/2017\/06\/Rupture_de_stock.jpeg?resize=300%2C170&amp;ssl=1 300w, https:\/\/i0.wp.com\/toutcourtfestival.fr\/wp-content\/uploads\/2017\/06\/Rupture_de_stock.jpeg?resize=768%2C435&amp;ssl=1 768w\" alt=\"\" \t\tclass=\"so-widget-image\"\/>\n\t<\/div>\n\n<\/div><\/div><\/div><\/div><div id=\"pgc-1667-10-1\"  class=\"panel-grid-cell\" ><div id=\"panel-1667-10-1-0\" class=\"so-panel widget widget_sow-editor panel-first-child panel-last-child\" data-index=\"18\" ><div class=\"panel-widget-style panel-widget-style-for-1667-10-1-0\" ><div\n\t\t\t\n\t\t\tclass=\"so-widget-sow-editor so-widget-sow-editor-base\"\n\t\t\t\n\t\t>\n<div class=\"siteorigin-widget-tinymce textwidget\">\n\t<h1 style=\"text-align: justify;\"><b>Rupture de stock<\/b><\/h1>\n<p style=\"text-align: justify;\"><span style=\"font-size: 12pt;\"><em>Humour burlesque du&nbsp;<strong>Collectif 13 adultes<\/strong>&nbsp;- 6'38 &nbsp;[Film d'animation]<\/em><\/span><\/p>\n<p style=\"text-align: justify;\"><span style=\"font-size: 12pt;\">Une journ\u00e9e dans le supermarch\u00e9 Caddy Content, o\u00f9 vont et viennent clients, employ\u00e9s\u2026<\/span><\/p>\n<\/div>\n<\/div><\/div><\/div><\/div><\/div><\/div><div id=\"pg-1667-11\"  class=\"panel-grid panel-has-style\" ><div class=\"panel-row-style panel-row-style-for-1667-11\" ><div id=\"pgc-1667-11-0\"  class=\"panel-grid-cell\" ><div id=\"panel-1667-11-0-0\" class=\"so-panel widget widget_sow-image panel-first-child panel-last-child\" data-index=\"19\" ><div class=\"panel-widget-style panel-widget-style-for-1667-11-0-0\" ><div\n\t\t\t\n\t\t\tclass=\"so-widget-sow-image so-widget-sow-image-default-13f2a8b12fcc-1667\"\n\t\t\t\n\t\t>\n<div class=\"sow-image-container\">\n\t\t<img \n\tsrc=\"https:\/\/i0.wp.com\/toutcourtfestival.fr\/wp-content\/uploads\/2017\/06\/Il_Silenzio.jpeg?fit=960%2C355&amp;ssl=1\" width=\"960\" height=\"355\" srcset=\"https:\/\/i0.wp.com\/toutcourtfestival.fr\/wp-content\/uploads\/2017\/06\/Il_Silenzio.jpeg?w=960&amp;ssl=1 960w, https:\/\/i0.wp.com\/toutcourtfestival.fr\/wp-content\/uploads\/2017\/06\/Il_Silenzio.jpeg?resize=300%2C111&amp;ssl=1 300w, https:\/\/i0.wp.com\/toutcourtfestival.fr\/wp-content\/uploads\/2017\/06\/Il_Silenzio.jpeg?resize=768%2C284&amp;ssl=1 768w\" alt=\"\" \t\tclass=\"so-widget-image\"\/>\n\t<\/div>\n\n<\/div><\/div><\/div><\/div><div id=\"pgc-1667-11-1\"  class=\"panel-grid-cell\" ><div id=\"panel-1667-11-1-0\" class=\"so-panel widget widget_sow-editor panel-first-child panel-last-child\" data-index=\"20\" ><div class=\"panel-widget-style panel-widget-style-for-1667-11-1-0\" ><div\n\t\t\t\n\t\t\tclass=\"so-widget-sow-editor so-widget-sow-editor-base\"\n\t\t\t\n\t\t>\n<div class=\"siteorigin-widget-tinymce textwidget\">\n\t<h1 style=\"text-align: justify;\"><b>Il Silenzio<\/b><\/h1>\n<p style=\"text-align: justify;\"><span style=\"font-size: 12pt;\"><em>Fiction dramatique de <strong>Ali Asgari&nbsp;<\/strong>- 15'00<\/em><\/span><\/p>\n<p style=\"text-align: justify;\"><span style=\"font-size: 12pt;\">Fatma et sa m\u00e8re sont r\u00e9fugi\u00e9s kurdes en Italie. Lors d\u2019une consultation m\u00e9dicale, Fatma doit traduire ce que le m\u00e9decin dit \u00e0 sa m\u00e8re, mais la jeune fille garde le silence...<\/span><\/p>\n<\/div>\n<\/div><\/div><\/div><\/div><\/div><\/div><div id=\"pg-1667-12\"  class=\"panel-grid panel-no-style\" ><div id=\"pgc-1667-12-0\"  class=\"panel-grid-cell\" ><div id=\"panel-1667-12-0-0\" class=\"so-panel widget widget_text panel-first-child panel-last-child\" data-index=\"21\" >\t\t\t<div class=\"textwidget\"><style>.entry-title {display:none;}<\/style> <\/div>\n\t\t<\/div><\/div><\/div><\/div>","protected":false},"excerpt":{"rendered":"<p>S\u00e9lection comp\u00e9tition BIJ <\/p>\n<p style=\"text-align: justify;\">Films s\u00e9lectionn\u00e9s pour la comp\u00e9tition par les jeunes du Bureau Info-Jeunesse de Gisors, encadr\u00e9s par leurs animateurs. Tout comme les jeunes de l&#8217;atelier Cin\u00e9macam, pendant 4 mois ils ont regard\u00e9 et not\u00e9 des centaines de films! Avant d&#8217;arriver peu \u00e0 peu \u00e0 leur s\u00e9lection finale.<\/p>\n<p style=\"text-align: center;\"><strong>9 films<\/strong> &#8211; &hellip; <\/p>\n<p><a class=\"more-link btn\" href=\"https:\/\/toutcourtfestival.fr\/index.php\/tout-court-2017\/selections-2017\/selection-competition-bij\/\">Continue reading<\/a><\/p>\n","protected":false},"author":1,"featured_media":0,"parent":1654,"menu_order":0,"comment_status":"closed","ping_status":"closed","template":"","meta":{"ngg_post_thumbnail":0,"jetpack_post_was_ever_published":false,"footnotes":""},"class_list":["post-1667","page","type-page","status-publish","hentry","nodate","item-wrap"],"jetpack_sharing_enabled":true,"jetpack_shortlink":"https:\/\/wp.me\/P8k6iw-qT","jetpack_likes_enabled":true,"_links":{"self":[{"href":"https:\/\/toutcourtfestival.fr\/index.php\/wp-json\/wp\/v2\/pages\/1667","targetHints":{"allow":["GET"]}}],"collection":[{"href":"https:\/\/toutcourtfestival.fr\/index.php\/wp-json\/wp\/v2\/pages"}],"about":[{"href":"https:\/\/toutcourtfestival.fr\/index.php\/wp-json\/wp\/v2\/types\/page"}],"author":[{"embeddable":true,"href":"https:\/\/toutcourtfestival.fr\/index.php\/wp-json\/wp\/v2\/users\/1"}],"replies":[{"embeddable":true,"href":"https:\/\/toutcourtfestival.fr\/index.php\/wp-json\/wp\/v2\/comments?post=1667"}],"version-history":[{"count":0,"href":"https:\/\/toutcourtfestival.fr\/index.php\/wp-json\/wp\/v2\/pages\/1667\/revisions"}],"up":[{"embeddable":true,"href":"https:\/\/toutcourtfestival.fr\/index.php\/wp-json\/wp\/v2\/pages\/1654"}],"wp:attachment":[{"href":"https:\/\/toutcourtfestival.fr\/index.php\/wp-json\/wp\/v2\/media?parent=1667"}],"curies":[{"name":"wp","href":"https:\/\/api.w.org\/{rel}","templated":true}]}}