{"id":3171,"date":"2017-08-21T13:56:11","date_gmt":"2017-08-21T11:56:11","guid":{"rendered":"http:\/\/toutcourtfestival.fr\/?page_id=3171"},"modified":"2025-11-24T23:29:15","modified_gmt":"2025-11-24T22:29:15","slug":"aide-aux-structures","status":"publish","type":"page","link":"https:\/\/toutcourtfestival.fr\/index.php\/aide-aux-structures\/","title":{"rendered":"Aide aux structures"},"content":{"rendered":"<div id=\"pl-3171\"  class=\"panel-layout\" ><div id=\"pg-3171-0\"  class=\"panel-grid panel-no-style\" ><div id=\"pgc-3171-0-0\"  class=\"panel-grid-cell\" ><div id=\"panel-3171-0-0-0\" class=\"so-panel widget widget_sow-headline panel-first-child panel-last-child\" data-index=\"0\" ><div\n\t\t\t\n\t\t\tclass=\"so-widget-sow-headline so-widget-sow-headline-default-c2d752c1df60-3171\"\n\t\t\t\n\t\t><div class=\"sow-headline-container \">\n\t\t\t\t\t\t\t<h1 class=\"sow-headline\">\n\t\t\t\t\t\tAide aux structures\t\t\t\t\t\t<\/h1>\n\t\t\t\t\t\t\t\t\t\t\t<div class=\"decoration\">\n\t\t\t\t\t\t<div class=\"decoration-inside\"><\/div>\n\t\t\t\t\t<\/div>\n\t\t\t\t\t<\/div>\n<\/div><\/div><\/div><\/div><div id=\"pg-3171-1\"  class=\"panel-grid panel-no-style\" ><div id=\"pgc-3171-1-0\"  class=\"panel-grid-cell panel-grid-cell-empty\" ><\/div><div id=\"pgc-3171-1-1\"  class=\"panel-grid-cell\" ><div id=\"panel-3171-1-1-0\" class=\"so-panel widget widget_sow-image panel-first-child\" data-index=\"1\" ><div\n\t\t\t\n\t\t\tclass=\"so-widget-sow-image so-widget-sow-image-default-8b5b6f678277-3171\"\n\t\t\t\n\t\t>\n<div class=\"sow-image-container\">\n\t\t\t<a href=\"https:\/\/i0.wp.com\/toutcourtfestival.fr\/wp-content\/uploads\/2017\/06\/CDA-00178.png\"\n\t\t\t\t\t>\n\t\t\t<img \n\tsrc=\"https:\/\/i0.wp.com\/toutcourtfestival.fr\/wp-content\/uploads\/2017\/06\/CDA-00178.png?fit=1920%2C1090&amp;ssl=1\" width=\"1920\" height=\"1090\" srcset=\"https:\/\/i0.wp.com\/toutcourtfestival.fr\/wp-content\/uploads\/2017\/06\/CDA-00178.png?w=1920&amp;ssl=1 1920w, https:\/\/i0.wp.com\/toutcourtfestival.fr\/wp-content\/uploads\/2017\/06\/CDA-00178.png?resize=300%2C170&amp;ssl=1 300w, https:\/\/i0.wp.com\/toutcourtfestival.fr\/wp-content\/uploads\/2017\/06\/CDA-00178.png?resize=768%2C436&amp;ssl=1 768w, https:\/\/i0.wp.com\/toutcourtfestival.fr\/wp-content\/uploads\/2017\/06\/CDA-00178.png?resize=1024%2C581&amp;ssl=1 1024w\" alt=\"\" \t\tclass=\"so-widget-image\"\/>\n\t\t\t<\/a><\/div>\n\n<\/div><\/div><div id=\"panel-3171-1-1-1\" class=\"so-panel widget widget_sow-image\" data-index=\"2\" ><div\n\t\t\t\n\t\t\tclass=\"so-widget-sow-image so-widget-sow-image-default-8b5b6f678277-3171\"\n\t\t\t\n\t\t>\n<div class=\"sow-image-container\">\n\t\t\t<a href=\"https:\/\/i2.wp.com\/toutcourtfestival.fr\/wp-content\/uploads\/2017\/03\/IMG_1407.jpg\"\n\t\t\t\t\t>\n\t\t\t<img \n\tsrc=\"https:\/\/i0.wp.com\/toutcourtfestival.fr\/wp-content\/uploads\/2017\/03\/IMG_1407.jpg?fit=5184%2C3456&amp;ssl=1\" width=\"5184\" height=\"3456\" srcset=\"https:\/\/i0.wp.com\/toutcourtfestival.fr\/wp-content\/uploads\/2017\/03\/IMG_1407.jpg?w=5184&amp;ssl=1 5184w, https:\/\/i0.wp.com\/toutcourtfestival.fr\/wp-content\/uploads\/2017\/03\/IMG_1407.jpg?resize=300%2C200&amp;ssl=1 300w, https:\/\/i0.wp.com\/toutcourtfestival.fr\/wp-content\/uploads\/2017\/03\/IMG_1407.jpg?resize=768%2C512&amp;ssl=1 768w, https:\/\/i0.wp.com\/toutcourtfestival.fr\/wp-content\/uploads\/2017\/03\/IMG_1407.jpg?resize=1024%2C683&amp;ssl=1 1024w, https:\/\/i0.wp.com\/toutcourtfestival.fr\/wp-content\/uploads\/2017\/03\/IMG_1407.jpg?resize=272%2C182&amp;ssl=1 272w, https:\/\/i0.wp.com\/toutcourtfestival.fr\/wp-content\/uploads\/2017\/03\/IMG_1407.jpg?w=2740&amp;ssl=1 2740w, https:\/\/i0.wp.com\/toutcourtfestival.fr\/wp-content\/uploads\/2017\/03\/IMG_1407.jpg?w=4110&amp;ssl=1 4110w\" alt=\"\" \t\tclass=\"so-widget-image\"\/>\n\t\t\t<\/a><\/div>\n\n<\/div><\/div><div id=\"panel-3171-1-1-2\" class=\"so-panel widget widget_sow-image panel-last-child\" data-index=\"3\" ><div\n\t\t\t\n\t\t\tclass=\"so-widget-sow-image so-widget-sow-image-default-8b5b6f678277-3171\"\n\t\t\t\n\t\t>\n<div class=\"sow-image-container\">\n\t\t\t<a href=\"https:\/\/i0.wp.com\/toutcourtfestival.fr\/wp-content\/uploads\/2019\/01\/IMG_20181115_141038.jpg\"\n\t\t\t\t\t>\n\t\t\t<img \n\tsrc=\"https:\/\/i0.wp.com\/toutcourtfestival.fr\/wp-content\/uploads\/2019\/01\/IMG_20181115_141038.jpg?fit=4016%2C3008&amp;ssl=1\" width=\"4016\" height=\"3008\" srcset=\"https:\/\/i0.wp.com\/toutcourtfestival.fr\/wp-content\/uploads\/2019\/01\/IMG_20181115_141038.jpg?w=4016&amp;ssl=1 4016w, https:\/\/i0.wp.com\/toutcourtfestival.fr\/wp-content\/uploads\/2019\/01\/IMG_20181115_141038.jpg?resize=300%2C225&amp;ssl=1 300w, https:\/\/i0.wp.com\/toutcourtfestival.fr\/wp-content\/uploads\/2019\/01\/IMG_20181115_141038.jpg?resize=768%2C575&amp;ssl=1 768w, https:\/\/i0.wp.com\/toutcourtfestival.fr\/wp-content\/uploads\/2019\/01\/IMG_20181115_141038.jpg?resize=1024%2C767&amp;ssl=1 1024w, https:\/\/i0.wp.com\/toutcourtfestival.fr\/wp-content\/uploads\/2019\/01\/IMG_20181115_141038.jpg?w=2740&amp;ssl=1 2740w\" alt=\"\" \t\tclass=\"so-widget-image\"\/>\n\t\t\t<\/a><\/div>\n\n<\/div><\/div><\/div><div id=\"pgc-3171-1-2\"  class=\"panel-grid-cell panel-grid-cell-mobile-last\" ><div id=\"panel-3171-1-2-0\" class=\"so-panel widget widget_sow-editor panel-first-child panel-last-child\" data-index=\"4\" ><div\n\t\t\t\n\t\t\tclass=\"so-widget-sow-editor so-widget-sow-editor-base\"\n\t\t\t\n\t\t>\n<div class=\"siteorigin-widget-tinymce textwidget\">\n\t<p style=\"text-align: justify;\">Vous \u00eates une structure jeunesse ou sociale du territoire (association, institution, \u00e9tablissement scolaire...) et vous souhaitez monter un projet d'\u00e9ducation \u00e0 l'image (cr\u00e9ation ou autre) avec votre public: le Tout Court ! peut vous y aider !<\/p>\n<p style=\"text-align: justify;\">Ce que nous pouvons vous apporter:<\/p>\n<ul style=\"text-align: justify;\">\n<li><strong>Sensibilisations<\/strong> (pouvant devenir des formations \u00e0 l'avenir, c'est en projet) d'animateurs ou responsables sur: l'\u00e9criture cin\u00e9matographique, les enjeux de la cr\u00e9ation audiovisuelle, l'organisation de projets audiovisuels, la recherche de financement sp\u00e9cifiques, la manipulation du mat\u00e9riel, le montage, etc...<\/li>\n<li><strong>Accompagnement<\/strong> de votre structure sur toutes les phases du projet: conception, \u00e9criture, pr\u00e9parations, tournage, montage... Cet accompagnement peut prendre la forme d'<strong>interventions<\/strong> aupr\u00e8s des animateurs et responsables et\/ou directement avec vous aupr\u00e8s de votre public.<\/li>\n<li><strong>Apport de mat\u00e9riel<\/strong>&nbsp;<strong>audiovisuel<\/strong>&nbsp;notamment sur vos tournages<\/li>\n<\/ul>\n<p style=\"text-align: justify;\">Attention, nous ne sommes pas un prestataire de cr\u00e9ation vid\u00e9o. Nous ne cr\u00e9ons pas de vid\u00e9os pour vous (captation, etc...) mais nous vous conseillons et\/ou accompagnons pour cr\u00e9er si votre d\u00e9marche implique la participation active de votre public \u00e0 plusieurs aspects de sa cr\u00e9ation (typiquement: juste com\u00e9diens d'un film ne suffira pas)<\/p>\n<p style=\"text-align: justify;\">Les \u0153uvres cr\u00e9\u00e9s dans le cadre de ces activit\u00e9s auront vocation \u00e0 \u00eatre projet\u00e9es au public lors de l'\u00e9dition suivante du festival Tout Court ! de Gisors.<\/p>\n<p style=\"text-align: justify;\">En plus des \u00e9ventuels d\u00e9fraiements, cette activit\u00e9 est pour nous un moyen de financer nos projets: <strong>nos interventions ont donc un co\u00fbt<\/strong>, qui sera d\u00e9fini par convention avec vous lors des phases pr\u00e9paratoires au projet. <strong>Il sera toutefois adapt\u00e9 \u00e0 vos moyens<\/strong> et vos possibilit\u00e9s de financement.<\/p>\n<p style=\"text-align: justify;\">Pour tout renseignement, <a href=\"http:\/\/toutcourtfestival.fr\/index.php\/contacts-et-pratique\/\">contacter le festival<\/a>.<\/p>\n<\/div>\n<\/div><\/div><\/div><div id=\"pgc-3171-1-3\"  class=\"panel-grid-cell panel-grid-cell-empty\" ><\/div><\/div><div id=\"pg-3171-2\"  class=\"panel-grid panel-no-style\" ><div id=\"pgc-3171-2-0\"  class=\"panel-grid-cell\" ><div id=\"panel-3171-2-0-0\" class=\"so-panel widget widget_sow-headline panel-first-child panel-last-child\" data-index=\"5\" ><div\n\t\t\t\n\t\t\tclass=\"so-widget-sow-headline so-widget-sow-headline-default-c2d752c1df60-3171\"\n\t\t\t\n\t\t><div class=\"sow-headline-container \">\n\t\t\t\t\t\t<div class=\"decoration\">\n\t\t\t\t\t\t<div class=\"decoration-inside\"><\/div>\n\t\t\t\t\t<\/div>\n\t\t\t\t\t\t\t\t\t\t\t<h1 class=\"sow-headline\">\n\t\t\t\t\t\tExemples de projets r\u00e9alis\u00e9s (non exhaustif)\t\t\t\t\t\t<\/h1>\n\t\t\t\t\t\t<\/div>\n<\/div><\/div><\/div><\/div><div id=\"pg-3171-3\"  class=\"panel-grid panel-no-style\" ><div id=\"pgc-3171-3-0\"  class=\"panel-grid-cell\" ><div id=\"panel-3171-3-0-0\" class=\"so-panel widget widget_sow-headline panel-first-child panel-last-child\" data-index=\"6\" ><div\n\t\t\t\n\t\t\tclass=\"so-widget-sow-headline so-widget-sow-headline-default-33755291ff31-3171\"\n\t\t\t\n\t\t><div class=\"sow-headline-container \">\n\t\t\t\t\t\t<div class=\"decoration\">\n\t\t\t\t\t\t<div class=\"decoration-inside\"><\/div>\n\t\t\t\t\t<\/div>\n\t\t\t\t\t\t\t\t\t\t\t<h2 class=\"sow-headline\">\n\t\t\t\t\t\tEntre-deux - Et\u00e9 2025\t\t\t\t\t\t<\/h2>\n\t\t\t\t\t\t<\/div>\n<\/div><\/div><\/div><\/div><div id=\"pg-3171-4\"  class=\"panel-grid panel-no-style\" ><div id=\"pgc-3171-4-0\"  class=\"panel-grid-cell panel-grid-cell-empty\" ><\/div><div id=\"pgc-3171-4-1\"  class=\"panel-grid-cell panel-grid-cell-mobile-last\" ><div id=\"panel-3171-4-1-0\" class=\"so-panel widget widget_sow-editor panel-first-child panel-last-child\" data-index=\"7\" ><div\n\t\t\t\n\t\t\tclass=\"so-widget-sow-editor so-widget-sow-editor-base\"\n\t\t\t\n\t\t>\n<div class=\"siteorigin-widget-tinymce textwidget\">\n\t<p style=\"text-align: justify;\"><strong>Structure<\/strong>: Association Qui Caf\u00e9 Quoi (Flavacourt)<\/p>\n<p style=\"text-align: justify;\"><strong>Type d'intervention<\/strong>: accompagnement sur un projet de cr\u00e9ation de films men\u00e9 par l'association Qui Caf\u00e9 Quoi dans le cadre du dispositif Passeur d'Image dans l'Oise<\/p>\n<p style=\"text-align: justify;\">Le Tout Court ! travaille r\u00e9guli\u00e8rement sur des projets de sensibilisation au montage avec les jeunes des ateliers Cin\u00e9-Th\u00e9\u00e2tre de Qui Caf\u00e9 Quoi. De temps en temps nous organisons \u00e9galement ensemble des \"Weekend r\u00e9alisation\", o\u00f9 les jeunes r\u00e9alisent un film sont le sc\u00e9nario adapte une pi\u00e8ce qu'ils ont eux-m\u00eames invent\u00e9 lors des ateliers.&nbsp;<\/p>\n<p style=\"text-align: justify;\"><strong>Modalit\u00e9s d'intervention du Tout Court ! : <\/strong><\/p>\n<ul style=\"text-align: justify;\">\n<li>Une r\u00e9union pr\u00e9paratoire.<\/li>\n<li>Point de d\u00e9part: une petite pi\u00e8ce cr\u00e9\u00e9 par les jeunes dans le cadre d'un atelier Cin\u00e9-Th\u00e9\u00e2tre, adapt\u00e9 en sc\u00e9nario par Qui Caf\u00e9 Quoi avec l'aide d'un sc\u00e9nariste professionnel.<\/li>\n<li>Deux jours d'intervention \u00e0 trois personnes du Tout Court ! pour pr\u00e9parer le film (d\u00e9coupage technique, confection de d\u00e9cors), former les jeunes \u00e0 l'utilisation du mat\u00e9riel et au processus de tournage, puis tourner le sc\u00e9nario.&nbsp;<\/li>\n<li>Montage et post-production du film.<\/li>\n<\/ul>\n<p><strong>R\u00e9sultat<\/strong>: <a href=\"https:\/\/youtu.be\/F2uyZA7eHNo\">film visible ici&nbsp;<\/a><\/p>\n<p style=\"text-align: justify;\">&nbsp;<\/p>\n<\/div>\n<\/div><\/div><\/div><div id=\"pgc-3171-4-2\"  class=\"panel-grid-cell panel-grid-cell-empty\" ><\/div><\/div><div id=\"pg-3171-5\"  class=\"panel-grid panel-no-style\" ><div id=\"pgc-3171-5-0\"  class=\"panel-grid-cell\" ><div id=\"panel-3171-5-0-0\" class=\"so-panel widget widget_sow-headline panel-first-child panel-last-child\" data-index=\"8\" ><div\n\t\t\t\n\t\t\tclass=\"so-widget-sow-headline so-widget-sow-headline-default-33755291ff31-3171\"\n\t\t\t\n\t\t><div class=\"sow-headline-container \">\n\t\t\t\t\t\t<div class=\"decoration\">\n\t\t\t\t\t\t<div class=\"decoration-inside\"><\/div>\n\t\t\t\t\t<\/div>\n\t\t\t\t\t\t\t\t\t\t\t<h2 class=\"sow-headline\">\n\t\t\t\t\t\tAvec nos mains - Novembre et d\u00e9cembre 2024\t\t\t\t\t\t<\/h2>\n\t\t\t\t\t\t<\/div>\n<\/div><\/div><\/div><\/div><div id=\"pg-3171-6\"  class=\"panel-grid panel-no-style\" ><div id=\"pgc-3171-6-0\"  class=\"panel-grid-cell panel-grid-cell-empty\" ><\/div><div id=\"pgc-3171-6-1\"  class=\"panel-grid-cell\" ><div id=\"panel-3171-6-1-0\" class=\"so-panel widget widget_sow-editor panel-first-child panel-last-child\" data-index=\"9\" ><div\n\t\t\t\n\t\t\tclass=\"so-widget-sow-editor so-widget-sow-editor-base\"\n\t\t\t\n\t\t>\n<div class=\"siteorigin-widget-tinymce textwidget\">\n\t<p style=\"text-align: justify;\"><strong>Structure<\/strong>: Association Bien Vivre Ensemble (BVE)<\/p>\n<p style=\"text-align: justify;\"><strong>Type d'intervention<\/strong>: accompagnement sur un projet d'\u00e9ducation \u00e0 l'image dans le cadre d'un stage \"d\u00e9couverte des arts\" men\u00e9 par l'association BVE pour 80 enfants \u00e0 Trie-Ch\u00e2teau, suivi de la cr\u00e9ation d'une chanson avec le compositeur et musicien Jean-N\u00f4, r\u00e9p\u00e9titions et enregistrement.<\/p>\n<p style=\"text-align: justify;\">Le Tout Court ! a \u00e9t\u00e9 contact\u00e9 par la pr\u00e9sente de l'association BVE initialement uniquement pour le stage, mais le projet a ensuite pris de l'ampleur avec le processus de cr\u00e9ation et enregistrement musical accompagn\u00e9 de la r\u00e9alisation d'un clip vid\u00e9o.<\/p>\n<p style=\"text-align: justify;\"><strong>Modalit\u00e9s d'intervention du Tout Court ! : <\/strong><\/p>\n<ul style=\"text-align: justify;\">\n<li>Plusieurs r\u00e9unions pr\u00e9paratoires.<\/li>\n<li>Participation de trois intervenants du Tout Court ! pour des ateliers de captation vid\u00e9o et son par les enfants (groupe des grands 11-14 ans), pendant les 4 jours du stage \"d\u00e9couverte des arts\" de Trie-Ch\u00e2teau en 2024.&nbsp;<\/li>\n<li>Captations hors stage pendant les r\u00e9p\u00e9titions puis les enregistrement de la musique \"Avec nos mains\", en collaboration avec l'artiste Jean-N\u00f4<\/li>\n<li>Montage et post-production d'un clip m\u00ealant des captations faites par les enfants pendant le stage, et d'autres faites pendant les r\u00e9p\u00e9tition et enregistrement musicaux ult\u00e9rieurs.<\/li>\n<\/ul>\n<p><strong>R\u00e9sultat<\/strong>: clip vid\u00e9o ci-contre.<\/p>\n<p style=\"text-align: justify;\">&nbsp;<\/p>\n<\/div>\n<\/div><\/div><\/div><div id=\"pgc-3171-6-2\"  class=\"panel-grid-cell panel-grid-cell-mobile-last\" ><div id=\"panel-3171-6-2-0\" class=\"so-panel widget widget_sow-editor panel-first-child panel-last-child\" data-index=\"10\" ><div\n\t\t\t\n\t\t\tclass=\"so-widget-sow-editor so-widget-sow-editor-base\"\n\t\t\t\n\t\t>\n<div class=\"siteorigin-widget-tinymce textwidget\">\n\t<p><span class=\"embed-youtube\" style=\"text-align:center; display: block;\"><iframe loading=\"lazy\" class=\"youtube-player\" width=\"1370\" height=\"771\" src=\"https:\/\/www.youtube.com\/embed\/dn08N7xNM2U?version=3&#038;rel=1&#038;showsearch=0&#038;showinfo=1&#038;iv_load_policy=1&#038;fs=1&#038;hl=en-US&#038;autohide=2&#038;wmode=transparent\" allowfullscreen=\"true\" style=\"border:0;\" sandbox=\"allow-scripts allow-same-origin allow-popups allow-presentation allow-popups-to-escape-sandbox\"><\/iframe><\/span><\/p>\n<\/div>\n<\/div><\/div><\/div><div id=\"pgc-3171-6-3\"  class=\"panel-grid-cell panel-grid-cell-empty\" ><\/div><\/div><div id=\"pg-3171-7\"  class=\"panel-grid panel-no-style\" ><div id=\"pgc-3171-7-0\"  class=\"panel-grid-cell\" ><div id=\"panel-3171-7-0-0\" class=\"so-panel widget widget_sow-headline panel-first-child panel-last-child\" data-index=\"11\" ><div\n\t\t\t\n\t\t\tclass=\"so-widget-sow-headline so-widget-sow-headline-default-33755291ff31-3171\"\n\t\t\t\n\t\t><div class=\"sow-headline-container \">\n\t\t\t\t\t\t<div class=\"decoration\">\n\t\t\t\t\t\t<div class=\"decoration-inside\"><\/div>\n\t\t\t\t\t<\/div>\n\t\t\t\t\t\t\t\t\t\t\t<h2 class=\"sow-headline\">\n\t\t\t\t\t\tChanger de regard - D\u00e9cembre 2024\t\t\t\t\t\t<\/h2>\n\t\t\t\t\t\t<\/div>\n<\/div><\/div><\/div><\/div><div id=\"pg-3171-8\"  class=\"panel-grid panel-no-style\" ><div id=\"pgc-3171-8-0\"  class=\"panel-grid-cell panel-grid-cell-empty\" ><\/div><div id=\"pgc-3171-8-1\"  class=\"panel-grid-cell panel-grid-cell-mobile-last\" ><div id=\"panel-3171-8-1-0\" class=\"so-panel widget widget_sow-editor panel-first-child panel-last-child\" data-index=\"12\" ><div\n\t\t\t\n\t\t\tclass=\"so-widget-sow-editor so-widget-sow-editor-base\"\n\t\t\t\n\t\t>\n<div class=\"siteorigin-widget-tinymce textwidget\">\n\t<p style=\"text-align: justify;\"><strong>Structure<\/strong>: Ecole Jeanne d'Arc \u00e0 Gisors<\/p>\n<p style=\"text-align: justify;\"><strong>Type d'intervention<\/strong>: accompagnement sur un projet de cr\u00e9ation de quatre petits films de fiction sur des th\u00e8mes d'\u00e9galit\u00e9 homme-femme, de lutte contre le harc\u00e8lement et les discriminations, et de d\u00e9fense de l'environnement.<\/p>\n<p style=\"text-align: justify;\">Le Tout Court ! a \u00e9t\u00e9 contact\u00e9 par deux professeurs des \u00e9coles de CM1 et CM2 qui voulaient sensibiliser leurs \u00e9l\u00e8ves \u00e0 la cr\u00e9ation cin\u00e9ma dans le cadre d'une ann\u00e9e \u00e0 dominante \"cr\u00e9ation artistique\".<\/p>\n<p style=\"text-align: justify;\"><strong>Modalit\u00e9s d'intervention du Tout Court ! : <\/strong><\/p>\n<ul style=\"text-align: justify;\">\n<li>Deux r\u00e9unions pr\u00e9paratoires pr\u00e9alablement au lancement du projet.<\/li>\n<li>Les professeures ont commenc\u00e9 par des phases de brainstorming et d'\u00e9criture. Le Tout Court ! \u00e9changeait r\u00e9guli\u00e8rement avec elles pour suivre l'\u00e9volution et apporter des conseils.<\/li>\n<li>Une premi\u00e8re journ\u00e9e d'intervention \u00e0 deux personnes du Tout Court ! pour finaliser l'\u00e9criture, pr\u00e9parer le tournage, former les \u00e9l\u00e8ves au mat\u00e9riel et aux processus de tournage, et faire un casting pour identifier les acteurs.<\/li>\n<li>Trois jours d'intervention \u00e0 deux ou trois personnes du Tout Court ! pour le tournage lui-m\u00eame.<\/li>\n<li>Montage et post-production du film.<\/li>\n<\/ul>\n<p>&nbsp;<\/p>\n<p><strong>R\u00e9sultat<\/strong>: <a href=\"https:\/\/youtu.be\/ihGIyaJLCTk\">vid\u00e9o avec les trois films \u00e0 la suite<\/a>.<\/p>\n<p style=\"text-align: justify;\">&nbsp;<\/p>\n<\/div>\n<\/div><\/div><\/div><div id=\"pgc-3171-8-2\"  class=\"panel-grid-cell panel-grid-cell-empty\" ><\/div><\/div><div id=\"pg-3171-9\"  class=\"panel-grid panel-no-style\" ><div id=\"pgc-3171-9-0\"  class=\"panel-grid-cell\" ><div id=\"panel-3171-9-0-0\" class=\"so-panel widget widget_sow-headline panel-first-child panel-last-child\" data-index=\"13\" ><div\n\t\t\t\n\t\t\tclass=\"so-widget-sow-headline so-widget-sow-headline-default-33755291ff31-3171\"\n\t\t\t\n\t\t><div class=\"sow-headline-container \">\n\t\t\t\t\t\t<div class=\"decoration\">\n\t\t\t\t\t\t<div class=\"decoration-inside\"><\/div>\n\t\t\t\t\t<\/div>\n\t\t\t\t\t\t\t\t\t\t\t<h2 class=\"sow-headline\">\n\t\t\t\t\t\tSocrate pour les nuls \/ contre le cyberharc\u00e8lement - Hivers 2022\t\t\t\t\t\t<\/h2>\n\t\t\t\t\t\t<\/div>\n<\/div><\/div><\/div><\/div><div id=\"pg-3171-10\"  class=\"panel-grid panel-no-style\" ><div id=\"pgc-3171-10-0\"  class=\"panel-grid-cell panel-grid-cell-empty\" ><\/div><div id=\"pgc-3171-10-1\"  class=\"panel-grid-cell panel-grid-cell-mobile-last\" ><div id=\"panel-3171-10-1-0\" class=\"so-panel widget widget_sow-editor panel-first-child panel-last-child\" data-index=\"14\" ><div\n\t\t\t\n\t\t\tclass=\"so-widget-sow-editor so-widget-sow-editor-base\"\n\t\t\t\n\t\t>\n<div class=\"siteorigin-widget-tinymce textwidget\">\n\t<p style=\"text-align: justify;\"><strong>Structure<\/strong>: Coll\u00e8ge Louis Anquetin d'Etrepagny \/ CVC<\/p>\n<p style=\"text-align: justify;\"><strong>Type d'intervention<\/strong>: accompagnement sur un projet de cr\u00e9ation d'une fiction de pr\u00e9vention contre le harc\u00e8lement.<\/p>\n<p style=\"text-align: justify;\">Le Tout Court ! a \u00e9t\u00e9 contact\u00e9 par la CVC du coll\u00e8ge qui menait une action aupr\u00e8s d'un groupe d'\u00e9l\u00e8ves de 5i\u00e8me dans le cadre d'un concours organis\u00e9 \u00e0 destination des lyc\u00e9ens.<\/p>\n<p style=\"text-align: justify;\"><strong>Modalit\u00e9s d'intervention du Tout Court ! : <\/strong><\/p>\n<ul style=\"text-align: justify;\">\n<li>Une r\u00e9union pr\u00e9paratoire pr\u00e9alablement au lancement du projet.<\/li>\n<li>Les animatrices du coll\u00e8ge et de la CVC ont commenc\u00e9 l'action par une phase de sensibilisation, suivi d'une premi\u00e8re phase de brainstorming et d'\u00e9criture. Le Tout Court ! \u00e9changeait r\u00e9guli\u00e8rement avec elles pour suivre l'\u00e9volution et apporter des conseils.<\/li>\n<li>Une premi\u00e8re journ\u00e9e d'intervention \u00e0 deux personnes du Tout Court ! pour finaliser l'\u00e9criture, pr\u00e9parer le tournage, et former au mat\u00e9riel et aux processus de tournage, et commencer le tournage.<\/li>\n<li>Une deuxi\u00e8me journ\u00e9e d'intervention \u00e0 deux personnes du Tout Court ! pour le tournage.<\/li>\n<li>Montage et post-production du film.<\/li>\n<\/ul>\n<p>&nbsp;<\/p>\n<p><strong>R\u00e9sultat<\/strong>: <a href=\"https:\/\/www.youtube.com\/watch?v=7Rfa0AtnvBQ\">film visible ici<\/a>.<\/p>\n<p style=\"text-align: justify;\">&nbsp;<\/p>\n<\/div>\n<\/div><\/div><\/div><div id=\"pgc-3171-10-2\"  class=\"panel-grid-cell panel-grid-cell-empty\" ><\/div><\/div><div id=\"pg-3171-11\"  class=\"panel-grid panel-no-style\" ><div id=\"pgc-3171-11-0\"  class=\"panel-grid-cell\" ><div id=\"panel-3171-11-0-0\" class=\"so-panel widget widget_sow-headline panel-first-child panel-last-child\" data-index=\"15\" ><div\n\t\t\t\n\t\t\tclass=\"so-widget-sow-headline so-widget-sow-headline-default-abf9c517e608-3171\"\n\t\t\t\n\t\t><div class=\"sow-headline-container \">\n\t\t\t\t\t\t<div class=\"decoration\">\n\t\t\t\t\t\t<div class=\"decoration-inside\"><\/div>\n\t\t\t\t\t<\/div>\n\t\t\t\t\t\t\t\t\t\t\t<h2 class=\"sow-headline\">\n\t\t\t\t\t\tMois sans tabac - Novembre 2018\t\t\t\t\t\t<\/h2>\n\t\t\t\t\t\t<\/div>\n<\/div><\/div><\/div><\/div><div id=\"pg-3171-12\"  class=\"panel-grid panel-no-style\" ><div id=\"pgc-3171-12-0\"  class=\"panel-grid-cell panel-grid-cell-empty\" ><\/div><div id=\"pgc-3171-12-1\"  class=\"panel-grid-cell\" ><div id=\"panel-3171-12-1-0\" class=\"so-panel widget widget_sow-editor panel-first-child panel-last-child\" data-index=\"16\" ><div\n\t\t\t\n\t\t\tclass=\"so-widget-sow-editor so-widget-sow-editor-base\"\n\t\t\t\n\t\t>\n<div class=\"siteorigin-widget-tinymce textwidget\">\n\t<p style=\"text-align: justify;\"><strong>Structure<\/strong>: Coll\u00e8ge Louis Anquetin d'Etrepagny \/ CJC Jeunes consommateurs de Gisors<\/p>\n<p style=\"text-align: justify;\"><strong>Type d'intervention<\/strong>: accompagnement sur un projet de cr\u00e9ation de quatre petits spot de pr\u00e9vention anti-tabac.<\/p>\n<p style=\"text-align: justify;\">Le Tout Court ! a \u00e9t\u00e9 contact\u00e9 par le CESC du coll\u00e8ge qui menait une action aupr\u00e8s d'un groupe d'\u00e9l\u00e8ves de 5i\u00e8me et 4i\u00e8me dans le cadre du Mois Sans Tabac 2018. L'id\u00e9e \u00e9tait de leur faire cr\u00e9er des spots vid\u00e9o de pr\u00e9ventions anti-tabac.<\/p>\n<p style=\"text-align: justify;\"><strong>Modalit\u00e9s d'intervention du Tout Court ! : <\/strong><\/p>\n<ul style=\"text-align: justify;\">\n<li>Une r\u00e9union pr\u00e9paratoire pr\u00e9alablement au lancement du projet.<\/li>\n<li>Les animatrices du coll\u00e8ge et de la CJC ont commenc\u00e9 l'action par une phase de sensibilisation du groupe d'\u00e9l\u00e8ves sur la lutte contre le tabagisme, notamment en visionnant et analysant des spots vid\u00e9os existants, suivi d'une premi\u00e8re phase de brainstorming et d'\u00e9criture. Le Tout Court ! \u00e9changeait r\u00e9guli\u00e8rement avec elles pour suivre l'\u00e9volution et apporter des conseils.<\/li>\n<li>Une premi\u00e8re journ\u00e9e d'intervention \u00e0 deux personnes du Tout Court ! pour finaliser les \u00e9critures sous forme de petits sc\u00e9narios, sensibiliser et former les jeunes au mat\u00e9riel et aux processus de tournage, et commencer le tournage.<\/li>\n<li>Une deuxi\u00e8me journ\u00e9e d'intervention \u00e0 deux personnes du Tout Court ! pour finaliser le tournage.<\/li>\n<li>Montage et post-production du film.<\/li>\n<\/ul>\n<p>&nbsp;<\/p>\n<p><strong>R\u00e9sultat<\/strong>: quatre spots de pr\u00e9vention (visibles ci-contre) qui seront projet\u00e9s lors du Tout Court ! festival \u00e9dition 3.<\/p>\n<p style=\"text-align: justify;\">&nbsp;<\/p>\n<\/div>\n<\/div><\/div><\/div><div id=\"pgc-3171-12-2\"  class=\"panel-grid-cell panel-grid-cell-mobile-last\" ><div id=\"panel-3171-12-2-0\" class=\"so-panel widget widget_sow-editor panel-first-child\" data-index=\"17\" ><div\n\t\t\t\n\t\t\tclass=\"so-widget-sow-editor so-widget-sow-editor-base\"\n\t\t\t\n\t\t>\n<div class=\"siteorigin-widget-tinymce textwidget\">\n\t<p><iframe src=\"\/\/www.youtube.com\/embed\/BRIj-63qjFE\" width=\"500\" allowfullscreen=\"allowfullscreen\"><\/iframe><br \/>\n<iframe src=\"\/\/www.youtube.com\/embed\/AGRBtrHWUSQ\" width=\"500\" allowfullscreen=\"allowfullscreen\"><\/iframe><br \/>\n<iframe src=\"\/\/www.youtube.com\/embed\/uhEe_v0rGBw\" width=\"500\" allowfullscreen=\"allowfullscreen\"><\/iframe><br \/>\n<iframe src=\"\/\/www.youtube.com\/embed\/wcUnfwTC4Hk\" width=\"500\" allowfullscreen=\"allowfullscreen\"><\/iframe><\/p>\n<\/div>\n<\/div><\/div><div id=\"panel-3171-12-2-1\" class=\"so-panel widget widget_sow-image panel-last-child\" data-index=\"18\" ><div\n\t\t\t\n\t\t\tclass=\"so-widget-sow-image so-widget-sow-image-default-8b5b6f678277-3171\"\n\t\t\t\n\t\t>\n<div class=\"sow-image-container\">\n\t\t\t<a href=\"https:\/\/i0.wp.com\/toutcourtfestival.fr\/wp-content\/uploads\/2019\/01\/IMG_7833.jpg\"\n\t\t\ttarget=\"_blank\" rel=\"noopener noreferrer\" \t\t>\n\t\t\t<img \n\tsrc=\"https:\/\/i0.wp.com\/toutcourtfestival.fr\/wp-content\/uploads\/2019\/01\/IMG_7833.jpg?fit=1632%2C1224&amp;ssl=1\" width=\"1632\" height=\"1224\" srcset=\"https:\/\/i0.wp.com\/toutcourtfestival.fr\/wp-content\/uploads\/2019\/01\/IMG_7833.jpg?w=1632&amp;ssl=1 1632w, https:\/\/i0.wp.com\/toutcourtfestival.fr\/wp-content\/uploads\/2019\/01\/IMG_7833.jpg?resize=300%2C225&amp;ssl=1 300w, https:\/\/i0.wp.com\/toutcourtfestival.fr\/wp-content\/uploads\/2019\/01\/IMG_7833.jpg?resize=768%2C576&amp;ssl=1 768w, https:\/\/i0.wp.com\/toutcourtfestival.fr\/wp-content\/uploads\/2019\/01\/IMG_7833.jpg?resize=1024%2C768&amp;ssl=1 1024w\" alt=\"\" \t\tclass=\"so-widget-image\"\/>\n\t\t\t<\/a><\/div>\n\n<\/div><\/div><\/div><div id=\"pgc-3171-12-3\"  class=\"panel-grid-cell panel-grid-cell-empty\" ><\/div><\/div><div id=\"pg-3171-13\"  class=\"panel-grid panel-no-style\" ><div id=\"pgc-3171-13-0\"  class=\"panel-grid-cell\" ><div id=\"panel-3171-13-0-0\" class=\"so-panel widget widget_sow-headline panel-first-child panel-last-child\" data-index=\"19\" ><div\n\t\t\t\n\t\t\tclass=\"so-widget-sow-headline so-widget-sow-headline-default-abf9c517e608-3171\"\n\t\t\t\n\t\t><div class=\"sow-headline-container \">\n\t\t\t\t\t\t<div class=\"decoration\">\n\t\t\t\t\t\t<div class=\"decoration-inside\"><\/div>\n\t\t\t\t\t<\/div>\n\t\t\t\t\t\t\t\t\t\t\t<h2 class=\"sow-headline\">\n\t\t\t\t\t\tLes enfants perdus - Avril 2018\t\t\t\t\t\t<\/h2>\n\t\t\t\t\t\t<\/div>\n<\/div><\/div><\/div><\/div><div id=\"pg-3171-14\"  class=\"panel-grid panel-no-style\" ><div id=\"pgc-3171-14-0\"  class=\"panel-grid-cell panel-grid-cell-empty\" ><\/div><div id=\"pgc-3171-14-1\"  class=\"panel-grid-cell\" ><div id=\"panel-3171-14-1-0\" class=\"so-panel widget widget_sow-editor panel-first-child panel-last-child\" data-index=\"20\" ><div\n\t\t\t\n\t\t\tclass=\"so-widget-sow-editor so-widget-sow-editor-base\"\n\t\t\t\n\t\t>\n<div class=\"siteorigin-widget-tinymce textwidget\">\n\t<p style=\"text-align: justify;\"><strong>Structure<\/strong>: Centre a\u00e9r\u00e9 de Jouy-sous-Thelle \/&nbsp;Centre Social Rural du Vexin-Thelle<\/p>\n<p style=\"text-align: justify;\"><strong>Type d'intervention<\/strong>: accompagnement sur un projet de cr\u00e9ation d'un court-m\u00e9trage de moins de 10 minutes.<\/p>\n<p style=\"text-align: justify;\">Un animateur du centre a\u00e9r\u00e9 a contact\u00e9 le Tout Court ! car il souhaitait proposer aux enfants la r\u00e9alisation d'un film.&nbsp; Apr\u00e8s une r\u00e9union avec le Centre Social Rural du Vexin-Thelle qui organise le centre a\u00e9r\u00e9, un projet a \u00e9t\u00e9 mis sur pied.<\/p>\n<p style=\"text-align: justify;\"><strong>Modalit\u00e9s d'intervention du Tout Court ! : <\/strong><\/p>\n<ul style=\"text-align: justify;\">\n<li>Plusieurs r\u00e9unions pr\u00e9paratoires pr\u00e9alablement au lancement du projet.<\/li>\n<li>Une journ\u00e9e d'intervention \u00e0 deux personnes au centre a\u00e9r\u00e9 pour sensibiliser les enfants, fixer une histoire (qui avait pr\u00e9alablement \u00e9t\u00e9 travaill\u00e9e par les enfants avec leurs animateurs), r\u00e9p\u00e9ter des petites sc\u00e9nettes, choisir des acteurs et confectionner des costumes et d\u00e9cors.<\/li>\n<li>Mise en forme du sc\u00e9nario et d'un d\u00e9coupage technique.<\/li>\n<li>Deux jours d'intervention (deux personnes le premier jour, une le deuxi\u00e8me) au centre a\u00e9r\u00e9 pour le tournage lui-m\u00eame.<\/li>\n<li>Montage et post-production du film.<\/li>\n<\/ul>\n<p>&nbsp;<\/p>\n<p style=\"text-align: justify;\"><strong>R\u00e9sultat<\/strong>: film <a href=\"https:\/\/www.youtube.com\/watch?v=TjGI2gO4b18\">\"Les enfants perdus\"<\/a>, visible ci-contre, qui a \u00e9t\u00e9 projet\u00e9 lors du festival Tout Court ! \u00e9dition 2018.<\/p>\n<p style=\"text-align: justify;\">&nbsp;<\/p>\n<\/div>\n<\/div><\/div><\/div><div id=\"pgc-3171-14-2\"  class=\"panel-grid-cell panel-grid-cell-mobile-last\" ><div id=\"panel-3171-14-2-0\" class=\"so-panel widget widget_sow-editor panel-first-child\" data-index=\"21\" ><div\n\t\t\t\n\t\t\tclass=\"so-widget-sow-editor so-widget-sow-editor-base\"\n\t\t\t\n\t\t>\n<div class=\"siteorigin-widget-tinymce textwidget\">\n\t<p><iframe src=\"\/\/www.youtube.com\/embed\/TjGI2gO4b18\" width=\"500\" allowfullscreen=\"allowfullscreen\"><\/iframe><\/p>\n<\/div>\n<\/div><\/div><div id=\"panel-3171-14-2-1\" class=\"so-panel widget widget_sow-image panel-last-child\" data-index=\"22\" ><div\n\t\t\t\n\t\t\tclass=\"so-widget-sow-image so-widget-sow-image-default-8b5b6f678277-3171\"\n\t\t\t\n\t\t>\n<div class=\"sow-image-container\">\n\t\t\t<a href=\"https:\/\/i0.wp.com\/toutcourtfestival.fr\/wp-content\/uploads\/2018\/09\/20180404_153106.jpg\"\n\t\t\t\t\t>\n\t\t\t<img \n\tsrc=\"https:\/\/i0.wp.com\/toutcourtfestival.fr\/wp-content\/uploads\/2018\/09\/20180404_153106.jpg?fit=2560%2C1440&amp;ssl=1\" width=\"2560\" height=\"1440\" srcset=\"https:\/\/i0.wp.com\/toutcourtfestival.fr\/wp-content\/uploads\/2018\/09\/20180404_153106.jpg?w=2560&amp;ssl=1 2560w, https:\/\/i0.wp.com\/toutcourtfestival.fr\/wp-content\/uploads\/2018\/09\/20180404_153106.jpg?resize=300%2C169&amp;ssl=1 300w, https:\/\/i0.wp.com\/toutcourtfestival.fr\/wp-content\/uploads\/2018\/09\/20180404_153106.jpg?resize=768%2C432&amp;ssl=1 768w, https:\/\/i0.wp.com\/toutcourtfestival.fr\/wp-content\/uploads\/2018\/09\/20180404_153106.jpg?resize=1024%2C576&amp;ssl=1 1024w\" alt=\"\" \t\tclass=\"so-widget-image\"\/>\n\t\t\t<\/a><\/div>\n\n<\/div><\/div><\/div><div id=\"pgc-3171-14-3\"  class=\"panel-grid-cell panel-grid-cell-empty\" ><\/div><\/div><div id=\"pg-3171-15\"  class=\"panel-grid panel-no-style\" ><div id=\"pgc-3171-15-0\"  class=\"panel-grid-cell\" ><div id=\"panel-3171-15-0-0\" class=\"so-panel widget widget_sow-headline panel-first-child panel-last-child\" data-index=\"23\" ><div\n\t\t\t\n\t\t\tclass=\"so-widget-sow-headline so-widget-sow-headline-default-abf9c517e608-3171\"\n\t\t\t\n\t\t><div class=\"sow-headline-container \">\n\t\t\t\t\t\t<div class=\"decoration\">\n\t\t\t\t\t\t<div class=\"decoration-inside\"><\/div>\n\t\t\t\t\t<\/div>\n\t\t\t\t\t\t\t\t\t\t\t<h2 class=\"sow-headline\">\n\t\t\t\t\t\tEst-ce que je peux jouer ? - Janvier-mai 2017\t\t\t\t\t\t<\/h2>\n\t\t\t\t\t\t<\/div>\n<\/div><\/div><\/div><\/div><div id=\"pg-3171-16\"  class=\"panel-grid panel-no-style\" ><div id=\"pgc-3171-16-0\"  class=\"panel-grid-cell panel-grid-cell-empty\" ><\/div><div id=\"pgc-3171-16-1\"  class=\"panel-grid-cell\" ><div id=\"panel-3171-16-1-0\" class=\"so-panel widget widget_sow-editor panel-first-child panel-last-child\" data-index=\"24\" ><div\n\t\t\t\n\t\t\tclass=\"so-widget-sow-editor so-widget-sow-editor-base\"\n\t\t\t\n\t\t>\n<div class=\"siteorigin-widget-tinymce textwidget\">\n\t<p style=\"text-align: justify;\"><strong>Structure<\/strong>: CESC du coll\u00e8ge Etrepagny de Gisors en partenariat avec la Consultation Jeunes Consommateurs (CJC) de Gisors et l'\u00e9cole du Thil-en-Vexin.<\/p>\n<p style=\"text-align: justify;\"><strong>Type d'intervention<\/strong>: accompagnement sur un projet de cr\u00e9ation d'un court-m\u00e9trage de moins de 10 minutes.<\/p>\n<p style=\"text-align: justify;\">Le CESC intervient en milieu scolaire pour un projet de sensibilisation sur le th\u00e8me \"prendre soin de soi, au quotidien\" avec notamment une action de pr\u00e9vention sur \"l\u2019usage et l\u2019effet des \u00e9crans\". L'id\u00e9e est venue de la cr\u00e9ation d'un petit film de pr\u00e9vention par les \u00e9l\u00e8ves de la classe de&nbsp;CM2 de l'\u00e9cole du Thil-en-Vexin, et les infirmi\u00e8res du CESC ont fait appel au Tout Court ! pour un accompagnement.<\/p>\n<p style=\"text-align: justify;\"><strong>Modalit\u00e9s d'intervention du Tout Court !: <\/strong><\/p>\n<ul style=\"text-align: justify;\">\n<li>Plusieurs r\u00e9unions pr\u00e9paratoires pr\u00e9alablement au lancement du projet.<\/li>\n<li>Une journ\u00e9e d'intervention \u00e0 deux personnes aupr\u00e8s de la classe du Thil-en-Vexin pour une \u00e9criture collective d'un sc\u00e9nario \u00e0 partir de petites histoires pr\u00e9alablement travaill\u00e9es par les \u00e9l\u00e8ves, ainsi qu'une sensibilisation des \u00e9l\u00e8ves au langage cin\u00e9matographique et un mini-casting pour trouver les acteurs.<\/li>\n<li>Mise en forme du sc\u00e9nario et d'un d\u00e9coupage technique.<\/li>\n<li>Une journ\u00e9e d'intervention \u00e0 deux personnes aupr\u00e8s de la classe du Thil-en-Vexin pour le tournage, avec apport de mat\u00e9riel de prise de vue et de son. Apr\u00e8s une rapide formation, ce sont les \u00e9l\u00e8ves qui ont manipul\u00e9 le mat\u00e9riel (\u00e9quipe technique avec relais) pendant le tournage.<\/li>\n<li>Montage et post-production du film.<\/li>\n<\/ul>\n<p>&nbsp;<\/p>\n<p style=\"text-align: justify;\"><strong>R\u00e9sultat<\/strong>: film<a href=\"https:\/\/www.youtube.com\/watch?v=RTTa-qbZu3k\"> \"Est-ce que j'peux jouer?\"<\/a>, visible ci-contre.<\/p>\n<p style=\"text-align: justify;\">&nbsp;<\/p>\n<\/div>\n<\/div><\/div><\/div><div id=\"pgc-3171-16-2\"  class=\"panel-grid-cell panel-grid-cell-mobile-last\" ><div id=\"panel-3171-16-2-0\" class=\"so-panel widget widget_sow-editor panel-first-child\" data-index=\"25\" ><div\n\t\t\t\n\t\t\tclass=\"so-widget-sow-editor so-widget-sow-editor-base\"\n\t\t\t\n\t\t>\n<div class=\"siteorigin-widget-tinymce textwidget\">\n\t<p><iframe src=\"\/\/www.youtube.com\/embed\/RTTa-qbZu3k\" width=\"500\" allowfullscreen=\"allowfullscreen\"><\/iframe><\/p>\n<\/div>\n<\/div><\/div><div id=\"panel-3171-16-2-1\" class=\"so-panel widget widget_sow-image panel-last-child\" data-index=\"26\" ><div\n\t\t\t\n\t\t\tclass=\"so-widget-sow-image so-widget-sow-image-default-8b5b6f678277-3171\"\n\t\t\t\n\t\t>\n<div class=\"sow-image-container\">\n\t\t\t<a href=\"https:\/\/i2.wp.com\/toutcourtfestival.fr\/wp-content\/uploads\/2017\/03\/IMG_1407.jpg\"\n\t\t\t\t\t>\n\t\t\t<img \n\tsrc=\"https:\/\/i0.wp.com\/toutcourtfestival.fr\/wp-content\/uploads\/2017\/03\/IMG_1407.jpg?fit=5184%2C3456&amp;ssl=1\" width=\"5184\" height=\"3456\" srcset=\"https:\/\/i0.wp.com\/toutcourtfestival.fr\/wp-content\/uploads\/2017\/03\/IMG_1407.jpg?w=5184&amp;ssl=1 5184w, https:\/\/i0.wp.com\/toutcourtfestival.fr\/wp-content\/uploads\/2017\/03\/IMG_1407.jpg?resize=300%2C200&amp;ssl=1 300w, https:\/\/i0.wp.com\/toutcourtfestival.fr\/wp-content\/uploads\/2017\/03\/IMG_1407.jpg?resize=768%2C512&amp;ssl=1 768w, https:\/\/i0.wp.com\/toutcourtfestival.fr\/wp-content\/uploads\/2017\/03\/IMG_1407.jpg?resize=1024%2C683&amp;ssl=1 1024w, https:\/\/i0.wp.com\/toutcourtfestival.fr\/wp-content\/uploads\/2017\/03\/IMG_1407.jpg?resize=272%2C182&amp;ssl=1 272w, https:\/\/i0.wp.com\/toutcourtfestival.fr\/wp-content\/uploads\/2017\/03\/IMG_1407.jpg?w=2740&amp;ssl=1 2740w, https:\/\/i0.wp.com\/toutcourtfestival.fr\/wp-content\/uploads\/2017\/03\/IMG_1407.jpg?w=4110&amp;ssl=1 4110w\" alt=\"\" \t\tclass=\"so-widget-image\"\/>\n\t\t\t<\/a><\/div>\n\n<\/div><\/div><\/div><div id=\"pgc-3171-16-3\"  class=\"panel-grid-cell panel-grid-cell-empty\" ><\/div><\/div><div id=\"pg-3171-17\"  class=\"panel-grid panel-no-style\" ><div id=\"pgc-3171-17-0\"  class=\"panel-grid-cell\" ><div id=\"panel-3171-17-0-0\" class=\"so-panel widget widget_text panel-first-child panel-last-child\" data-index=\"27\" >\t\t\t<div class=\"textwidget\"><style>.entry-title {display:none;}<\/style> <\/div>\n\t\t<\/div><\/div><\/div><\/div>","protected":false},"excerpt":{"rendered":"<p>Aide aux structures <a href=\"https:\/\/i0.wp.com\/toutcourtfestival.fr\/wp-content\/uploads\/2017\/06\/CDA-00178.png\"> <\/a> <a href=\"https:\/\/i2.wp.com\/toutcourtfestival.fr\/wp-content\/uploads\/2017\/03\/IMG_1407.jpg\"> <\/a> <a href=\"https:\/\/i0.wp.com\/toutcourtfestival.fr\/wp-content\/uploads\/2019\/01\/IMG_20181115_141038.jpg\"> <\/a> <\/p>\n<p style=\"text-align: justify;\">Vous \u00eates une structure jeunesse ou sociale du territoire (association, institution, \u00e9tablissement scolaire&#8230;) et vous souhaitez monter un projet d&#8217;\u00e9ducation \u00e0 l&#8217;image (cr\u00e9ation ou autre) avec votre public: le Tout Court ! peut vous y aider !<\/p>\n<p &hellip; <\/p>\n<p><a class=\"more-link btn\" href=\"https:\/\/toutcourtfestival.fr\/index.php\/aide-aux-structures\/\">Continue reading<\/a><\/p>\n","protected":false},"author":1,"featured_media":0,"parent":0,"menu_order":0,"comment_status":"closed","ping_status":"closed","template":"","meta":{"ngg_post_thumbnail":0,"jetpack_post_was_ever_published":false,"footnotes":""},"class_list":["post-3171","page","type-page","status-publish","hentry","nodate","item-wrap"],"jetpack_sharing_enabled":true,"jetpack_shortlink":"https:\/\/wp.me\/P8k6iw-P9","jetpack_likes_enabled":true,"_links":{"self":[{"href":"https:\/\/toutcourtfestival.fr\/index.php\/wp-json\/wp\/v2\/pages\/3171","targetHints":{"allow":["GET"]}}],"collection":[{"href":"https:\/\/toutcourtfestival.fr\/index.php\/wp-json\/wp\/v2\/pages"}],"about":[{"href":"https:\/\/toutcourtfestival.fr\/index.php\/wp-json\/wp\/v2\/types\/page"}],"author":[{"embeddable":true,"href":"https:\/\/toutcourtfestival.fr\/index.php\/wp-json\/wp\/v2\/users\/1"}],"replies":[{"embeddable":true,"href":"https:\/\/toutcourtfestival.fr\/index.php\/wp-json\/wp\/v2\/comments?post=3171"}],"version-history":[{"count":13,"href":"https:\/\/toutcourtfestival.fr\/index.php\/wp-json\/wp\/v2\/pages\/3171\/revisions"}],"predecessor-version":[{"id":9931,"href":"https:\/\/toutcourtfestival.fr\/index.php\/wp-json\/wp\/v2\/pages\/3171\/revisions\/9931"}],"wp:attachment":[{"href":"https:\/\/toutcourtfestival.fr\/index.php\/wp-json\/wp\/v2\/media?parent=3171"}],"curies":[{"name":"wp","href":"https:\/\/api.w.org\/{rel}","templated":true}]}}