{"id":6682,"date":"2019-03-21T11:38:52","date_gmt":"2019-03-21T10:38:52","guid":{"rendered":"http:\/\/toutcourtfestival.fr\/?page_id=6682"},"modified":"2019-04-09T09:01:21","modified_gmt":"2019-04-09T07:01:21","slug":"jury-2019","status":"publish","type":"page","link":"https:\/\/toutcourtfestival.fr\/index.php\/jury-2019\/","title":{"rendered":"Jury 2019"},"content":{"rendered":"<div id=\"pl-6682\"  class=\"panel-layout\" ><div id=\"pg-6682-0\"  class=\"panel-grid panel-no-style\" ><div id=\"pgc-6682-0-0\"  class=\"panel-grid-cell\" ><div id=\"panel-6682-0-0-0\" class=\"so-panel widget widget_sow-headline panel-first-child panel-last-child\" data-index=\"0\" ><div\n\t\t\t\n\t\t\tclass=\"so-widget-sow-headline so-widget-sow-headline-default-0115510059e4-6682\"\n\t\t\t\n\t\t><div class=\"sow-headline-container \">\n\t\t\t\t\t\t\t<h1 class=\"sow-headline\">\n\t\t\t\t\t\tJury de l'\u00e9dition 2019\t\t\t\t\t\t<\/h1>\n\t\t\t\t\t\t\t\t\t\t\t<div class=\"decoration\">\n\t\t\t\t\t\t<div class=\"decoration-inside\"><\/div>\n\t\t\t\t\t<\/div>\n\t\t\t\t\t\t\t\t\t\t\t<h3 class=\"sow-sub-headline\">\n\t\t\t\t\t\tJury Pro\t\t\t\t\t\t<\/h3>\n\t\t\t\t\t\t<\/div>\n<\/div><\/div><\/div><\/div><div id=\"pg-6682-1\"  class=\"panel-grid panel-no-style\" ><div id=\"pgc-6682-1-0\"  class=\"panel-grid-cell panel-grid-cell-empty\" ><\/div><div id=\"pgc-6682-1-1\"  class=\"panel-grid-cell panel-grid-cell-mobile-last\" ><div id=\"panel-6682-1-1-0\" class=\"so-panel widget widget_sow-editor panel-first-child panel-last-child\" data-index=\"1\" ><div\n\t\t\t\n\t\t\tclass=\"so-widget-sow-editor so-widget-sow-editor-base\"\n\t\t\t\n\t\t>\n<div class=\"siteorigin-widget-tinymce textwidget\">\n\t<p style=\"text-align: justify;\"><span style=\"font-size: 12pt;\"><span style=\"font-size: 12pt;\">Le jury pro est compos\u00e9 d'artistes (r\u00e9alisateurs, acteurs...), producteurs et professionnels du cin\u00e9ma. Il est renouvel\u00e9 \u00e0 chaque \u00e9dition. Il d\u00e9cerne le <\/span><strong style=\"font-size: 12pt;\">Grand Prix du Jury,<\/strong><span style=\"font-size: 12pt;\"> \u00e9ventuellement accompagn\u00e9 d'un <\/span><b style=\"font-size: 12pt;\">Coup de <\/b><b>C\u0153ur<\/b><b style=\"font-size: 12pt;\"> du Jury.<\/b><\/span><\/p>\n<\/div>\n<\/div><\/div><\/div><div id=\"pgc-6682-1-2\"  class=\"panel-grid-cell panel-grid-cell-empty\" ><\/div><\/div><div id=\"pg-6682-2\"  class=\"panel-grid panel-has-style\" ><div class=\"panel-row-style panel-row-style-for-6682-2\" ><div id=\"pgc-6682-2-0\"  class=\"panel-grid-cell\" ><div id=\"panel-6682-2-0-0\" class=\"so-panel widget widget_sow-editor panel-first-child\" data-index=\"2\" ><div class=\"panel-widget-style panel-widget-style-for-6682-2-0-0\" ><div\n\t\t\t\n\t\t\tclass=\"so-widget-sow-editor so-widget-sow-editor-base\"\n\t\t\t\n\t\t>\n<div class=\"siteorigin-widget-tinymce textwidget\">\n\t<h1 style=\"text-align: justify;\"><span style=\"color: #e6e6e6;\"><b>Dominique Choisy<\/b><\/span><b><\/b><\/h1>\n<\/div>\n<\/div><\/div><\/div><div id=\"panel-6682-2-0-1\" class=\"so-panel widget widget_siteorigin-panels-builder panel-last-child\" data-index=\"3\" ><div id=\"pl-w5ca22cc738046\"  class=\"panel-layout\" ><div id=\"pg-w5ca22cc738046-0\"  class=\"panel-grid panel-no-style\" ><div id=\"pgc-w5ca22cc738046-0-0\"  class=\"panel-grid-cell panel-grid-cell-empty\" ><\/div><div id=\"pgc-w5ca22cc738046-0-1\"  class=\"panel-grid-cell\" ><div id=\"panel-w5ca22cc738046-0-1-0\" class=\"so-panel widget widget_sow-image panel-first-child panel-last-child\" data-index=\"0\" ><div class=\"panel-widget-style panel-widget-style-for-w5ca22cc738046-0-1-0\" ><div\n\t\t\t\n\t\t\tclass=\"so-widget-sow-image so-widget-sow-image-default-4e6925654b7a\"\n\t\t\t\n\t\t>\n<div class=\"sow-image-container\">\n\t\t<img \n\tsrc=\"https:\/\/i0.wp.com\/toutcourtfestival.fr\/wp-content\/uploads\/2019\/04\/Dominique-Choisy.jpg?fit=228%2C300&amp;ssl=1\" width=\"228\" height=\"300\" srcset=\"https:\/\/i0.wp.com\/toutcourtfestival.fr\/wp-content\/uploads\/2019\/04\/Dominique-Choisy.jpg?w=533&amp;ssl=1 533w, https:\/\/i0.wp.com\/toutcourtfestival.fr\/wp-content\/uploads\/2019\/04\/Dominique-Choisy.jpg?resize=228%2C300&amp;ssl=1 228w\" title=\"Dominique Choisy, Jury 2019\" alt=\"\" \t\tclass=\"so-widget-image\"\/>\n\t<\/div>\n\n<\/div><\/div><\/div><\/div><div id=\"pgc-w5ca22cc738046-0-2\"  class=\"panel-grid-cell\" ><div id=\"panel-w5ca22cc738046-0-2-0\" class=\"so-panel widget widget_sow-editor panel-first-child panel-last-child\" data-index=\"1\" ><div\n\t\t\t\n\t\t\tclass=\"so-widget-sow-editor so-widget-sow-editor-base\"\n\t\t\t\n\t\t>\n<div class=\"siteorigin-widget-tinymce textwidget\">\n\t<p style=\"text-align: justify;\"><span style=\"font-size: 12pt; color: #e6e6e6;\">Dominique est un ancien \u00e9tudiant de l\u2019Institut des Hautes Etudes Cin\u00e9matographiques (I.D.H.E.C). Apr\u00e8s quelques courts-m\u00e9trages, il r\u00e9alise trois longs-m\u00e9trages de fiction : Confort Moderne (2001), Les Fraises des bois (2011), Ma Vie avec James Dean (2018). Il est actuellement sur la post-production d\u2019un documentaire de long-m\u00e9trage, Le Film de Tajamul, autour du trajet d\u2019un jeune mineur isol\u00e9 \u00e9tranger qui a quitt\u00e9 l\u2019Afghanistan pour venir en France.<br \/>\nDominique est professeur associ\u00e9 \u00e0 l\u2019UFR Arts de l\u2019Universit\u00e9 Picardie Jules Verne en sc\u00e9nario et r\u00e9alisation. Il anime \u00e9galement un atelier d\u2019\u00e9changes et de projets pour professionnels au Cin\u00e9 Saint-Leu \u00e0 Amiens.<br \/>\nIl travaille \u00e9galement \u00e0 l\u2019\u00e9criture de son prochain long-m\u00e9trage de fiction, Les Mains d\u2019Eddy, soutenu \u00e0 l\u2019\u00e9criture par la r\u00e9gion Hauts de France et Pictanovo, et prim\u00e9 par la bourse Beaumarchais-SACD.<br \/>\n<\/span><\/p>\n<\/div>\n<\/div><\/div><\/div><\/div><\/div><\/div><\/div><\/div><\/div><div id=\"pg-6682-3\"  class=\"panel-grid panel-has-style\" ><div class=\"panel-row-style panel-row-style-for-6682-3\" ><div id=\"pgc-6682-3-0\"  class=\"panel-grid-cell\" ><div id=\"panel-6682-3-0-0\" class=\"so-panel widget widget_sow-editor panel-first-child\" data-index=\"4\" ><div class=\"panel-widget-style panel-widget-style-for-6682-3-0-0\" ><div\n\t\t\t\n\t\t\tclass=\"so-widget-sow-editor so-widget-sow-editor-base\"\n\t\t\t\n\t\t>\n<div class=\"siteorigin-widget-tinymce textwidget\">\n\t<h1 style=\"text-align: right;\"><b>Lucie Depauw<\/b><\/h1>\n<\/div>\n<\/div><\/div><\/div><div id=\"panel-6682-3-0-1\" class=\"so-panel widget widget_siteorigin-panels-builder panel-last-child\" data-index=\"5\" ><div id=\"pl-w5ca22ce08cfe8\"  class=\"panel-layout\" ><div id=\"pg-w5ca22ce08cfe8-0\"  class=\"panel-grid panel-no-style\" ><div id=\"pgc-w5ca22ce08cfe8-0-0\"  class=\"panel-grid-cell panel-grid-cell-empty\" ><\/div><div id=\"pgc-w5ca22ce08cfe8-0-1\"  class=\"panel-grid-cell\" ><div id=\"panel-w5ca22ce08cfe8-0-1-0\" class=\"so-panel widget widget_sow-editor panel-first-child panel-last-child\" data-index=\"0\" ><div\n\t\t\t\n\t\t\tclass=\"so-widget-sow-editor so-widget-sow-editor-base\"\n\t\t\t\n\t\t>\n<div class=\"siteorigin-widget-tinymce textwidget\">\n\t<div class=\"\" style=\"text-align: justify;\">\nApr\u00e8s des \u00e9tudes cin\u00e9matographiques et audiovisuelles elle travaille comme assistante \u00e0 la r\u00e9alisation, elle est \u00e9galement sc\u00e9nariste et auteure de pi\u00e8ces de th\u00e9\u00e2tre dont plusieurs ont \u00e9t\u00e9 publi\u00e9es et repr\u00e9sent\u00e9es en France (notamment \u00e0 la com\u00e9die fran\u00e7aise) ou \u00e0 l'\u00e9tranger.\n<\/div>\n<\/div>\n<\/div><\/div><\/div><div id=\"pgc-w5ca22ce08cfe8-0-2\"  class=\"panel-grid-cell\" ><div id=\"panel-w5ca22ce08cfe8-0-2-0\" class=\"so-panel widget widget_sow-image panel-first-child panel-last-child\" data-index=\"1\" ><div class=\"panel-widget-style panel-widget-style-for-w5ca22ce08cfe8-0-2-0\" ><div\n\t\t\t\n\t\t\tclass=\"so-widget-sow-image so-widget-sow-image-default-4e6925654b7a\"\n\t\t\t\n\t\t>\n<div class=\"sow-image-container\">\n\t\t<img \n\tsrc=\"https:\/\/i0.wp.com\/toutcourtfestival.fr\/wp-content\/uploads\/2019\/04\/IMG_9511.jpg?fit=200%2C300&amp;ssl=1\" width=\"200\" height=\"300\" srcset=\"https:\/\/i0.wp.com\/toutcourtfestival.fr\/wp-content\/uploads\/2019\/04\/IMG_9511.jpg?w=3744&amp;ssl=1 3744w, https:\/\/i0.wp.com\/toutcourtfestival.fr\/wp-content\/uploads\/2019\/04\/IMG_9511.jpg?resize=200%2C300&amp;ssl=1 200w, https:\/\/i0.wp.com\/toutcourtfestival.fr\/wp-content\/uploads\/2019\/04\/IMG_9511.jpg?resize=768%2C1152&amp;ssl=1 768w, https:\/\/i0.wp.com\/toutcourtfestival.fr\/wp-content\/uploads\/2019\/04\/IMG_9511.jpg?resize=683%2C1024&amp;ssl=1 683w, https:\/\/i0.wp.com\/toutcourtfestival.fr\/wp-content\/uploads\/2019\/04\/IMG_9511.jpg?w=2740&amp;ssl=1 2740w\" title=\"Lucie Depauw, Jury 2019\" alt=\"\" \t\tclass=\"so-widget-image\"\/>\n\t<\/div>\n\n<\/div><\/div><\/div><\/div><\/div><\/div><\/div><\/div><\/div><\/div><div id=\"pg-6682-4\"  class=\"panel-grid panel-has-style\" ><div class=\"panel-row-style panel-row-style-for-6682-4\" ><div id=\"pgc-6682-4-0\"  class=\"panel-grid-cell\" ><div id=\"panel-6682-4-0-0\" class=\"so-panel widget widget_sow-editor panel-first-child\" data-index=\"6\" ><div class=\"panel-widget-style panel-widget-style-for-6682-4-0-0\" ><div\n\t\t\t\n\t\t\tclass=\"so-widget-sow-editor so-widget-sow-editor-base\"\n\t\t\t\n\t\t>\n<div class=\"siteorigin-widget-tinymce textwidget\">\n\t<h1 style=\"text-align: justify;\"><span style=\"color: #e6e6e6;\"><strong>Marthe Lamy<\/strong><\/span><\/h1>\n<\/div>\n<\/div><\/div><\/div><div id=\"panel-6682-4-0-1\" class=\"so-panel widget widget_siteorigin-panels-builder panel-last-child\" data-index=\"7\" ><div id=\"pl-w5ca22cf99f42b\"  class=\"panel-layout\" ><div id=\"pg-w5ca22cf99f42b-0\"  class=\"panel-grid panel-no-style\" ><div id=\"pgc-w5ca22cf99f42b-0-0\"  class=\"panel-grid-cell panel-grid-cell-empty\" ><\/div><div id=\"pgc-w5ca22cf99f42b-0-1\"  class=\"panel-grid-cell\" ><div id=\"panel-w5ca22cf99f42b-0-1-0\" class=\"so-panel widget widget_sow-image panel-first-child panel-last-child\" data-index=\"0\" ><div class=\"panel-widget-style panel-widget-style-for-w5ca22cf99f42b-0-1-0\" ><div\n\t\t\t\n\t\t\tclass=\"so-widget-sow-image so-widget-sow-image-default-4e6925654b7a\"\n\t\t\t\n\t\t>\n<div class=\"sow-image-container\">\n\t\t<img \n\tsrc=\"https:\/\/i0.wp.com\/toutcourtfestival.fr\/wp-content\/uploads\/2019\/03\/Marthe-Lamy.jpg?fit=300%2C300&amp;ssl=1\" width=\"300\" height=\"300\" srcset=\"https:\/\/i0.wp.com\/toutcourtfestival.fr\/wp-content\/uploads\/2019\/03\/Marthe-Lamy.jpg?w=455&amp;ssl=1 455w, https:\/\/i0.wp.com\/toutcourtfestival.fr\/wp-content\/uploads\/2019\/03\/Marthe-Lamy.jpg?resize=150%2C150&amp;ssl=1 150w, https:\/\/i0.wp.com\/toutcourtfestival.fr\/wp-content\/uploads\/2019\/03\/Marthe-Lamy.jpg?resize=300%2C300&amp;ssl=1 300w\" title=\"Marthe Lamy, Jury 2019\" alt=\"\" \t\tclass=\"so-widget-image\"\/>\n\t<\/div>\n\n<\/div><\/div><\/div><\/div><div id=\"pgc-w5ca22cf99f42b-0-2\"  class=\"panel-grid-cell\" ><div id=\"panel-w5ca22cf99f42b-0-2-0\" class=\"so-panel widget widget_sow-editor panel-first-child panel-last-child\" data-index=\"1\" ><div\n\t\t\t\n\t\t\tclass=\"so-widget-sow-editor so-widget-sow-editor-base\"\n\t\t\t\n\t\t>\n<div class=\"siteorigin-widget-tinymce textwidget\">\n\t<p style=\"text-align: justify;\"><span style=\"font-size: 12pt; color: #e6e6e6;\">Depuis sa sortie du du d\u00e9partement Production de la F\u00e9mis en 2012, Marthe Lamy est directrice de production pour diff\u00e9rentes soci\u00e9t\u00e9s et productrice au sein d'<a href=\"http:\/\/www.apachesfilms.fr\/\">Apaches films<\/a>, soci\u00e9t\u00e9 qu'elle cr\u00e9e avec Jeanne Ezvan en 2013. &nbsp;<\/span><\/p>\n<\/div>\n<\/div><\/div><\/div><\/div><\/div><\/div><\/div><\/div><\/div><div id=\"pg-6682-5\"  class=\"panel-grid panel-has-style\" ><div class=\"panel-row-style panel-row-style-for-6682-5\" ><div id=\"pgc-6682-5-0\"  class=\"panel-grid-cell\" ><div id=\"panel-6682-5-0-0\" class=\"so-panel widget widget_sow-editor panel-first-child\" data-index=\"8\" ><div class=\"panel-widget-style panel-widget-style-for-6682-5-0-0\" ><div\n\t\t\t\n\t\t\tclass=\"so-widget-sow-editor so-widget-sow-editor-base\"\n\t\t\t\n\t\t>\n<div class=\"siteorigin-widget-tinymce textwidget\">\n\t<h1 style=\"text-align: right;\"><b>Joris Laquittant<\/b><\/h1>\n<\/div>\n<\/div><\/div><\/div><div id=\"panel-6682-5-0-1\" class=\"so-panel widget widget_siteorigin-panels-builder panel-last-child\" data-index=\"9\" ><div id=\"pl-w5ca22d13e6147\"  class=\"panel-layout\" ><div id=\"pg-w5ca22d13e6147-0\"  class=\"panel-grid panel-no-style\" ><div id=\"pgc-w5ca22d13e6147-0-0\"  class=\"panel-grid-cell panel-grid-cell-empty\" ><\/div><div id=\"pgc-w5ca22d13e6147-0-1\"  class=\"panel-grid-cell\" ><div id=\"panel-w5ca22d13e6147-0-1-0\" class=\"so-panel widget widget_sow-editor panel-first-child panel-last-child\" data-index=\"0\" ><div\n\t\t\t\n\t\t\tclass=\"so-widget-sow-editor so-widget-sow-editor-base\"\n\t\t\t\n\t\t>\n<div class=\"siteorigin-widget-tinymce textwidget\">\n\t<div class=\"\" style=\"text-align: justify;\">\n<blockquote class=\"\">\n<blockquote class=\"\">\n<div class=\"\"><span class=\"\" style=\"font-size: 12pt;\">Dipl\u00f4m\u00e9 en 2017 du D\u00e9partement Montage de la F\u00e9mis, Joris a mont\u00e9 une dizaine de courts-m\u00e9trages dont \"Gabber Lover\" de Anna Cazenave Cambet pr\u00e9sent\u00e9 \u00e0 la Cin\u00e9fondation \u00e0 Cannes en 2016 ou \"Diversion\" de Mathieu M\u00e9gemont, Grand Prix du Festival du Film Fantastique de G\u00e9rardmer en 2019. <\/span><\/div>\n<div class=\"\"><span class=\"\" style=\"font-size: 12pt;\">Il signe aussi le montage de plusieurs longs-m\u00e9trages documentaires dont le dernier en date est \"La Promesse\" r\u00e9alis\u00e9 par Pierre Boutillier. <\/span><\/div>\n<div class=\"\"><span class=\"\" style=\"font-size: 12pt;\">Parall\u00e8lement, il est aussi r\u00e9alisateur, signant en 2018 deux courts-m\u00e9trages que sont \"La Baie\" et \"Le Rayon Bleu\", avec lesquels il aborde le cin\u00e9ma fantastique sous ses diff\u00e9rentes formes. Il pr\u00e9pare actuellement son troisi\u00e8me court-m\u00e9trage intitul\u00e9 \"La B\u00eate\" dont le tournage est pr\u00e9vu en 2020. <\/span><b class=\"\" style=\"font-size: 12pt;\"><\/b><\/div>\n<\/blockquote>\n<\/blockquote>\n<\/div>\n<\/div>\n<\/div><\/div><\/div><div id=\"pgc-w5ca22d13e6147-0-2\"  class=\"panel-grid-cell\" ><div id=\"panel-w5ca22d13e6147-0-2-0\" class=\"so-panel widget widget_sow-image panel-first-child panel-last-child\" data-index=\"1\" ><div class=\"panel-widget-style panel-widget-style-for-w5ca22d13e6147-0-2-0\" ><div\n\t\t\t\n\t\t\tclass=\"so-widget-sow-image so-widget-sow-image-default-4e6925654b7a\"\n\t\t\t\n\t\t>\n<div class=\"sow-image-container\">\n\t\t<img \n\tsrc=\"https:\/\/i0.wp.com\/toutcourtfestival.fr\/wp-content\/uploads\/2019\/03\/JORIS_003.jpg?fit=297%2C300&amp;ssl=1\" width=\"297\" height=\"300\" srcset=\"https:\/\/i0.wp.com\/toutcourtfestival.fr\/wp-content\/uploads\/2019\/03\/JORIS_003.jpg?w=3425&amp;ssl=1 3425w, https:\/\/i0.wp.com\/toutcourtfestival.fr\/wp-content\/uploads\/2019\/03\/JORIS_003.jpg?resize=297%2C300&amp;ssl=1 297w, https:\/\/i0.wp.com\/toutcourtfestival.fr\/wp-content\/uploads\/2019\/03\/JORIS_003.jpg?resize=768%2C775&amp;ssl=1 768w, https:\/\/i0.wp.com\/toutcourtfestival.fr\/wp-content\/uploads\/2019\/03\/JORIS_003.jpg?resize=1015%2C1024&amp;ssl=1 1015w, https:\/\/i0.wp.com\/toutcourtfestival.fr\/wp-content\/uploads\/2019\/03\/JORIS_003.jpg?w=2740&amp;ssl=1 2740w\" title=\"Joris Laquittant, Jury 2019\" alt=\"\" \t\tclass=\"so-widget-image\"\/>\n\t<\/div>\n\n<\/div><\/div><\/div><\/div><\/div><\/div><\/div><\/div><\/div><\/div><div id=\"pg-6682-6\"  class=\"panel-grid panel-has-style\" ><div class=\"panel-row-style panel-row-style-for-6682-6\" ><div id=\"pgc-6682-6-0\"  class=\"panel-grid-cell\" ><div id=\"panel-6682-6-0-0\" class=\"so-panel widget widget_sow-editor panel-first-child\" data-index=\"10\" ><div class=\"panel-widget-style panel-widget-style-for-6682-6-0-0\" ><div\n\t\t\t\n\t\t\tclass=\"so-widget-sow-editor so-widget-sow-editor-base\"\n\t\t\t\n\t\t>\n<div class=\"siteorigin-widget-tinymce textwidget\">\n\t<h1 style=\"text-align: justify;\"><span style=\"color: #e6e6e6;\"><strong>Julia Mingo<\/strong><\/span><\/h1>\n<\/div>\n<\/div><\/div><\/div><div id=\"panel-6682-6-0-1\" class=\"so-panel widget widget_siteorigin-panels-builder panel-last-child\" data-index=\"11\" ><div id=\"pl-w5cac4340ee40e\"  class=\"panel-layout\" ><div id=\"pg-w5cac4340ee40e-0\"  class=\"panel-grid panel-no-style\" ><div id=\"pgc-w5cac4340ee40e-0-0\"  class=\"panel-grid-cell panel-grid-cell-empty\" ><\/div><div id=\"pgc-w5cac4340ee40e-0-1\"  class=\"panel-grid-cell\" ><div id=\"panel-w5cac4340ee40e-0-1-0\" class=\"so-panel widget widget_sow-image panel-first-child panel-last-child\" data-index=\"0\" ><div class=\"panel-widget-style panel-widget-style-for-w5cac4340ee40e-0-1-0\" ><div\n\t\t\t\n\t\t\tclass=\"so-widget-sow-image so-widget-sow-image-default-4e6925654b7a\"\n\t\t\t\n\t\t>\n<div class=\"sow-image-container\">\n\t\t<img \n\tsrc=\"https:\/\/i0.wp.com\/toutcourtfestival.fr\/wp-content\/uploads\/2019\/04\/julia-mingo.jpeg?resize=272%2C182&amp;ssl=1\" width=\"272\" height=\"182\" title=\"Julia Mingo, Jury 2019\" alt=\"\" \t\tclass=\"so-widget-image\"\/>\n\t<\/div>\n\n<\/div><\/div><\/div><\/div><div id=\"pgc-w5cac4340ee40e-0-2\"  class=\"panel-grid-cell\" ><div id=\"panel-w5cac4340ee40e-0-2-0\" class=\"so-panel widget widget_sow-editor panel-first-child panel-last-child\" data-index=\"1\" ><div\n\t\t\t\n\t\t\tclass=\"so-widget-sow-editor so-widget-sow-editor-base\"\n\t\t\t\n\t\t>\n<div class=\"siteorigin-widget-tinymce textwidget\">\n\t<p style=\"text-align: justify;\"><span style=\"color: #e6e6e6; font-size: 12pt;\">Apr\u00e8s avoir \u00e9tudi\u00e9 au BTS Audiovisuel de Toulouse et \u00e0 La Femis, Julia Mingo a travaill\u00e9 en tant qu'assistante camera sur des films de Sylvie Verheyde, Michael Haneke et Thomas Lilti. Elle est maintenant directrice de la photographie sur de nombreux court-m\u00e9trages et documentaires.<\/span><\/p>\n<\/div>\n<\/div><\/div><\/div><\/div><\/div><\/div><\/div><\/div><\/div><div id=\"pg-6682-7\"  class=\"panel-grid panel-no-style\" ><div id=\"pgc-6682-7-0\"  class=\"panel-grid-cell\" ><div id=\"panel-6682-7-0-0\" class=\"so-panel widget widget_sow-headline panel-first-child panel-last-child\" data-index=\"12\" ><div\n\t\t\t\n\t\t\tclass=\"so-widget-sow-headline so-widget-sow-headline-default-6090f20097d1-6682\"\n\t\t\t\n\t\t><div class=\"sow-headline-container \">\n\t\t\t\t\t\t<div class=\"decoration\">\n\t\t\t\t\t\t<div class=\"decoration-inside\"><\/div>\n\t\t\t\t\t<\/div>\n\t\t\t\t\t\t\t\t\t\t\t<h3 class=\"sow-sub-headline\">\n\t\t\t\t\t\tJury lyc\u00e9en\t\t\t\t\t\t<\/h3>\n\t\t\t\t\t\t<\/div>\n<\/div><\/div><\/div><\/div><div id=\"pg-6682-8\"  class=\"panel-grid panel-no-style\" ><div id=\"pgc-6682-8-0\"  class=\"panel-grid-cell panel-grid-cell-empty\" ><\/div><div id=\"pgc-6682-8-1\"  class=\"panel-grid-cell panel-grid-cell-mobile-last\" ><div id=\"panel-6682-8-1-0\" class=\"so-panel widget widget_sow-editor panel-first-child panel-last-child\" data-index=\"13\" ><div\n\t\t\t\n\t\t\tclass=\"so-widget-sow-editor so-widget-sow-editor-base\"\n\t\t\t\n\t\t>\n<div class=\"siteorigin-widget-tinymce textwidget\">\n\t<p style=\"text-align: justify;\"><span style=\"font-size: 12pt;\">Le jury lyc\u00e9en sera cette ann\u00e9e compos\u00e9 de 12 \u00e9l\u00e8ves du lyc\u00e9e Louise Michel de Gisors, de la seconde \u00e0 la terminale, encadr\u00e9s par Virgile Dumez et Claire Leimdorfer, professeurs du lyc\u00e9e.\u00a0<\/span><\/p>\n<p>Ils d\u00e9cerneront le <strong>prix du jury lyc\u00e9en<\/strong>\u00a0et choisiront le<strong> gagnant du concours amateur.<\/strong><\/p>\n<\/div>\n<\/div><\/div><\/div><div id=\"pgc-6682-8-2\"  class=\"panel-grid-cell panel-grid-cell-empty\" ><\/div><\/div><div id=\"pg-6682-9\"  class=\"panel-grid panel-no-style\" ><div id=\"pgc-6682-9-0\"  class=\"panel-grid-cell\" ><div id=\"panel-6682-9-0-0\" class=\"so-panel widget widget_sow-headline panel-first-child panel-last-child\" data-index=\"14\" ><div\n\t\t\t\n\t\t\tclass=\"so-widget-sow-headline so-widget-sow-headline-default-6090f20097d1-6682\"\n\t\t\t\n\t\t><div class=\"sow-headline-container \">\n\t\t\t\t\t\t<div class=\"decoration\">\n\t\t\t\t\t\t<div class=\"decoration-inside\"><\/div>\n\t\t\t\t\t<\/div>\n\t\t\t\t\t\t\t\t\t\t\t<h3 class=\"sow-sub-headline\">\n\t\t\t\t\t\tJury de la ville de Gisors\t\t\t\t\t\t<\/h3>\n\t\t\t\t\t\t<\/div>\n<\/div><\/div><\/div><\/div><div id=\"pg-6682-10\"  class=\"panel-grid panel-no-style\" ><div id=\"pgc-6682-10-0\"  class=\"panel-grid-cell panel-grid-cell-empty\" ><\/div><div id=\"pgc-6682-10-1\"  class=\"panel-grid-cell panel-grid-cell-mobile-last\" ><div id=\"panel-6682-10-1-0\" class=\"so-panel widget widget_sow-editor panel-first-child panel-last-child\" data-index=\"15\" ><div\n\t\t\t\n\t\t\tclass=\"so-widget-sow-editor so-widget-sow-editor-base\"\n\t\t\t\n\t\t>\n<div class=\"siteorigin-widget-tinymce textwidget\">\n\t<p style=\"text-align: justify;\"><span style=\"font-size: 12pt;\">Compos\u00e9 de repr\u00e9sentants de la commune, il d\u00e9cernera le\u00a0<\/span><strong>prix de la ville de Gisors<\/strong><strong>.<\/strong><\/p>\n<\/div>\n<\/div><\/div><\/div><div id=\"pgc-6682-10-2\"  class=\"panel-grid-cell panel-grid-cell-empty\" ><\/div><\/div><div id=\"pg-6682-11\"  class=\"panel-grid panel-no-style\" ><div id=\"pgc-6682-11-0\"  class=\"panel-grid-cell\" ><div id=\"panel-6682-11-0-0\" class=\"so-panel widget widget_sow-headline panel-first-child panel-last-child\" data-index=\"16\" ><div\n\t\t\t\n\t\t\tclass=\"so-widget-sow-headline so-widget-sow-headline-default-6090f20097d1-6682\"\n\t\t\t\n\t\t><div class=\"sow-headline-container \">\n\t\t\t\t\t\t<div class=\"decoration\">\n\t\t\t\t\t\t<div class=\"decoration-inside\"><\/div>\n\t\t\t\t\t<\/div>\n\t\t\t\t\t\t\t\t\t\t\t<h3 class=\"sow-sub-headline\">\n\t\t\t\t\t\tEnfants du Tout Court !\t\t\t\t\t\t<\/h3>\n\t\t\t\t\t\t<\/div>\n<\/div><\/div><\/div><\/div><div id=\"pg-6682-12\"  class=\"panel-grid panel-no-style\" ><div id=\"pgc-6682-12-0\"  class=\"panel-grid-cell panel-grid-cell-empty\" ><\/div><div id=\"pgc-6682-12-1\"  class=\"panel-grid-cell panel-grid-cell-mobile-last\" ><div id=\"panel-6682-12-1-0\" class=\"so-panel widget widget_sow-editor panel-first-child panel-last-child\" data-index=\"17\" ><div\n\t\t\t\n\t\t\tclass=\"so-widget-sow-editor so-widget-sow-editor-base\"\n\t\t\t\n\t\t>\n<div class=\"siteorigin-widget-tinymce textwidget\">\n\t<p style=\"text-align: justify;\"><span style=\"font-size: 12pt;\">Les enfants spectateurs de la s\u00e9ance Jeunes Public voteront en fin de s\u00e9ance pour leur film pr\u00e9f\u00e9r\u00e9, et d\u00e9cerneront ainsi le <strong>prix des enfants du Tout Court !<\/strong><\/span><\/p>\n<\/div>\n<\/div><\/div><\/div><div id=\"pgc-6682-12-2\"  class=\"panel-grid-cell panel-grid-cell-empty\" ><\/div><\/div><div id=\"pg-6682-13\"  class=\"panel-grid panel-no-style\" ><div id=\"pgc-6682-13-0\"  class=\"panel-grid-cell\" ><div id=\"panel-6682-13-0-0\" class=\"so-panel widget widget_sow-headline panel-first-child panel-last-child\" data-index=\"18\" ><div\n\t\t\t\n\t\t\tclass=\"so-widget-sow-headline so-widget-sow-headline-default-6090f20097d1-6682\"\n\t\t\t\n\t\t><div class=\"sow-headline-container \">\n\t\t\t\t\t\t<div class=\"decoration\">\n\t\t\t\t\t\t<div class=\"decoration-inside\"><\/div>\n\t\t\t\t\t<\/div>\n\t\t\t\t\t\t\t\t\t\t\t<h3 class=\"sow-sub-headline\">\n\t\t\t\t\t\tPrix du public\t\t\t\t\t\t<\/h3>\n\t\t\t\t\t\t<\/div>\n<\/div><\/div><\/div><\/div><div id=\"pg-6682-14\"  class=\"panel-grid panel-no-style\" ><div id=\"pgc-6682-14-0\"  class=\"panel-grid-cell panel-grid-cell-empty\" ><\/div><div id=\"pgc-6682-14-1\"  class=\"panel-grid-cell panel-grid-cell-mobile-last\" ><div id=\"panel-6682-14-1-0\" class=\"so-panel widget widget_sow-editor panel-first-child panel-last-child\" data-index=\"19\" ><div\n\t\t\t\n\t\t\tclass=\"so-widget-sow-editor so-widget-sow-editor-base\"\n\t\t\t\n\t\t>\n<div class=\"siteorigin-widget-tinymce textwidget\">\n\t<p style=\"text-align: justify;\"><span style=\"font-size: 12pt;\">Le public sera amen\u00e9 \u00e0 voter en fin des s\u00e9ances comp\u00e9tition afin de d\u00e9cerner le <strong>Prix du public.<\/strong><\/span><\/p>\n<\/div>\n<\/div><\/div><\/div><div id=\"pgc-6682-14-2\"  class=\"panel-grid-cell panel-grid-cell-empty\" ><\/div><\/div><div id=\"pg-6682-15\"  class=\"panel-grid panel-no-style\" ><div id=\"pgc-6682-15-0\"  class=\"panel-grid-cell\" ><div id=\"panel-6682-15-0-0\" class=\"so-panel widget widget_text panel-first-child panel-last-child\" data-index=\"20\" >\t\t\t<div class=\"textwidget\"><style>.entry-title {display:none;}<\/style> <\/div>\n\t\t<\/div><\/div><\/div><\/div>","protected":false},"excerpt":{"rendered":"<p>Jury de l&#8217;\u00e9dition 2019 Jury Pro <\/p>\n<p style=\"text-align: justify;\">Le jury pro est compos\u00e9 d&#8217;artistes (r\u00e9alisateurs, acteurs&#8230;), producteurs et professionnels du cin\u00e9ma. Il est renouvel\u00e9 \u00e0 chaque \u00e9dition. Il d\u00e9cerne le <strong style=\"font-size: 12pt;\">Grand Prix du Jury,<\/strong> \u00e9ventuellement accompagn\u00e9 d&#8217;un <b style=\"font-size: 12pt;\">Coup de <\/b><b>C\u0153ur<\/b><b style=\"font-size: 12pt;\"> du Jury.<\/b><\/p>\n<p> <b>Dominique Choisy<\/b><b><\/b> <\/p>\n<p style=\"text-align: justify;\">Dominique est un &hellip; <\/p>\n<p><a class=\"more-link btn\" href=\"https:\/\/toutcourtfestival.fr\/index.php\/jury-2019\/\">Continue reading<\/a><\/p>\n","protected":false},"author":1,"featured_media":0,"parent":0,"menu_order":0,"comment_status":"closed","ping_status":"closed","template":"","meta":{"ngg_post_thumbnail":0,"jetpack_post_was_ever_published":false,"footnotes":""},"class_list":["post-6682","page","type-page","status-publish","hentry","nodate","item-wrap"],"jetpack_sharing_enabled":true,"jetpack_shortlink":"https:\/\/wp.me\/P8k6iw-1JM","jetpack_likes_enabled":true,"_links":{"self":[{"href":"https:\/\/toutcourtfestival.fr\/index.php\/wp-json\/wp\/v2\/pages\/6682","targetHints":{"allow":["GET"]}}],"collection":[{"href":"https:\/\/toutcourtfestival.fr\/index.php\/wp-json\/wp\/v2\/pages"}],"about":[{"href":"https:\/\/toutcourtfestival.fr\/index.php\/wp-json\/wp\/v2\/types\/page"}],"author":[{"embeddable":true,"href":"https:\/\/toutcourtfestival.fr\/index.php\/wp-json\/wp\/v2\/users\/1"}],"replies":[{"embeddable":true,"href":"https:\/\/toutcourtfestival.fr\/index.php\/wp-json\/wp\/v2\/comments?post=6682"}],"version-history":[{"count":0,"href":"https:\/\/toutcourtfestival.fr\/index.php\/wp-json\/wp\/v2\/pages\/6682\/revisions"}],"wp:attachment":[{"href":"https:\/\/toutcourtfestival.fr\/index.php\/wp-json\/wp\/v2\/media?parent=6682"}],"curies":[{"name":"wp","href":"https:\/\/api.w.org\/{rel}","templated":true}]}}