{"id":6891,"date":"2019-04-21T20:01:45","date_gmt":"2019-04-21T18:01:45","guid":{"rendered":"http:\/\/toutcourtfestival.fr\/?page_id=6891"},"modified":"2019-04-22T16:17:42","modified_gmt":"2019-04-22T14:17:42","slug":"selections-2019-films-amateurs","status":"publish","type":"page","link":"https:\/\/toutcourtfestival.fr\/index.php\/selections-2019\/selections-2019-films-amateurs\/","title":{"rendered":"S\u00e9lections 2019 &#8211; Films amateurs"},"content":{"rendered":"<div id=\"pl-6891\"  class=\"panel-layout\" ><div id=\"pg-6891-0\"  class=\"panel-grid panel-no-style\" ><div id=\"pgc-6891-0-0\"  class=\"panel-grid-cell\" ><div id=\"panel-6891-0-0-0\" class=\"so-panel widget widget_sow-headline panel-first-child panel-last-child\" data-index=\"0\" ><div\n\t\t\t\n\t\t\tclass=\"so-widget-sow-headline so-widget-sow-headline-default-8afa24fa421a-6891\"\n\t\t\t\n\t\t><div class=\"sow-headline-container \">\n\t\t\t\t\t\t\t<h1 class=\"sow-headline\">\n\t\t\t\t\t\tS\u00e9lection de Films Amateurs\t\t\t\t\t\t<\/h1>\n\t\t\t\t\t\t\t\t\t\t\t<div class=\"decoration\">\n\t\t\t\t\t\t<div class=\"decoration-inside\"><\/div>\n\t\t\t\t\t<\/div>\n\t\t\t\t\t<\/div>\n<\/div><\/div><\/div><\/div><div id=\"pg-6891-1\"  class=\"panel-grid panel-no-style\" ><div id=\"pgc-6891-1-0\"  class=\"panel-grid-cell panel-grid-cell-empty\" ><\/div><div id=\"pgc-6891-1-1\"  class=\"panel-grid-cell panel-grid-cell-mobile-last\" ><div id=\"panel-6891-1-1-0\" class=\"so-panel widget widget_sow-editor panel-first-child panel-last-child\" data-index=\"1\" ><div\n\t\t\t\n\t\t\tclass=\"so-widget-sow-editor so-widget-sow-editor-base\"\n\t\t\t\n\t\t>\n<div class=\"siteorigin-widget-tinymce textwidget\">\n\t<p style=\"text-align: justify;\"><span style=\"font-size: 12pt;\">Une centaine de films ont \u00e9t\u00e9 inscrits dans la cat\u00e9gorie amateur hors-comp\u00e9tition : r\u00e9alis\u00e9s dans un contexte non-professionnel (en famille, entre amis, en atelier...) et g\u00e9n\u00e9ralement avec peu de moyens, certains n'ont pourtant pas \u00e0 rougir devant les films professionnels !&nbsp;<\/span><\/p>\n<p style=\"text-align: center;\"><span style=\"font-size: 12pt;\"><em><strong>8 films<\/strong> - Dur\u00e9e 1h04 plus \u00e9changes avec les artistes.<\/em><\/span><\/p>\n<h1 style=\"text-align: center;\"><strong>Projections:<\/strong><\/h1>\n<p style=\"text-align: center;\"><em><span style=\"font-size: 12pt;\">Projection le <strong>dimanche 12 mai 2019<\/strong> \u00e0 <strong>15h30<\/strong> \u00e0 la <strong>nouvelle salle polyvalente de Gisors<\/strong><\/span><\/em><\/p>\n<\/div>\n<\/div><\/div><\/div><div id=\"pgc-6891-1-2\"  class=\"panel-grid-cell panel-grid-cell-empty\" ><\/div><\/div><div id=\"pg-6891-2\"  class=\"panel-grid panel-has-style\" ><div class=\"panel-row-style panel-row-style-for-6891-2\" ><div id=\"pgc-6891-2-0\"  class=\"panel-grid-cell\" ><div id=\"panel-6891-2-0-0\" class=\"so-panel widget widget_sow-editor panel-first-child\" data-index=\"2\" ><div class=\"panel-widget-style panel-widget-style-for-6891-2-0-0\" ><div\n\t\t\t\n\t\t\tclass=\"so-widget-sow-editor so-widget-sow-editor-base\"\n\t\t\t\n\t\t>\n<div class=\"siteorigin-widget-tinymce textwidget\">\n\t<h1 style=\"text-align: justify;\"><span style=\"color: #e6e6e6;\"><b>Memento mori<\/b><\/span><\/h1>\n<\/div>\n<\/div><\/div><\/div><div id=\"panel-6891-2-0-1\" class=\"so-panel widget widget_siteorigin-panels-builder panel-last-child\" data-index=\"3\" ><div id=\"pl-w5cbcb009ecfff\"  class=\"panel-layout\" ><div id=\"pg-w5cbcb009ecfff-0\"  class=\"panel-grid panel-no-style\" ><div id=\"pgc-w5cbcb009ecfff-0-0\"  class=\"panel-grid-cell panel-grid-cell-empty\" ><\/div><div id=\"pgc-w5cbcb009ecfff-0-1\"  class=\"panel-grid-cell\" ><div id=\"panel-w5cbcb009ecfff-0-1-0\" class=\"so-panel widget widget_sow-image panel-first-child panel-last-child\" data-index=\"0\" ><div class=\"panel-widget-style panel-widget-style-for-w5cbcb009ecfff-0-1-0\" ><div\n\t\t\t\n\t\t\tclass=\"so-widget-sow-image so-widget-sow-image-default-4e6925654b7a\"\n\t\t\t\n\t\t>\n<div class=\"sow-image-container\">\n\t\t<img \n\tsrc=\"https:\/\/i0.wp.com\/toutcourtfestival.fr\/wp-content\/uploads\/2019\/04\/photo1_Memento_mori.jpeg?resize=272%2C182&amp;ssl=1\" width=\"272\" height=\"182\" srcset=\"https:\/\/i0.wp.com\/toutcourtfestival.fr\/wp-content\/uploads\/2019\/04\/photo1_Memento_mori.jpeg?resize=272%2C182&amp;ssl=1 272w, https:\/\/i0.wp.com\/toutcourtfestival.fr\/wp-content\/uploads\/2019\/04\/photo1_Memento_mori.jpeg?zoom=2&amp;resize=272%2C182&amp;ssl=1 544w, https:\/\/i0.wp.com\/toutcourtfestival.fr\/wp-content\/uploads\/2019\/04\/photo1_Memento_mori.jpeg?zoom=3&amp;resize=272%2C182&amp;ssl=1 816w\" alt=\"\" \t\tclass=\"so-widget-image\"\/>\n\t<\/div>\n\n<\/div><\/div><\/div><\/div><div id=\"pgc-w5cbcb009ecfff-0-2\"  class=\"panel-grid-cell\" ><div id=\"panel-w5cbcb009ecfff-0-2-0\" class=\"so-panel widget widget_sow-editor panel-first-child panel-last-child\" data-index=\"1\" ><div\n\t\t\t\n\t\t\tclass=\"so-widget-sow-editor so-widget-sow-editor-base\"\n\t\t\t\n\t\t>\n<div class=\"siteorigin-widget-tinymce textwidget\">\n\t<p style=\"text-align: justify;\"><span style=\"font-size: 12pt; color: #e6e6e6;\"><em>Fantastique de Thibaud Avenein - 07:18<br \/>\n<\/em><\/span><\/p>\n<p style=\"text-align: justify;\"><span style=\"font-size: 12pt; color: #e6e6e6;\">Damien doit trouver une raison de vaincre sa procrastination.<br \/>\n<\/span><\/p>\n<\/div>\n<\/div><\/div><\/div><\/div><\/div><\/div><\/div><\/div><\/div><div id=\"pg-6891-3\"  class=\"panel-grid panel-has-style\" ><div class=\"panel-row-style panel-row-style-for-6891-3\" ><div id=\"pgc-6891-3-0\"  class=\"panel-grid-cell\" ><div id=\"panel-6891-3-0-0\" class=\"so-panel widget widget_sow-editor panel-first-child\" data-index=\"4\" ><div class=\"panel-widget-style panel-widget-style-for-6891-3-0-0\" ><div\n\t\t\t\n\t\t\tclass=\"so-widget-sow-editor so-widget-sow-editor-base\"\n\t\t\t\n\t\t>\n<div class=\"siteorigin-widget-tinymce textwidget\">\n\t<h1 style=\"text-align: justify;\"><b>Le Passage<\/b><b><\/b><\/h1>\n<\/div>\n<\/div><\/div><\/div><div id=\"panel-6891-3-0-1\" class=\"so-panel widget widget_siteorigin-panels-builder panel-last-child\" data-index=\"5\" ><div id=\"pl-w5cbcb2dd5ecdf\"  class=\"panel-layout\" ><div id=\"pg-w5cbcb2dd5ecdf-0\"  class=\"panel-grid panel-no-style\" ><div id=\"pgc-w5cbcb2dd5ecdf-0-0\"  class=\"panel-grid-cell panel-grid-cell-empty\" ><\/div><div id=\"pgc-w5cbcb2dd5ecdf-0-1\"  class=\"panel-grid-cell\" ><div id=\"panel-w5cbcb2dd5ecdf-0-1-0\" class=\"so-panel widget widget_sow-image panel-first-child panel-last-child\" data-index=\"0\" ><div class=\"panel-widget-style panel-widget-style-for-w5cbcb2dd5ecdf-0-1-0\" ><div\n\t\t\t\n\t\t\tclass=\"so-widget-sow-image so-widget-sow-image-default-4e6925654b7a\"\n\t\t\t\n\t\t>\n<div class=\"sow-image-container\">\n\t\t<img \n\tsrc=\"https:\/\/i0.wp.com\/toutcourtfestival.fr\/wp-content\/uploads\/2019\/04\/photo1_Le_Passage.jpeg?resize=272%2C182&amp;ssl=1\" width=\"272\" height=\"182\" srcset=\"https:\/\/i0.wp.com\/toutcourtfestival.fr\/wp-content\/uploads\/2019\/04\/photo1_Le_Passage.jpeg?resize=272%2C182&amp;ssl=1 272w, https:\/\/i0.wp.com\/toutcourtfestival.fr\/wp-content\/uploads\/2019\/04\/photo1_Le_Passage.jpeg?zoom=2&amp;resize=272%2C182&amp;ssl=1 544w, https:\/\/i0.wp.com\/toutcourtfestival.fr\/wp-content\/uploads\/2019\/04\/photo1_Le_Passage.jpeg?zoom=3&amp;resize=272%2C182&amp;ssl=1 816w\" alt=\"\" \t\tclass=\"so-widget-image\"\/>\n\t<\/div>\n\n<\/div><\/div><\/div><\/div><div id=\"pgc-w5cbcb2dd5ecdf-0-2\"  class=\"panel-grid-cell\" ><div id=\"panel-w5cbcb2dd5ecdf-0-2-0\" class=\"so-panel widget widget_sow-editor panel-first-child panel-last-child\" data-index=\"1\" ><div\n\t\t\t\n\t\t\tclass=\"so-widget-sow-editor so-widget-sow-editor-base\"\n\t\t\t\n\t\t>\n<div class=\"siteorigin-widget-tinymce textwidget\">\n\t<p style=\"text-align: justify;\"><span style=\"font-size: 12pt;\"><em>Fantastique de Cl\u00e9ment LABARRE - 10:07 [Film d'animation]<\/em><\/span><\/p>\n<p>Ce court m\u00e9trage entre r\u00e9alisme et fantastique met en sc\u00e8ne un jeune homme et un vieillard se d\u00e9pla\u00e7ant sur un canal en pleine nuit \u00e0 bord d'une barque. Alors qu'ils approchent d'un immense \u00e9difice, ils vont faire une \u00e9trange rencontre qui va les projeter \u00e0 la fronti\u00e8re de l'espace et du temps.<\/p>\n<\/div>\n<\/div><\/div><\/div><\/div><\/div><\/div><\/div><\/div><\/div><div id=\"pg-6891-4\"  class=\"panel-grid panel-has-style\" ><div class=\"panel-row-style panel-row-style-for-6891-4\" ><div id=\"pgc-6891-4-0\"  class=\"panel-grid-cell\" ><div id=\"panel-6891-4-0-0\" class=\"so-panel widget widget_sow-editor panel-first-child\" data-index=\"6\" ><div class=\"panel-widget-style panel-widget-style-for-6891-4-0-0\" ><div\n\t\t\t\n\t\t\tclass=\"so-widget-sow-editor so-widget-sow-editor-base\"\n\t\t\t\n\t\t>\n<div class=\"siteorigin-widget-tinymce textwidget\">\n\t<h1 style=\"text-align: justify;\"><span style=\"color: #e6e6e6;\"><b>Je suis avec eux<\/b><\/span><\/h1>\n<\/div>\n<\/div><\/div><\/div><div id=\"panel-6891-4-0-1\" class=\"so-panel widget widget_siteorigin-panels-builder panel-last-child\" data-index=\"7\" ><div id=\"pl-w5cbcb2dd61447\"  class=\"panel-layout\" ><div id=\"pg-w5cbcb2dd61447-0\"  class=\"panel-grid panel-no-style\" ><div id=\"pgc-w5cbcb2dd61447-0-0\"  class=\"panel-grid-cell panel-grid-cell-empty\" ><\/div><div id=\"pgc-w5cbcb2dd61447-0-1\"  class=\"panel-grid-cell\" ><div id=\"panel-w5cbcb2dd61447-0-1-0\" class=\"so-panel widget widget_sow-image panel-first-child panel-last-child\" data-index=\"0\" ><div class=\"panel-widget-style panel-widget-style-for-w5cbcb2dd61447-0-1-0\" ><div\n\t\t\t\n\t\t\tclass=\"so-widget-sow-image so-widget-sow-image-default-4e6925654b7a\"\n\t\t\t\n\t\t>\n<div class=\"sow-image-container\">\n\t\t<img \n\tsrc=\"https:\/\/i0.wp.com\/toutcourtfestival.fr\/wp-content\/uploads\/2019\/04\/photo1_Je_suis_avec_eux.png?resize=272%2C182&amp;ssl=1\" width=\"272\" height=\"182\" srcset=\"https:\/\/i0.wp.com\/toutcourtfestival.fr\/wp-content\/uploads\/2019\/04\/photo1_Je_suis_avec_eux.png?resize=272%2C182&amp;ssl=1 272w, https:\/\/i0.wp.com\/toutcourtfestival.fr\/wp-content\/uploads\/2019\/04\/photo1_Je_suis_avec_eux.png?zoom=2&amp;resize=272%2C182&amp;ssl=1 544w, https:\/\/i0.wp.com\/toutcourtfestival.fr\/wp-content\/uploads\/2019\/04\/photo1_Je_suis_avec_eux.png?zoom=3&amp;resize=272%2C182&amp;ssl=1 816w\" alt=\"\" \t\tclass=\"so-widget-image\"\/>\n\t<\/div>\n\n<\/div><\/div><\/div><\/div><div id=\"pgc-w5cbcb2dd61447-0-2\"  class=\"panel-grid-cell\" ><div id=\"panel-w5cbcb2dd61447-0-2-0\" class=\"so-panel widget widget_sow-editor panel-first-child panel-last-child\" data-index=\"1\" ><div\n\t\t\t\n\t\t\tclass=\"so-widget-sow-editor so-widget-sow-editor-base\"\n\t\t\t\n\t\t>\n<div class=\"siteorigin-widget-tinymce textwidget\">\n\t<p style=\"text-align: justify;\"><span style=\"font-size: 12pt; font-family: arial, helvetica, sans-serif; color: #e6e6e6;\"><em>Drame de Matthieu Ponchel - 02:20<\/em><\/span><\/p>\n<p style=\"text-align: justify;\"><span style=\"font-size: 12pt; color: #e6e6e6;\">Tommy veut \u00e0 tout prix suivre son grand fr\u00e8re qu'il admire tant. Mais jusqu'o\u00f9 ?<\/span><\/p>\n<\/div>\n<\/div><\/div><\/div><\/div><\/div><\/div><\/div><\/div><\/div><div id=\"pg-6891-5\"  class=\"panel-grid panel-has-style\" ><div class=\"panel-row-style panel-row-style-for-6891-5\" ><div id=\"pgc-6891-5-0\"  class=\"panel-grid-cell\" ><div id=\"panel-6891-5-0-0\" class=\"so-panel widget widget_sow-editor panel-first-child\" data-index=\"8\" ><div class=\"panel-widget-style panel-widget-style-for-6891-5-0-0\" ><div\n\t\t\t\n\t\t\tclass=\"so-widget-sow-editor so-widget-sow-editor-base\"\n\t\t\t\n\t\t>\n<div class=\"siteorigin-widget-tinymce textwidget\">\n\t<h1 style=\"text-align: justify;\"><b>Tomb\u00e9 du camion<\/b><\/h1>\n<\/div>\n<\/div><\/div><\/div><div id=\"panel-6891-5-0-1\" class=\"so-panel widget widget_siteorigin-panels-builder panel-last-child\" data-index=\"9\" ><div id=\"pl-w5cbcb2dd63a59\"  class=\"panel-layout\" ><div id=\"pg-w5cbcb2dd63a59-0\"  class=\"panel-grid panel-no-style\" ><div id=\"pgc-w5cbcb2dd63a59-0-0\"  class=\"panel-grid-cell panel-grid-cell-empty\" ><\/div><div id=\"pgc-w5cbcb2dd63a59-0-1\"  class=\"panel-grid-cell\" ><div id=\"panel-w5cbcb2dd63a59-0-1-0\" class=\"so-panel widget widget_sow-image panel-first-child panel-last-child\" data-index=\"0\" ><div class=\"panel-widget-style panel-widget-style-for-w5cbcb2dd63a59-0-1-0\" ><div\n\t\t\t\n\t\t\tclass=\"so-widget-sow-image so-widget-sow-image-default-4e6925654b7a\"\n\t\t\t\n\t\t>\n<div class=\"sow-image-container\">\n\t\t<img \n\tsrc=\"https:\/\/i0.wp.com\/toutcourtfestival.fr\/wp-content\/uploads\/2019\/04\/photo1_Tomb%C3%A9_du_camion.png?resize=272%2C182&amp;ssl=1\" width=\"272\" height=\"182\" alt=\"\" \t\tclass=\"so-widget-image\"\/>\n\t<\/div>\n\n<\/div><\/div><\/div><\/div><div id=\"pgc-w5cbcb2dd63a59-0-2\"  class=\"panel-grid-cell\" ><div id=\"panel-w5cbcb2dd63a59-0-2-0\" class=\"so-panel widget widget_sow-editor panel-first-child panel-last-child\" data-index=\"1\" ><div\n\t\t\t\n\t\t\tclass=\"so-widget-sow-editor so-widget-sow-editor-base\"\n\t\t\t\n\t\t>\n<div class=\"siteorigin-widget-tinymce textwidget\">\n\t<p style=\"text-align: justify;\"><span style=\"font-size: 12pt;\"><em>Com\u00e9die dramatique de Tarik Laghdiri - 12:10<br \/>\n<\/em><\/span><\/p>\n<p style=\"text-align: justify;\"><span style=\"font-size: 12pt;\">Un soir, deux copains volent un camion gar\u00e9 dans un entrep\u00f4t. Lorsqu\u2019ils d\u00e9couvrent de quoi il est charg\u00e9, ils doivent faire preuve d\u2019ing\u00e9niosit\u00e9 pour s\u2019en d\u00e9barrasser.<br \/>\n<\/span><\/p>\n<\/div>\n<\/div><\/div><\/div><\/div><\/div><\/div><\/div><\/div><\/div><div id=\"pg-6891-6\"  class=\"panel-grid panel-has-style\" ><div class=\"panel-row-style panel-row-style-for-6891-6\" ><div id=\"pgc-6891-6-0\"  class=\"panel-grid-cell\" ><div id=\"panel-6891-6-0-0\" class=\"so-panel widget widget_sow-editor panel-first-child\" data-index=\"10\" ><div class=\"panel-widget-style panel-widget-style-for-6891-6-0-0\" ><div\n\t\t\t\n\t\t\tclass=\"so-widget-sow-editor so-widget-sow-editor-base\"\n\t\t\t\n\t\t>\n<div class=\"siteorigin-widget-tinymce textwidget\">\n\t<h1 style=\"text-align: justify;\"><span style=\"color: #e6e6e6;\">Je suis ta moiti\u00e9<\/span><\/h1>\n<\/div>\n<\/div><\/div><\/div><div id=\"panel-6891-6-0-1\" class=\"so-panel widget widget_siteorigin-panels-builder panel-last-child\" data-index=\"11\" ><div id=\"pl-w5cbcb2dd667a2\"  class=\"panel-layout\" ><div id=\"pg-w5cbcb2dd667a2-0\"  class=\"panel-grid panel-no-style\" ><div id=\"pgc-w5cbcb2dd667a2-0-0\"  class=\"panel-grid-cell panel-grid-cell-empty\" ><\/div><div id=\"pgc-w5cbcb2dd667a2-0-1\"  class=\"panel-grid-cell\" ><div id=\"panel-w5cbcb2dd667a2-0-1-0\" class=\"so-panel widget widget_sow-image panel-first-child panel-last-child\" data-index=\"0\" ><div class=\"panel-widget-style panel-widget-style-for-w5cbcb2dd667a2-0-1-0\" ><div\n\t\t\t\n\t\t\tclass=\"so-widget-sow-image so-widget-sow-image-default-4e6925654b7a\"\n\t\t\t\n\t\t>\n<div class=\"sow-image-container\">\n\t\t<img \n\tsrc=\"https:\/\/i0.wp.com\/toutcourtfestival.fr\/wp-content\/uploads\/2019\/04\/photo1_Je_suis_ta_moiti%C3%A9.png?resize=272%2C182&amp;ssl=1\" width=\"272\" height=\"182\" alt=\"\" \t\tclass=\"so-widget-image\"\/>\n\t<\/div>\n\n<\/div><\/div><\/div><\/div><div id=\"pgc-w5cbcb2dd667a2-0-2\"  class=\"panel-grid-cell\" ><div id=\"panel-w5cbcb2dd667a2-0-2-0\" class=\"so-panel widget widget_sow-editor panel-first-child panel-last-child\" data-index=\"1\" ><div\n\t\t\t\n\t\t\tclass=\"so-widget-sow-editor so-widget-sow-editor-base\"\n\t\t\t\n\t\t>\n<div class=\"siteorigin-widget-tinymce textwidget\">\n\t<p style=\"text-align: justify;\"><span style=\"font-size: 12pt; color: #e6e6e6;\"><em>Humour burlesque de Julia BOUTTEVILLE - 02:21<br \/>\n<\/em><\/span><\/p>\n<p style=\"text-align: justify;\"><span style=\"font-size: 12pt; color: #e6e6e6;\">\"Je me l\u00e8ve, et je te bouscule... Comme d'habitude\" - Claude Fran\u00e7ois<br \/>\n<\/span><\/p>\n<\/div>\n<\/div><\/div><\/div><\/div><\/div><\/div><\/div><\/div><\/div><div id=\"pg-6891-7\"  class=\"panel-grid panel-has-style\" ><div class=\"panel-row-style panel-row-style-for-6891-7\" ><div id=\"pgc-6891-7-0\"  class=\"panel-grid-cell\" ><div id=\"panel-6891-7-0-0\" class=\"so-panel widget widget_sow-editor panel-first-child\" data-index=\"12\" ><div class=\"panel-widget-style panel-widget-style-for-6891-7-0-0\" ><div\n\t\t\t\n\t\t\tclass=\"so-widget-sow-editor so-widget-sow-editor-base\"\n\t\t\t\n\t\t>\n<div class=\"siteorigin-widget-tinymce textwidget\">\n\t<h1 style=\"text-align: justify;\">A contrario<\/h1>\n<\/div>\n<\/div><\/div><\/div><div id=\"panel-6891-7-0-1\" class=\"so-panel widget widget_siteorigin-panels-builder panel-last-child\" data-index=\"13\" ><div id=\"pl-w5cbcb2dd6890f\"  class=\"panel-layout\" ><div id=\"pg-w5cbcb2dd6890f-0\"  class=\"panel-grid panel-no-style\" ><div id=\"pgc-w5cbcb2dd6890f-0-0\"  class=\"panel-grid-cell panel-grid-cell-empty\" ><\/div><div id=\"pgc-w5cbcb2dd6890f-0-1\"  class=\"panel-grid-cell\" ><div id=\"panel-w5cbcb2dd6890f-0-1-0\" class=\"so-panel widget widget_sow-image panel-first-child panel-last-child\" data-index=\"0\" ><div class=\"panel-widget-style panel-widget-style-for-w5cbcb2dd6890f-0-1-0\" ><div\n\t\t\t\n\t\t\tclass=\"so-widget-sow-image so-widget-sow-image-default-4e6925654b7a\"\n\t\t\t\n\t\t>\n<div class=\"sow-image-container\">\n\t\t<img \n\tsrc=\"https:\/\/i0.wp.com\/toutcourtfestival.fr\/wp-content\/uploads\/2019\/04\/A-contrario-BQ.jpg?resize=272%2C182&amp;ssl=1\" width=\"272\" height=\"182\" srcset=\"https:\/\/i0.wp.com\/toutcourtfestival.fr\/wp-content\/uploads\/2019\/04\/A-contrario-BQ.jpg?resize=272%2C182&amp;ssl=1 272w, https:\/\/i0.wp.com\/toutcourtfestival.fr\/wp-content\/uploads\/2019\/04\/A-contrario-BQ.jpg?zoom=2&amp;resize=272%2C182&amp;ssl=1 544w, https:\/\/i0.wp.com\/toutcourtfestival.fr\/wp-content\/uploads\/2019\/04\/A-contrario-BQ.jpg?zoom=3&amp;resize=272%2C182&amp;ssl=1 816w\" title=\"A contrario (BQ)\" alt=\"\" \t\tclass=\"so-widget-image\"\/>\n\t<\/div>\n\n<\/div><\/div><\/div><\/div><div id=\"pgc-w5cbcb2dd6890f-0-2\"  class=\"panel-grid-cell\" ><div id=\"panel-w5cbcb2dd6890f-0-2-0\" class=\"so-panel widget widget_sow-editor panel-first-child panel-last-child\" data-index=\"1\" ><div\n\t\t\t\n\t\t\tclass=\"so-widget-sow-editor so-widget-sow-editor-base\"\n\t\t\t\n\t\t>\n<div class=\"siteorigin-widget-tinymce textwidget\">\n\t<p style=\"text-align: justify;\"><span style=\"font-size: 12pt;\"><em>Fantastique de Guillaume Zegre - 12:02<br \/>\n<\/em><\/span><\/p>\n<p style=\"text-align: justify;\"><span style=\"font-size: 12pt;\">Une jeune femme solitaire reste clo\u00eetr\u00e9e dans son appartement, \u00e9vitant tout contact avec un monde ext\u00e9rieur qui lui est devenu hostile.<\/span><\/p>\n<\/div>\n<\/div><\/div><\/div><\/div><\/div><\/div><\/div><\/div><\/div><div id=\"pg-6891-8\"  class=\"panel-grid panel-has-style\" ><div class=\"panel-row-style panel-row-style-for-6891-8\" ><div id=\"pgc-6891-8-0\"  class=\"panel-grid-cell\" ><div id=\"panel-6891-8-0-0\" class=\"so-panel widget widget_sow-editor panel-first-child\" data-index=\"14\" ><div class=\"panel-widget-style panel-widget-style-for-6891-8-0-0\" ><div\n\t\t\t\n\t\t\tclass=\"so-widget-sow-editor so-widget-sow-editor-base\"\n\t\t\t\n\t\t>\n<div class=\"siteorigin-widget-tinymce textwidget\">\n\t<h1 style=\"text-align: left;\"><span style=\"color: #e6e6e6;\"><b>La Douceur qui fascine et le plaisir qui tue<\/b><\/span><\/h1>\n<\/div>\n<\/div><\/div><\/div><div id=\"panel-6891-8-0-1\" class=\"so-panel widget widget_siteorigin-panels-builder panel-last-child\" data-index=\"15\" ><div id=\"pl-w5cbcb2dd6b5de\"  class=\"panel-layout\" ><div id=\"pg-w5cbcb2dd6b5de-0\"  class=\"panel-grid panel-no-style\" ><div id=\"pgc-w5cbcb2dd6b5de-0-0\"  class=\"panel-grid-cell panel-grid-cell-empty\" ><\/div><div id=\"pgc-w5cbcb2dd6b5de-0-1\"  class=\"panel-grid-cell\" ><div id=\"panel-w5cbcb2dd6b5de-0-1-0\" class=\"so-panel widget widget_sow-image panel-first-child panel-last-child\" data-index=\"0\" ><div class=\"panel-widget-style panel-widget-style-for-w5cbcb2dd6b5de-0-1-0\" ><div\n\t\t\t\n\t\t\tclass=\"so-widget-sow-image so-widget-sow-image-default-4e6925654b7a\"\n\t\t\t\n\t\t>\n<div class=\"sow-image-container\">\n\t\t<img \n\tsrc=\"https:\/\/i0.wp.com\/toutcourtfestival.fr\/wp-content\/uploads\/2019\/04\/photo1_La_Douceur_qui_fascine_et_le_plaisir_qui_tue.jpeg?resize=272%2C182&amp;ssl=1\" width=\"272\" height=\"182\" srcset=\"https:\/\/i0.wp.com\/toutcourtfestival.fr\/wp-content\/uploads\/2019\/04\/photo1_La_Douceur_qui_fascine_et_le_plaisir_qui_tue.jpeg?resize=272%2C182&amp;ssl=1 272w, https:\/\/i0.wp.com\/toutcourtfestival.fr\/wp-content\/uploads\/2019\/04\/photo1_La_Douceur_qui_fascine_et_le_plaisir_qui_tue.jpeg?zoom=2&amp;resize=272%2C182&amp;ssl=1 544w, https:\/\/i0.wp.com\/toutcourtfestival.fr\/wp-content\/uploads\/2019\/04\/photo1_La_Douceur_qui_fascine_et_le_plaisir_qui_tue.jpeg?zoom=3&amp;resize=272%2C182&amp;ssl=1 816w\" alt=\"\" \t\tclass=\"so-widget-image\"\/>\n\t<\/div>\n\n<\/div><\/div><\/div><\/div><div id=\"pgc-w5cbcb2dd6b5de-0-2\"  class=\"panel-grid-cell\" ><div id=\"panel-w5cbcb2dd6b5de-0-2-0\" class=\"so-panel widget widget_sow-editor panel-first-child panel-last-child\" data-index=\"1\" ><div\n\t\t\t\n\t\t\tclass=\"so-widget-sow-editor so-widget-sow-editor-base\"\n\t\t\t\n\t\t>\n<div class=\"siteorigin-widget-tinymce textwidget\">\n\t<p style=\"text-align: justify;\"><span style=\"font-size: 12pt; color: #e6e6e6;\"><em>Fantastique de St\u00e9phane MANDELKERN - 04:24<br \/>\n<\/em><\/span><\/p>\n<p style=\"text-align: justify;\"><span style=\"font-size: 12pt; color: #e6e6e6;\">En rentant d'un d\u00eener de rupture, la nuit, un jeune homme voit une main sortir d'une forme emmitoufl\u00e9e dans une couverture.<\/span><\/p>\n<\/div>\n<\/div><\/div><\/div><\/div><\/div><\/div><\/div><\/div><\/div><div id=\"pg-6891-9\"  class=\"panel-grid panel-has-style\" ><div class=\"panel-row-style panel-row-style-for-6891-9\" ><div id=\"pgc-6891-9-0\"  class=\"panel-grid-cell\" ><div id=\"panel-6891-9-0-0\" class=\"so-panel widget widget_sow-editor panel-first-child\" data-index=\"16\" ><div class=\"panel-widget-style panel-widget-style-for-6891-9-0-0\" ><div\n\t\t\t\n\t\t\tclass=\"so-widget-sow-editor so-widget-sow-editor-base\"\n\t\t\t\n\t\t>\n<div class=\"siteorigin-widget-tinymce textwidget\">\n\t<h1 style=\"text-align: justify;\">Gargantua<\/h1>\n<\/div>\n<\/div><\/div><\/div><div id=\"panel-6891-9-0-1\" class=\"so-panel widget widget_siteorigin-panels-builder panel-last-child\" data-index=\"17\" ><div id=\"pl-w5cbcb4b7f2a89\"  class=\"panel-layout\" ><div id=\"pg-w5cbcb4b7f2a89-0\"  class=\"panel-grid panel-no-style\" ><div id=\"pgc-w5cbcb4b7f2a89-0-0\"  class=\"panel-grid-cell panel-grid-cell-empty\" ><\/div><div id=\"pgc-w5cbcb4b7f2a89-0-1\"  class=\"panel-grid-cell\" ><div id=\"panel-w5cbcb4b7f2a89-0-1-0\" class=\"so-panel widget widget_sow-image panel-first-child panel-last-child\" data-index=\"0\" ><div class=\"panel-widget-style panel-widget-style-for-w5cbcb4b7f2a89-0-1-0\" ><div\n\t\t\t\n\t\t\tclass=\"so-widget-sow-image so-widget-sow-image-default-4e6925654b7a\"\n\t\t\t\n\t\t>\n<div class=\"sow-image-container\">\n\t\t<img \n\tsrc=\"https:\/\/i0.wp.com\/toutcourtfestival.fr\/wp-content\/uploads\/2019\/04\/photo2_Gargantua.png?resize=272%2C182&amp;ssl=1\" width=\"272\" height=\"182\" srcset=\"https:\/\/i0.wp.com\/toutcourtfestival.fr\/wp-content\/uploads\/2019\/04\/photo2_Gargantua.png?resize=272%2C182&amp;ssl=1 272w, https:\/\/i0.wp.com\/toutcourtfestival.fr\/wp-content\/uploads\/2019\/04\/photo2_Gargantua.png?zoom=2&amp;resize=272%2C182&amp;ssl=1 544w, https:\/\/i0.wp.com\/toutcourtfestival.fr\/wp-content\/uploads\/2019\/04\/photo2_Gargantua.png?zoom=3&amp;resize=272%2C182&amp;ssl=1 816w\" alt=\"\" \t\tclass=\"so-widget-image\"\/>\n\t<\/div>\n\n<\/div><\/div><\/div><\/div><div id=\"pgc-w5cbcb4b7f2a89-0-2\"  class=\"panel-grid-cell\" ><div id=\"panel-w5cbcb4b7f2a89-0-2-0\" class=\"so-panel widget widget_sow-editor panel-first-child panel-last-child\" data-index=\"1\" ><div\n\t\t\t\n\t\t\tclass=\"so-widget-sow-editor so-widget-sow-editor-base\"\n\t\t\t\n\t\t>\n<div class=\"siteorigin-widget-tinymce textwidget\">\n\t<p style=\"text-align: justify;\"><span style=\"font-size: 12pt;\"><em>Western de L\u00e9o Dazin - 13:43<br \/>\n<\/em><\/span><\/p>\n<p style=\"text-align: justify;\"><span style=\"font-size: 12pt;\">Au c\u0153ur d\u2019une for\u00eat s\u00e9vit un hors-la-loi. Le sh\u00e9rif et sa bande viennent arr\u00eater le bandit qui n\u2019est autre que Gargantua\u2026<br \/>\n<\/span><\/p>\n<\/div>\n<\/div><\/div><\/div><\/div><\/div><\/div><\/div><\/div><\/div><div id=\"pg-6891-10\"  class=\"panel-grid panel-no-style\" ><div id=\"pgc-6891-10-0\"  class=\"panel-grid-cell\" ><div id=\"panel-6891-10-0-0\" class=\"so-panel widget widget_text panel-first-child panel-last-child\" data-index=\"18\" >\t\t\t<div class=\"textwidget\"><style>.entry-title {display:none;}<\/style> <\/div>\n\t\t<\/div><\/div><\/div><\/div>","protected":false},"excerpt":{"rendered":"<p>S\u00e9lection de Films Amateurs <\/p>\n<p style=\"text-align: justify;\">Une centaine de films ont \u00e9t\u00e9 inscrits dans la cat\u00e9gorie amateur hors-comp\u00e9tition : r\u00e9alis\u00e9s dans un contexte non-professionnel (en famille, entre amis, en atelier&#8230;) et g\u00e9n\u00e9ralement avec peu de moyens, certains n&#8217;ont pourtant pas \u00e0 rougir devant les films professionnels !&nbsp;<\/p>\n<p style=\"text-align: center;\"><strong>8 films<\/strong> &#8211; Dur\u00e9e 1h04 plus &hellip; <\/p>\n<p><a class=\"more-link btn\" href=\"https:\/\/toutcourtfestival.fr\/index.php\/selections-2019\/selections-2019-films-amateurs\/\">Continue reading<\/a><\/p>\n","protected":false},"author":1,"featured_media":6906,"parent":6480,"menu_order":0,"comment_status":"closed","ping_status":"closed","template":"","meta":{"ngg_post_thumbnail":0,"jetpack_post_was_ever_published":false,"footnotes":""},"class_list":["post-6891","page","type-page","status-publish","has-post-thumbnail","hentry","nodate","item-wrap"],"jetpack_sharing_enabled":true,"jetpack_shortlink":"https:\/\/wp.me\/P8k6iw-1N9","jetpack_likes_enabled":true,"_links":{"self":[{"href":"https:\/\/toutcourtfestival.fr\/index.php\/wp-json\/wp\/v2\/pages\/6891","targetHints":{"allow":["GET"]}}],"collection":[{"href":"https:\/\/toutcourtfestival.fr\/index.php\/wp-json\/wp\/v2\/pages"}],"about":[{"href":"https:\/\/toutcourtfestival.fr\/index.php\/wp-json\/wp\/v2\/types\/page"}],"author":[{"embeddable":true,"href":"https:\/\/toutcourtfestival.fr\/index.php\/wp-json\/wp\/v2\/users\/1"}],"replies":[{"embeddable":true,"href":"https:\/\/toutcourtfestival.fr\/index.php\/wp-json\/wp\/v2\/comments?post=6891"}],"version-history":[{"count":0,"href":"https:\/\/toutcourtfestival.fr\/index.php\/wp-json\/wp\/v2\/pages\/6891\/revisions"}],"up":[{"embeddable":true,"href":"https:\/\/toutcourtfestival.fr\/index.php\/wp-json\/wp\/v2\/pages\/6480"}],"wp:featuredmedia":[{"embeddable":true,"href":"https:\/\/toutcourtfestival.fr\/index.php\/wp-json\/wp\/v2\/media\/6906"}],"wp:attachment":[{"href":"https:\/\/toutcourtfestival.fr\/index.php\/wp-json\/wp\/v2\/media?parent=6891"}],"curies":[{"name":"wp","href":"https:\/\/api.w.org\/{rel}","templated":true}]}}