{"id":7675,"date":"2020-02-03T16:58:41","date_gmt":"2020-02-03T15:58:41","guid":{"rendered":"https:\/\/toutcourtfestival.fr\/?page_id=7675"},"modified":"2020-03-03T17:16:27","modified_gmt":"2020-03-03T16:16:27","slug":"selection-2020","status":"publish","type":"page","link":"https:\/\/toutcourtfestival.fr\/index.php\/selection-2020\/","title":{"rendered":"S\u00e9lection 2020"},"content":{"rendered":"<div id=\"pl-7675\"  class=\"panel-layout\" ><div id=\"pg-7675-0\"  class=\"panel-grid panel-has-style\" ><div class=\"panel-row-style panel-row-style-for-7675-0\" ><div id=\"pgc-7675-0-0\"  class=\"panel-grid-cell\" ><div id=\"panel-7675-0-0-0\" class=\"so-panel widget widget_sow-headline panel-first-child panel-last-child\" data-index=\"0\" ><div class=\"panel-widget-style panel-widget-style-for-7675-0-0-0\" ><div\n\t\t\t\n\t\t\tclass=\"so-widget-sow-headline so-widget-sow-headline-default-20cf956c5b81-7675\"\n\t\t\t\n\t\t><div class=\"sow-headline-container \">\n\t\t\t\t\t\t<div class=\"decoration\">\n\t\t\t\t\t\t<div class=\"decoration-inside\"><\/div>\n\t\t\t\t\t<\/div>\n\t\t\t\t\t\t\t\t\t\t\t<h1 class=\"sow-headline\">\n\t\t\t\t\t\tTout Court ! S\u00e9lections 2020\t\t\t\t\t\t<\/h1>\n\t\t\t\t\t\t<\/div>\n<\/div><\/div><\/div><\/div><\/div><\/div><div id=\"pg-7675-1\"  class=\"panel-grid panel-has-style\" ><div class=\"panel-row-style panel-row-style-for-7675-1\" ><div id=\"pgc-7675-1-0\"  class=\"panel-grid-cell panel-grid-cell-empty\" ><\/div><div id=\"pgc-7675-1-1\"  class=\"panel-grid-cell\" ><div id=\"panel-7675-1-1-0\" class=\"so-panel widget widget_siteorigin-panels-builder panel-first-child panel-last-child\" data-index=\"1\" ><div id=\"pl-w5e3ea1fc61ee6\"  class=\"panel-layout\" ><div id=\"pg-w5e3ea1fc61ee6-0\"  class=\"panel-grid panel-has-style\" ><div class=\"panel-row-style panel-row-style-for-w5e3ea1fc61ee6-0\" ><div id=\"pgc-w5e3ea1fc61ee6-0-0\"  class=\"panel-grid-cell\" ><div id=\"panel-w5e3ea1fc61ee6-0-0-0\" class=\"so-panel widget widget_sow-headline panel-first-child panel-last-child\" data-index=\"0\" ><div class=\"panel-widget-style panel-widget-style-for-w5e3ea1fc61ee6-0-0-0\" ><div\n\t\t\t\n\t\t\tclass=\"so-widget-sow-headline so-widget-sow-headline-default-8b2d0db7df6d\"\n\t\t\t\n\t\t><div class=\"sow-headline-container \">\n\t\t\t\t\t\t<div class=\"decoration\">\n\t\t\t\t\t\t<div class=\"decoration-inside\"><\/div>\n\t\t\t\t\t<\/div>\n\t\t\t\t\t\t\t\t\t\t\t<h3 class=\"sow-sub-headline\">\n\t\t\t\t\t\tS\u00e9lections Comp\u00e9tition\t\t\t\t\t\t<\/h3>\n\t\t\t\t\t\t<\/div>\n<\/div><\/div><\/div><\/div><\/div><\/div><div id=\"pg-w5e3ea1fc61ee6-1\"  class=\"panel-grid panel-has-style\" ><div class=\"panel-row-style panel-row-style-for-w5e3ea1fc61ee6-1\" ><div id=\"pgc-w5e3ea1fc61ee6-1-0\"  class=\"panel-grid-cell panel-grid-cell-empty\" ><\/div><div id=\"pgc-w5e3ea1fc61ee6-1-1\"  class=\"panel-grid-cell\" ><div id=\"panel-w5e3ea1fc61ee6-1-1-0\" class=\"so-panel widget widget_sow-button panel-first-child\" data-index=\"1\" ><div class=\"panel-widget-style panel-widget-style-for-w5e3ea1fc61ee6-1-1-0\" ><div\n\t\t\t\n\t\t\tclass=\"so-widget-sow-button so-widget-sow-button-wire-0ce1a097b916\"\n\t\t\t\n\t\t><div class=\"ow-button-base ow-button-align-justify\"\n style=\"display: block;\">\n\t\t\t<a\n\t\t\t\t\thref=\"https:\/\/toutcourtfestival.fr\/index.php\/selection-2020\/selections-2020-competition-nouveaux\/\"\n\t\t\t\t\tclass=\"sowb-button ow-icon-placement-left ow-button-hover\" \t>\n\t\t<span>\n\t\t\t\n\t\t\tS\u00e9lection des Nouveaux\t\t<\/span>\n\t\t\t<\/a>\n\t<\/div>\n<\/div><\/div><\/div><div id=\"panel-w5e3ea1fc61ee6-1-1-1\" class=\"so-panel widget widget_sow-editor\" data-index=\"2\" ><div\n\t\t\t\n\t\t\tclass=\"so-widget-sow-editor so-widget-sow-editor-base\"\n\t\t\t\n\t\t>\n<div class=\"siteorigin-widget-tinymce textwidget\">\n\t<p style=\"text-align: justify;\">Films s\u00e9lectionn\u00e9s pour la <strong>comp\u00e9tition <\/strong>par une \u00e9quipe de tout jeunes fra\u00eechement arriv\u00e9s \u00e0 l'association Tout Court ! Encadr\u00e9s par leurs a\u00een\u00e9s et les b\u00e9n\u00e9voles, ils ont r\u00e9alis\u00e9 leur toute premi\u00e8re s\u00e9lection pour un festival !<\/p>\n<\/div>\n<\/div><\/div><div id=\"panel-w5e3ea1fc61ee6-1-1-2\" class=\"so-panel widget widget_sow-image\" data-index=\"3\" ><div\n\t\t\t\n\t\t\tclass=\"so-widget-sow-image so-widget-sow-image-default-a258e6bfa2d8\"\n\t\t\t\n\t\t>\n<div class=\"sow-image-container\">\n\t\t\t<a href=\"https:\/\/toutcourtfestival.fr\/index.php\/selection-2020\/selections-2020-competition-nouveaux\/\"\n\t\t\t\t\t>\n\t\t\t<img \n\tsrc=\"https:\/\/i0.wp.com\/toutcourtfestival.fr\/wp-content\/uploads\/2020\/02\/photo2_MON__3_QUI_BAT.png?resize=272%2C182&amp;ssl=1\" width=\"272\" height=\"182\" srcset=\"https:\/\/i0.wp.com\/toutcourtfestival.fr\/wp-content\/uploads\/2020\/02\/photo2_MON__3_QUI_BAT.png?resize=272%2C182&amp;ssl=1 272w, https:\/\/i0.wp.com\/toutcourtfestival.fr\/wp-content\/uploads\/2020\/02\/photo2_MON__3_QUI_BAT.png?zoom=2&amp;resize=272%2C182&amp;ssl=1 544w, https:\/\/i0.wp.com\/toutcourtfestival.fr\/wp-content\/uploads\/2020\/02\/photo2_MON__3_QUI_BAT.png?zoom=3&amp;resize=272%2C182&amp;ssl=1 816w\" alt=\"\" \t\tclass=\"so-widget-image\"\/>\n\t\t\t<\/a><\/div>\n\n<\/div><\/div><div id=\"panel-w5e3ea1fc61ee6-1-1-3\" class=\"so-panel widget widget_sow-editor panel-last-child\" data-index=\"4\" ><div class=\"panel-widget-style panel-widget-style-for-w5e3ea1fc61ee6-1-1-3\" ><div\n\t\t\t\n\t\t\tclass=\"so-widget-sow-editor so-widget-sow-editor-base\"\n\t\t\t\n\t\t>\n<div class=\"siteorigin-widget-tinymce textwidget\">\n\t<p style=\"text-align: center;\"><strong>7 films<\/strong> - 1h + \u00e9changes avec les artistes.<br \/>\nSamedi 28 mars 2020 - 15h30<\/p>\n<\/div>\n<\/div><\/div><\/div><\/div><div id=\"pgc-w5e3ea1fc61ee6-1-2\"  class=\"panel-grid-cell panel-grid-cell-mobile-last\" ><div id=\"panel-w5e3ea1fc61ee6-1-2-0\" class=\"so-panel widget widget_sow-button panel-first-child\" data-index=\"5\" ><div class=\"panel-widget-style panel-widget-style-for-w5e3ea1fc61ee6-1-2-0\" ><div\n\t\t\t\n\t\t\tclass=\"so-widget-sow-button so-widget-sow-button-wire-0ce1a097b916\"\n\t\t\t\n\t\t><div class=\"ow-button-base ow-button-align-justify\"\n style=\"display: block;\">\n\t\t\t<a\n\t\t\t\t\thref=\"https:\/\/toutcourtfestival.fr\/index.php\/selection-2020\/selections-2020-competition-anciens\/\"\n\t\t\t\t\tclass=\"sowb-button ow-icon-placement-left ow-button-hover\" \t>\n\t\t<span>\n\t\t\t\n\t\t\tS\u00e9lection des Anciens\t\t<\/span>\n\t\t\t<\/a>\n\t<\/div>\n<\/div><\/div><\/div><div id=\"panel-w5e3ea1fc61ee6-1-2-1\" class=\"so-panel widget widget_sow-editor\" data-index=\"6\" ><div\n\t\t\t\n\t\t\tclass=\"so-widget-sow-editor so-widget-sow-editor-base\"\n\t\t\t\n\t\t>\n<div class=\"siteorigin-widget-tinymce textwidget\">\n\t<p style=\"text-align: justify;\">Films s\u00e9lectionn\u00e9s pour la <strong>comp\u00e9tition <\/strong>par les jeunes \"anciens\" de l'association Tout Court ! encadr\u00e9s par les b\u00e9n\u00e9voles. Ils ont d\u00e9j\u00e0 r\u00e9alis\u00e9 des s\u00e9lections lors de pr\u00e9c\u00e9dentes \u00e9ditions du festival.<\/p>\n<\/div>\n<\/div><\/div><div id=\"panel-w5e3ea1fc61ee6-1-2-2\" class=\"so-panel widget widget_sow-image\" data-index=\"7\" ><div\n\t\t\t\n\t\t\tclass=\"so-widget-sow-image so-widget-sow-image-default-a258e6bfa2d8\"\n\t\t\t\n\t\t>\n<div class=\"sow-image-container\">\n\t\t\t<a href=\"https:\/\/toutcourtfestival.fr\/index.php\/selection-2020\/selections-2020-competition-anciens\/\"\n\t\t\t\t\t>\n\t\t\t<img \n\tsrc=\"https:\/\/i0.wp.com\/toutcourtfestival.fr\/wp-content\/uploads\/2020\/02\/photo1_Figurant.jpeg?resize=272%2C182&amp;ssl=1\" width=\"272\" height=\"182\" srcset=\"https:\/\/i0.wp.com\/toutcourtfestival.fr\/wp-content\/uploads\/2020\/02\/photo1_Figurant.jpeg?resize=272%2C182&amp;ssl=1 272w, https:\/\/i0.wp.com\/toutcourtfestival.fr\/wp-content\/uploads\/2020\/02\/photo1_Figurant.jpeg?zoom=2&amp;resize=272%2C182&amp;ssl=1 544w, https:\/\/i0.wp.com\/toutcourtfestival.fr\/wp-content\/uploads\/2020\/02\/photo1_Figurant.jpeg?zoom=3&amp;resize=272%2C182&amp;ssl=1 816w\" alt=\"\" \t\tclass=\"so-widget-image\"\/>\n\t\t\t<\/a><\/div>\n\n<\/div><\/div><div id=\"panel-w5e3ea1fc61ee6-1-2-3\" class=\"so-panel widget widget_sow-editor panel-last-child\" data-index=\"8\" ><div class=\"panel-widget-style panel-widget-style-for-w5e3ea1fc61ee6-1-2-3\" ><div\n\t\t\t\n\t\t\tclass=\"so-widget-sow-editor so-widget-sow-editor-base\"\n\t\t\t\n\t\t>\n<div class=\"siteorigin-widget-tinymce textwidget\">\n\t<p style=\"text-align: center;\"><strong>7 films<\/strong> - 1h15 + \u00e9changes avec les artistes.<br \/>\nSamedi 28 mars 2020 - 17h30<\/p>\n<\/div>\n<\/div><\/div><\/div><\/div><div id=\"pgc-w5e3ea1fc61ee6-1-3\"  class=\"panel-grid-cell panel-grid-cell-empty\" ><\/div><\/div><\/div><\/div><\/div><\/div><div id=\"pgc-7675-1-2\"  class=\"panel-grid-cell panel-grid-cell-mobile-last\" ><div id=\"panel-7675-1-2-0\" class=\"so-panel widget widget_siteorigin-panels-builder panel-first-child panel-last-child\" data-index=\"2\" ><div id=\"pl-w5e3ea1fc6364a\"  class=\"panel-layout\" ><div id=\"pg-w5e3ea1fc6364a-0\"  class=\"panel-grid panel-no-style\" ><div id=\"pgc-w5e3ea1fc6364a-0-0\"  class=\"panel-grid-cell\" ><div id=\"panel-w5e3ea1fc6364a-0-0-0\" class=\"so-panel widget widget_sow-headline panel-first-child panel-last-child\" data-index=\"0\" ><div class=\"panel-widget-style panel-widget-style-for-w5e3ea1fc6364a-0-0-0\" ><div\n\t\t\t\n\t\t\tclass=\"so-widget-sow-headline so-widget-sow-headline-default-85973e6e4ef5\"\n\t\t\t\n\t\t><div class=\"sow-headline-container \">\n\t\t\t\t\t\t<div class=\"decoration\">\n\t\t\t\t\t\t<div class=\"decoration-inside\"><\/div>\n\t\t\t\t\t<\/div>\n\t\t\t\t\t\t\t\t\t\t\t<h3 class=\"sow-sub-headline\">\n\t\t\t\t\t\tS\u00e9lections parall\u00e8les\t\t\t\t\t\t<\/h3>\n\t\t\t\t\t\t<\/div>\n<\/div><\/div><\/div><\/div><\/div><div id=\"pg-w5e3ea1fc6364a-1\"  class=\"panel-grid panel-no-style\" ><div id=\"pgc-w5e3ea1fc6364a-1-0\"  class=\"panel-grid-cell panel-grid-cell-empty\" ><\/div><div id=\"pgc-w5e3ea1fc6364a-1-1\"  class=\"panel-grid-cell panel-grid-cell-mobile-last\" ><div id=\"panel-w5e3ea1fc6364a-1-1-0\" class=\"so-panel widget widget_sow-button panel-first-child\" data-index=\"1\" ><div class=\"panel-widget-style panel-widget-style-for-w5e3ea1fc6364a-1-1-0\" ><div\n\t\t\t\n\t\t\tclass=\"so-widget-sow-button so-widget-sow-button-wire-4f862b5a3e3e\"\n\t\t\t\n\t\t><div class=\"ow-button-base ow-button-align-justify\"\n style=\"display: block;\">\n\t\t\t<a\n\t\t\t\t\thref=\"https:\/\/toutcourtfestival.fr\/index.php\/selection-2020\/selections-2020-juniors\/\"\n\t\t\t\t\tclass=\"sowb-button ow-icon-placement-left ow-button-hover\" \t>\n\t\t<span>\n\t\t\t\n\t\t\tEnfants du Tout Court !\t\t<\/span>\n\t\t\t<\/a>\n\t<\/div>\n<\/div><\/div><\/div><div id=\"panel-w5e3ea1fc6364a-1-1-1\" class=\"so-panel widget widget_sow-editor\" data-index=\"2\" ><div\n\t\t\t\n\t\t\tclass=\"so-widget-sow-editor so-widget-sow-editor-base\"\n\t\t\t\n\t\t>\n<div class=\"siteorigin-widget-tinymce textwidget\">\n\t<p style=\"text-align: justify;\">Une s\u00e9lection de films et animations accessibles aux juniors <strong>\u00e0 partir de l'\u00e2ge de 7 ans<\/strong>. A l'issu de la s\u00e9ance, les jeunes spectateurs voteront pour d\u00e9cerner le Prix des enfants du Tout Court&nbsp;! \u00e0 leur film pr\u00e9f\u00e9r\u00e9.<\/p>\n<\/div>\n<\/div><\/div><div id=\"panel-w5e3ea1fc6364a-1-1-2\" class=\"so-panel widget widget_sow-image\" data-index=\"3\" ><div\n\t\t\t\n\t\t\tclass=\"so-widget-sow-image so-widget-sow-image-default-a258e6bfa2d8\"\n\t\t\t\n\t\t>\n<div class=\"sow-image-container\">\n\t\t\t<a href=\"https:\/\/toutcourtfestival.fr\/index.php\/selection-2020\/selections-2020-juniors\/\"\n\t\t\t\t\t>\n\t\t\t<img \n\tsrc=\"https:\/\/i0.wp.com\/toutcourtfestival.fr\/wp-content\/uploads\/2020\/02\/photo1_La_T%C3%AAte_dans_les_Orties.png?resize=272%2C182&amp;ssl=1\" width=\"272\" height=\"182\" alt=\"\" \t\tclass=\"so-widget-image\"\/>\n\t\t\t<\/a><\/div>\n\n<\/div><\/div><div id=\"panel-w5e3ea1fc6364a-1-1-3\" class=\"so-panel widget widget_sow-editor panel-last-child\" data-index=\"4\" ><div class=\"panel-widget-style panel-widget-style-for-w5e3ea1fc6364a-1-1-3\" ><div\n\t\t\t\n\t\t\tclass=\"so-widget-sow-editor so-widget-sow-editor-base\"\n\t\t\t\n\t\t>\n<div class=\"siteorigin-widget-tinymce textwidget\">\n\t<p style=\"text-align: center;\"><strong>9 films<\/strong> - 1h07 + \u00e9changes avec les artistes.<br \/>\nDimanche 29 mars 2020 - 14h<\/p>\n<\/div>\n<\/div><\/div><\/div><\/div><div id=\"pgc-w5e3ea1fc6364a-1-2\"  class=\"panel-grid-cell panel-grid-cell-empty\" ><\/div><\/div><\/div><\/div><\/div><div id=\"pgc-7675-1-3\"  class=\"panel-grid-cell panel-grid-cell-empty\" ><\/div><\/div><\/div><div id=\"pg-7675-2\"  class=\"panel-grid panel-has-style\" ><div class=\"panel-row-style panel-row-style-for-7675-2\" ><div id=\"pgc-7675-2-0\"  class=\"panel-grid-cell\" ><div id=\"panel-7675-2-0-0\" class=\"so-panel widget widget_sow-headline panel-first-child panel-last-child\" data-index=\"3\" ><div\n\t\t\t\n\t\t\tclass=\"so-widget-sow-headline so-widget-sow-headline-default-a596bef50ae6-7675\"\n\t\t\t\n\t\t><div class=\"sow-headline-container \">\n\t\t\t\t\t\t<div class=\"decoration\">\n\t\t\t\t\t\t<div class=\"decoration-inside\"><\/div>\n\t\t\t\t\t<\/div>\n\t\t\t\t\t\t\t\t\t\t\t<h3 class=\"sow-sub-headline\">\n\t\t\t\t\t\tS\u00e9lections parall\u00e8les\t\t\t\t\t\t<\/h3>\n\t\t\t\t\t\t\t\t\t\t\t\t<p class=\"sow-headline\">\n\t\t\t\t\t\tNote : tous les films du festival concourent pour le Prix du Public, y compris dans les s\u00e9lections Hors Comp\u00e9tition\t\t\t\t\t\t<\/p>\n\t\t\t\t\t\t<\/div>\n<\/div><\/div><\/div><\/div><\/div><div id=\"pg-7675-3\"  class=\"panel-grid panel-has-style\" ><div class=\"panel-row-style panel-row-style-for-7675-3\" ><div id=\"pgc-7675-3-0\"  class=\"panel-grid-cell panel-grid-cell-empty\" ><\/div><div id=\"pgc-7675-3-1\"  class=\"panel-grid-cell\" ><div id=\"panel-7675-3-1-0\" class=\"so-panel widget widget_sow-button panel-first-child\" data-index=\"4\" ><div class=\"panel-widget-style panel-widget-style-for-7675-3-1-0\" ><div\n\t\t\t\n\t\t\tclass=\"so-widget-sow-button so-widget-sow-button-wire-4f862b5a3e3e-7675\"\n\t\t\t\n\t\t><div class=\"ow-button-base ow-button-align-justify\"\n style=\"display: block;\">\n\t\t\t<a\n\t\t\t\t\thref=\"https:\/\/toutcourtfestival.fr\/index.php\/selection-2020\/selections-2020-encadrants\/\"\n\t\t\t\t\tclass=\"sowb-button ow-icon-placement-left ow-button-hover\" \t>\n\t\t<span>\n\t\t\t\n\t\t\tS\u00e9lection des encadrants\t\t<\/span>\n\t\t\t<\/a>\n\t<\/div>\n<\/div><\/div><\/div><div id=\"panel-7675-3-1-1\" class=\"so-panel widget widget_sow-editor\" data-index=\"5\" ><div\n\t\t\t\n\t\t\tclass=\"so-widget-sow-editor so-widget-sow-editor-base\"\n\t\t\t\n\t\t>\n<div class=\"siteorigin-widget-tinymce textwidget\">\n\t<p style=\"text-align: justify;\">Films s\u00e9lectionn\u00e9s par les adultes ayant encadr\u00e9 les jeunes du Tout Court ! parmis ceux que ces derniers n'ont pas retenus.<\/p>\n<\/div>\n<\/div><\/div><div id=\"panel-7675-3-1-2\" class=\"so-panel widget widget_sow-image\" data-index=\"6\" ><div\n\t\t\t\n\t\t\tclass=\"so-widget-sow-image so-widget-sow-image-default-a258e6bfa2d8-7675\"\n\t\t\t\n\t\t>\n<div class=\"sow-image-container\">\n\t\t\t<a href=\"https:\/\/toutcourtfestival.fr\/index.php\/selection-2020\/selections-2020-encadrants\/\"\n\t\t\t\t\t>\n\t\t\t<img \n\tsrc=\"https:\/\/i0.wp.com\/toutcourtfestival.fr\/wp-content\/uploads\/2020\/02\/photo2_Lhomme_poule.png?resize=272%2C182&amp;ssl=1\" width=\"272\" height=\"182\" srcset=\"https:\/\/i0.wp.com\/toutcourtfestival.fr\/wp-content\/uploads\/2020\/02\/photo2_Lhomme_poule.png?resize=272%2C182&amp;ssl=1 272w, https:\/\/i0.wp.com\/toutcourtfestival.fr\/wp-content\/uploads\/2020\/02\/photo2_Lhomme_poule.png?zoom=2&amp;resize=272%2C182&amp;ssl=1 544w, https:\/\/i0.wp.com\/toutcourtfestival.fr\/wp-content\/uploads\/2020\/02\/photo2_Lhomme_poule.png?zoom=3&amp;resize=272%2C182&amp;ssl=1 816w\" title=\"photo2_L&#8217;homme_poule\" alt=\"\" \t\tclass=\"so-widget-image\"\/>\n\t\t\t<\/a><\/div>\n\n<\/div><\/div><div id=\"panel-7675-3-1-3\" class=\"so-panel widget widget_sow-editor panel-last-child\" data-index=\"7\" ><div class=\"panel-widget-style panel-widget-style-for-7675-3-1-3\" ><div\n\t\t\t\n\t\t\tclass=\"so-widget-sow-editor so-widget-sow-editor-base\"\n\t\t\t\n\t\t>\n<div class=\"siteorigin-widget-tinymce textwidget\">\n\t<p style=\"text-align: center;\"><strong>5 films<\/strong> - 1h02 + \u00e9changes avec les artistes.<br \/>\nVendredi 27 mars 2020 - 19h30<\/p>\n<\/div>\n<\/div><\/div><\/div><\/div><div id=\"pgc-7675-3-2\"  class=\"panel-grid-cell\" ><div id=\"panel-7675-3-2-0\" class=\"so-panel widget widget_sow-button panel-first-child\" data-index=\"8\" ><div class=\"panel-widget-style panel-widget-style-for-7675-3-2-0\" ><div\n\t\t\t\n\t\t\tclass=\"so-widget-sow-button so-widget-sow-button-wire-4f862b5a3e3e-7675\"\n\t\t\t\n\t\t><div class=\"ow-button-base ow-button-align-justify\"\n style=\"display: block;\">\n\t\t\t<a\n\t\t\t\t\thref=\"https:\/\/toutcourtfestival.fr\/index.php\/selection-2020\/selections-2020-films-decoles\/\"\n\t\t\t\t\tclass=\"sowb-button ow-icon-placement-left ow-button-hover\" \t>\n\t\t<span>\n\t\t\t\n\t\t\tFilms d'\u00e9coles\t\t<\/span>\n\t\t\t<\/a>\n\t<\/div>\n<\/div><\/div><\/div><div id=\"panel-7675-3-2-1\" class=\"so-panel widget widget_sow-editor\" data-index=\"9\" ><div\n\t\t\t\n\t\t\tclass=\"so-widget-sow-editor so-widget-sow-editor-base\"\n\t\t\t\n\t\t>\n<div class=\"siteorigin-widget-tinymce textwidget\">\n\t<p style=\"text-align: justify;\">S\u00e9lection de films r\u00e9alis\u00e9s par des \u00e9tudiants d'\u00e9coles de cin\u00e9ma dans le cadre de leur cursus scolaire.<\/p>\n<\/div>\n<\/div><\/div><div id=\"panel-7675-3-2-2\" class=\"so-panel widget widget_sow-image\" data-index=\"10\" ><div\n\t\t\t\n\t\t\tclass=\"so-widget-sow-image so-widget-sow-image-default-a258e6bfa2d8-7675\"\n\t\t\t\n\t\t>\n<div class=\"sow-image-container\">\n\t\t\t<a href=\"https:\/\/toutcourtfestival.fr\/index.php\/selection-2020\/selections-2020-films-decoles\/\"\n\t\t\t\t\t>\n\t\t\t<img \n\tsrc=\"https:\/\/i0.wp.com\/toutcourtfestival.fr\/wp-content\/uploads\/2020\/02\/photo2_LEcume_de_la_Ville.jpeg?resize=272%2C182&amp;ssl=1\" width=\"272\" height=\"182\" srcset=\"https:\/\/i0.wp.com\/toutcourtfestival.fr\/wp-content\/uploads\/2020\/02\/photo2_LEcume_de_la_Ville.jpeg?resize=272%2C182&amp;ssl=1 272w, https:\/\/i0.wp.com\/toutcourtfestival.fr\/wp-content\/uploads\/2020\/02\/photo2_LEcume_de_la_Ville.jpeg?zoom=2&amp;resize=272%2C182&amp;ssl=1 544w, https:\/\/i0.wp.com\/toutcourtfestival.fr\/wp-content\/uploads\/2020\/02\/photo2_LEcume_de_la_Ville.jpeg?zoom=3&amp;resize=272%2C182&amp;ssl=1 816w\" title=\"photo2_L&#8217;Ecume_de_la_Ville\" alt=\"\" \t\tclass=\"so-widget-image\"\/>\n\t\t\t<\/a><\/div>\n\n<\/div><\/div><div id=\"panel-7675-3-2-3\" class=\"so-panel widget widget_sow-editor panel-last-child\" data-index=\"11\" ><div class=\"panel-widget-style panel-widget-style-for-7675-3-2-3\" ><div\n\t\t\t\n\t\t\tclass=\"so-widget-sow-editor so-widget-sow-editor-base\"\n\t\t\t\n\t\t>\n<div class=\"siteorigin-widget-tinymce textwidget\">\n\t<p style=\"text-align: center;\"><strong>14 films<\/strong> - 1h07 + \u00e9changes avec les artistes.<br \/>\nSamedi 28 mars 2020 - 14h<\/p>\n<\/div>\n<\/div><\/div><\/div><\/div><div id=\"pgc-7675-3-3\"  class=\"panel-grid-cell panel-grid-cell-mobile-last\" ><div id=\"panel-7675-3-3-0\" class=\"so-panel widget widget_sow-button panel-first-child\" data-index=\"12\" ><div class=\"panel-widget-style panel-widget-style-for-7675-3-3-0\" ><div\n\t\t\t\n\t\t\tclass=\"so-widget-sow-button so-widget-sow-button-wire-4f862b5a3e3e-7675\"\n\t\t\t\n\t\t><div class=\"ow-button-base ow-button-align-justify\"\n style=\"display: block;\">\n\t\t\t<a\n\t\t\t\t\thref=\"https:\/\/toutcourtfestival.fr\/index.php\/selection-2020\/selections-2020-pas-pour-les-petits\/\"\n\t\t\t\t\tclass=\"sowb-button ow-icon-placement-left ow-button-hover\" \t>\n\t\t<span>\n\t\t\t\n\t\t\tSoir\u00e9e pas pour les petits !\t\t<\/span>\n\t\t\t<\/a>\n\t<\/div>\n<\/div><\/div><\/div><div id=\"panel-7675-3-3-1\" class=\"so-panel widget widget_sow-editor\" data-index=\"13\" ><div\n\t\t\t\n\t\t\tclass=\"so-widget-sow-editor so-widget-sow-editor-base\"\n\t\t\t\n\t\t>\n<div class=\"siteorigin-widget-tinymce textwidget\">\n\t<p style=\"text-align: justify;\">Samedi soir tard, quand les enfants sont couch\u00e9s : une s\u00e9lection <em>pas pour les petits<\/em>\u00a0!\u00a0<em>\u00a0<\/em><strong><span style=\"color: #ff0000;\">D\u00e9conseill\u00e9e aux moins de 14 ans.<\/span><\/strong><\/p>\n<\/div>\n<\/div><\/div><div id=\"panel-7675-3-3-2\" class=\"so-panel widget widget_sow-image\" data-index=\"14\" ><div\n\t\t\t\n\t\t\tclass=\"so-widget-sow-image so-widget-sow-image-default-a258e6bfa2d8-7675\"\n\t\t\t\n\t\t>\n<div class=\"sow-image-container\">\n\t\t\t<a href=\"https:\/\/toutcourtfestival.fr\/index.php\/selection-2020\/selections-2020-pas-pour-les-petits\/\"\n\t\t\t\t\t>\n\t\t\t<img \n\tsrc=\"https:\/\/i0.wp.com\/toutcourtfestival.fr\/wp-content\/uploads\/2020\/02\/photo1_Morning-After_Pill.png?resize=272%2C182&amp;ssl=1\" width=\"272\" height=\"182\" srcset=\"https:\/\/i0.wp.com\/toutcourtfestival.fr\/wp-content\/uploads\/2020\/02\/photo1_Morning-After_Pill.png?resize=272%2C182&amp;ssl=1 272w, https:\/\/i0.wp.com\/toutcourtfestival.fr\/wp-content\/uploads\/2020\/02\/photo1_Morning-After_Pill.png?zoom=2&amp;resize=272%2C182&amp;ssl=1 544w, https:\/\/i0.wp.com\/toutcourtfestival.fr\/wp-content\/uploads\/2020\/02\/photo1_Morning-After_Pill.png?zoom=3&amp;resize=272%2C182&amp;ssl=1 816w\" alt=\"\" \t\tclass=\"so-widget-image\"\/>\n\t\t\t<\/a><\/div>\n\n<\/div><\/div><div id=\"panel-7675-3-3-3\" class=\"so-panel widget widget_sow-editor panel-last-child\" data-index=\"15\" ><div class=\"panel-widget-style panel-widget-style-for-7675-3-3-3\" ><div\n\t\t\t\n\t\t\tclass=\"so-widget-sow-editor so-widget-sow-editor-base\"\n\t\t\t\n\t\t>\n<div class=\"siteorigin-widget-tinymce textwidget\">\n\t<p style=\"text-align: center;\"><strong>7 films<\/strong> - 1h25 + \u00e9changes avec les artistes.<br \/>\nSamedi 28 mars 2020 - 22h30<\/p>\n<\/div>\n<\/div><\/div><\/div><\/div><div id=\"pgc-7675-3-4\"  class=\"panel-grid-cell panel-grid-cell-empty\" ><\/div><\/div><\/div><div id=\"pg-7675-4\"  class=\"panel-grid panel-no-style\" ><div id=\"pgc-7675-4-0\"  class=\"panel-grid-cell\" ><div id=\"panel-7675-4-0-0\" class=\"so-panel widget widget_sow-headline panel-first-child panel-last-child\" data-index=\"16\" ><div\n\t\t\t\n\t\t\tclass=\"so-widget-sow-headline so-widget-sow-headline-default-a0d3e71be997-7675\"\n\t\t\t\n\t\t><div class=\"sow-headline-container \">\n\t\t\t\t\t\t<div class=\"decoration\">\n\t\t\t\t\t\t<div class=\"decoration-inside\"><\/div>\n\t\t\t\t\t<\/div>\n\t\t\t\t\t\t\t\t\t\t\t<h3 class=\"sow-sub-headline\">\n\t\t\t\t\t\tS\u00e9lections amateurs et films d'atelier\t\t\t\t\t\t<\/h3>\n\t\t\t\t\t\t\t\t\t\t\t\t<p class=\"sow-headline\">\n\t\t\t\t\t\tNote : tous les films du festival concourent pour le Prix du Public, y compris dans les s\u00e9lections Hors Comp\u00e9tition\t\t\t\t\t\t<\/p>\n\t\t\t\t\t\t<\/div>\n<\/div><\/div><\/div><\/div><div id=\"pg-7675-5\"  class=\"panel-grid panel-no-style\" ><div id=\"pgc-7675-5-0\"  class=\"panel-grid-cell panel-grid-cell-empty\" ><\/div><div id=\"pgc-7675-5-1\"  class=\"panel-grid-cell\" ><div id=\"panel-7675-5-1-0\" class=\"so-panel widget widget_sow-button panel-first-child\" data-index=\"17\" ><div class=\"panel-widget-style panel-widget-style-for-7675-5-1-0\" ><div\n\t\t\t\n\t\t\tclass=\"so-widget-sow-button so-widget-sow-button-wire-b8239bf88123-7675\"\n\t\t\t\n\t\t><div class=\"ow-button-base ow-button-align-justify\"\n style=\"display: block;\">\n\t\t\t<a\n\t\t\t\tclass=\"sowb-button ow-icon-placement-left ow-button-hover\" \t>\n\t\t<span>\n\t\t\t\n\t\t\tS\u00e9lection Amateur\t\t<\/span>\n\t\t\t<\/a>\n\t<\/div>\n<\/div><\/div><\/div><div id=\"panel-7675-5-1-1\" class=\"so-panel widget widget_sow-editor\" data-index=\"18\" ><div\n\t\t\t\n\t\t\tclass=\"so-widget-sow-editor so-widget-sow-editor-base\"\n\t\t\t\n\t\t>\n<div class=\"siteorigin-widget-tinymce textwidget\">\n\t<p style=\"text-align: justify;\">S\u00e9lection de films r\u00e9alis\u00e9s dans un contexte amateur, hors de toute production&nbsp; ou institution mais avec une qualit\u00e9 qui n'a souvent rien \u00e0 envier aux professionnels !<\/p>\n<\/div>\n<\/div><\/div><div id=\"panel-7675-5-1-2\" class=\"so-panel widget widget_sow-image\" data-index=\"19\" ><div\n\t\t\t\n\t\t\tclass=\"so-widget-sow-image so-widget-sow-image-default-a258e6bfa2d8-7675\"\n\t\t\t\n\t\t>\n<div class=\"sow-image-container\">\n\t\t<img \n\tsrc=\"https:\/\/i0.wp.com\/toutcourtfestival.fr\/wp-content\/uploads\/2018\/10\/ToutCourt-logo-Fond-transparent-format-1200x628-partage-Facebook.png?resize=272%2C182&amp;ssl=1\" width=\"272\" height=\"182\" srcset=\"https:\/\/i0.wp.com\/toutcourtfestival.fr\/wp-content\/uploads\/2018\/10\/ToutCourt-logo-Fond-transparent-format-1200x628-partage-Facebook.png?resize=272%2C182&amp;ssl=1 272w, https:\/\/i0.wp.com\/toutcourtfestival.fr\/wp-content\/uploads\/2018\/10\/ToutCourt-logo-Fond-transparent-format-1200x628-partage-Facebook.png?zoom=2&amp;resize=272%2C182&amp;ssl=1 544w, https:\/\/i0.wp.com\/toutcourtfestival.fr\/wp-content\/uploads\/2018\/10\/ToutCourt-logo-Fond-transparent-format-1200x628-partage-Facebook.png?zoom=3&amp;resize=272%2C182&amp;ssl=1 816w\" title=\"ToutCourt-logo-Fond transparent &#8211; format 1200&#215;628 partage Facebook\" alt=\"\" \t\tclass=\"so-widget-image\"\/>\n\t<\/div>\n\n<\/div><\/div><div id=\"panel-7675-5-1-3\" class=\"so-panel widget widget_sow-editor panel-last-child\" data-index=\"20\" ><div class=\"panel-widget-style panel-widget-style-for-7675-5-1-3\" ><div\n\t\t\t\n\t\t\tclass=\"so-widget-sow-editor so-widget-sow-editor-base\"\n\t\t\t\n\t\t>\n<div class=\"siteorigin-widget-tinymce textwidget\">\n\t<p style=\"text-align: center;\">Dimanche 29 mars 2020 apr\u00e8s-midi<\/p>\n<p style=\"text-align: center;\"><em>(L'horaire sera bient\u00f4t pr\u00e9cis\u00e9e)<\/em><\/p>\n<\/div>\n<\/div><\/div><\/div><\/div><div id=\"pgc-7675-5-2\"  class=\"panel-grid-cell panel-grid-cell-mobile-last\" ><div id=\"panel-7675-5-2-0\" class=\"so-panel widget widget_sow-button panel-first-child\" data-index=\"21\" ><div class=\"panel-widget-style panel-widget-style-for-7675-5-2-0\" ><div\n\t\t\t\n\t\t\tclass=\"so-widget-sow-button so-widget-sow-button-wire-b8239bf88123-7675\"\n\t\t\t\n\t\t><div class=\"ow-button-base ow-button-align-justify\"\n style=\"display: block;\">\n\t\t\t<a\n\t\t\t\tclass=\"sowb-button ow-icon-placement-left\" \t>\n\t\t<span>\n\t\t\t\n\t\t\tRencontres Jeune Cr\u00e9ation\t\t<\/span>\n\t\t\t<\/a>\n\t<\/div>\n<\/div><\/div><\/div><div id=\"panel-7675-5-2-1\" class=\"so-panel widget widget_sow-editor\" data-index=\"22\" ><div\n\t\t\t\n\t\t\tclass=\"so-widget-sow-editor so-widget-sow-editor-base\"\n\t\t\t\n\t\t>\n<div class=\"siteorigin-widget-tinymce textwidget\">\n\t<p style=\"text-align: justify;\">S\u00e9ance-rencontre o\u00f9 de jeunes r\u00e9alisateurs viennent pr\u00e9senter leurs films au public, r\u00e9alis\u00e9s seuls ou en ateliers. La s\u00e9lection sera bient\u00f4t d\u00e9voil\u00e9e !<\/p>\n<\/div>\n<\/div><\/div><div id=\"panel-7675-5-2-2\" class=\"so-panel widget widget_sow-image\" data-index=\"23\" ><div\n\t\t\t\n\t\t\tclass=\"so-widget-sow-image so-widget-sow-image-default-a258e6bfa2d8-7675\"\n\t\t\t\n\t\t>\n<div class=\"sow-image-container\">\n\t\t<img \n\tsrc=\"https:\/\/i0.wp.com\/toutcourtfestival.fr\/wp-content\/uploads\/2019\/09\/20161112_161959_ee.jpg?resize=272%2C182&amp;ssl=1\" width=\"272\" height=\"182\" srcset=\"https:\/\/i0.wp.com\/toutcourtfestival.fr\/wp-content\/uploads\/2019\/09\/20161112_161959_ee.jpg?resize=272%2C182&amp;ssl=1 272w, https:\/\/i0.wp.com\/toutcourtfestival.fr\/wp-content\/uploads\/2019\/09\/20161112_161959_ee.jpg?zoom=2&amp;resize=272%2C182&amp;ssl=1 544w, https:\/\/i0.wp.com\/toutcourtfestival.fr\/wp-content\/uploads\/2019\/09\/20161112_161959_ee.jpg?zoom=3&amp;resize=272%2C182&amp;ssl=1 816w\" alt=\"\" \t\tclass=\"so-widget-image\"\/>\n\t<\/div>\n\n<\/div><\/div><div id=\"panel-7675-5-2-3\" class=\"so-panel widget widget_sow-editor panel-last-child\" data-index=\"24\" ><div class=\"panel-widget-style panel-widget-style-for-7675-5-2-3\" ><div\n\t\t\t\n\t\t\tclass=\"so-widget-sow-editor so-widget-sow-editor-base\"\n\t\t\t\n\t\t>\n<div class=\"siteorigin-widget-tinymce textwidget\">\n\t<p style=\"text-align: center;\">Samedi 28 mars 2020 - 11h<\/p>\n<\/div>\n<\/div><\/div><\/div><\/div><div id=\"pgc-7675-5-3\"  class=\"panel-grid-cell panel-grid-cell-empty\" ><\/div><\/div><div id=\"pg-7675-6\"  class=\"panel-grid panel-no-style\" ><div id=\"pgc-7675-6-0\"  class=\"panel-grid-cell\" ><div id=\"panel-7675-6-0-0\" class=\"so-panel widget widget_sow-headline panel-first-child panel-last-child\" data-index=\"25\" ><div\n\t\t\t\n\t\t\tclass=\"so-widget-sow-headline so-widget-sow-headline-default-93ca6465d6df-7675\"\n\t\t\t\n\t\t><div class=\"sow-headline-container \">\n\t\t\t\t\t\t<div class=\"decoration\">\n\t\t\t\t\t\t<div class=\"decoration-inside\"><\/div>\n\t\t\t\t\t<\/div>\n\t\t\t\t\t\t\t\t\t\t\t<h3 class=\"sow-sub-headline\">\n\t\t\t\t\t\tS\u00e9ances sp\u00e9ciales\t\t\t\t\t\t<\/h3>\n\t\t\t\t\t\t<\/div>\n<\/div><\/div><\/div><\/div><div id=\"pg-7675-7\"  class=\"panel-grid panel-no-style\" ><div id=\"pgc-7675-7-0\"  class=\"panel-grid-cell panel-grid-cell-empty\" ><\/div><div id=\"pgc-7675-7-1\"  class=\"panel-grid-cell\" ><div id=\"panel-7675-7-1-0\" class=\"so-panel widget widget_sow-image panel-first-child\" data-index=\"26\" ><div\n\t\t\t\n\t\t\tclass=\"so-widget-sow-image so-widget-sow-image-default-a258e6bfa2d8-7675\"\n\t\t\t\n\t\t>\n<div class=\"sow-image-container\">\n\t\t\t<a href=\"https:\/\/toutcourtfestival.fr\/index.php\/selection-2020\/selections-2020-cine-concert\/\"\n\t\t\t\t\t>\n\t\t\t<img \n\tsrc=\"https:\/\/i0.wp.com\/toutcourtfestival.fr\/wp-content\/uploads\/2020\/02\/Steamboat-Bill-Jr-1450x800-c.jpg?fit=1450%2C800&amp;ssl=1\" width=\"1450\" height=\"800\" srcset=\"https:\/\/i0.wp.com\/toutcourtfestival.fr\/wp-content\/uploads\/2020\/02\/Steamboat-Bill-Jr-1450x800-c.jpg?w=1450&amp;ssl=1 1450w, https:\/\/i0.wp.com\/toutcourtfestival.fr\/wp-content\/uploads\/2020\/02\/Steamboat-Bill-Jr-1450x800-c.jpg?resize=300%2C166&amp;ssl=1 300w, https:\/\/i0.wp.com\/toutcourtfestival.fr\/wp-content\/uploads\/2020\/02\/Steamboat-Bill-Jr-1450x800-c.jpg?resize=1024%2C565&amp;ssl=1 1024w, https:\/\/i0.wp.com\/toutcourtfestival.fr\/wp-content\/uploads\/2020\/02\/Steamboat-Bill-Jr-1450x800-c.jpg?resize=768%2C424&amp;ssl=1 768w\" title=\"Steamboat-Bill-Jr-1450&#215;800-c\" alt=\"\" \t\tclass=\"so-widget-image\"\/>\n\t\t\t<\/a><\/div>\n\n<\/div><\/div><div id=\"panel-7675-7-1-1\" class=\"so-panel widget widget_sow-image\" data-index=\"27\" ><div\n\t\t\t\n\t\t\tclass=\"so-widget-sow-image so-widget-sow-image-default-a258e6bfa2d8-7675\"\n\t\t\t\n\t\t>\n<div class=\"sow-image-container\">\n\t\t\t<a href=\"https:\/\/toutcourtfestival.fr\/index.php\/selection-2020\/selections-2020-cine-concert\/\"\n\t\t\t\t\t>\n\t\t\t<img \n\tsrc=\"https:\/\/i0.wp.com\/toutcourtfestival.fr\/wp-content\/uploads\/2020\/02\/gaelsolocello1-scaled.jpg?fit=2560%2C1706&amp;ssl=1\" width=\"2560\" height=\"1706\" srcset=\"https:\/\/i0.wp.com\/toutcourtfestival.fr\/wp-content\/uploads\/2020\/02\/gaelsolocello1-scaled.jpg?w=2560&amp;ssl=1 2560w, https:\/\/i0.wp.com\/toutcourtfestival.fr\/wp-content\/uploads\/2020\/02\/gaelsolocello1-scaled.jpg?resize=300%2C200&amp;ssl=1 300w, https:\/\/i0.wp.com\/toutcourtfestival.fr\/wp-content\/uploads\/2020\/02\/gaelsolocello1-scaled.jpg?resize=1024%2C682&amp;ssl=1 1024w, https:\/\/i0.wp.com\/toutcourtfestival.fr\/wp-content\/uploads\/2020\/02\/gaelsolocello1-scaled.jpg?resize=768%2C512&amp;ssl=1 768w, https:\/\/i0.wp.com\/toutcourtfestival.fr\/wp-content\/uploads\/2020\/02\/gaelsolocello1-scaled.jpg?resize=1536%2C1024&amp;ssl=1 1536w, https:\/\/i0.wp.com\/toutcourtfestival.fr\/wp-content\/uploads\/2020\/02\/gaelsolocello1-scaled.jpg?resize=2048%2C1365&amp;ssl=1 2048w, https:\/\/i0.wp.com\/toutcourtfestival.fr\/wp-content\/uploads\/2020\/02\/gaelsolocello1-scaled.jpg?resize=272%2C182&amp;ssl=1 272w\" title=\"gaelsolocello1\" alt=\"\" \t\tclass=\"so-widget-image\"\/>\n\t\t\t<\/a><\/div>\n\n<\/div><\/div><div id=\"panel-7675-7-1-2\" class=\"so-panel widget widget_sow-image panel-last-child\" data-index=\"28\" ><div\n\t\t\t\n\t\t\tclass=\"so-widget-sow-image so-widget-sow-image-default-a258e6bfa2d8-7675\"\n\t\t\t\n\t\t>\n<div class=\"sow-image-container\">\n\t\t<img \n\tsrc=\"https:\/\/i0.wp.com\/toutcourtfestival.fr\/wp-content\/uploads\/2019\/06\/P1044256.MOV_20190610_180042.962.jpg?fit=1920%2C1080&amp;ssl=1\" width=\"1920\" height=\"1080\" srcset=\"https:\/\/i0.wp.com\/toutcourtfestival.fr\/wp-content\/uploads\/2019\/06\/P1044256.MOV_20190610_180042.962.jpg?w=1920&amp;ssl=1 1920w, https:\/\/i0.wp.com\/toutcourtfestival.fr\/wp-content\/uploads\/2019\/06\/P1044256.MOV_20190610_180042.962.jpg?resize=300%2C169&amp;ssl=1 300w, https:\/\/i0.wp.com\/toutcourtfestival.fr\/wp-content\/uploads\/2019\/06\/P1044256.MOV_20190610_180042.962.jpg?resize=768%2C432&amp;ssl=1 768w, https:\/\/i0.wp.com\/toutcourtfestival.fr\/wp-content\/uploads\/2019\/06\/P1044256.MOV_20190610_180042.962.jpg?resize=1024%2C576&amp;ssl=1 1024w\" alt=\"\" \t\tclass=\"so-widget-image\"\/>\n\t<\/div>\n\n<\/div><\/div><\/div><div id=\"pgc-7675-7-2\"  class=\"panel-grid-cell panel-grid-cell-mobile-last\" ><div id=\"panel-7675-7-2-0\" class=\"so-panel widget widget_sow-button panel-first-child\" data-index=\"29\" ><div class=\"panel-widget-style panel-widget-style-for-7675-7-2-0\" ><div\n\t\t\t\n\t\t\tclass=\"so-widget-sow-button so-widget-sow-button-wire-714197625f8f-7675\"\n\t\t\t\n\t\t><div class=\"ow-button-base ow-button-align-justify\"\n style=\"display: block;\">\n\t\t\t<a\n\t\t\t\t\thref=\"https:\/\/toutcourtfestival.fr\/index.php\/selection-2020\/selections-2020-cine-concert\/\"\n\t\t\t\t\tclass=\"sowb-button ow-icon-placement-left ow-button-hover\" \t>\n\t\t<span>\n\t\t\t\n\t\t\tCin\u00e9-Concert\t\t<\/span>\n\t\t\t<\/a>\n\t<\/div>\n<\/div><\/div><\/div><div id=\"panel-7675-7-2-1\" class=\"so-panel widget widget_sow-editor\" data-index=\"30\" ><div\n\t\t\t\n\t\t\tclass=\"so-widget-sow-editor so-widget-sow-editor-base\"\n\t\t\t\n\t\t>\n<div class=\"siteorigin-widget-tinymce textwidget\">\n\t<p style=\"text-align: justify;\">Une soir\u00e9e exceptionnelle <strong>Buster Keaton<\/strong> ! L'homme qui ne sourit jamais dans l'une de ses plus grandes com\u00e9dies: <strong>Steambot Bill Junior<\/strong> (en fran\u00e7ais: \"Cadet d'eau douce\"), avec d\u2019impressionnantes cascades, parfois tr\u00e8s risqu\u00e9es mais qu'il ex\u00e9cutait toujours en personne!&nbsp; Le film sera mis en musique sur sc\u00e8ne <em>en live<\/em> par le violoncelliste, percussionniste et chanteur <strong>Ga\u00ebl Mevel<\/strong>.<\/p>\n<p><span style=\"font-size: 10pt;\"><em>Avec le soutien de l'ADRC (Agence pour le D\u00e9veloppement R\u00e9gional du Cin\u00e9ma)<\/em><\/span><\/p>\n<p style=\"text-align: justify;\">La soir\u00e9e d\u00e9butera avec la c\u00e9r\u00e9monie de remise des prix du festival.<\/p>\n<\/div>\n<\/div><\/div><div id=\"panel-7675-7-2-2\" class=\"so-panel widget widget_sow-editor\" data-index=\"31\" ><div class=\"panel-widget-style panel-widget-style-for-7675-7-2-2\" ><div\n\t\t\t\n\t\t\tclass=\"so-widget-sow-editor so-widget-sow-editor-base\"\n\t\t\t\n\t\t>\n<div class=\"siteorigin-widget-tinymce textwidget\">\n\t<p style=\"text-align: center;\">Samedi 28 mars - 20h30<\/p>\n<\/div>\n<\/div><\/div><\/div><div id=\"panel-7675-7-2-3\" class=\"so-panel widget widget_sow-button\" data-index=\"32\" ><div class=\"panel-widget-style panel-widget-style-for-7675-7-2-3\" ><div\n\t\t\t\n\t\t\tclass=\"so-widget-sow-button so-widget-sow-button-wire-714197625f8f-7675\"\n\t\t\t\n\t\t><div class=\"ow-button-base ow-button-align-justify\"\n style=\"display: block;\">\n\t\t\t<a\n\t\t\t\t\thref=\"https:\/\/toutcourtfestival.fr\/index.php\/selection-2020\/selections-2020-encadrants\/\"\n\t\t\t\t\tclass=\"sowb-button ow-icon-placement-left ow-button-hover\" \t>\n\t\t<span>\n\t\t\t\n\t\t\tSoir\u00e9e d'ouverture\t\t<\/span>\n\t\t\t<\/a>\n\t<\/div>\n<\/div><\/div><\/div><div id=\"panel-7675-7-2-4\" class=\"so-panel widget widget_sow-editor\" data-index=\"33\" ><div\n\t\t\t\n\t\t\tclass=\"so-widget-sow-editor so-widget-sow-editor-base\"\n\t\t\t\n\t\t>\n<div class=\"siteorigin-widget-tinymce textwidget\">\n\t<ul>\n<li style=\"text-align: justify;\">S\u00e9lection de 5 court-m\u00e9trage <em><a href=\"https:\/\/toutcourtfestival.fr\/index.php\/selection-2020\/selections-2020-encadrants\/\">Les encadrants<\/a><\/em> suivi d'un \u00e9change avec les artistes<\/li>\n<li>Le reste du programme sera bient\u00f4t d\u00e9voil\u00e9!<\/li>\n<\/ul>\n<\/div>\n<\/div><\/div><div id=\"panel-7675-7-2-5\" class=\"so-panel widget widget_sow-editor\" data-index=\"34\" ><div class=\"panel-widget-style panel-widget-style-for-7675-7-2-5\" ><div\n\t\t\t\n\t\t\tclass=\"so-widget-sow-editor so-widget-sow-editor-base\"\n\t\t\t\n\t\t>\n<div class=\"siteorigin-widget-tinymce textwidget\">\n\t<p style=\"text-align: center;\">Vendredi 27 mars - 19h30<\/p>\n<\/div>\n<\/div><\/div><\/div><div id=\"panel-7675-7-2-6\" class=\"so-panel widget widget_sow-button\" data-index=\"35\" ><div class=\"panel-widget-style panel-widget-style-for-7675-7-2-6\" ><div\n\t\t\t\n\t\t\tclass=\"so-widget-sow-button so-widget-sow-button-wire-714197625f8f-7675\"\n\t\t\t\n\t\t><div class=\"ow-button-base ow-button-align-justify\"\n style=\"display: block;\">\n\t\t\t<a\n\t\t\t\tclass=\"sowb-button ow-icon-placement-left ow-button-hover\" \t>\n\t\t<span>\n\t\t\t\n\t\t\tCl\u00f4ture du festival\t\t<\/span>\n\t\t\t<\/a>\n\t<\/div>\n<\/div><\/div><\/div><div id=\"panel-7675-7-2-7\" class=\"so-panel widget widget_sow-editor\" data-index=\"36\" ><div\n\t\t\t\n\t\t\tclass=\"so-widget-sow-editor so-widget-sow-editor-base\"\n\t\t\t\n\t\t>\n<div class=\"siteorigin-widget-tinymce textwidget\">\n\t<p style=\"text-align: justify;\">Cl\u00f4ture du festival, remise des derniers prix (prix du public et prix des Enfants du Tout Court !) et reprise de tous les films prim\u00e9s.<\/p>\n<\/div>\n<\/div><\/div><div id=\"panel-7675-7-2-8\" class=\"so-panel widget widget_sow-editor panel-last-child\" data-index=\"37\" ><div class=\"panel-widget-style panel-widget-style-for-7675-7-2-8\" ><div\n\t\t\t\n\t\t\tclass=\"so-widget-sow-editor so-widget-sow-editor-base\"\n\t\t\t\n\t\t>\n<div class=\"siteorigin-widget-tinymce textwidget\">\n\t<p style=\"text-align: center;\">Dimanche 29 mars en fin d'apr\u00e8s-midi<\/p>\n<p style=\"text-align: center;\"><em>(L'horaire sera bient\u00f4t pr\u00e9cis\u00e9e)<\/em><\/p>\n<p>&nbsp;<\/p>\n<p>&nbsp;<\/p>\n<p>&nbsp;<\/p>\n<p>&nbsp;<\/p>\n<\/div>\n<\/div><\/div><\/div><\/div><div id=\"pgc-7675-7-3\"  class=\"panel-grid-cell panel-grid-cell-empty\" ><\/div><\/div><div id=\"pg-7675-8\"  class=\"panel-grid panel-no-style\" ><div id=\"pgc-7675-8-0\"  class=\"panel-grid-cell panel-grid-cell-empty\" ><\/div><div id=\"pgc-7675-8-1\"  class=\"panel-grid-cell\" ><div id=\"panel-7675-8-1-0\" class=\"so-panel widget widget_sow-button panel-first-child\" data-index=\"38\" ><div class=\"panel-widget-style panel-widget-style-for-7675-8-1-0\" ><div\n\t\t\t\n\t\t\tclass=\"so-widget-sow-button so-widget-sow-button-wire-714197625f8f-7675\"\n\t\t\t\n\t\t><div class=\"ow-button-base ow-button-align-justify\"\n style=\"display: block;\">\n\t\t\t<a\n\t\t\t\t\thref=\"https:\/\/toutcourtfestival.fr\/index.php\/selection-2020\/selection-2020-ateliers\/\"\n\t\t\t\t\tclass=\"sowb-button ow-icon-placement-left ow-button-hover\" \t>\n\t\t<span>\n\t\t\t\n\t\t\tAteliers pratiques \/ d\u00e9couvertes\t\t<\/span>\n\t\t\t<\/a>\n\t<\/div>\n<\/div><\/div><\/div><div id=\"panel-7675-8-1-1\" class=\"so-panel widget widget_sow-editor panel-last-child\" data-index=\"39\" ><div\n\t\t\t\n\t\t\tclass=\"so-widget-sow-editor so-widget-sow-editor-base\"\n\t\t\t\n\t\t>\n<div class=\"siteorigin-widget-tinymce textwidget\">\n\t<ul>\n<li><strong>Atelier Pocket Film<\/strong> \/ R\u00e9alisation d'un film de A \u00e0 Z avec un smartphone. Anim\u00e9 par le r\u00e9alisateur Olivier Lallart<\/li>\n<\/ul>\n<p style=\"text-align: center;\">Samedi 28 mars 2020 - 14h<\/p>\n<ul>\n<li><strong>Atelier Films d'Animations<\/strong> - anim\u00e9 par le r\u00e9alisateur Nicolas Bellanger.<\/li>\n<\/ul>\n<p style=\"text-align: center;\">Dimanche 29 mars 2020 apr\u00e8s-midi - <em>(l'horaire sera bient\u00f4t pr\u00e9cis\u00e9e)<\/em><\/p>\n<ul>\n<li style=\"text-align: justify;\"><strong>Troisi\u00e8me atelier: <\/strong>\u00e0 confirmer.<\/li>\n<\/ul>\n<\/div>\n<\/div><\/div><\/div><div id=\"pgc-7675-8-2\"  class=\"panel-grid-cell panel-grid-cell-mobile-last\" ><div id=\"panel-7675-8-2-0\" class=\"so-panel widget widget_sow-image panel-first-child panel-last-child\" data-index=\"40\" ><div\n\t\t\t\n\t\t\tclass=\"so-widget-sow-image so-widget-sow-image-default-a258e6bfa2d8-7675\"\n\t\t\t\n\t\t>\n<div class=\"sow-image-container\">\n\t\t\t<a href=\"https:\/\/toutcourtfestival.fr\/index.php\/selection-2020\/selection-2020-ateliers\/\"\n\t\t\t\t\t>\n\t\t\t<img \n\tsrc=\"https:\/\/i0.wp.com\/toutcourtfestival.fr\/wp-content\/uploads\/2019\/06\/20190511_172553.jpg?resize=272%2C182&amp;ssl=1\" width=\"272\" height=\"182\" srcset=\"https:\/\/i0.wp.com\/toutcourtfestival.fr\/wp-content\/uploads\/2019\/06\/20190511_172553.jpg?resize=272%2C182&amp;ssl=1 272w, https:\/\/i0.wp.com\/toutcourtfestival.fr\/wp-content\/uploads\/2019\/06\/20190511_172553.jpg?zoom=2&amp;resize=272%2C182&amp;ssl=1 544w, https:\/\/i0.wp.com\/toutcourtfestival.fr\/wp-content\/uploads\/2019\/06\/20190511_172553.jpg?zoom=3&amp;resize=272%2C182&amp;ssl=1 816w\" alt=\"\" \t\tclass=\"so-widget-image\"\/>\n\t\t\t<\/a><\/div>\n\n<\/div><\/div><\/div><div id=\"pgc-7675-8-3\"  class=\"panel-grid-cell panel-grid-cell-empty\" ><\/div><\/div><div id=\"pg-7675-9\"  class=\"panel-grid panel-no-style\" ><div id=\"pgc-7675-9-0\"  class=\"panel-grid-cell\" ><div id=\"panel-7675-9-0-0\" class=\"so-panel widget widget_sow-headline panel-first-child panel-last-child\" data-index=\"41\" ><div\n\t\t\t\n\t\t\tclass=\"so-widget-sow-headline so-widget-sow-headline-default-bf74ee2266e1-7675\"\n\t\t\t\n\t\t><div class=\"sow-headline-container \">\n\t\t\t\t\t\t<div class=\"decoration\">\n\t\t\t\t\t\t<div class=\"decoration-inside\"><\/div>\n\t\t\t\t\t<\/div>\n\t\t\t\t\t\t\t\t\t\t\t<h3 class=\"sow-sub-headline\">\n\t\t\t\t\t\tBilletterie en ligne\t\t\t\t\t\t<\/h3>\n\t\t\t\t\t\t<\/div>\n<\/div><\/div><\/div><\/div><div id=\"pg-7675-10\"  class=\"panel-grid panel-no-style\" ><div id=\"pgc-7675-10-0\"  class=\"panel-grid-cell panel-grid-cell-empty\" ><\/div><div id=\"pgc-7675-10-1\"  class=\"panel-grid-cell panel-grid-cell-mobile-last\" ><div id=\"panel-7675-10-1-0\" class=\"so-panel widget widget_sow-editor panel-first-child panel-last-child\" data-index=\"42\" ><div\n\t\t\t\n\t\t\tclass=\"so-widget-sow-editor so-widget-sow-editor-base\"\n\t\t\t\n\t\t>\n<div class=\"siteorigin-widget-tinymce textwidget\">\n\t<p style=\"text-align: justify;\">Vous pourrez acheter vos billets sur place au moment du festival (en esp\u00e8ces) ou r\u00e9server d\u00e8s maintenant en ligne avec le formulaire ci-dessous (par CB).&nbsp; <span style=\"text-decoration: underline;\">Attention<\/span>: le nombre de place pour les ateliers est limit\u00e9 !<\/p>\n<p>Propuls\u00e9 par <a href=\"https:\/\/www.helloasso.com\" rel=\"nofollow\">HelloAsso<\/a><br \/>\n<iframe id=\"haWidget\" style=\"width: 100%; height: 1000px; border: none;\" src=\"https:\/\/www.helloasso.com\/associations\/tout-court-eure\/evenements\/tout-court-festival-du-court-metrage-de-gisors-edition-4\/widget\" scrolling=\"auto\"><\/iframe><\/p>\n<div style=\"width: 100%; text-align: center;\">Propuls\u00e9 par <a href=\"https:\/\/www.helloasso.com\" rel=\"nofollow\">HelloAsso<\/a><\/div>\n<\/div>\n<\/div><\/div><\/div><div id=\"pgc-7675-10-2\"  class=\"panel-grid-cell panel-grid-cell-empty\" ><\/div><\/div><div id=\"pg-7675-11\"  class=\"panel-grid panel-no-style\" ><div id=\"pgc-7675-11-0\"  class=\"panel-grid-cell\" ><div id=\"panel-7675-11-0-0\" class=\"so-panel widget widget_text panel-first-child panel-last-child\" data-index=\"43\" >\t\t\t<div class=\"textwidget\"><style>.entry-title {display:none;}<\/style> <\/div>\n\t\t<\/div><\/div><\/div><\/div>","protected":false},"excerpt":{"rendered":"<p>Tout Court ! S\u00e9lections 2020 S\u00e9lections Comp\u00e9tition <a href=\"https:\/\/toutcourtfestival.fr\/index.php\/selection-2020\/selections-2020-competition-nouveaux\/\" class=\"sowb-button ow-icon-placement-left ow-button-hover\"> S\u00e9lection des Nouveaux <\/a> <\/p>\n<p style=\"text-align: justify;\">Films s\u00e9lectionn\u00e9s pour la <strong>comp\u00e9tition <\/strong>par une \u00e9quipe de tout jeunes fra\u00eechement arriv\u00e9s \u00e0 l&#8217;association Tout Court ! Encadr\u00e9s par leurs a\u00een\u00e9s et les b\u00e9n\u00e9voles, ils ont r\u00e9alis\u00e9 leur toute premi\u00e8re s\u00e9lection pour un festival !<\/p>\n<p> &hellip; <\/p>\n<p><a class=\"more-link btn\" href=\"https:\/\/toutcourtfestival.fr\/index.php\/selection-2020\/\">Continue reading<\/a><\/p>\n","protected":false},"author":1,"featured_media":7977,"parent":0,"menu_order":0,"comment_status":"closed","ping_status":"closed","template":"","meta":{"ngg_post_thumbnail":0,"jetpack_post_was_ever_published":false,"footnotes":""},"class_list":["post-7675","page","type-page","status-publish","has-post-thumbnail","hentry","nodate","item-wrap"],"jetpack_sharing_enabled":true,"jetpack_shortlink":"https:\/\/wp.me\/P8k6iw-1ZN","jetpack_likes_enabled":true,"_links":{"self":[{"href":"https:\/\/toutcourtfestival.fr\/index.php\/wp-json\/wp\/v2\/pages\/7675","targetHints":{"allow":["GET"]}}],"collection":[{"href":"https:\/\/toutcourtfestival.fr\/index.php\/wp-json\/wp\/v2\/pages"}],"about":[{"href":"https:\/\/toutcourtfestival.fr\/index.php\/wp-json\/wp\/v2\/types\/page"}],"author":[{"embeddable":true,"href":"https:\/\/toutcourtfestival.fr\/index.php\/wp-json\/wp\/v2\/users\/1"}],"replies":[{"embeddable":true,"href":"https:\/\/toutcourtfestival.fr\/index.php\/wp-json\/wp\/v2\/comments?post=7675"}],"version-history":[{"count":0,"href":"https:\/\/toutcourtfestival.fr\/index.php\/wp-json\/wp\/v2\/pages\/7675\/revisions"}],"wp:featuredmedia":[{"embeddable":true,"href":"https:\/\/toutcourtfestival.fr\/index.php\/wp-json\/wp\/v2\/media\/7977"}],"wp:attachment":[{"href":"https:\/\/toutcourtfestival.fr\/index.php\/wp-json\/wp\/v2\/media?parent=7675"}],"curies":[{"name":"wp","href":"https:\/\/api.w.org\/{rel}","templated":true}]}}