{"id":8806,"date":"2023-02-21T22:08:44","date_gmt":"2023-02-21T21:08:44","guid":{"rendered":"https:\/\/toutcourtfestival.fr\/?page_id=8806"},"modified":"2023-02-26T02:32:37","modified_gmt":"2023-02-26T01:32:37","slug":"jury-2023","status":"publish","type":"page","link":"https:\/\/toutcourtfestival.fr\/index.php\/jury-2023\/","title":{"rendered":"Jury 2023"},"content":{"rendered":"<div id=\"pl-8806\"  class=\"panel-layout\" ><div id=\"pg-8806-0\"  class=\"panel-grid panel-no-style\" ><div id=\"pgc-8806-0-0\"  class=\"panel-grid-cell\" ><div id=\"panel-8806-0-0-0\" class=\"so-panel widget widget_sow-headline panel-first-child panel-last-child\" data-index=\"0\" ><div\n\t\t\t\n\t\t\tclass=\"so-widget-sow-headline so-widget-sow-headline-default-0115510059e4-8806\"\n\t\t\t\n\t\t><div class=\"sow-headline-container \">\n\t\t\t\t\t\t\t<h1 class=\"sow-headline\">\n\t\t\t\t\t\tJury de l'\u00e9dition 2023\t\t\t\t\t\t<\/h1>\n\t\t\t\t\t\t\t\t\t\t\t<div class=\"decoration\">\n\t\t\t\t\t\t<div class=\"decoration-inside\"><\/div>\n\t\t\t\t\t<\/div>\n\t\t\t\t\t\t\t\t\t\t\t<h3 class=\"sow-sub-headline\">\n\t\t\t\t\t\tJury Pro\t\t\t\t\t\t<\/h3>\n\t\t\t\t\t\t<\/div>\n<\/div><\/div><\/div><\/div><div id=\"pg-8806-1\"  class=\"panel-grid panel-no-style\" ><div id=\"pgc-8806-1-0\"  class=\"panel-grid-cell panel-grid-cell-empty\" ><\/div><div id=\"pgc-8806-1-1\"  class=\"panel-grid-cell panel-grid-cell-mobile-last\" ><div id=\"panel-8806-1-1-0\" class=\"so-panel widget widget_sow-editor panel-first-child panel-last-child\" data-index=\"1\" ><div\n\t\t\t\n\t\t\tclass=\"so-widget-sow-editor so-widget-sow-editor-base\"\n\t\t\t\n\t\t>\n<div class=\"siteorigin-widget-tinymce textwidget\">\n\t<p style=\"text-align: justify;\"><span style=\"font-size: 12pt;\"><span style=\"font-size: 12pt;\">Le jury pro est compos\u00e9 d'artistes (r\u00e9alisateurs, acteurs...), producteurs et professionnels du cin\u00e9ma. Il est renouvel\u00e9 \u00e0 chaque \u00e9dition. Il d\u00e9cerne le <\/span><strong style=\"font-size: 12pt;\">Grand Prix du Jury,<\/strong><span style=\"font-size: 12pt;\"> \u00e9ventuellement accompagn\u00e9 d'un <\/span><b style=\"font-size: 12pt;\">Coup de <\/b><b>C\u0153ur<\/b><b style=\"font-size: 12pt;\"> du Jury.<\/b><\/span><\/p>\n<\/div>\n<\/div><\/div><\/div><div id=\"pgc-8806-1-2\"  class=\"panel-grid-cell panel-grid-cell-empty\" ><\/div><\/div><div id=\"pg-8806-2\"  class=\"panel-grid panel-has-style\" ><div class=\"panel-row-style panel-row-style-for-8806-2\" ><div id=\"pgc-8806-2-0\"  class=\"panel-grid-cell\" ><div id=\"panel-8806-2-0-0\" class=\"so-panel widget widget_sow-editor panel-first-child\" data-index=\"2\" ><div class=\"panel-widget-style panel-widget-style-for-8806-2-0-0\" ><div\n\t\t\t\n\t\t\tclass=\"so-widget-sow-editor so-widget-sow-editor-base\"\n\t\t\t\n\t\t>\n<div class=\"siteorigin-widget-tinymce textwidget\">\n\t<h1 style=\"text-align: justify;\"><span style=\"color: #e6e6e6;\"><b>C\u00e9line Vanlint<\/b><\/span><b><\/b><\/h1>\n<\/div>\n<\/div><\/div><\/div><div id=\"panel-8806-2-0-1\" class=\"so-panel widget widget_siteorigin-panels-builder panel-last-child\" data-index=\"3\" ><div id=\"pl-w63f532dd091aa\"  class=\"panel-layout\" ><div id=\"pg-w63f532dd091aa-0\"  class=\"panel-grid panel-no-style\" ><div id=\"pgc-w63f532dd091aa-0-0\"  class=\"panel-grid-cell panel-grid-cell-empty\" ><\/div><div id=\"pgc-w63f532dd091aa-0-1\"  class=\"panel-grid-cell\" ><div id=\"panel-w63f532dd091aa-0-1-0\" class=\"so-panel widget widget_sow-image panel-first-child panel-last-child\" data-index=\"0\" ><div class=\"panel-widget-style panel-widget-style-for-w63f532dd091aa-0-1-0\" ><div\n\t\t\t\n\t\t\tclass=\"so-widget-sow-image so-widget-sow-image-default-4e6925654b7a\"\n\t\t\t\n\t\t>\n<div class=\"sow-image-container\">\n\t\t<img \n\tsrc=\"https:\/\/i0.wp.com\/toutcourtfestival.fr\/wp-content\/uploads\/2023\/02\/ID-CELINE.jpg?fit=229%2C300&amp;ssl=1\" width=\"229\" height=\"300\" srcset=\"https:\/\/i0.wp.com\/toutcourtfestival.fr\/wp-content\/uploads\/2023\/02\/ID-CELINE.jpg?w=946&amp;ssl=1 946w, https:\/\/i0.wp.com\/toutcourtfestival.fr\/wp-content\/uploads\/2023\/02\/ID-CELINE.jpg?resize=229%2C300&amp;ssl=1 229w, https:\/\/i0.wp.com\/toutcourtfestival.fr\/wp-content\/uploads\/2023\/02\/ID-CELINE.jpg?resize=780%2C1024&amp;ssl=1 780w, https:\/\/i0.wp.com\/toutcourtfestival.fr\/wp-content\/uploads\/2023\/02\/ID-CELINE.jpg?resize=768%2C1008&amp;ssl=1 768w\" title=\"ID CELINE\" alt=\"\" \t\tclass=\"so-widget-image\"\/>\n\t<\/div>\n\n<\/div><\/div><\/div><\/div><div id=\"pgc-w63f532dd091aa-0-2\"  class=\"panel-grid-cell\" ><div id=\"panel-w63f532dd091aa-0-2-0\" class=\"so-panel widget widget_sow-editor panel-first-child panel-last-child\" data-index=\"1\" ><div\n\t\t\t\n\t\t\tclass=\"so-widget-sow-editor so-widget-sow-editor-base\"\n\t\t\t\n\t\t>\n<div class=\"siteorigin-widget-tinymce textwidget\">\n\t<p style=\"text-align: justify;\"><span style=\"font-size: 12pt; color: #e6e6e6;\">Apr\u00e8s des \u00e9tudes de th\u00e9\u00e2tre, C\u00e9line Vanlint se tourne vers la production et rejoint la soci\u00e9t\u00e9 Eddy en 2015 comme charg\u00e9e du d\u00e9veloppement puis productrice. En bin\u00f4me avec Nicolas de Rosanbo, elle produit des projets de fiction et d'animation comme Noir-Soleil de Marie Larriv\u00e9, s\u00e9lectionn\u00e9 \u00e0 La Semaine de la Critique \u00e0 Cannes en 2021, Guerre Las de Jean-Baptiste Bertholom et Margarethe 89 de Lucas Malbrun, dont la sortie est pr\u00e9vue pour 2023. <\/span><\/p>\n<\/div>\n<\/div><\/div><\/div><\/div><\/div><\/div><\/div><\/div><\/div><div id=\"pg-8806-3\"  class=\"panel-grid panel-has-style\" ><div class=\"panel-row-style panel-row-style-for-8806-3\" ><div id=\"pgc-8806-3-0\"  class=\"panel-grid-cell\" ><div id=\"panel-8806-3-0-0\" class=\"so-panel widget widget_sow-editor panel-first-child\" data-index=\"4\" ><div class=\"panel-widget-style panel-widget-style-for-8806-3-0-0\" ><div\n\t\t\t\n\t\t\tclass=\"so-widget-sow-editor so-widget-sow-editor-base\"\n\t\t\t\n\t\t>\n<div class=\"siteorigin-widget-tinymce textwidget\">\n\t<h1 style=\"text-align: right;\"><b>Tarik Laghdiri<\/b><\/h1>\n<\/div>\n<\/div><\/div><\/div><div id=\"panel-8806-3-0-1\" class=\"so-panel widget widget_siteorigin-panels-builder panel-last-child\" data-index=\"5\" ><div id=\"pl-w63f5348fb8843\"  class=\"panel-layout\" ><div id=\"pg-w63f5348fb8843-0\"  class=\"panel-grid panel-no-style\" ><div id=\"pgc-w63f5348fb8843-0-0\"  class=\"panel-grid-cell panel-grid-cell-empty\" ><\/div><div id=\"pgc-w63f5348fb8843-0-1\"  class=\"panel-grid-cell\" ><div id=\"panel-w63f5348fb8843-0-1-0\" class=\"so-panel widget widget_sow-editor panel-first-child panel-last-child\" data-index=\"0\" ><div\n\t\t\t\n\t\t\tclass=\"so-widget-sow-editor so-widget-sow-editor-base\"\n\t\t\t\n\t\t>\n<div class=\"siteorigin-widget-tinymce textwidget\">\n\t<div class=\"\" style=\"text-align: justify;\">\n<blockquote class=\"\">\n<blockquote class=\"\">\n<div class=\"\">\n<div class=\"\" style=\"text-align: justify;\">J\u2019ai 38 ans, et j\u2019ai a grandi dans le quartier des Etangs \u00e0 Aulnay-sous-Bois. Courtier en assurances au niveau professionnel, je suis tr\u00e8s impliqu\u00e9 socialement dans ma commune avec une attirance pour l'\u00e9criture et le cin\u00e9ma qui me pousse \u00e0 participer \u00e0 diff\u00e9rents projets locaux et \u00e0 me former dans ce domaine afin d'assouvir cette passion grandissante.<br \/>\nEn tant que sc\u00e9nariste j\u2019ai \u00e9t\u00e9 prim\u00e9 \u00e0 plusieurs Festivals pour mes courts m\u00e9trages tels que \u00ab Tomb\u00e9 du Camion \u00bb ou \u00ab La Chim\u00e8re \u00bb. J\u2019ai aussi tenu pendant le confinement un journal de bord dans Le Parisien. Je suis co-fondateur de C'est une Dinguerie, p\u00e9pini\u00e8re cin\u00e9ma \u00e0 Aulnay-sous-Bois (2021). Dans le cadre de mon int\u00e9r\u00eat pour le cin\u00e9ma, j'ai fait partie de l'association KEEP SMILE au sein de laquelle j'ai \u00e9t\u00e9 porteur de plusieurs projets aupr\u00e8s de la ville et de la R\u00e9gion, notamment la cr\u00e9ation d\u2019un Festival Cin\u00e9ma, HALLNAYWOOD. Je suis \u00e9galement membre du collectif Aulnay16Neuvi\u00e8me.<\/div>\n<\/div>\n<\/blockquote>\n<\/blockquote>\n<\/div>\n<\/div>\n<\/div><\/div><\/div><div id=\"pgc-w63f5348fb8843-0-2\"  class=\"panel-grid-cell\" ><div id=\"panel-w63f5348fb8843-0-2-0\" class=\"so-panel widget widget_sow-image panel-first-child panel-last-child\" data-index=\"1\" ><div class=\"panel-widget-style panel-widget-style-for-w63f5348fb8843-0-2-0\" ><div\n\t\t\t\n\t\t\tclass=\"so-widget-sow-image so-widget-sow-image-default-e4c2d9f6c920\"\n\t\t\t\n\t\t>\n<div class=\"sow-image-container\">\n\t\t<img \n\tsrc=\"https:\/\/i0.wp.com\/toutcourtfestival.fr\/wp-content\/uploads\/2023\/02\/Photo-Tarik.png?fit=296%2C300&amp;ssl=1\" width=\"296\" height=\"300\" srcset=\"https:\/\/i0.wp.com\/toutcourtfestival.fr\/wp-content\/uploads\/2023\/02\/Photo-Tarik.png?w=398&amp;ssl=1 398w, https:\/\/i0.wp.com\/toutcourtfestival.fr\/wp-content\/uploads\/2023\/02\/Photo-Tarik.png?resize=296%2C300&amp;ssl=1 296w\" title=\"Photo Tarik\" alt=\"\" \t\tclass=\"so-widget-image\"\/>\n\t<\/div>\n\n<\/div><\/div><\/div><\/div><\/div><\/div><\/div><\/div><\/div><\/div><div id=\"pg-8806-4\"  class=\"panel-grid panel-has-style\" ><div class=\"panel-row-style panel-row-style-for-8806-4\" ><div id=\"pgc-8806-4-0\"  class=\"panel-grid-cell\" ><div id=\"panel-8806-4-0-0\" class=\"so-panel widget widget_sow-editor panel-first-child\" data-index=\"6\" ><div class=\"panel-widget-style panel-widget-style-for-8806-4-0-0\" ><div\n\t\t\t\n\t\t\tclass=\"so-widget-sow-editor so-widget-sow-editor-base\"\n\t\t\t\n\t\t>\n<div class=\"siteorigin-widget-tinymce textwidget\">\n\t<h1 style=\"text-align: justify;\"><span style=\"color: #e6e6e6;\"><b>Emma Limon<\/b><\/span><b><\/b><\/h1>\n<\/div>\n<\/div><\/div><\/div><div id=\"panel-8806-4-0-1\" class=\"so-panel widget widget_siteorigin-panels-builder panel-last-child\" data-index=\"7\" ><div id=\"pl-w63f536dacab57\"  class=\"panel-layout\" ><div id=\"pg-w63f536dacab57-0\"  class=\"panel-grid panel-no-style\" ><div id=\"pgc-w63f536dacab57-0-0\"  class=\"panel-grid-cell panel-grid-cell-empty\" ><\/div><div id=\"pgc-w63f536dacab57-0-1\"  class=\"panel-grid-cell\" ><div id=\"panel-w63f536dacab57-0-1-0\" class=\"so-panel widget widget_sow-image panel-first-child panel-last-child\" data-index=\"0\" ><div class=\"panel-widget-style panel-widget-style-for-w63f536dacab57-0-1-0\" ><div\n\t\t\t\n\t\t\tclass=\"so-widget-sow-image so-widget-sow-image-default-4e6925654b7a\"\n\t\t\t\n\t\t>\n<div class=\"sow-image-container\">\n\t\t<img \n\tsrc=\"https:\/\/i0.wp.com\/toutcourtfestival.fr\/wp-content\/uploads\/2023\/02\/Emma-Limon.jpg?fit=225%2C300&amp;ssl=1\" width=\"225\" height=\"300\" srcset=\"https:\/\/i0.wp.com\/toutcourtfestival.fr\/wp-content\/uploads\/2023\/02\/Emma-Limon.jpg?w=504&amp;ssl=1 504w, https:\/\/i0.wp.com\/toutcourtfestival.fr\/wp-content\/uploads\/2023\/02\/Emma-Limon.jpg?resize=225%2C300&amp;ssl=1 225w\" title=\"Emma Limon\" alt=\"\" \t\tclass=\"so-widget-image\"\/>\n\t<\/div>\n\n<\/div><\/div><\/div><\/div><div id=\"pgc-w63f536dacab57-0-2\"  class=\"panel-grid-cell\" ><div id=\"panel-w63f536dacab57-0-2-0\" class=\"so-panel widget widget_sow-editor panel-first-child panel-last-child\" data-index=\"1\" ><div\n\t\t\t\n\t\t\tclass=\"so-widget-sow-editor so-widget-sow-editor-base\"\n\t\t\t\n\t\t>\n<div class=\"siteorigin-widget-tinymce textwidget\">\n\t<p style=\"text-align: justify;\"><span style=\"font-size: 12pt; color: #e6e6e6;\">Emma Limon a grandi \u00e0 Boston. Elle a fait des \u00e9tudes en litt\u00e9rature \u00e0 Harvard, un Master en histoire de l\u2019art, et s'est ensuite dirig\u00e9e vers la France pour se consacrer au m\u00e9tier de chef op\u00e9ratrice. Dipl\u00f4m\u00e9e de la f\u00e9mis en 2020, elle poursuit en m\u00eame temps la direction de la photographie et la r\u00e9alisation.<\/span><\/p>\n<\/div>\n<\/div><\/div><\/div><\/div><\/div><\/div><\/div><\/div><\/div><div id=\"pg-8806-5\"  class=\"panel-grid panel-has-style\" ><div class=\"panel-row-style panel-row-style-for-8806-5\" ><div id=\"pgc-8806-5-0\"  class=\"panel-grid-cell\" ><div id=\"panel-8806-5-0-0\" class=\"so-panel widget widget_sow-editor panel-first-child\" data-index=\"8\" ><div class=\"panel-widget-style panel-widget-style-for-8806-5-0-0\" ><div\n\t\t\t\n\t\t\tclass=\"so-widget-sow-editor so-widget-sow-editor-base\"\n\t\t\t\n\t\t>\n<div class=\"siteorigin-widget-tinymce textwidget\">\n\t<h1 style=\"text-align: right;\"><b>Michael Gauthier<\/b><\/h1>\n<\/div>\n<\/div><\/div><\/div><div id=\"panel-8806-5-0-1\" class=\"so-panel widget widget_siteorigin-panels-builder panel-last-child\" data-index=\"9\" ><div id=\"pl-w63f53942f0caf\"  class=\"panel-layout\" ><div id=\"pg-w63f53942f0caf-0\"  class=\"panel-grid panel-no-style\" ><div id=\"pgc-w63f53942f0caf-0-0\"  class=\"panel-grid-cell panel-grid-cell-empty\" ><\/div><div id=\"pgc-w63f53942f0caf-0-1\"  class=\"panel-grid-cell\" ><div id=\"panel-w63f53942f0caf-0-1-0\" class=\"so-panel widget widget_sow-editor panel-first-child panel-last-child\" data-index=\"0\" ><div\n\t\t\t\n\t\t\tclass=\"so-widget-sow-editor so-widget-sow-editor-base\"\n\t\t\t\n\t\t>\n<div class=\"siteorigin-widget-tinymce textwidget\">\n\t<div class=\"\" style=\"text-align: justify;\">\n<blockquote class=\"\">\n<blockquote class=\"\">\n<div class=\"\">M\u00e9decin de formation, Micha\u00ebl oscille entre ses \u00e9tudes et sa passion pour le cin\u00e9ma. Apr\u00e8s quelques ann\u00e9es dans le milieu associatif et un passage par la F\u00e9mis, il cr\u00e9e en 2020 la soci\u00e9t\u00e9 de production Follow Back Films. Aussi bien r\u00e9alisateur que producteur, il soutient des auteurs portant un nouveau regard sur le cin\u00e9ma de genre fran\u00e7ais.<\/div>\n<\/blockquote>\n<\/blockquote>\n<\/div>\n<\/div>\n<\/div><\/div><\/div><div id=\"pgc-w63f53942f0caf-0-2\"  class=\"panel-grid-cell\" ><div id=\"panel-w63f53942f0caf-0-2-0\" class=\"so-panel widget widget_sow-image panel-first-child panel-last-child\" data-index=\"1\" ><div class=\"panel-widget-style panel-widget-style-for-w63f53942f0caf-0-2-0\" ><div\n\t\t\t\n\t\t\tclass=\"so-widget-sow-image so-widget-sow-image-default-e4c2d9f6c920\"\n\t\t\t\n\t\t>\n<div class=\"sow-image-container\">\n\t\t<img \n\tsrc=\"https:\/\/i0.wp.com\/toutcourtfestival.fr\/wp-content\/uploads\/2023\/02\/IMG_4137-2-2.jpg?fit=300%2C277&amp;ssl=1\" width=\"300\" height=\"277\" srcset=\"https:\/\/i0.wp.com\/toutcourtfestival.fr\/wp-content\/uploads\/2023\/02\/IMG_4137-2-2.jpg?w=2453&amp;ssl=1 2453w, https:\/\/i0.wp.com\/toutcourtfestival.fr\/wp-content\/uploads\/2023\/02\/IMG_4137-2-2.jpg?resize=300%2C277&amp;ssl=1 300w, https:\/\/i0.wp.com\/toutcourtfestival.fr\/wp-content\/uploads\/2023\/02\/IMG_4137-2-2.jpg?resize=1024%2C945&amp;ssl=1 1024w, https:\/\/i0.wp.com\/toutcourtfestival.fr\/wp-content\/uploads\/2023\/02\/IMG_4137-2-2.jpg?resize=768%2C709&amp;ssl=1 768w, https:\/\/i0.wp.com\/toutcourtfestival.fr\/wp-content\/uploads\/2023\/02\/IMG_4137-2-2.jpg?resize=1536%2C1418&amp;ssl=1 1536w, https:\/\/i0.wp.com\/toutcourtfestival.fr\/wp-content\/uploads\/2023\/02\/IMG_4137-2-2.jpg?resize=2048%2C1890&amp;ssl=1 2048w, https:\/\/i0.wp.com\/toutcourtfestival.fr\/wp-content\/uploads\/2023\/02\/IMG_4137-2-2.jpg?resize=1140%2C1052&amp;ssl=1 1140w\" title=\"IMG_4137 2 2\" alt=\"\" \t\tclass=\"so-widget-image\"\/>\n\t<\/div>\n\n<\/div><\/div><\/div><\/div><\/div><\/div><\/div><\/div><\/div><\/div><div id=\"pg-8806-6\"  class=\"panel-grid panel-has-style\" ><div class=\"panel-row-style panel-row-style-for-8806-6\" ><div id=\"pgc-8806-6-0\"  class=\"panel-grid-cell\" ><div id=\"panel-8806-6-0-0\" class=\"so-panel widget widget_sow-editor panel-first-child\" data-index=\"10\" ><div class=\"panel-widget-style panel-widget-style-for-8806-6-0-0\" ><div\n\t\t\t\n\t\t\tclass=\"so-widget-sow-editor so-widget-sow-editor-base\"\n\t\t\t\n\t\t>\n<div class=\"siteorigin-widget-tinymce textwidget\">\n\t<h1 style=\"text-align: justify;\"><span style=\"color: #e6e6e6;\"><strong>Denis Leluc<\/strong><\/span><\/h1>\n<\/div>\n<\/div><\/div><\/div><div id=\"panel-8806-6-0-1\" class=\"so-panel widget widget_siteorigin-panels-builder panel-last-child\" data-index=\"11\" ><div id=\"pl-w5e5512ba554a8\"  class=\"panel-layout\" ><div id=\"pg-w5e5512ba554a8-0\"  class=\"panel-grid panel-no-style\" ><div id=\"pgc-w5e5512ba554a8-0-0\"  class=\"panel-grid-cell panel-grid-cell-empty\" ><\/div><div id=\"pgc-w5e5512ba554a8-0-1\"  class=\"panel-grid-cell\" ><div id=\"panel-w5e5512ba554a8-0-1-0\" class=\"so-panel widget widget_sow-image panel-first-child panel-last-child\" data-index=\"0\" ><div class=\"panel-widget-style panel-widget-style-for-w5e5512ba554a8-0-1-0\" ><div\n\t\t\t\n\t\t\tclass=\"so-widget-sow-image so-widget-sow-image-default-4e6925654b7a\"\n\t\t\t\n\t\t>\n<div class=\"sow-image-container\">\n\t\t<img \n\tsrc=\"https:\/\/i0.wp.com\/toutcourtfestival.fr\/wp-content\/uploads\/2020\/02\/Denis-Leluc.jpg?fit=300%2C200&amp;ssl=1\" width=\"300\" height=\"200\" srcset=\"https:\/\/i0.wp.com\/toutcourtfestival.fr\/wp-content\/uploads\/2020\/02\/Denis-Leluc.jpg?w=2071&amp;ssl=1 2071w, https:\/\/i0.wp.com\/toutcourtfestival.fr\/wp-content\/uploads\/2020\/02\/Denis-Leluc.jpg?resize=300%2C200&amp;ssl=1 300w, https:\/\/i0.wp.com\/toutcourtfestival.fr\/wp-content\/uploads\/2020\/02\/Denis-Leluc.jpg?resize=1024%2C683&amp;ssl=1 1024w, https:\/\/i0.wp.com\/toutcourtfestival.fr\/wp-content\/uploads\/2020\/02\/Denis-Leluc.jpg?resize=768%2C512&amp;ssl=1 768w, https:\/\/i0.wp.com\/toutcourtfestival.fr\/wp-content\/uploads\/2020\/02\/Denis-Leluc.jpg?resize=1536%2C1024&amp;ssl=1 1536w, https:\/\/i0.wp.com\/toutcourtfestival.fr\/wp-content\/uploads\/2020\/02\/Denis-Leluc.jpg?resize=2048%2C1366&amp;ssl=1 2048w, https:\/\/i0.wp.com\/toutcourtfestival.fr\/wp-content\/uploads\/2020\/02\/Denis-Leluc.jpg?resize=272%2C182&amp;ssl=1 272w\" title=\"Denis Leluc\" alt=\"\" \t\tclass=\"so-widget-image\"\/>\n\t<\/div>\n\n<\/div><\/div><\/div><\/div><div id=\"pgc-w5e5512ba554a8-0-2\"  class=\"panel-grid-cell\" ><div id=\"panel-w5e5512ba554a8-0-2-0\" class=\"so-panel widget widget_sow-editor panel-first-child panel-last-child\" data-index=\"1\" ><div\n\t\t\t\n\t\t\tclass=\"so-widget-sow-editor so-widget-sow-editor-base\"\n\t\t\t\n\t\t>\n<div class=\"siteorigin-widget-tinymce textwidget\">\n\t<p style=\"text-align: justify;\"><span style=\"font-size: 12pt; color: #e6e6e6;\">Denis Leluc est pass\u00e9 devant la cam\u00e9ra il y a 7 ans apr\u00e8s avoir exerc\u00e9 le m\u00e9tier d'architecte pendant dix ans, en France et aux \u00c9tats-Unis. Il a co-\u00e9crit et jou\u00e9 dans plusieurs courts m\u00e9trages prim\u00e9s, notamment \"French Kiss\", \"Timide\", \"Mr Henderson\". Il vient de tourner avec Romain Duris dans le film \"Eiffel\" de Martin Bourboulon.<\/span><\/p>\n<\/div>\n<\/div><\/div><\/div><\/div><\/div><\/div><\/div><\/div><\/div><div id=\"pg-8806-7\"  class=\"panel-grid panel-has-style\" ><div class=\"panel-row-style panel-row-style-for-8806-7\" ><div id=\"pgc-8806-7-0\"  class=\"panel-grid-cell\" ><div id=\"panel-8806-7-0-0\" class=\"so-panel widget widget_sow-editor panel-first-child\" data-index=\"12\" ><div class=\"panel-widget-style panel-widget-style-for-8806-7-0-0\" ><div\n\t\t\t\n\t\t\tclass=\"so-widget-sow-editor so-widget-sow-editor-base\"\n\t\t\t\n\t\t>\n<div class=\"siteorigin-widget-tinymce textwidget\">\n\t<h1 style=\"text-align: right;\"><b>Pierre Sabrou<\/b><\/h1>\n<\/div>\n<\/div><\/div><\/div><div id=\"panel-8806-7-0-1\" class=\"so-panel widget widget_siteorigin-panels-builder panel-last-child\" data-index=\"13\" ><div id=\"pl-w63fab6b531bc0\"  class=\"panel-layout\" ><div id=\"pg-w63fab6b531bc0-0\"  class=\"panel-grid panel-no-style\" ><div id=\"pgc-w63fab6b531bc0-0-0\"  class=\"panel-grid-cell panel-grid-cell-empty\" ><\/div><div id=\"pgc-w63fab6b531bc0-0-1\"  class=\"panel-grid-cell\" ><div id=\"panel-w63fab6b531bc0-0-1-0\" class=\"so-panel widget widget_sow-editor panel-first-child panel-last-child\" data-index=\"0\" ><div\n\t\t\t\n\t\t\tclass=\"so-widget-sow-editor so-widget-sow-editor-base\"\n\t\t\t\n\t\t>\n<div class=\"siteorigin-widget-tinymce textwidget\">\n\t<div class=\"\" style=\"text-align: justify;\">\n<blockquote class=\"\">\n<blockquote class=\"\">\n<div class=\"\">En tant que re\u0301alisateur, Pierre Sabrou a r\u00e9alis\u00e9 des clips, des publicit\u00e9s et une vingtaine de court-me\u0301trages personnels. Certains court-me\u0301trages, comme C\u0327a va sans dire ou L\u2019Inde\u0301cis, cumulent une centaine de se\u0301lections internationales en festival, pour une trentaine de prix.<br \/>\nEn tant que sce\u0301nariste, il e\u0301crit pour diff\u00e9rentes soci\u00e9t\u00e9s de production des oeuvres de commande, tout en d\u00e9veloppant ses projets personnels (long-m\u00e9trage et s\u00e9rie). Il \u00e9crit \u00e9galement pour le th\u00e9\u00e2tre.<br \/>\nAujourd\u2019hui entre en production son premier long-m\u00e9trage Le Duc (sc\u00e9nario s\u00e9lectionn\u00e9 au festival de Valence 2020).<br \/>\nIl est repr\u00e9sent\u00e9 par Louis Le Gouvello, chez Ad\u00e9quat.<\/div>\n<\/blockquote>\n<\/blockquote>\n<\/div>\n<\/div>\n<\/div><\/div><\/div><div id=\"pgc-w63fab6b531bc0-0-2\"  class=\"panel-grid-cell\" ><div id=\"panel-w63fab6b531bc0-0-2-0\" class=\"so-panel widget widget_sow-image panel-first-child panel-last-child\" data-index=\"1\" ><div class=\"panel-widget-style panel-widget-style-for-w63fab6b531bc0-0-2-0\" ><div\n\t\t\t\n\t\t\tclass=\"so-widget-sow-image so-widget-sow-image-default-e4c2d9f6c920\"\n\t\t\t\n\t\t>\n<div class=\"sow-image-container\">\n\t\t<img \n\tsrc=\"https:\/\/i0.wp.com\/toutcourtfestival.fr\/wp-content\/uploads\/2023\/02\/Photo-Pierre-Sabrou-PBA.jpeg?fit=300%2C300&amp;ssl=1\" width=\"300\" height=\"300\" srcset=\"https:\/\/i0.wp.com\/toutcourtfestival.fr\/wp-content\/uploads\/2023\/02\/Photo-Pierre-Sabrou-PBA.jpeg?w=481&amp;ssl=1 481w, https:\/\/i0.wp.com\/toutcourtfestival.fr\/wp-content\/uploads\/2023\/02\/Photo-Pierre-Sabrou-PBA.jpeg?resize=300%2C300&amp;ssl=1 300w, https:\/\/i0.wp.com\/toutcourtfestival.fr\/wp-content\/uploads\/2023\/02\/Photo-Pierre-Sabrou-PBA.jpeg?resize=150%2C150&amp;ssl=1 150w\" title=\"Photo Pierre Sabrou &#8211; PBA\" alt=\"\" \t\tclass=\"so-widget-image\"\/>\n\t<\/div>\n\n<\/div><\/div><\/div><\/div><\/div><\/div><\/div><\/div><\/div><\/div><div id=\"pg-8806-8\"  class=\"panel-grid panel-no-style\" ><div id=\"pgc-8806-8-0\"  class=\"panel-grid-cell\" ><div id=\"panel-8806-8-0-0\" class=\"so-panel widget widget_sow-headline panel-first-child panel-last-child\" data-index=\"14\" ><div\n\t\t\t\n\t\t\tclass=\"so-widget-sow-headline so-widget-sow-headline-default-6090f20097d1-8806\"\n\t\t\t\n\t\t><div class=\"sow-headline-container \">\n\t\t\t\t\t\t<div class=\"decoration\">\n\t\t\t\t\t\t<div class=\"decoration-inside\"><\/div>\n\t\t\t\t\t<\/div>\n\t\t\t\t\t\t\t\t\t\t\t<h3 class=\"sow-sub-headline\">\n\t\t\t\t\t\tJury de la ville de Gisors\t\t\t\t\t\t<\/h3>\n\t\t\t\t\t\t<\/div>\n<\/div><\/div><\/div><\/div><div id=\"pg-8806-9\"  class=\"panel-grid panel-no-style\" ><div id=\"pgc-8806-9-0\"  class=\"panel-grid-cell panel-grid-cell-empty\" ><\/div><div id=\"pgc-8806-9-1\"  class=\"panel-grid-cell panel-grid-cell-mobile-last\" ><div id=\"panel-8806-9-1-0\" class=\"so-panel widget widget_sow-editor panel-first-child panel-last-child\" data-index=\"15\" ><div\n\t\t\t\n\t\t\tclass=\"so-widget-sow-editor so-widget-sow-editor-base\"\n\t\t\t\n\t\t>\n<div class=\"siteorigin-widget-tinymce textwidget\">\n\t<p style=\"text-align: justify;\"><span style=\"font-size: 12pt;\">Compos\u00e9 de repr\u00e9sentants de la commune, il d\u00e9cernera le <\/span><strong>Prix de la ville de Gisors<\/strong><strong>.<\/strong><\/p>\n<\/div>\n<\/div><\/div><\/div><div id=\"pgc-8806-9-2\"  class=\"panel-grid-cell panel-grid-cell-empty\" ><\/div><\/div><div id=\"pg-8806-10\"  class=\"panel-grid panel-no-style\" ><div id=\"pgc-8806-10-0\"  class=\"panel-grid-cell\" ><div id=\"panel-8806-10-0-0\" class=\"so-panel widget widget_sow-headline panel-first-child panel-last-child\" data-index=\"16\" ><div\n\t\t\t\n\t\t\tclass=\"so-widget-sow-headline so-widget-sow-headline-default-6090f20097d1-8806\"\n\t\t\t\n\t\t><div class=\"sow-headline-container \">\n\t\t\t\t\t\t<div class=\"decoration\">\n\t\t\t\t\t\t<div class=\"decoration-inside\"><\/div>\n\t\t\t\t\t<\/div>\n\t\t\t\t\t\t\t\t\t\t\t<h3 class=\"sow-sub-headline\">\n\t\t\t\t\t\tJury coll\u00e9gien\t\t\t\t\t\t<\/h3>\n\t\t\t\t\t\t<\/div>\n<\/div><\/div><\/div><\/div><div id=\"pg-8806-11\"  class=\"panel-grid panel-no-style\" ><div id=\"pgc-8806-11-0\"  class=\"panel-grid-cell panel-grid-cell-empty\" ><\/div><div id=\"pgc-8806-11-1\"  class=\"panel-grid-cell panel-grid-cell-mobile-last\" ><div id=\"panel-8806-11-1-0\" class=\"so-panel widget widget_sow-editor panel-first-child panel-last-child\" data-index=\"17\" ><div\n\t\t\t\n\t\t\tclass=\"so-widget-sow-editor so-widget-sow-editor-base\"\n\t\t\t\n\t\t>\n<div class=\"siteorigin-widget-tinymce textwidget\">\n\t<p style=\"text-align: justify;\"><span style=\"font-size: 12pt;\">Le jury lyc\u00e9en est compos\u00e9 de huit \u00e9l\u00e8ves du coll\u00e8ge Pablo Picasso de Gisors, de la cinqui\u00e8me \u00e0 la troisi\u00e8me, encadr\u00e9s par leur professeur Florian Cadran, professeur et responsable du club cin\u00e9ma de l'\u00e9tablissement. <\/span>Ils d\u00e9cerneront le <strong>prix du jury coll\u00e9gien<\/strong><strong>.<\/strong><\/p>\n<\/div>\n<\/div><\/div><\/div><div id=\"pgc-8806-11-2\"  class=\"panel-grid-cell panel-grid-cell-empty\" ><\/div><\/div><div id=\"pg-8806-12\"  class=\"panel-grid panel-no-style\" ><div id=\"pgc-8806-12-0\"  class=\"panel-grid-cell\" ><div id=\"panel-8806-12-0-0\" class=\"so-panel widget widget_sow-headline panel-first-child panel-last-child\" data-index=\"18\" ><div\n\t\t\t\n\t\t\tclass=\"so-widget-sow-headline so-widget-sow-headline-default-6090f20097d1-8806\"\n\t\t\t\n\t\t><div class=\"sow-headline-container \">\n\t\t\t\t\t\t<div class=\"decoration\">\n\t\t\t\t\t\t<div class=\"decoration-inside\"><\/div>\n\t\t\t\t\t<\/div>\n\t\t\t\t\t\t\t\t\t\t\t<h3 class=\"sow-sub-headline\">\n\t\t\t\t\t\tEnfants du Tout Court !\t\t\t\t\t\t<\/h3>\n\t\t\t\t\t\t<\/div>\n<\/div><\/div><\/div><\/div><div id=\"pg-8806-13\"  class=\"panel-grid panel-no-style\" ><div id=\"pgc-8806-13-0\"  class=\"panel-grid-cell panel-grid-cell-empty\" ><\/div><div id=\"pgc-8806-13-1\"  class=\"panel-grid-cell panel-grid-cell-mobile-last\" ><div id=\"panel-8806-13-1-0\" class=\"so-panel widget widget_sow-editor panel-first-child panel-last-child\" data-index=\"19\" ><div\n\t\t\t\n\t\t\tclass=\"so-widget-sow-editor so-widget-sow-editor-base\"\n\t\t\t\n\t\t>\n<div class=\"siteorigin-widget-tinymce textwidget\">\n\t<p style=\"text-align: justify;\"><span style=\"font-size: 12pt;\">Les enfants spectateurs des deux s\u00e9ances Jeunes Public voteront en fin de s\u00e9ance pour leur film pr\u00e9f\u00e9r\u00e9, et d\u00e9cerneront ainsi le <strong>prix des enfants du Tout Court !<\/strong><\/span><\/p>\n<\/div>\n<\/div><\/div><\/div><div id=\"pgc-8806-13-2\"  class=\"panel-grid-cell panel-grid-cell-empty\" ><\/div><\/div><div id=\"pg-8806-14\"  class=\"panel-grid panel-no-style\" ><div id=\"pgc-8806-14-0\"  class=\"panel-grid-cell\" ><div id=\"panel-8806-14-0-0\" class=\"so-panel widget widget_sow-headline panel-first-child panel-last-child\" data-index=\"20\" ><div\n\t\t\t\n\t\t\tclass=\"so-widget-sow-headline so-widget-sow-headline-default-6090f20097d1-8806\"\n\t\t\t\n\t\t><div class=\"sow-headline-container \">\n\t\t\t\t\t\t<div class=\"decoration\">\n\t\t\t\t\t\t<div class=\"decoration-inside\"><\/div>\n\t\t\t\t\t<\/div>\n\t\t\t\t\t\t\t\t\t\t\t<h3 class=\"sow-sub-headline\">\n\t\t\t\t\t\tPrix du public\t\t\t\t\t\t<\/h3>\n\t\t\t\t\t\t<\/div>\n<\/div><\/div><\/div><\/div><div id=\"pg-8806-15\"  class=\"panel-grid panel-no-style\" ><div id=\"pgc-8806-15-0\"  class=\"panel-grid-cell panel-grid-cell-empty\" ><\/div><div id=\"pgc-8806-15-1\"  class=\"panel-grid-cell panel-grid-cell-mobile-last\" ><div id=\"panel-8806-15-1-0\" class=\"so-panel widget widget_sow-editor panel-first-child panel-last-child\" data-index=\"21\" ><div\n\t\t\t\n\t\t\tclass=\"so-widget-sow-editor so-widget-sow-editor-base\"\n\t\t\t\n\t\t>\n<div class=\"siteorigin-widget-tinymce textwidget\">\n\t<p style=\"text-align: justify;\"><span style=\"font-size: 12pt;\">Le public sera amen\u00e9 \u00e0 voter en fin des s\u00e9ances comp\u00e9tition afin de d\u00e9cerner le <strong>Prix du public.<\/strong><\/span><\/p>\n<\/div>\n<\/div><\/div><\/div><div id=\"pgc-8806-15-2\"  class=\"panel-grid-cell panel-grid-cell-empty\" ><\/div><\/div><div id=\"pg-8806-16\"  class=\"panel-grid panel-no-style\" ><div id=\"pgc-8806-16-0\"  class=\"panel-grid-cell\" ><div id=\"panel-8806-16-0-0\" class=\"so-panel widget widget_text panel-first-child panel-last-child\" data-index=\"22\" >\t\t\t<div class=\"textwidget\"><style>.entry-title {display:none;}<\/style> <\/div>\n\t\t<\/div><\/div><\/div><\/div>","protected":false},"excerpt":{"rendered":"<p>Jury de l&#8217;\u00e9dition 2023 Jury Pro <\/p>\n<p style=\"text-align: justify;\">Le jury pro est compos\u00e9 d&#8217;artistes (r\u00e9alisateurs, acteurs&#8230;), producteurs et professionnels du cin\u00e9ma. Il est renouvel\u00e9 \u00e0 chaque \u00e9dition. Il d\u00e9cerne le <strong style=\"font-size: 12pt;\">Grand Prix du Jury,<\/strong> \u00e9ventuellement accompagn\u00e9 d&#8217;un <b style=\"font-size: 12pt;\">Coup de <\/b><b>C\u0153ur<\/b><b style=\"font-size: 12pt;\"> du Jury.<\/b><\/p>\n<p> <b>C\u00e9line Vanlint<\/b><b><\/b> <\/p>\n<p style=\"text-align: justify;\">Apr\u00e8s des \u00e9tudes &hellip; <\/p>\n<p><a class=\"more-link btn\" href=\"https:\/\/toutcourtfestival.fr\/index.php\/jury-2023\/\">Continue reading<\/a><\/p>\n","protected":false},"author":1,"featured_media":0,"parent":0,"menu_order":0,"comment_status":"closed","ping_status":"closed","template":"","meta":{"ngg_post_thumbnail":0,"jetpack_post_was_ever_published":false,"footnotes":""},"class_list":["post-8806","page","type-page","status-publish","hentry","nodate","item-wrap"],"jetpack_sharing_enabled":true,"jetpack_shortlink":"https:\/\/wp.me\/P8k6iw-2i2","jetpack_likes_enabled":true,"_links":{"self":[{"href":"https:\/\/toutcourtfestival.fr\/index.php\/wp-json\/wp\/v2\/pages\/8806","targetHints":{"allow":["GET"]}}],"collection":[{"href":"https:\/\/toutcourtfestival.fr\/index.php\/wp-json\/wp\/v2\/pages"}],"about":[{"href":"https:\/\/toutcourtfestival.fr\/index.php\/wp-json\/wp\/v2\/types\/page"}],"author":[{"embeddable":true,"href":"https:\/\/toutcourtfestival.fr\/index.php\/wp-json\/wp\/v2\/users\/1"}],"replies":[{"embeddable":true,"href":"https:\/\/toutcourtfestival.fr\/index.php\/wp-json\/wp\/v2\/comments?post=8806"}],"version-history":[{"count":2,"href":"https:\/\/toutcourtfestival.fr\/index.php\/wp-json\/wp\/v2\/pages\/8806\/revisions"}],"predecessor-version":[{"id":8854,"href":"https:\/\/toutcourtfestival.fr\/index.php\/wp-json\/wp\/v2\/pages\/8806\/revisions\/8854"}],"wp:attachment":[{"href":"https:\/\/toutcourtfestival.fr\/index.php\/wp-json\/wp\/v2\/media?parent=8806"}],"curies":[{"name":"wp","href":"https:\/\/api.w.org\/{rel}","templated":true}]}}