{"id":9183,"date":"2024-02-13T23:48:46","date_gmt":"2024-02-13T22:48:46","guid":{"rendered":"https:\/\/toutcourtfestival.fr\/?page_id=9183"},"modified":"2025-01-15T16:41:07","modified_gmt":"2025-01-15T15:41:07","slug":"selection-2024","status":"publish","type":"page","link":"https:\/\/toutcourtfestival.fr\/index.php\/archives\/tout-court-2024\/selection-2024\/","title":{"rendered":"S\u00e9lection 2024"},"content":{"rendered":"<div id=\"pl-9183\"  class=\"panel-layout\" ><div id=\"pg-9183-0\"  class=\"panel-grid panel-has-style\" ><div class=\"panel-row-style panel-row-style-for-9183-0\" ><div id=\"pgc-9183-0-0\"  class=\"panel-grid-cell\" ><div id=\"panel-9183-0-0-0\" class=\"so-panel widget widget_sow-headline panel-first-child panel-last-child\" data-index=\"0\" ><div class=\"panel-widget-style panel-widget-style-for-9183-0-0-0\" ><div\n\t\t\t\n\t\t\tclass=\"so-widget-sow-headline so-widget-sow-headline-default-663b792fe413-9183\"\n\t\t\t\n\t\t><div class=\"sow-headline-container \">\n\t\t\t\t\t\t<div class=\"decoration\">\n\t\t\t\t\t\t<div class=\"decoration-inside\"><\/div>\n\t\t\t\t\t<\/div>\n\t\t\t\t\t\t\t\t\t\t\t<h1 class=\"sow-headline\">\n\t\t\t\t\t\tTout Court ! S\u00e9lection 2024\t\t\t\t\t\t<\/h1>\n\t\t\t\t\t\t<\/div>\n<\/div><\/div><\/div><\/div><\/div><\/div><div id=\"pg-9183-1\"  class=\"panel-grid panel-has-style\" ><div class=\"panel-row-style panel-row-style-for-9183-1\" ><div id=\"pgc-9183-1-0\"  class=\"panel-grid-cell panel-grid-cell-empty\" ><\/div><div id=\"pgc-9183-1-1\"  class=\"panel-grid-cell\" ><div id=\"panel-9183-1-1-0\" class=\"so-panel widget widget_sow-button panel-first-child\" data-index=\"1\" ><div class=\"panel-widget-style panel-widget-style-for-9183-1-1-0\" ><div\n\t\t\t\n\t\t\tclass=\"so-widget-sow-button so-widget-sow-button-wire-84c1de5ca162-9183\"\n\t\t\t\n\t\t><div class=\"ow-button-base ow-button-align-justify\"\n style=\"display: block;\">\n\t\t\t<a\n\t\t\t\t\thref=\"https:\/\/toutcourtfestival.fr\/index.php\/archives\/tout-court-2024\/selection-2024\/selections-2024-competition-1\/\"\n\t\t\t\t\tclass=\"sowb-button ow-icon-placement-left ow-button-hover\" \t>\n\t\t<span>\n\t\t\t\n\t\t\tFilms en comp\u00e9tition 1\t\t<\/span>\n\t\t\t<\/a>\n\t<\/div>\n<\/div><\/div><\/div><div id=\"panel-9183-1-1-1\" class=\"so-panel widget widget_sow-editor\" data-index=\"2\" ><div\n\t\t\t\n\t\t\tclass=\"so-widget-sow-editor so-widget-sow-editor-base\"\n\t\t\t\n\t\t>\n<div class=\"siteorigin-widget-tinymce textwidget\">\n\t<p style=\"text-align: justify;\">Premi\u00e8re s\u00e9ance de films s\u00e9lectionn\u00e9s pour la&nbsp;<strong>comp\u00e9tition&nbsp;<\/strong>par les ados de l'association Tout Court ! Ils ont fait leur choix parmi une cinquantaine de films pr\u00e9s\u00e9lectionn\u00e9s par les adultes de l'association.<\/p>\n<\/div>\n<\/div><\/div><div id=\"panel-9183-1-1-2\" class=\"so-panel widget widget_sow-image\" data-index=\"3\" ><div\n\t\t\t\n\t\t\tclass=\"so-widget-sow-image so-widget-sow-image-default-a258e6bfa2d8-9183\"\n\t\t\t\n\t\t>\n<div class=\"sow-image-container\">\n\t\t\t<a href=\"https:\/\/toutcourtfestival.fr\/index.php\/archives\/tout-court-2024\/selection-2024\/selections-2024-competition-1\/\"\n\t\t\t\t\t>\n\t\t\t<img \n\tsrc=\"https:\/\/i0.wp.com\/toutcourtfestival.fr\/wp-content\/uploads\/2024\/02\/Jorick-scaled.jpg?resize=272%2C182&amp;ssl=1\" width=\"272\" height=\"182\" srcset=\"https:\/\/i0.wp.com\/toutcourtfestival.fr\/wp-content\/uploads\/2024\/02\/Jorick-scaled.jpg?resize=272%2C182&amp;ssl=1 272w, https:\/\/i0.wp.com\/toutcourtfestival.fr\/wp-content\/uploads\/2024\/02\/Jorick-scaled.jpg?zoom=2&amp;resize=272%2C182&amp;ssl=1 544w, https:\/\/i0.wp.com\/toutcourtfestival.fr\/wp-content\/uploads\/2024\/02\/Jorick-scaled.jpg?zoom=3&amp;resize=272%2C182&amp;ssl=1 816w\" title=\"Jorick\" alt=\"\" \t\tclass=\"so-widget-image\"\/>\n\t\t\t<\/a><\/div>\n\n<\/div><\/div><div id=\"panel-9183-1-1-3\" class=\"so-panel widget widget_sow-editor panel-last-child\" data-index=\"4\" ><div class=\"panel-widget-style panel-widget-style-for-9183-1-1-3\" ><div\n\t\t\t\n\t\t\tclass=\"so-widget-sow-editor so-widget-sow-editor-base\"\n\t\t\t\n\t\t>\n<div class=\"siteorigin-widget-tinymce textwidget\">\n\t<p style=\"text-align: center;\">Samedi 23 mars 2024 - 15h30<br \/>\n<strong>5 films<\/strong> - 1h23 + \u00e9changes avec les artistes.<\/p>\n<\/div>\n<\/div><\/div><\/div><\/div><div id=\"pgc-9183-1-2\"  class=\"panel-grid-cell\" ><div id=\"panel-9183-1-2-0\" class=\"so-panel widget widget_sow-button panel-first-child\" data-index=\"5\" ><div class=\"panel-widget-style panel-widget-style-for-9183-1-2-0\" ><div\n\t\t\t\n\t\t\tclass=\"so-widget-sow-button so-widget-sow-button-wire-84c1de5ca162-9183\"\n\t\t\t\n\t\t><div class=\"ow-button-base ow-button-align-justify\"\n style=\"display: block;\">\n\t\t\t<a\n\t\t\t\t\thref=\"https:\/\/toutcourtfestival.fr\/index.php\/archives\/tout-court-2024\/selection-2024\/selections-2024-competition-2\/\"\n\t\t\t\t\tclass=\"sowb-button ow-icon-placement-left ow-button-hover\" \t>\n\t\t<span>\n\t\t\t\n\t\t\tFilms en comp\u00e9tition 2\t\t<\/span>\n\t\t\t<\/a>\n\t<\/div>\n<\/div><\/div><\/div><div id=\"panel-9183-1-2-1\" class=\"so-panel widget widget_sow-editor\" data-index=\"6\" ><div\n\t\t\t\n\t\t\tclass=\"so-widget-sow-editor so-widget-sow-editor-base\"\n\t\t\t\n\t\t>\n<div class=\"siteorigin-widget-tinymce textwidget\">\n\t<p style=\"text-align: justify;\">Deuxi\u00e8me s\u00e9ance de films s\u00e9lectionn\u00e9s pour la&nbsp;<strong>comp\u00e9tition&nbsp;<\/strong>par les ados de l'association Tout Court ! Ils ont fait leur choix parmis une cinquantaine de films pr\u00e9s\u00e9lectionn\u00e9s par les adultes de l'association.<\/p>\n<\/div>\n<\/div><\/div><div id=\"panel-9183-1-2-2\" class=\"so-panel widget widget_sow-image\" data-index=\"7\" ><div\n\t\t\t\n\t\t\tclass=\"so-widget-sow-image so-widget-sow-image-default-a258e6bfa2d8-9183\"\n\t\t\t\n\t\t>\n<div class=\"sow-image-container\">\n\t\t\t<a href=\"https:\/\/toutcourtfestival.fr\/index.php\/archives\/tout-court-2024\/selection-2024\/selections-2024-competition-2\/\"\n\t\t\t\t\t>\n\t\t\t<img \n\tsrc=\"https:\/\/i0.wp.com\/toutcourtfestival.fr\/wp-content\/uploads\/2024\/02\/3774_thumb.jpg?resize=272%2C182&amp;ssl=1\" width=\"272\" height=\"182\" srcset=\"https:\/\/i0.wp.com\/toutcourtfestival.fr\/wp-content\/uploads\/2024\/02\/3774_thumb.jpg?resize=272%2C182&amp;ssl=1 272w, https:\/\/i0.wp.com\/toutcourtfestival.fr\/wp-content\/uploads\/2024\/02\/3774_thumb.jpg?zoom=2&amp;resize=272%2C182&amp;ssl=1 544w, https:\/\/i0.wp.com\/toutcourtfestival.fr\/wp-content\/uploads\/2024\/02\/3774_thumb.jpg?zoom=3&amp;resize=272%2C182&amp;ssl=1 816w\" alt=\"\" \t\tclass=\"so-widget-image\"\/>\n\t\t\t<\/a><\/div>\n\n<\/div><\/div><div id=\"panel-9183-1-2-3\" class=\"so-panel widget widget_sow-editor panel-last-child\" data-index=\"8\" ><div class=\"panel-widget-style panel-widget-style-for-9183-1-2-3\" ><div\n\t\t\t\n\t\t\tclass=\"so-widget-sow-editor so-widget-sow-editor-base\"\n\t\t\t\n\t\t>\n<div class=\"siteorigin-widget-tinymce textwidget\">\n\t<p style=\"text-align: center;\">Samedi 23 mars 2024 - 17h30<br \/>\n<strong>6 films<\/strong> - 1h17 + \u00e9changes avec les artistes.<\/p>\n<\/div>\n<\/div><\/div><\/div><\/div><div id=\"pgc-9183-1-3\"  class=\"panel-grid-cell panel-grid-cell-mobile-last\" ><div id=\"panel-9183-1-3-0\" class=\"so-panel widget widget_sow-button panel-first-child\" data-index=\"9\" ><div class=\"panel-widget-style panel-widget-style-for-9183-1-3-0\" ><div\n\t\t\t\n\t\t\tclass=\"so-widget-sow-button so-widget-sow-button-wire-c8bb40f57207-9183\"\n\t\t\t\n\t\t><div class=\"ow-button-base ow-button-align-justify\"\n style=\"display: block;\">\n\t\t\t<a\n\t\t\t\t\thref=\"https:\/\/toutcourtfestival.fr\/index.php\/archives\/tout-court-2024\/selection-2024\/selections-2024-selection-des-encadrants\/\"\n\t\t\t\t\tclass=\"sowb-button ow-icon-placement-left ow-button-hover\" \t>\n\t\t<span>\n\t\t\t\n\t\t\tOuverture du festival\t\t<\/span>\n\t\t\t<\/a>\n\t<\/div>\n<\/div><\/div><\/div><div id=\"panel-9183-1-3-1\" class=\"so-panel widget widget_sow-editor\" data-index=\"10\" ><div\n\t\t\t\n\t\t\tclass=\"so-widget-sow-editor so-widget-sow-editor-base\"\n\t\t\t\n\t\t>\n<div class=\"siteorigin-widget-tinymce textwidget\">\n\t<p style=\"text-align: justify;\">Films choisis par les membres de l'association Tout Court ! qui ont encadr\u00e9 les jeunes s\u00e9lectionneurs de la comp\u00e9tition, parmis ceux que ces derniers n'ont pas retenu. Ils seront projet\u00e9s en ouverture du festival.<\/p>\n<\/div>\n<\/div><\/div><div id=\"panel-9183-1-3-2\" class=\"so-panel widget widget_sow-image\" data-index=\"11\" ><div\n\t\t\t\n\t\t\tclass=\"so-widget-sow-image so-widget-sow-image-default-a258e6bfa2d8-9183\"\n\t\t\t\n\t\t>\n<div class=\"sow-image-container\">\n\t\t\t<a href=\"https:\/\/toutcourtfestival.fr\/index.php\/archives\/tout-court-2024\/selection-2024\/selections-2024-selection-des-encadrants\/\"\n\t\t\t\t\t>\n\t\t\t<img \n\tsrc=\"https:\/\/i0.wp.com\/toutcourtfestival.fr\/wp-content\/uploads\/2024\/02\/3703_thumb.jpg?resize=272%2C182&amp;ssl=1\" width=\"272\" height=\"182\" srcset=\"https:\/\/i0.wp.com\/toutcourtfestival.fr\/wp-content\/uploads\/2024\/02\/3703_thumb.jpg?resize=272%2C182&amp;ssl=1 272w, https:\/\/i0.wp.com\/toutcourtfestival.fr\/wp-content\/uploads\/2024\/02\/3703_thumb.jpg?zoom=2&amp;resize=272%2C182&amp;ssl=1 544w, https:\/\/i0.wp.com\/toutcourtfestival.fr\/wp-content\/uploads\/2024\/02\/3703_thumb.jpg?zoom=3&amp;resize=272%2C182&amp;ssl=1 816w\" alt=\"\" \t\tclass=\"so-widget-image\"\/>\n\t\t\t<\/a><\/div>\n\n<\/div><\/div><div id=\"panel-9183-1-3-3\" class=\"so-panel widget widget_sow-editor panel-last-child\" data-index=\"12\" ><div class=\"panel-widget-style panel-widget-style-for-9183-1-3-3\" ><div\n\t\t\t\n\t\t\tclass=\"so-widget-sow-editor so-widget-sow-editor-base\"\n\t\t\t\n\t\t>\n<div class=\"siteorigin-widget-tinymce textwidget\">\n\t<p style=\"text-align: center;\">Vendredi 22 mars 2024 - 19h30<br \/>\n<strong>4 films<\/strong> - 1h14 + \u00e9changes avec les artistes.<\/p>\n<\/div>\n<\/div><\/div><\/div><\/div><div id=\"pgc-9183-1-4\"  class=\"panel-grid-cell panel-grid-cell-empty\" ><\/div><\/div><\/div><div id=\"pg-9183-2\"  class=\"panel-grid panel-has-style\" ><div class=\"panel-row-style panel-row-style-for-9183-2\" ><div id=\"pgc-9183-2-0\"  class=\"panel-grid-cell panel-grid-cell-empty\" ><\/div><div id=\"pgc-9183-2-1\"  class=\"panel-grid-cell\" ><div id=\"panel-9183-2-1-0\" class=\"so-panel widget widget_sow-button panel-first-child\" data-index=\"13\" ><div class=\"panel-widget-style panel-widget-style-for-9183-2-1-0\" ><div\n\t\t\t\n\t\t\tclass=\"so-widget-sow-button so-widget-sow-button-wire-c8bb40f57207-9183\"\n\t\t\t\n\t\t><div class=\"ow-button-base ow-button-align-justify\"\n style=\"display: block;\">\n\t\t\t<a\n\t\t\t\t\thref=\"https:\/\/toutcourtfestival.fr\/index.php\/archives\/tout-court-2024\/selection-2024\/selection-2024-nocturne\/\"\n\t\t\t\t\tclass=\"sowb-button ow-icon-placement-left ow-button-hover\" \t>\n\t\t<span>\n\t\t\t\n\t\t\tNocturne\t\t<\/span>\n\t\t\t<\/a>\n\t<\/div>\n<\/div><\/div><\/div><div id=\"panel-9183-2-1-1\" class=\"so-panel widget widget_sow-editor\" data-index=\"14\" ><div\n\t\t\t\n\t\t\tclass=\"so-widget-sow-editor so-widget-sow-editor-base\"\n\t\t\t\n\t\t>\n<div class=\"siteorigin-widget-tinymce textwidget\">\n\t<p style=\"text-align: justify;\">Afin de vous accompagner jusqu'au bout de la nuit, une s\u00e9lection sp\u00e9ciale pour les couche-tard projet\u00e9e en deuxi\u00e8me partie de soir\u00e9e, juste apr\u00e8s le cin\u00e9-concert.<\/p>\n<\/div>\n<\/div><\/div><div id=\"panel-9183-2-1-2\" class=\"so-panel widget widget_sow-image\" data-index=\"15\" ><div\n\t\t\t\n\t\t\tclass=\"so-widget-sow-image so-widget-sow-image-default-a258e6bfa2d8-9183\"\n\t\t\t\n\t\t>\n<div class=\"sow-image-container\">\n\t\t\t<a href=\"https:\/\/toutcourtfestival.fr\/index.php\/archives\/tout-court-2024\/selection-2024\/selection-2024-nocturne\/\"\n\t\t\t\t\t>\n\t\t\t<img \n\tsrc=\"https:\/\/i0.wp.com\/toutcourtfestival.fr\/wp-content\/uploads\/2024\/02\/6015_picture.jpg?resize=272%2C182&amp;ssl=1\" width=\"272\" height=\"182\" srcset=\"https:\/\/i0.wp.com\/toutcourtfestival.fr\/wp-content\/uploads\/2024\/02\/6015_picture.jpg?resize=272%2C182&amp;ssl=1 272w, https:\/\/i0.wp.com\/toutcourtfestival.fr\/wp-content\/uploads\/2024\/02\/6015_picture.jpg?zoom=2&amp;resize=272%2C182&amp;ssl=1 544w, https:\/\/i0.wp.com\/toutcourtfestival.fr\/wp-content\/uploads\/2024\/02\/6015_picture.jpg?zoom=3&amp;resize=272%2C182&amp;ssl=1 816w\" alt=\"\" \t\tclass=\"so-widget-image\"\/>\n\t\t\t<\/a><\/div>\n\n<\/div><\/div><div id=\"panel-9183-2-1-3\" class=\"so-panel widget widget_sow-editor panel-last-child\" data-index=\"16\" ><div class=\"panel-widget-style panel-widget-style-for-9183-2-1-3\" ><div\n\t\t\t\n\t\t\tclass=\"so-widget-sow-editor so-widget-sow-editor-base\"\n\t\t\t\n\t\t>\n<div class=\"siteorigin-widget-tinymce textwidget\">\n\t<p style=\"text-align: center;\">Samedi 23 mars 2024 - 22h30<br \/>\n<strong>6 films<\/strong> - 1h44 + \u00e9changes avec les artistes.<\/p>\n<\/div>\n<\/div><\/div><\/div><\/div><div id=\"pgc-9183-2-2\"  class=\"panel-grid-cell\" ><div id=\"panel-9183-2-2-0\" class=\"so-panel widget widget_sow-button panel-first-child\" data-index=\"17\" ><div class=\"panel-widget-style panel-widget-style-for-9183-2-2-0\" ><div\n\t\t\t\n\t\t\tclass=\"so-widget-sow-button so-widget-sow-button-wire-c8bb40f57207-9183\"\n\t\t\t\n\t\t><div class=\"ow-button-base ow-button-align-justify\"\n style=\"display: block;\">\n\t\t\t<a\n\t\t\t\t\thref=\"https:\/\/toutcourtfestival.fr\/index.php\/archives\/tout-court-2024\/selection-2024\/selection-2024-films-danimation\/\"\n\t\t\t\t\tclass=\"sowb-button ow-icon-placement-left ow-button-hover\" \t>\n\t\t<span>\n\t\t\t\n\t\t\tS\u00e9lection Animation\t\t<\/span>\n\t\t\t<\/a>\n\t<\/div>\n<\/div><\/div><\/div><div id=\"panel-9183-2-2-1\" class=\"so-panel widget widget_sow-editor\" data-index=\"18\" ><div\n\t\t\t\n\t\t\tclass=\"so-widget-sow-editor so-widget-sow-editor-base\"\n\t\t\t\n\t\t>\n<div class=\"siteorigin-widget-tinymce textwidget\">\n\t<p style=\"text-align: justify;\">Le cin\u00e9ma d'animation est \u00e0 l'honneur cette ann\u00e9e au Tout Court ! avec cette s\u00e9lection sp\u00e9ciale ! Attention: s\u00e9ance pour adultes et ados, d\u00e9conseill\u00e9 aux jeunes enfants \ud83d\ude42<\/p>\n<\/div>\n<\/div><\/div><div id=\"panel-9183-2-2-2\" class=\"so-panel widget widget_sow-image\" data-index=\"19\" ><div\n\t\t\t\n\t\t\tclass=\"so-widget-sow-image so-widget-sow-image-default-a258e6bfa2d8-9183\"\n\t\t\t\n\t\t>\n<div class=\"sow-image-container\">\n\t\t\t<a href=\"https:\/\/toutcourtfestival.fr\/index.php\/archives\/tout-court-2024\/selection-2024\/selection-2024-films-danimation\/\"\n\t\t\t\t\t>\n\t\t\t<img \n\tsrc=\"https:\/\/i0.wp.com\/toutcourtfestival.fr\/wp-content\/uploads\/2024\/02\/Au-8eme-Jour_02.jpg?resize=272%2C182&amp;ssl=1\" width=\"272\" height=\"182\" srcset=\"https:\/\/i0.wp.com\/toutcourtfestival.fr\/wp-content\/uploads\/2024\/02\/Au-8eme-Jour_02.jpg?resize=272%2C182&amp;ssl=1 272w, https:\/\/i0.wp.com\/toutcourtfestival.fr\/wp-content\/uploads\/2024\/02\/Au-8eme-Jour_02.jpg?zoom=2&amp;resize=272%2C182&amp;ssl=1 544w, https:\/\/i0.wp.com\/toutcourtfestival.fr\/wp-content\/uploads\/2024\/02\/Au-8eme-Jour_02.jpg?zoom=3&amp;resize=272%2C182&amp;ssl=1 816w\" title=\"Au 8eme Jour_02\" alt=\"\" \t\tclass=\"so-widget-image\"\/>\n\t\t\t<\/a><\/div>\n\n<\/div><\/div><div id=\"panel-9183-2-2-3\" class=\"so-panel widget widget_sow-editor panel-last-child\" data-index=\"20\" ><div class=\"panel-widget-style panel-widget-style-for-9183-2-2-3\" ><div\n\t\t\t\n\t\t\tclass=\"so-widget-sow-editor so-widget-sow-editor-base\"\n\t\t\t\n\t\t>\n<div class=\"siteorigin-widget-tinymce textwidget\">\n\t<p style=\"text-align: center;\">Samedi 23 mars 2024 - 14h<br \/>\n<strong>7 films<\/strong> - 1h19 + \u00e9changes avec les artistes.<\/p>\n<\/div>\n<\/div><\/div><\/div><\/div><div id=\"pgc-9183-2-3\"  class=\"panel-grid-cell panel-grid-cell-mobile-last\" ><div id=\"panel-9183-2-3-0\" class=\"so-panel widget widget_sow-button panel-first-child\" data-index=\"21\" ><div class=\"panel-widget-style panel-widget-style-for-9183-2-3-0\" ><div\n\t\t\t\n\t\t\tclass=\"so-widget-sow-button so-widget-sow-button-wire-c8bb40f57207-9183\"\n\t\t\t\n\t\t><div class=\"ow-button-base ow-button-align-justify\"\n style=\"display: block;\">\n\t\t\t<a\n\t\t\t\t\thref=\"https:\/\/toutcourtfestival.fr\/index.php\/archives\/tout-court-2024\/selection-2024\/selections-2024-juniors\/\"\n\t\t\t\t\tclass=\"sowb-button ow-icon-placement-left ow-button-hover\" \t>\n\t\t<span>\n\t\t\t\n\t\t\tS\u00e9lection Juniors\t\t<\/span>\n\t\t\t<\/a>\n\t<\/div>\n<\/div><\/div><\/div><div id=\"panel-9183-2-3-1\" class=\"so-panel widget widget_sow-editor\" data-index=\"22\" ><div\n\t\t\t\n\t\t\tclass=\"so-widget-sow-editor so-widget-sow-editor-base\"\n\t\t\t\n\t\t>\n<div class=\"siteorigin-widget-tinymce textwidget\">\n\t<p style=\"text-align: justify;\">Une s\u00e9lection sp\u00e9ciale Juniors \u00e0 partir de 8 ans. A l'issue de la s\u00e9ance, les jeunes spectateurs votent pour d\u00e9cerner le Prix des enfants du Tout Court !<\/p>\n<\/div>\n<\/div><\/div><div id=\"panel-9183-2-3-2\" class=\"so-panel widget widget_sow-image\" data-index=\"23\" ><div\n\t\t\t\n\t\t\tclass=\"so-widget-sow-image so-widget-sow-image-default-a258e6bfa2d8-9183\"\n\t\t\t\n\t\t>\n<div class=\"sow-image-container\">\n\t\t\t<a href=\"https:\/\/toutcourtfestival.fr\/index.php\/archives\/tout-court-2024\/selection-2024\/selections-2024-juniors\/\"\n\t\t\t\t\t>\n\t\t\t<img \n\tsrc=\"https:\/\/i0.wp.com\/toutcourtfestival.fr\/wp-content\/uploads\/2024\/02\/4206_picture-1-e1708289345313.jpg?resize=272%2C182&amp;ssl=1\" width=\"272\" height=\"182\" srcset=\"https:\/\/i0.wp.com\/toutcourtfestival.fr\/wp-content\/uploads\/2024\/02\/4206_picture-1-e1708289345313.jpg?resize=272%2C182&amp;ssl=1 272w, https:\/\/i0.wp.com\/toutcourtfestival.fr\/wp-content\/uploads\/2024\/02\/4206_picture-1-e1708289345313.jpg?zoom=2&amp;resize=272%2C182&amp;ssl=1 544w, https:\/\/i0.wp.com\/toutcourtfestival.fr\/wp-content\/uploads\/2024\/02\/4206_picture-1-e1708289345313.jpg?zoom=3&amp;resize=272%2C182&amp;ssl=1 816w\" title=\"4206_picture\" alt=\"\" \t\tclass=\"so-widget-image\"\/>\n\t\t\t<\/a><\/div>\n\n<\/div><\/div><div id=\"panel-9183-2-3-3\" class=\"so-panel widget widget_sow-editor panel-last-child\" data-index=\"24\" ><div class=\"panel-widget-style panel-widget-style-for-9183-2-3-3\" ><div\n\t\t\t\n\t\t\tclass=\"so-widget-sow-editor so-widget-sow-editor-base\"\n\t\t\t\n\t\t>\n<div class=\"siteorigin-widget-tinymce textwidget\">\n\t<p style=\"text-align: center;\">Dimanche 24 mars 2024 - 14h<br \/>\n&nbsp;Tout public \u00e0 partir de <strong>8 ans&nbsp;<\/strong>(dur\u00e9e 1h16)<\/p>\n<\/div>\n<\/div><\/div><\/div><\/div><div id=\"pgc-9183-2-4\"  class=\"panel-grid-cell panel-grid-cell-empty\" ><\/div><\/div><\/div><div id=\"pg-9183-3\"  class=\"panel-grid panel-no-style\" ><div id=\"pgc-9183-3-0\"  class=\"panel-grid-cell panel-grid-cell-empty\" ><\/div><div id=\"pgc-9183-3-1\"  class=\"panel-grid-cell\" ><div id=\"panel-9183-3-1-0\" class=\"so-panel widget widget_sow-button panel-first-child\" data-index=\"25\" ><div class=\"panel-widget-style panel-widget-style-for-9183-3-1-0\" ><div\n\t\t\t\n\t\t\tclass=\"so-widget-sow-button so-widget-sow-button-wire-f512c18fce05-9183\"\n\t\t\t\n\t\t><div class=\"ow-button-base ow-button-align-justify\"\n style=\"display: block;\">\n\t\t\t<a\n\t\t\t\t\thref=\"https:\/\/toutcourtfestival.fr\/index.php\/archives\/tout-court-2024\/selection-2024\/selection-amateur-2024\/\"\n\t\t\t\t\tclass=\"sowb-button ow-icon-placement-left ow-button-hover\" \t>\n\t\t<span>\n\t\t\t\n\t\t\tS\u00e9lection Amateur\t\t<\/span>\n\t\t\t<\/a>\n\t<\/div>\n<\/div><\/div><\/div><div id=\"panel-9183-3-1-1\" class=\"so-panel widget widget_sow-editor\" data-index=\"26\" ><div\n\t\t\t\n\t\t\tclass=\"so-widget-sow-editor so-widget-sow-editor-base\"\n\t\t\t\n\t\t>\n<div class=\"siteorigin-widget-tinymce textwidget\">\n\t<p style=\"text-align: justify;\">S\u00e9lection de films r\u00e9alis\u00e9s dans un contexte amateur, hors de toute production&nbsp; ou institution mais avec une qualit\u00e9 qui n'a souvent rien \u00e0 envier aux professionnels !<\/p>\n<\/div>\n<\/div><\/div><div id=\"panel-9183-3-1-2\" class=\"so-panel widget widget_sow-image\" data-index=\"27\" ><div\n\t\t\t\n\t\t\tclass=\"so-widget-sow-image so-widget-sow-image-default-a258e6bfa2d8-9183\"\n\t\t\t\n\t\t>\n<div class=\"sow-image-container\">\n\t\t\t<a href=\"https:\/\/toutcourtfestival.fr\/index.php\/archives\/tout-court-2024\/selection-2024\/selection-amateur-2024\/\"\n\t\t\t\t\t>\n\t\t\t<img \n\tsrc=\"https:\/\/i0.wp.com\/toutcourtfestival.fr\/wp-content\/uploads\/2024\/03\/2963_thumb.png?resize=272%2C182&amp;ssl=1\" width=\"272\" height=\"182\" srcset=\"https:\/\/i0.wp.com\/toutcourtfestival.fr\/wp-content\/uploads\/2024\/03\/2963_thumb.png?resize=272%2C182&amp;ssl=1 272w, https:\/\/i0.wp.com\/toutcourtfestival.fr\/wp-content\/uploads\/2024\/03\/2963_thumb.png?zoom=2&amp;resize=272%2C182&amp;ssl=1 544w, https:\/\/i0.wp.com\/toutcourtfestival.fr\/wp-content\/uploads\/2024\/03\/2963_thumb.png?zoom=3&amp;resize=272%2C182&amp;ssl=1 816w\" alt=\"\" \t\tclass=\"so-widget-image\"\/>\n\t\t\t<\/a><\/div>\n\n<\/div><\/div><div id=\"panel-9183-3-1-3\" class=\"so-panel widget widget_sow-editor panel-last-child\" data-index=\"28\" ><div class=\"panel-widget-style panel-widget-style-for-9183-3-1-3\" ><div\n\t\t\t\n\t\t\tclass=\"so-widget-sow-editor so-widget-sow-editor-base\"\n\t\t\t\n\t\t>\n<div class=\"siteorigin-widget-tinymce textwidget\">\n\t<p style=\"text-align: center;\">Dimanche 24 mars 2023 - 15h30<\/p>\n<\/div>\n<\/div><\/div><\/div><\/div><div id=\"pgc-9183-3-2\"  class=\"panel-grid-cell panel-grid-cell-mobile-last\" ><div id=\"panel-9183-3-2-0\" class=\"so-panel widget widget_sow-button panel-first-child\" data-index=\"29\" ><div class=\"panel-widget-style panel-widget-style-for-9183-3-2-0\" ><div\n\t\t\t\n\t\t\tclass=\"so-widget-sow-button so-widget-sow-button-wire-f512c18fce05-9183\"\n\t\t\t\n\t\t><div class=\"ow-button-base ow-button-align-justify\"\n style=\"display: block;\">\n\t\t\t<a\n\t\t\t\tclass=\"sowb-button ow-icon-placement-left\" \t>\n\t\t<span>\n\t\t\t\n\t\t\tRencontres Jeune Cr\u00e9ation\t\t<\/span>\n\t\t\t<\/a>\n\t<\/div>\n<\/div><\/div><\/div><div id=\"panel-9183-3-2-1\" class=\"so-panel widget widget_sow-editor\" data-index=\"30\" ><div\n\t\t\t\n\t\t\tclass=\"so-widget-sow-editor so-widget-sow-editor-base\"\n\t\t\t\n\t\t>\n<div class=\"siteorigin-widget-tinymce textwidget\">\n\t<p style=\"text-align: justify;\">S\u00e9ance-rencontre o\u00f9 de jeunes r\u00e9alisateurs viennent pr\u00e9senter leurs films au public, r\u00e9alis\u00e9s seuls ou en ateliers. La s\u00e9lection sera bient\u00f4t d\u00e9voil\u00e9e !<\/p>\n<\/div>\n<\/div><\/div><div id=\"panel-9183-3-2-2\" class=\"so-panel widget widget_sow-image\" data-index=\"31\" ><div\n\t\t\t\n\t\t\tclass=\"so-widget-sow-image so-widget-sow-image-default-a258e6bfa2d8-9183\"\n\t\t\t\n\t\t>\n<div class=\"sow-image-container\">\n\t\t<img \n\tsrc=\"https:\/\/i0.wp.com\/toutcourtfestival.fr\/wp-content\/uploads\/2019\/06\/P1044308.MOV_20190610_183258.395.jpg?resize=272%2C182&amp;ssl=1\" width=\"272\" height=\"182\" srcset=\"https:\/\/i0.wp.com\/toutcourtfestival.fr\/wp-content\/uploads\/2019\/06\/P1044308.MOV_20190610_183258.395.jpg?resize=272%2C182&amp;ssl=1 272w, https:\/\/i0.wp.com\/toutcourtfestival.fr\/wp-content\/uploads\/2019\/06\/P1044308.MOV_20190610_183258.395.jpg?zoom=2&amp;resize=272%2C182&amp;ssl=1 544w, https:\/\/i0.wp.com\/toutcourtfestival.fr\/wp-content\/uploads\/2019\/06\/P1044308.MOV_20190610_183258.395.jpg?zoom=3&amp;resize=272%2C182&amp;ssl=1 816w\" alt=\"\" \t\tclass=\"so-widget-image\"\/>\n\t<\/div>\n\n<\/div><\/div><div id=\"panel-9183-3-2-3\" class=\"so-panel widget widget_sow-editor panel-last-child\" data-index=\"32\" ><div class=\"panel-widget-style panel-widget-style-for-9183-3-2-3\" ><div\n\t\t\t\n\t\t\tclass=\"so-widget-sow-editor so-widget-sow-editor-base\"\n\t\t\t\n\t\t>\n<div class=\"siteorigin-widget-tinymce textwidget\">\n\t<p style=\"text-align: center;\">Samedi 23 mars 2024 - 11h<br \/>\n<strong>Programme bient\u00f4t d\u00e9voil\u00e9<\/strong><\/p>\n<\/div>\n<\/div><\/div><\/div><\/div><div id=\"pgc-9183-3-3\"  class=\"panel-grid-cell panel-grid-cell-empty\" ><\/div><\/div><div id=\"pg-9183-4\"  class=\"panel-grid panel-no-style\" ><div id=\"pgc-9183-4-0\"  class=\"panel-grid-cell\" ><div id=\"panel-9183-4-0-0\" class=\"so-panel widget widget_sow-headline panel-first-child panel-last-child\" data-index=\"33\" ><div\n\t\t\t\n\t\t\tclass=\"so-widget-sow-headline so-widget-sow-headline-default-93ca6465d6df-9183\"\n\t\t\t\n\t\t><div class=\"sow-headline-container \">\n\t\t\t\t\t\t<div class=\"decoration\">\n\t\t\t\t\t\t<div class=\"decoration-inside\"><\/div>\n\t\t\t\t\t<\/div>\n\t\t\t\t\t\t\t\t\t\t\t<h3 class=\"sow-sub-headline\">\n\t\t\t\t\t\tS\u00e9ances sp\u00e9ciales\t\t\t\t\t\t<\/h3>\n\t\t\t\t\t\t<\/div>\n<\/div><\/div><\/div><\/div><div id=\"pg-9183-5\"  class=\"panel-grid panel-no-style\" ><div id=\"pgc-9183-5-0\"  class=\"panel-grid-cell panel-grid-cell-empty\" ><\/div><div id=\"pgc-9183-5-1\"  class=\"panel-grid-cell\" ><div id=\"panel-9183-5-1-0\" class=\"so-panel widget widget_sow-image panel-first-child\" data-index=\"34\" ><div\n\t\t\t\n\t\t\tclass=\"so-widget-sow-image so-widget-sow-image-default-a258e6bfa2d8-9183\"\n\t\t\t\n\t\t>\n<div class=\"sow-image-container\">\n\t\t<img \n\tsrc=\"https:\/\/i0.wp.com\/toutcourtfestival.fr\/wp-content\/uploads\/2024\/02\/les-pionniers-du-cinema.jpg?fit=1200%2C895&amp;ssl=1\" width=\"1200\" height=\"895\" srcset=\"https:\/\/i0.wp.com\/toutcourtfestival.fr\/wp-content\/uploads\/2024\/02\/les-pionniers-du-cinema.jpg?w=1200&amp;ssl=1 1200w, https:\/\/i0.wp.com\/toutcourtfestival.fr\/wp-content\/uploads\/2024\/02\/les-pionniers-du-cinema.jpg?resize=300%2C224&amp;ssl=1 300w, https:\/\/i0.wp.com\/toutcourtfestival.fr\/wp-content\/uploads\/2024\/02\/les-pionniers-du-cinema.jpg?resize=1024%2C764&amp;ssl=1 1024w, https:\/\/i0.wp.com\/toutcourtfestival.fr\/wp-content\/uploads\/2024\/02\/les-pionniers-du-cinema.jpg?resize=768%2C573&amp;ssl=1 768w, https:\/\/i0.wp.com\/toutcourtfestival.fr\/wp-content\/uploads\/2024\/02\/les-pionniers-du-cinema.jpg?resize=1140%2C850&amp;ssl=1 1140w\" alt=\"\" \t\tclass=\"so-widget-image\"\/>\n\t<\/div>\n\n<\/div><\/div><div id=\"panel-9183-5-1-1\" class=\"so-panel widget widget_sow-image\" data-index=\"35\" ><div\n\t\t\t\n\t\t\tclass=\"so-widget-sow-image so-widget-sow-image-default-a258e6bfa2d8-9183\"\n\t\t\t\n\t\t>\n<div class=\"sow-image-container\">\n\t\t<img \n\tsrc=\"https:\/\/i0.wp.com\/toutcourtfestival.fr\/wp-content\/uploads\/2023\/02\/img_5749.jpg?fit=1600%2C1067&amp;ssl=1\" width=\"1600\" height=\"1067\" srcset=\"https:\/\/i0.wp.com\/toutcourtfestival.fr\/wp-content\/uploads\/2023\/02\/img_5749.jpg?w=1600&amp;ssl=1 1600w, https:\/\/i0.wp.com\/toutcourtfestival.fr\/wp-content\/uploads\/2023\/02\/img_5749.jpg?resize=300%2C200&amp;ssl=1 300w, https:\/\/i0.wp.com\/toutcourtfestival.fr\/wp-content\/uploads\/2023\/02\/img_5749.jpg?resize=1024%2C683&amp;ssl=1 1024w, https:\/\/i0.wp.com\/toutcourtfestival.fr\/wp-content\/uploads\/2023\/02\/img_5749.jpg?resize=768%2C512&amp;ssl=1 768w, https:\/\/i0.wp.com\/toutcourtfestival.fr\/wp-content\/uploads\/2023\/02\/img_5749.jpg?resize=1536%2C1024&amp;ssl=1 1536w, https:\/\/i0.wp.com\/toutcourtfestival.fr\/wp-content\/uploads\/2023\/02\/img_5749.jpg?resize=1140%2C760&amp;ssl=1 1140w, https:\/\/i0.wp.com\/toutcourtfestival.fr\/wp-content\/uploads\/2023\/02\/img_5749.jpg?resize=272%2C182&amp;ssl=1 272w\" alt=\"\" \t\tclass=\"so-widget-image\"\/>\n\t<\/div>\n\n<\/div><\/div><div id=\"panel-9183-5-1-2\" class=\"so-panel widget widget_sow-image\" data-index=\"36\" ><div\n\t\t\t\n\t\t\tclass=\"so-widget-sow-image so-widget-sow-image-default-a258e6bfa2d8-9183\"\n\t\t\t\n\t\t>\n<div class=\"sow-image-container\">\n\t\t<img \n\tsrc=\"https:\/\/i0.wp.com\/toutcourtfestival.fr\/wp-content\/uploads\/2019\/06\/P1044256.MOV_20190610_180042.962.jpg?fit=1920%2C1080&amp;ssl=1\" width=\"1920\" height=\"1080\" srcset=\"https:\/\/i0.wp.com\/toutcourtfestival.fr\/wp-content\/uploads\/2019\/06\/P1044256.MOV_20190610_180042.962.jpg?w=1920&amp;ssl=1 1920w, https:\/\/i0.wp.com\/toutcourtfestival.fr\/wp-content\/uploads\/2019\/06\/P1044256.MOV_20190610_180042.962.jpg?resize=300%2C169&amp;ssl=1 300w, https:\/\/i0.wp.com\/toutcourtfestival.fr\/wp-content\/uploads\/2019\/06\/P1044256.MOV_20190610_180042.962.jpg?resize=768%2C432&amp;ssl=1 768w, https:\/\/i0.wp.com\/toutcourtfestival.fr\/wp-content\/uploads\/2019\/06\/P1044256.MOV_20190610_180042.962.jpg?resize=1024%2C576&amp;ssl=1 1024w\" alt=\"\" \t\tclass=\"so-widget-image\"\/>\n\t<\/div>\n\n<\/div><\/div><div id=\"panel-9183-5-1-3\" class=\"so-panel widget widget_sow-image panel-last-child\" data-index=\"37\" ><div\n\t\t\t\n\t\t\tclass=\"so-widget-sow-image so-widget-sow-image-default-a258e6bfa2d8-9183\"\n\t\t\t\n\t\t>\n<div class=\"sow-image-container\">\n\t\t<img \n\tsrc=\"https:\/\/i0.wp.com\/toutcourtfestival.fr\/wp-content\/uploads\/2018\/10\/ToutCourt-logo-Fond-transparent-format-1200x628-partage-Facebook.png?fit=1200%2C628&amp;ssl=1\" width=\"1200\" height=\"628\" srcset=\"https:\/\/i0.wp.com\/toutcourtfestival.fr\/wp-content\/uploads\/2018\/10\/ToutCourt-logo-Fond-transparent-format-1200x628-partage-Facebook.png?w=1200&amp;ssl=1 1200w, https:\/\/i0.wp.com\/toutcourtfestival.fr\/wp-content\/uploads\/2018\/10\/ToutCourt-logo-Fond-transparent-format-1200x628-partage-Facebook.png?resize=300%2C157&amp;ssl=1 300w, https:\/\/i0.wp.com\/toutcourtfestival.fr\/wp-content\/uploads\/2018\/10\/ToutCourt-logo-Fond-transparent-format-1200x628-partage-Facebook.png?resize=768%2C402&amp;ssl=1 768w, https:\/\/i0.wp.com\/toutcourtfestival.fr\/wp-content\/uploads\/2018\/10\/ToutCourt-logo-Fond-transparent-format-1200x628-partage-Facebook.png?resize=1024%2C536&amp;ssl=1 1024w\" title=\"ToutCourt-logo-Fond transparent &#8211; format 1200&#215;628 partage Facebook\" alt=\"\" \t\tclass=\"so-widget-image\"\/>\n\t<\/div>\n\n<\/div><\/div><\/div><div id=\"pgc-9183-5-2\"  class=\"panel-grid-cell panel-grid-cell-mobile-last\" ><div id=\"panel-9183-5-2-0\" class=\"so-panel widget widget_sow-button panel-first-child\" data-index=\"38\" ><div class=\"panel-widget-style panel-widget-style-for-9183-5-2-0\" ><div\n\t\t\t\n\t\t\tclass=\"so-widget-sow-button so-widget-sow-button-wire-4aca6f94f031-9183\"\n\t\t\t\n\t\t><div class=\"ow-button-base ow-button-align-justify\"\n style=\"display: block;\">\n\t\t\t<a\n\t\t\t\tclass=\"sowb-button ow-icon-placement-left ow-button-hover\" \t>\n\t\t<span>\n\t\t\t\n\t\t\tCin\u00e9-Concert\t\t<\/span>\n\t\t\t<\/a>\n\t<\/div>\n<\/div><\/div><\/div><div id=\"panel-9183-5-2-1\" class=\"so-panel widget widget_sow-editor\" data-index=\"39\" ><div\n\t\t\t\n\t\t\tclass=\"so-widget-sow-editor so-widget-sow-editor-base\"\n\t\t\t\n\t\t>\n<div class=\"siteorigin-widget-tinymce textwidget\">\n\t<p style=\"text-align: justify;\">Une soir\u00e9e exceptionnelle Cin\u00e9-concert autour des <strong>pionniers du cin\u00e9ma<\/strong>! Venez d\u00e9couvrir les tous premiers films de l'histoire, bricol\u00e9s avec ing\u00e9niosit\u00e9 par de v\u00e9ritables inventeurs qui ont pos\u00e9 les bases d'une grande aventure artistique... jusqu'au festival de Gisors! Vous d\u00e9couvrirez les \u0153uvres des fr\u00e8res Lumi\u00e8re \u00e0 Georges M\u00e9li\u00e8s en passant par Emile Cohl ou Winsor McCay... Venez d\u00e9couvrir en musique le premier western, le premier dessin anim\u00e9, le premier documentaire, le premier film de science-fiction !<\/p>\n<p style=\"text-align: justify;\">Le film sera mis en musique sur sc\u00e8ne <em>en live<\/em> par le compositeur <strong>Christian Leroy<\/strong> accompagn\u00e9 en premi\u00e8re partie de jeunes ados musiciens de Gisors et des alentours qui ont pr\u00e9par\u00e9 le spectacle au cours d'un stage pendant leurs derni\u00e8res vacances scolaires.<\/p>\n<p><span style=\"font-size: 10pt;\"><em>Avec le soutien de l\u2019Agence Nationale pour le D\u00e9veloppement du Cin\u00e9ma en R\u00e9gions. &nbsp;<a href=\"https:\/\/i0.wp.com\/toutcourtfestival.fr\/wp-content\/uploads\/2023\/02\/ADRC-logo-CMJN-noir.png?ssl=1\"><img data-recalc-dims=\"1\" loading=\"lazy\" decoding=\"async\" class=\"alignnone wp-image-8767\" src=\"https:\/\/i0.wp.com\/toutcourtfestival.fr\/wp-content\/uploads\/2023\/02\/ADRC-logo-CMJN-noir.png?resize=132%2C50&#038;ssl=1\" alt=\"\" width=\"132\" height=\"50\" srcset=\"https:\/\/i0.wp.com\/toutcourtfestival.fr\/wp-content\/uploads\/2023\/02\/ADRC-logo-CMJN-noir.png?w=709&amp;ssl=1 709w, https:\/\/i0.wp.com\/toutcourtfestival.fr\/wp-content\/uploads\/2023\/02\/ADRC-logo-CMJN-noir.png?resize=300%2C113&amp;ssl=1 300w\" sizes=\"auto, (max-width: 132px) 100vw, 132px\" \/><\/a>&nbsp; <\/em><\/span><\/p>\n<p style=\"text-align: justify;\">La soir\u00e9e d\u00e9butera avec la<strong> c\u00e9r\u00e9monie de remise des prix du festival.<\/strong><\/p>\n<\/div>\n<\/div><\/div><div id=\"panel-9183-5-2-2\" class=\"so-panel widget widget_sow-editor\" data-index=\"40\" ><div class=\"panel-widget-style panel-widget-style-for-9183-5-2-2\" ><div\n\t\t\t\n\t\t\tclass=\"so-widget-sow-editor so-widget-sow-editor-base\"\n\t\t\t\n\t\t>\n<div class=\"siteorigin-widget-tinymce textwidget\">\n\t<p style=\"text-align: center;\">Samedi 23 mars 2024 - 20h30<\/p>\n<\/div>\n<\/div><\/div><\/div><div id=\"panel-9183-5-2-3\" class=\"so-panel widget widget_sow-button\" data-index=\"41\" ><div class=\"panel-widget-style panel-widget-style-for-9183-5-2-3\" ><div\n\t\t\t\n\t\t\tclass=\"so-widget-sow-button so-widget-sow-button-wire-f06fb6361f47-9183\"\n\t\t\t\n\t\t><div class=\"ow-button-base ow-button-align-justify\"\n style=\"display: block;\">\n\t\t\t<a\n\t\t\t\tclass=\"sowb-button ow-icon-placement-left ow-button-hover\" \t>\n\t\t<span>\n\t\t\t\n\t\t\tSoir\u00e9e d'ouverture\t\t<\/span>\n\t\t\t<\/a>\n\t<\/div>\n<\/div><\/div><\/div><div id=\"panel-9183-5-2-4\" class=\"so-panel widget widget_sow-editor\" data-index=\"42\" ><div\n\t\t\t\n\t\t\tclass=\"so-widget-sow-editor so-widget-sow-editor-base\"\n\t\t\t\n\t\t>\n<div class=\"siteorigin-widget-tinymce textwidget\">\n\t<p style=\"text-align: justify;\">Et si vous vous faisiez un film dans votre t\u00eate avant de le voir en vrai? Nous vous proposons en ouverture une soir\u00e9e sp\u00e9ciale avec une lecture sc\u00e9nario suivi d'un \u00e9change avec le public, puis de la projection du film.<\/p>\n<table style=\"width: 100%; border-collapse: collapse; border-style: hidden;\" border=\"0\">\n<tbody>\n<tr>\n<td style=\"width: 41px; text-align: justify;\">&nbsp;<\/td>\n<td style=\"width: 709px; text-align: justify;\">&nbsp;<\/td>\n<\/tr>\n<\/tbody>\n<\/table>\n<p><span style=\"text-align: justify;\">Entendre un sc\u00e9nario, c'est comme \u00e9couter un conte: on se fait son propre film dans sa t\u00eate ! Vous pourrez ensuite comparer avec ce qu'en a r\u00e9ellement fait le r\u00e9alisateur, et \u00e9changer vos impressions avec lui.<\/span><\/p>\n<p style=\"text-align: justify;\">La s\u00e9ance se terminera par la projection de la s\u00e9lection <a href=\"https:\/\/toutcourtfestival.fr\/index.php\/selections-2023\/selections-2023-selection-des-encadrants\/\"><em>Les encadrants<\/em><\/a> suivi d'un \u00e9change avec les artistes.<\/p>\n<\/div>\n<\/div><\/div><div id=\"panel-9183-5-2-5\" class=\"so-panel widget widget_sow-editor\" data-index=\"43\" ><div class=\"panel-widget-style panel-widget-style-for-9183-5-2-5\" ><div\n\t\t\t\n\t\t\tclass=\"so-widget-sow-editor so-widget-sow-editor-base\"\n\t\t\t\n\t\t>\n<div class=\"siteorigin-widget-tinymce textwidget\">\n\t<p style=\"text-align: center;\">Vendredi 22 mars - 19h30<\/p>\n<\/div>\n<\/div><\/div><\/div><div id=\"panel-9183-5-2-6\" class=\"so-panel widget widget_sow-button\" data-index=\"44\" ><div class=\"panel-widget-style panel-widget-style-for-9183-5-2-6\" ><div\n\t\t\t\n\t\t\tclass=\"so-widget-sow-button so-widget-sow-button-wire-714197625f8f-9183\"\n\t\t\t\n\t\t><div class=\"ow-button-base ow-button-align-justify\"\n style=\"display: block;\">\n\t\t\t<a\n\t\t\t\tclass=\"sowb-button ow-icon-placement-left ow-button-hover\" \t>\n\t\t<span>\n\t\t\t\n\t\t\tCl\u00f4ture du festival\t\t<\/span>\n\t\t\t<\/a>\n\t<\/div>\n<\/div><\/div><\/div><div id=\"panel-9183-5-2-7\" class=\"so-panel widget widget_sow-editor\" data-index=\"45\" ><div\n\t\t\t\n\t\t\tclass=\"so-widget-sow-editor so-widget-sow-editor-base\"\n\t\t\t\n\t\t>\n<div class=\"siteorigin-widget-tinymce textwidget\">\n\t<p style=\"text-align: justify;\">Cl\u00f4ture du festival, remise des derniers prix (prix du public et prix des Enfants du Tout Court !) et reprise de tous les films prim\u00e9s.<\/p>\n<\/div>\n<\/div><\/div><div id=\"panel-9183-5-2-8\" class=\"so-panel widget widget_sow-editor panel-last-child\" data-index=\"46\" ><div class=\"panel-widget-style panel-widget-style-for-9183-5-2-8\" ><div\n\t\t\t\n\t\t\tclass=\"so-widget-sow-editor so-widget-sow-editor-base\"\n\t\t\t\n\t\t>\n<div class=\"siteorigin-widget-tinymce textwidget\">\n\t<p style=\"text-align: center;\">Dimanche 24 mars en fin d'apr\u00e8s-midi<\/p>\n<p style=\"text-align: center;\"><em>(L'horaire sera bient\u00f4t pr\u00e9cis\u00e9)<\/em><\/p>\n<p>&nbsp;<\/p>\n<p>&nbsp;<\/p>\n<p>&nbsp;<\/p>\n<p>&nbsp;<\/p>\n<\/div>\n<\/div><\/div><\/div><\/div><div id=\"pgc-9183-5-3\"  class=\"panel-grid-cell panel-grid-cell-empty\" ><\/div><\/div><div id=\"pg-9183-6\"  class=\"panel-grid panel-no-style\" ><div id=\"pgc-9183-6-0\"  class=\"panel-grid-cell panel-grid-cell-empty\" ><\/div><div id=\"pgc-9183-6-1\"  class=\"panel-grid-cell\" ><div id=\"panel-9183-6-1-0\" class=\"so-panel widget widget_sow-button panel-first-child\" data-index=\"47\" ><div class=\"panel-widget-style panel-widget-style-for-9183-6-1-0\" ><div\n\t\t\t\n\t\t\tclass=\"so-widget-sow-button so-widget-sow-button-wire-f06fb6361f47-9183\"\n\t\t\t\n\t\t><div class=\"ow-button-base ow-button-align-justify\"\n style=\"display: block;\">\n\t\t\t<a\n\t\t\t\tclass=\"sowb-button ow-icon-placement-left ow-button-hover\" \t>\n\t\t<span>\n\t\t\t\n\t\t\tAteliers pratiques \/ d\u00e9couvertes\t\t<\/span>\n\t\t\t<\/a>\n\t<\/div>\n<\/div><\/div><\/div><div id=\"panel-9183-6-1-1\" class=\"so-panel widget widget_sow-editor panel-last-child\" data-index=\"48\" ><div\n\t\t\t\n\t\t\tclass=\"so-widget-sow-editor so-widget-sow-editor-base\"\n\t\t\t\n\t\t>\n<div class=\"siteorigin-widget-tinymce textwidget\">\n\t<p><strong>Atelier Pratique \/ d\u00e9couverte <\/strong>pour les jeunes l'apr\u00e8s-midi du samedi 23 mars 2024 et du dimanche 24 mars 2024. Le contenu des ateliers sera bient\u00f4t pr\u00e9cis\u00e9 !<\/p>\n<\/div>\n<\/div><\/div><\/div><div id=\"pgc-9183-6-2\"  class=\"panel-grid-cell panel-grid-cell-mobile-last\" ><div id=\"panel-9183-6-2-0\" class=\"so-panel widget widget_sow-image panel-first-child panel-last-child\" data-index=\"49\" ><div\n\t\t\t\n\t\t\tclass=\"so-widget-sow-image so-widget-sow-image-default-a258e6bfa2d8-9183\"\n\t\t\t\n\t\t>\n<div class=\"sow-image-container\">\n\t\t<img \n\tsrc=\"https:\/\/i0.wp.com\/toutcourtfestival.fr\/wp-content\/uploads\/2019\/06\/20190511_172553.jpg?resize=272%2C182&amp;ssl=1\" width=\"272\" height=\"182\" srcset=\"https:\/\/i0.wp.com\/toutcourtfestival.fr\/wp-content\/uploads\/2019\/06\/20190511_172553.jpg?resize=272%2C182&amp;ssl=1 272w, https:\/\/i0.wp.com\/toutcourtfestival.fr\/wp-content\/uploads\/2019\/06\/20190511_172553.jpg?zoom=2&amp;resize=272%2C182&amp;ssl=1 544w, https:\/\/i0.wp.com\/toutcourtfestival.fr\/wp-content\/uploads\/2019\/06\/20190511_172553.jpg?zoom=3&amp;resize=272%2C182&amp;ssl=1 816w\" alt=\"\" \t\tclass=\"so-widget-image\"\/>\n\t<\/div>\n\n<\/div><\/div><\/div><div id=\"pgc-9183-6-3\"  class=\"panel-grid-cell panel-grid-cell-empty\" ><\/div><\/div><div id=\"pg-9183-7\"  class=\"panel-grid panel-no-style\" ><div id=\"pgc-9183-7-0\"  class=\"panel-grid-cell\" ><div id=\"panel-9183-7-0-0\" class=\"so-panel widget widget_sow-headline panel-first-child panel-last-child\" data-index=\"50\" ><div\n\t\t\t\n\t\t\tclass=\"so-widget-sow-headline so-widget-sow-headline-default-bf74ee2266e1-9183\"\n\t\t\t\n\t\t><div class=\"sow-headline-container \">\n\t\t\t\t\t\t<div class=\"decoration\">\n\t\t\t\t\t\t<div class=\"decoration-inside\"><\/div>\n\t\t\t\t\t<\/div>\n\t\t\t\t\t\t\t\t\t\t\t<h3 class=\"sow-sub-headline\">\n\t\t\t\t\t\tBilletterie en ligne\t\t\t\t\t\t<\/h3>\n\t\t\t\t\t\t<\/div>\n<\/div><\/div><\/div><\/div><div id=\"pg-9183-8\"  class=\"panel-grid panel-no-style\" ><div id=\"pgc-9183-8-0\"  class=\"panel-grid-cell panel-grid-cell-empty\" ><\/div><div id=\"pgc-9183-8-1\"  class=\"panel-grid-cell panel-grid-cell-mobile-last\" ><div id=\"panel-9183-8-1-0\" class=\"so-panel widget widget_sow-editor panel-first-child panel-last-child\" data-index=\"51\" ><div\n\t\t\t\n\t\t\tclass=\"so-widget-sow-editor so-widget-sow-editor-base\"\n\t\t\t\n\t\t>\n<div class=\"siteorigin-widget-tinymce textwidget\">\n\t<p style=\"text-align: justify;\">Vous pourrez acheter vos billets sur place au moment du festival (en esp\u00e8ces) ou r\u00e9server en ligne \u00e0 partir de la mi-mars (le lien sera communiqu\u00e9 ici).&nbsp; <span style=\"text-decoration: underline;\">Attention<\/span>: le nombre de places pour les ateliers est limit\u00e9 !<\/p>\n<\/div>\n<\/div><\/div><\/div><div id=\"pgc-9183-8-2\"  class=\"panel-grid-cell panel-grid-cell-empty\" ><\/div><\/div><div id=\"pg-9183-9\"  class=\"panel-grid panel-no-style\" ><div id=\"pgc-9183-9-0\"  class=\"panel-grid-cell\" ><div id=\"panel-9183-9-0-0\" class=\"so-panel widget widget_text panel-first-child panel-last-child\" data-index=\"52\" >\t\t\t<div class=\"textwidget\"><style>.entry-title {display:none;}<\/style> <\/div>\n\t\t<\/div><\/div><\/div><\/div>","protected":false},"excerpt":{"rendered":"<p>Tout Court ! S\u00e9lection 2024 <a href=\"https:\/\/toutcourtfestival.fr\/index.php\/archives\/tout-court-2024\/selection-2024\/selections-2024-competition-1\/\" class=\"sowb-button ow-icon-placement-left ow-button-hover\"> Films en comp\u00e9tition 1 <\/a> <\/p>\n<p style=\"text-align: justify;\">Premi\u00e8re s\u00e9ance de films s\u00e9lectionn\u00e9s pour la&nbsp;<strong>comp\u00e9tition&nbsp;<\/strong>par les ados de l&#8217;association Tout Court ! Ils ont fait leur choix parmi une cinquantaine de films pr\u00e9s\u00e9lectionn\u00e9s par les adultes de l&#8217;association.<\/p>\n<p> <a href=\"https:\/\/toutcourtfestival.fr\/index.php\/archives\/tout-court-2024\/selection-2024\/selections-2024-competition-1\/\"> <\/a> <\/p>\n<p style=\"text-align: center;\">Samedi &hellip; <\/p>\n<p><a class=\"more-link btn\" href=\"https:\/\/toutcourtfestival.fr\/index.php\/archives\/tout-court-2024\/selection-2024\/\">Continue reading<\/a><\/p>\n","protected":false},"author":1,"featured_media":9374,"parent":9530,"menu_order":0,"comment_status":"closed","ping_status":"closed","template":"","meta":{"ngg_post_thumbnail":0,"jetpack_post_was_ever_published":false,"footnotes":""},"class_list":["post-9183","page","type-page","status-publish","has-post-thumbnail","hentry","nodate","item-wrap"],"jetpack_sharing_enabled":true,"jetpack_shortlink":"https:\/\/wp.me\/P8k6iw-2o7","jetpack_likes_enabled":true,"_links":{"self":[{"href":"https:\/\/toutcourtfestival.fr\/index.php\/wp-json\/wp\/v2\/pages\/9183","targetHints":{"allow":["GET"]}}],"collection":[{"href":"https:\/\/toutcourtfestival.fr\/index.php\/wp-json\/wp\/v2\/pages"}],"about":[{"href":"https:\/\/toutcourtfestival.fr\/index.php\/wp-json\/wp\/v2\/types\/page"}],"author":[{"embeddable":true,"href":"https:\/\/toutcourtfestival.fr\/index.php\/wp-json\/wp\/v2\/users\/1"}],"replies":[{"embeddable":true,"href":"https:\/\/toutcourtfestival.fr\/index.php\/wp-json\/wp\/v2\/comments?post=9183"}],"version-history":[{"count":27,"href":"https:\/\/toutcourtfestival.fr\/index.php\/wp-json\/wp\/v2\/pages\/9183\/revisions"}],"predecessor-version":[{"id":9186,"href":"https:\/\/toutcourtfestival.fr\/index.php\/wp-json\/wp\/v2\/pages\/9183\/revisions\/9186"}],"up":[{"embeddable":true,"href":"https:\/\/toutcourtfestival.fr\/index.php\/wp-json\/wp\/v2\/pages\/9530"}],"wp:featuredmedia":[{"embeddable":true,"href":"https:\/\/toutcourtfestival.fr\/index.php\/wp-json\/wp\/v2\/media\/9374"}],"wp:attachment":[{"href":"https:\/\/toutcourtfestival.fr\/index.php\/wp-json\/wp\/v2\/media?parent=9183"}],"curies":[{"name":"wp","href":"https:\/\/api.w.org\/{rel}","templated":true}]}}