{"id":9248,"date":"2024-02-15T01:31:32","date_gmt":"2024-02-15T00:31:32","guid":{"rendered":"https:\/\/toutcourtfestival.fr\/?page_id=9248"},"modified":"2024-02-15T01:48:43","modified_gmt":"2024-02-15T00:48:43","slug":"selections-2024-juniors","status":"publish","type":"page","link":"https:\/\/toutcourtfestival.fr\/index.php\/archives\/tout-court-2024\/selection-2024\/selections-2024-juniors\/","title":{"rendered":"S\u00e9lections 2024 &#8211; Juniors"},"content":{"rendered":"<div id=\"pl-9248\"  class=\"panel-layout\" ><div id=\"pg-9248-0\"  class=\"panel-grid panel-no-style\" ><div id=\"pgc-9248-0-0\"  class=\"panel-grid-cell\" ><div id=\"panel-9248-0-0-0\" class=\"so-panel widget widget_sow-headline panel-first-child panel-last-child\" data-index=\"0\" ><div\n\t\t\t\n\t\t\tclass=\"so-widget-sow-headline so-widget-sow-headline-default-3c6557d8c08b-9248\"\n\t\t\t\n\t\t><div class=\"sow-headline-container \">\n\t\t\t\t\t\t\t<h1 class=\"sow-headline\">\n\t\t\t\t\t\tS\u00e9lections Les enfants du Tout Court !\t\t\t\t\t\t<\/h1>\n\t\t\t\t\t\t\t\t\t\t\t<div class=\"decoration\">\n\t\t\t\t\t\t<div class=\"decoration-inside\"><\/div>\n\t\t\t\t\t<\/div>\n\t\t\t\t\t\t\t\t\t\t\t<h3 class=\"sow-sub-headline\">\n\t\t\t\t\t\tS\u00e9lections parall\u00e8les\t\t\t\t\t\t<\/h3>\n\t\t\t\t\t\t<\/div>\n<\/div><\/div><\/div><\/div><div id=\"pg-9248-1\"  class=\"panel-grid panel-no-style\" ><div id=\"pgc-9248-1-0\"  class=\"panel-grid-cell panel-grid-cell-empty\" ><\/div><div id=\"pgc-9248-1-1\"  class=\"panel-grid-cell panel-grid-cell-mobile-last\" ><div id=\"panel-9248-1-1-0\" class=\"so-panel widget widget_sow-editor panel-first-child panel-last-child\" data-index=\"1\" ><div\n\t\t\t\n\t\t\tclass=\"so-widget-sow-editor so-widget-sow-editor-base\"\n\t\t\t\n\t\t>\n<div class=\"siteorigin-widget-tinymce textwidget\">\n\t<p style=\"text-align: justify;\"><span style=\"font-size: 12pt;\">Afin que tous nos spectateurs, y compris les plus jeunes, puissent participer pleinement au Tout Court ! nous pr\u00e9sentons une s\u00e9lection de films qui leurs sont particuli\u00e8rement adress\u00e9s - mais que les adultes ont aussi le droit d'appr\u00e9cier ! A l'issue de la s\u00e9ance, les jeunes spectateurs voteront pour leur film pr\u00e9f\u00e9r\u00e9, qui recevra le <strong>Prix des enfants du Tout Court !<\/strong><\/span><\/p>\n<p style=\"text-align: center;\"><span style=\"font-size: 12pt;\"><em>Le <strong>dimanche 23 mars 2024<\/strong>&nbsp;\u00e0 la <strong>salle polyvalente de Gisors<\/strong><\/em><\/span><br \/>\n<span style=\"font-size: 12pt;\"><em>Tout public \u00e0 partir de<strong> 8&nbsp;ans<\/strong> : Projection \u00e0 <strong>14h00<\/strong> &nbsp;- 6 films -<strong> dur\u00e9e 1h16<\/strong><\/em><\/span><\/p>\n<\/div>\n<\/div><\/div><\/div><div id=\"pgc-9248-1-2\"  class=\"panel-grid-cell panel-grid-cell-empty\" ><\/div><\/div><div id=\"pg-9248-2\"  class=\"panel-grid panel-has-style\" ><div class=\"panel-row-style panel-row-style-for-9248-2\" ><div id=\"pgc-9248-2-0\"  class=\"panel-grid-cell\" ><div id=\"panel-9248-2-0-0\" class=\"so-panel widget widget_sow-editor panel-first-child\" data-index=\"2\" ><div class=\"panel-widget-style panel-widget-style-for-9248-2-0-0\" ><div\n\t\t\t\n\t\t\tclass=\"so-widget-sow-editor so-widget-sow-editor-base\"\n\t\t\t\n\t\t>\n<div class=\"siteorigin-widget-tinymce textwidget\">\n\t<h1 style=\"text-align: justify;\"><span style=\"color: #e6e6e6;\"><strong>Colocation sauvage<br \/>\n<\/strong><\/span><\/h1>\n<\/div>\n<\/div><\/div><\/div><div id=\"panel-9248-2-0-1\" class=\"so-panel widget widget_siteorigin-panels-builder panel-last-child\" data-index=\"3\" ><div id=\"pl-w65cd5c3f2a6be\"  class=\"panel-layout\" ><div id=\"pg-w65cd5c3f2a6be-0\"  class=\"panel-grid panel-no-style\" ><div id=\"pgc-w65cd5c3f2a6be-0-0\"  class=\"panel-grid-cell panel-grid-cell-empty\" ><\/div><div id=\"pgc-w65cd5c3f2a6be-0-1\"  class=\"panel-grid-cell\" ><div id=\"panel-w65cd5c3f2a6be-0-1-0\" class=\"so-panel widget widget_sow-image panel-first-child panel-last-child\" data-index=\"0\" ><div class=\"panel-widget-style panel-widget-style-for-w65cd5c3f2a6be-0-1-0\" ><div\n\t\t\t\n\t\t\tclass=\"so-widget-sow-image so-widget-sow-image-default-4e6925654b7a\"\n\t\t\t\n\t\t>\n<div class=\"sow-image-container\">\n\t\t<img \n\tsrc=\"https:\/\/i0.wp.com\/toutcourtfestival.fr\/wp-content\/uploads\/2024\/02\/Colocation%C2%A9GirelleProduction-ArmelleMercat_01.jpg?resize=272%2C182&amp;ssl=1\" width=\"272\" height=\"182\" alt=\"\" \t\tclass=\"so-widget-image\"\/>\n\t<\/div>\n\n<\/div><\/div><\/div><\/div><div id=\"pgc-w65cd5c3f2a6be-0-2\"  class=\"panel-grid-cell\" ><div id=\"panel-w65cd5c3f2a6be-0-2-0\" class=\"so-panel widget widget_sow-editor panel-first-child panel-last-child\" data-index=\"1\" ><div\n\t\t\t\n\t\t\tclass=\"so-widget-sow-editor so-widget-sow-editor-base\"\n\t\t\t\n\t\t>\n<div class=\"siteorigin-widget-tinymce textwidget\">\n\t<p style=\"text-align: justify;\"><span style=\"font-size: 12pt; color: #e6e6e6;\"><em>fable de Armelle Mercat-Junot - France - 14\u201951\u201d [Film d'animation]<br \/>\n<\/em><\/span><\/p>\n<p style=\"text-align: justify;\"><span style=\"font-size: 12pt; color: #e6e6e6;\">Une ch\u00e8vre id\u00e9aliste d\u00e9cide de construire une cabane en pleine jungle pour s\u2019y installer. Le d\u00e9roulement des travaux va l\u2019amener \u00e0 partager les lieux avec de dangereux colocataires qu\u2019une ch\u00e8vre avis\u00e9e n\u2019aurait jamais d\u00fb \u00eatre amen\u00e9e \u00e0 c\u00f4toyer...<br \/>\n<\/span><\/p>\n<\/div>\n<\/div><\/div><\/div><\/div><\/div><\/div><\/div><\/div><\/div><div id=\"pg-9248-3\"  class=\"panel-grid panel-has-style\" ><div class=\"panel-row-style panel-row-style-for-9248-3\" ><div id=\"pgc-9248-3-0\"  class=\"panel-grid-cell\" ><div id=\"panel-9248-3-0-0\" class=\"so-panel widget widget_sow-editor panel-first-child\" data-index=\"4\" ><div class=\"panel-widget-style panel-widget-style-for-9248-3-0-0\" ><div\n\t\t\t\n\t\t\tclass=\"so-widget-sow-editor so-widget-sow-editor-base\"\n\t\t\t\n\t\t>\n<div class=\"siteorigin-widget-tinymce textwidget\">\n\t<h1 style=\"text-align: justify;\"><b>Ovo<br \/>\n<\/b><\/h1>\n<\/div>\n<\/div><\/div><\/div><div id=\"panel-9248-3-0-1\" class=\"so-panel widget widget_siteorigin-panels-builder panel-last-child\" data-index=\"5\" ><div id=\"pl-w65cd5cbc5f9a0\"  class=\"panel-layout\" ><div id=\"pg-w65cd5cbc5f9a0-0\"  class=\"panel-grid panel-no-style\" ><div id=\"pgc-w65cd5cbc5f9a0-0-0\"  class=\"panel-grid-cell panel-grid-cell-empty\" ><\/div><div id=\"pgc-w65cd5cbc5f9a0-0-1\"  class=\"panel-grid-cell\" ><div id=\"panel-w65cd5cbc5f9a0-0-1-0\" class=\"so-panel widget widget_sow-image panel-first-child panel-last-child\" data-index=\"0\" ><div class=\"panel-widget-style panel-widget-style-for-w65cd5cbc5f9a0-0-1-0\" ><div\n\t\t\t\n\t\t\tclass=\"so-widget-sow-image so-widget-sow-image-default-4e6925654b7a\"\n\t\t\t\n\t\t>\n<div class=\"sow-image-container\">\n\t\t<img \n\tsrc=\"https:\/\/i0.wp.com\/toutcourtfestival.fr\/wp-content\/uploads\/2024\/02\/1176_thumb.png?resize=272%2C182&amp;ssl=1\" width=\"272\" height=\"182\" srcset=\"https:\/\/i0.wp.com\/toutcourtfestival.fr\/wp-content\/uploads\/2024\/02\/1176_thumb.png?resize=272%2C182&amp;ssl=1 272w, https:\/\/i0.wp.com\/toutcourtfestival.fr\/wp-content\/uploads\/2024\/02\/1176_thumb.png?zoom=2&amp;resize=272%2C182&amp;ssl=1 544w, https:\/\/i0.wp.com\/toutcourtfestival.fr\/wp-content\/uploads\/2024\/02\/1176_thumb.png?zoom=3&amp;resize=272%2C182&amp;ssl=1 816w\" alt=\"\" \t\tclass=\"so-widget-image\"\/>\n\t<\/div>\n\n<\/div><\/div><\/div><\/div><div id=\"pgc-w65cd5cbc5f9a0-0-2\"  class=\"panel-grid-cell\" ><div id=\"panel-w65cd5cbc5f9a0-0-2-0\" class=\"so-panel widget widget_sow-editor panel-first-child panel-last-child\" data-index=\"1\" ><div\n\t\t\t\n\t\t\tclass=\"so-widget-sow-editor so-widget-sow-editor-base\"\n\t\t\t\n\t\t>\n<div class=\"siteorigin-widget-tinymce textwidget\">\n\t<p style=\"text-align: justify;\"><span style=\"font-size: 12pt;\"><em>Science-fiction de Stiv Spasojevic - France - 6\u201940\u201d [Film d'animation]<br \/>\n<\/em><\/span><\/p>\n<p style=\"text-align: justify;\"><span style=\"font-size: 12pt;\">C'est l'histoire d'une rencontre entre un \u00e9tonnant robot venu de l'espace et un adorable petit oiseau tout juste sorti de l'oeuf...<br \/>\n<\/span><\/p>\n<p>&nbsp;<\/p>\n<\/div>\n<\/div><\/div><\/div><\/div><\/div><\/div><\/div><\/div><\/div><div id=\"pg-9248-4\"  class=\"panel-grid panel-has-style\" ><div class=\"panel-row-style panel-row-style-for-9248-4\" ><div id=\"pgc-9248-4-0\"  class=\"panel-grid-cell\" ><div id=\"panel-9248-4-0-0\" class=\"so-panel widget widget_sow-editor panel-first-child\" data-index=\"6\" ><div class=\"panel-widget-style panel-widget-style-for-9248-4-0-0\" ><div\n\t\t\t\n\t\t\tclass=\"so-widget-sow-editor so-widget-sow-editor-base\"\n\t\t\t\n\t\t>\n<div class=\"siteorigin-widget-tinymce textwidget\">\n\t<h1 style=\"text-align: justify;\"><span style=\"color: #e6e6e6;\"><b>Bear Hug<br \/>\n<\/b><\/span><b><\/b><\/h1>\n<\/div>\n<\/div><\/div><\/div><div id=\"panel-9248-4-0-1\" class=\"so-panel widget widget_siteorigin-panels-builder panel-last-child\" data-index=\"7\" ><div id=\"pl-w65cd5d6e32d77\"  class=\"panel-layout\" ><div id=\"pg-w65cd5d6e32d77-0\"  class=\"panel-grid panel-no-style\" ><div id=\"pgc-w65cd5d6e32d77-0-0\"  class=\"panel-grid-cell panel-grid-cell-empty\" ><\/div><div id=\"pgc-w65cd5d6e32d77-0-1\"  class=\"panel-grid-cell\" ><div id=\"panel-w65cd5d6e32d77-0-1-0\" class=\"so-panel widget widget_sow-image panel-first-child panel-last-child\" data-index=\"0\" ><div class=\"panel-widget-style panel-widget-style-for-w65cd5d6e32d77-0-1-0\" ><div\n\t\t\t\n\t\t\tclass=\"so-widget-sow-image so-widget-sow-image-default-4e6925654b7a\"\n\t\t\t\n\t\t>\n<div class=\"sow-image-container\">\n\t\t<img \n\tsrc=\"https:\/\/i0.wp.com\/toutcourtfestival.fr\/wp-content\/uploads\/2024\/02\/BearHug_2-2.jpg?resize=272%2C182&amp;ssl=1\" width=\"272\" height=\"182\" srcset=\"https:\/\/i0.wp.com\/toutcourtfestival.fr\/wp-content\/uploads\/2024\/02\/BearHug_2-2.jpg?resize=272%2C182&amp;ssl=1 272w, https:\/\/i0.wp.com\/toutcourtfestival.fr\/wp-content\/uploads\/2024\/02\/BearHug_2-2.jpg?zoom=2&amp;resize=272%2C182&amp;ssl=1 544w, https:\/\/i0.wp.com\/toutcourtfestival.fr\/wp-content\/uploads\/2024\/02\/BearHug_2-2.jpg?zoom=3&amp;resize=272%2C182&amp;ssl=1 816w\" title=\"BearHug_2 (2)\" alt=\"\" \t\tclass=\"so-widget-image\"\/>\n\t<\/div>\n\n<\/div><\/div><\/div><\/div><div id=\"pgc-w65cd5d6e32d77-0-2\"  class=\"panel-grid-cell\" ><div id=\"panel-w65cd5d6e32d77-0-2-0\" class=\"so-panel widget widget_sow-editor panel-first-child panel-last-child\" data-index=\"1\" ><div\n\t\t\t\n\t\t\tclass=\"so-widget-sow-editor so-widget-sow-editor-base\"\n\t\t\t\n\t\t>\n<div class=\"siteorigin-widget-tinymce textwidget\">\n\t<p style=\"text-align: justify;\"><span style=\"font-size: 12pt; color: #e6e6e6;\"><em>Com\u00e9die dramatique de Margrethe DANIELSEN - France, Norv\u00e8ge - 10\u201933\u201d [Film d'animation]<\/p>\n<p><\/em><\/span><\/p>\n<p style=\"text-align: justify;\"><span style=\"font-size: 12pt; color: #e6e6e6;\">Un petit ours attend avec impatience l'arriv\u00e9e des invit\u00e9s pour son anniversaire. La journ\u00e9e passe mais personne ne vient... Sa d\u00e9termination \u00e0 f\u00eater son anniversaire est la plus forte et, libre comme un oiseau, il se met en qu\u00eate de compagnie.<\/p>\n<p><\/span><\/p>\n<\/div>\n<\/div><\/div><\/div><\/div><\/div><\/div><\/div><\/div><\/div><div id=\"pg-9248-5\"  class=\"panel-grid panel-has-style\" ><div class=\"panel-row-style panel-row-style-for-9248-5\" ><div id=\"pgc-9248-5-0\"  class=\"panel-grid-cell\" ><div id=\"panel-9248-5-0-0\" class=\"so-panel widget widget_sow-editor panel-first-child\" data-index=\"8\" ><div class=\"panel-widget-style panel-widget-style-for-9248-5-0-0\" ><div\n\t\t\t\n\t\t\tclass=\"so-widget-sow-editor so-widget-sow-editor-base\"\n\t\t\t\n\t\t>\n<div class=\"siteorigin-widget-tinymce textwidget\">\n\t<h1 style=\"text-align: justify;\"><b>L'oie du plus fort<br \/>\n<\/b><\/h1>\n<\/div>\n<\/div><\/div><\/div><div id=\"panel-9248-5-0-1\" class=\"so-panel widget widget_siteorigin-panels-builder panel-last-child\" data-index=\"9\" ><div id=\"pl-w65cd5dc0333bc\"  class=\"panel-layout\" ><div id=\"pg-w65cd5dc0333bc-0\"  class=\"panel-grid panel-no-style\" ><div id=\"pgc-w65cd5dc0333bc-0-0\"  class=\"panel-grid-cell panel-grid-cell-empty\" ><\/div><div id=\"pgc-w65cd5dc0333bc-0-1\"  class=\"panel-grid-cell\" ><div id=\"panel-w65cd5dc0333bc-0-1-0\" class=\"so-panel widget widget_sow-image panel-first-child panel-last-child\" data-index=\"0\" ><div class=\"panel-widget-style panel-widget-style-for-w65cd5dc0333bc-0-1-0\" ><div\n\t\t\t\n\t\t\tclass=\"so-widget-sow-image so-widget-sow-image-default-4e6925654b7a\"\n\t\t\t\n\t\t>\n<div class=\"sow-image-container\">\n\t\t<img \n\tsrc=\"https:\/\/i0.wp.com\/toutcourtfestival.fr\/wp-content\/uploads\/2024\/02\/6759_thumb.jpg?resize=272%2C182&amp;ssl=1\" width=\"272\" height=\"182\" srcset=\"https:\/\/i0.wp.com\/toutcourtfestival.fr\/wp-content\/uploads\/2024\/02\/6759_thumb.jpg?resize=272%2C182&amp;ssl=1 272w, https:\/\/i0.wp.com\/toutcourtfestival.fr\/wp-content\/uploads\/2024\/02\/6759_thumb.jpg?zoom=2&amp;resize=272%2C182&amp;ssl=1 544w, https:\/\/i0.wp.com\/toutcourtfestival.fr\/wp-content\/uploads\/2024\/02\/6759_thumb.jpg?zoom=3&amp;resize=272%2C182&amp;ssl=1 816w\" alt=\"\" \t\tclass=\"so-widget-image\"\/>\n\t<\/div>\n\n<\/div><\/div><\/div><\/div><div id=\"pgc-w65cd5dc0333bc-0-2\"  class=\"panel-grid-cell\" ><div id=\"panel-w65cd5dc0333bc-0-2-0\" class=\"so-panel widget widget_sow-editor panel-first-child panel-last-child\" data-index=\"1\" ><div\n\t\t\t\n\t\t\tclass=\"so-widget-sow-editor so-widget-sow-editor-base\"\n\t\t\t\n\t\t>\n<div class=\"siteorigin-widget-tinymce textwidget\">\n\t<p style=\"text-align: justify;\"><span style=\"font-size: 12pt; font-family: arial, helvetica, sans-serif;\"><em>Autres de Jan M\u00edka - R\u00e9publique Tch\u00e8que, France - 12\u2019 [Film d'animation]<\/p>\n<p><\/em><\/span><\/p>\n<p style=\"text-align: justify;\"><span style=\"font-size: 12pt;\">Un jeune gar\u00e7on r\u00eave de devenir footballeur professionnel et de jouer dans les plus grands stades, mais pour cela il doit d\u2019abord gagner un match dans une petite cour, contre une oie.<\/p>\n<p><\/span><\/p>\n<\/div>\n<\/div><\/div><\/div><\/div><\/div><\/div><\/div><\/div><\/div><div id=\"pg-9248-6\"  class=\"panel-grid panel-has-style\" ><div class=\"panel-row-style panel-row-style-for-9248-6\" ><div id=\"pgc-9248-6-0\"  class=\"panel-grid-cell\" ><div id=\"panel-9248-6-0-0\" class=\"so-panel widget widget_sow-editor panel-first-child\" data-index=\"10\" ><div class=\"panel-widget-style panel-widget-style-for-9248-6-0-0\" ><div\n\t\t\t\n\t\t\tclass=\"so-widget-sow-editor so-widget-sow-editor-base\"\n\t\t\t\n\t\t>\n<div class=\"siteorigin-widget-tinymce textwidget\">\n\t<h1 style=\"text-align: justify;\"><span style=\"color: #e6e6e6;\"><b>Pina<br \/>\n<\/b><\/span><\/h1>\n<\/div>\n<\/div><\/div><\/div><div id=\"panel-9248-6-0-1\" class=\"so-panel widget widget_siteorigin-panels-builder panel-last-child\" data-index=\"11\" ><div id=\"pl-w65cd5e85c2cf2\"  class=\"panel-layout\" ><div id=\"pg-w65cd5e85c2cf2-0\"  class=\"panel-grid panel-no-style\" ><div id=\"pgc-w65cd5e85c2cf2-0-0\"  class=\"panel-grid-cell panel-grid-cell-empty\" ><\/div><div id=\"pgc-w65cd5e85c2cf2-0-1\"  class=\"panel-grid-cell\" ><div id=\"panel-w65cd5e85c2cf2-0-1-0\" class=\"so-panel widget widget_sow-image panel-first-child panel-last-child\" data-index=\"0\" ><div class=\"panel-widget-style panel-widget-style-for-w65cd5e85c2cf2-0-1-0\" ><div\n\t\t\t\n\t\t\tclass=\"so-widget-sow-image so-widget-sow-image-default-4e6925654b7a\"\n\t\t\t\n\t\t>\n<div class=\"sow-image-container\">\n\t\t<img \n\tsrc=\"https:\/\/i0.wp.com\/toutcourtfestival.fr\/wp-content\/uploads\/2024\/02\/photo-1-1655213882489-2-scaled.jpg?resize=272%2C182&amp;ssl=1\" width=\"272\" height=\"182\" srcset=\"https:\/\/i0.wp.com\/toutcourtfestival.fr\/wp-content\/uploads\/2024\/02\/photo-1-1655213882489-2-scaled.jpg?resize=272%2C182&amp;ssl=1 272w, https:\/\/i0.wp.com\/toutcourtfestival.fr\/wp-content\/uploads\/2024\/02\/photo-1-1655213882489-2-scaled.jpg?zoom=2&amp;resize=272%2C182&amp;ssl=1 544w, https:\/\/i0.wp.com\/toutcourtfestival.fr\/wp-content\/uploads\/2024\/02\/photo-1-1655213882489-2-scaled.jpg?zoom=3&amp;resize=272%2C182&amp;ssl=1 816w\" title=\"photo-1-1655213882489 (2)\" alt=\"\" \t\tclass=\"so-widget-image\"\/>\n\t<\/div>\n\n<\/div><\/div><\/div><\/div><div id=\"pgc-w65cd5e85c2cf2-0-2\"  class=\"panel-grid-cell\" ><div id=\"panel-w65cd5e85c2cf2-0-2-0\" class=\"so-panel widget widget_sow-editor panel-first-child panel-last-child\" data-index=\"1\" ><div\n\t\t\t\n\t\t\tclass=\"so-widget-sow-editor so-widget-sow-editor-base\"\n\t\t\t\n\t\t>\n<div class=\"siteorigin-widget-tinymce textwidget\">\n\t<p style=\"text-align: justify;\"><span style=\"font-size: 12pt; color: #e6e6e6;\"><em>Conte de J\u00c9R\u00c9MY DEPUYDT , GIUSEPPE ACCARDO - France, Belgique - 23\u201944\u201d [Film d'animation]<\/p>\n<p><\/em><\/span><\/p>\n<p style=\"text-align: justify;\"><span style=\"font-size: 12pt; color: #e6e6e6;\">Au d\u00e9but du XXe si\u00e8cle, dans un village recul\u00e9 de la campagne sicilienne, Pina, la fille de la boulang\u00e8re cache le pouvoir de r\u00e9g\u00e9n\u00e9rer la terre. \u00c0 chaque r\u00e9colte, des bandits sans scrupules pillent le village en semant la terreur.<\/p>\n<p><\/span><\/p>\n<\/div>\n<\/div><\/div><\/div><\/div><\/div><\/div><\/div><\/div><\/div><div id=\"pg-9248-7\"  class=\"panel-grid panel-has-style\" ><div class=\"panel-row-style panel-row-style-for-9248-7\" ><div id=\"pgc-9248-7-0\"  class=\"panel-grid-cell\" ><div id=\"panel-9248-7-0-0\" class=\"so-panel widget widget_sow-editor panel-first-child\" data-index=\"12\" ><div class=\"panel-widget-style panel-widget-style-for-9248-7-0-0\" ><div\n\t\t\t\n\t\t\tclass=\"so-widget-sow-editor so-widget-sow-editor-base\"\n\t\t\t\n\t\t>\n<div class=\"siteorigin-widget-tinymce textwidget\">\n\t<h1 style=\"text-align: justify;\">Conte sauvage<br \/>\n<\/h1>\n<\/div>\n<\/div><\/div><\/div><div id=\"panel-9248-7-0-1\" class=\"so-panel widget widget_siteorigin-panels-builder panel-last-child\" data-index=\"13\" ><div id=\"pl-w65cd5f4008eb6\"  class=\"panel-layout\" ><div id=\"pg-w65cd5f4008eb6-0\"  class=\"panel-grid panel-no-style\" ><div id=\"pgc-w65cd5f4008eb6-0-0\"  class=\"panel-grid-cell panel-grid-cell-empty\" ><\/div><div id=\"pgc-w65cd5f4008eb6-0-1\"  class=\"panel-grid-cell\" ><div id=\"panel-w65cd5f4008eb6-0-1-0\" class=\"so-panel widget widget_sow-image panel-first-child panel-last-child\" data-index=\"0\" ><div class=\"panel-widget-style panel-widget-style-for-w65cd5f4008eb6-0-1-0\" ><div\n\t\t\t\n\t\t\tclass=\"so-widget-sow-image so-widget-sow-image-default-4e6925654b7a\"\n\t\t\t\n\t\t>\n<div class=\"sow-image-container\">\n\t\t<img \n\tsrc=\"https:\/\/i0.wp.com\/toutcourtfestival.fr\/wp-content\/uploads\/2024\/02\/4206_picture-e1707958065648.jpg?resize=272%2C182&amp;ssl=1\" width=\"272\" height=\"182\" srcset=\"https:\/\/i0.wp.com\/toutcourtfestival.fr\/wp-content\/uploads\/2024\/02\/4206_picture-e1707958065648.jpg?resize=272%2C182&amp;ssl=1 272w, https:\/\/i0.wp.com\/toutcourtfestival.fr\/wp-content\/uploads\/2024\/02\/4206_picture-e1707958065648.jpg?zoom=2&amp;resize=272%2C182&amp;ssl=1 544w, https:\/\/i0.wp.com\/toutcourtfestival.fr\/wp-content\/uploads\/2024\/02\/4206_picture-e1707958065648.jpg?zoom=3&amp;resize=272%2C182&amp;ssl=1 816w\" title=\"4206_picture\" alt=\"\" \t\tclass=\"so-widget-image\"\/>\n\t<\/div>\n\n<\/div><\/div><\/div><\/div><div id=\"pgc-w65cd5f4008eb6-0-2\"  class=\"panel-grid-cell\" ><div id=\"panel-w65cd5f4008eb6-0-2-0\" class=\"so-panel widget widget_sow-editor panel-first-child panel-last-child\" data-index=\"1\" ><div\n\t\t\t\n\t\t\tclass=\"so-widget-sow-editor so-widget-sow-editor-base\"\n\t\t\t\n\t\t>\n<div class=\"siteorigin-widget-tinymce textwidget\">\n\t<p style=\"text-align: justify;\"><span style=\"font-size: 12pt;\"><em>Com\u00e9die de Pierre Dugowson - France - 8\u201932\u201d<\/p>\n<p><\/em><\/span><\/p>\n<p style=\"text-align: justify;\"><span style=\"font-size: 12pt;\">C\u2019est le soir, une fillette est couch\u00e9e, sa m\u00e8re lui lit\u00a0 \u00ab\u00a0Boucle d\u2019or et les trois ours\u00a0\u00bb. Mais la petite ne semble pas appr\u00e9cier. Elle ne comprend pas qu\u2019on fasse \u00ab\u00a0parler\u00a0\u00bb les ours, ou plut\u00f4t, qu\u2019on parle \u00e0 leur place. La m\u00e8re part \u00e0 la recherche d\u2019un ours.<\/p>\n<p><\/span><\/p>\n<\/div>\n<\/div><\/div><\/div><\/div><\/div><\/div><\/div><\/div><\/div><div id=\"pg-9248-8\"  class=\"panel-grid panel-no-style\" ><div id=\"pgc-9248-8-0\"  class=\"panel-grid-cell\" ><div id=\"panel-9248-8-0-0\" class=\"so-panel widget widget_text panel-first-child panel-last-child\" data-index=\"14\" >\t\t\t<div class=\"textwidget\"><style>.entry-title {display:none;}<\/style> <\/div>\n\t\t<\/div><\/div><\/div><\/div>","protected":false},"excerpt":{"rendered":"<p>S\u00e9lections Les enfants du Tout Court ! S\u00e9lections parall\u00e8les <\/p>\n<p style=\"text-align: justify;\">Afin que tous nos spectateurs, y compris les plus jeunes, puissent participer pleinement au Tout Court ! nous pr\u00e9sentons une s\u00e9lection de films qui leurs sont particuli\u00e8rement adress\u00e9s &#8211; mais que les adultes ont aussi le droit d&#8217;appr\u00e9cier ! A l&#8217;issue de la s\u00e9ance, &hellip; <\/p>\n<p><a class=\"more-link btn\" href=\"https:\/\/toutcourtfestival.fr\/index.php\/archives\/tout-court-2024\/selection-2024\/selections-2024-juniors\/\">Continue reading<\/a><\/p>\n","protected":false},"author":1,"featured_media":9260,"parent":9183,"menu_order":0,"comment_status":"closed","ping_status":"closed","template":"","meta":{"ngg_post_thumbnail":0,"jetpack_post_was_ever_published":false,"footnotes":""},"class_list":["post-9248","page","type-page","status-publish","has-post-thumbnail","hentry","nodate","item-wrap"],"jetpack_sharing_enabled":true,"jetpack_shortlink":"https:\/\/wp.me\/P8k6iw-2pa","jetpack_likes_enabled":true,"_links":{"self":[{"href":"https:\/\/toutcourtfestival.fr\/index.php\/wp-json\/wp\/v2\/pages\/9248","targetHints":{"allow":["GET"]}}],"collection":[{"href":"https:\/\/toutcourtfestival.fr\/index.php\/wp-json\/wp\/v2\/pages"}],"about":[{"href":"https:\/\/toutcourtfestival.fr\/index.php\/wp-json\/wp\/v2\/types\/page"}],"author":[{"embeddable":true,"href":"https:\/\/toutcourtfestival.fr\/index.php\/wp-json\/wp\/v2\/users\/1"}],"replies":[{"embeddable":true,"href":"https:\/\/toutcourtfestival.fr\/index.php\/wp-json\/wp\/v2\/comments?post=9248"}],"version-history":[{"count":14,"href":"https:\/\/toutcourtfestival.fr\/index.php\/wp-json\/wp\/v2\/pages\/9248\/revisions"}],"predecessor-version":[{"id":9269,"href":"https:\/\/toutcourtfestival.fr\/index.php\/wp-json\/wp\/v2\/pages\/9248\/revisions\/9269"}],"up":[{"embeddable":true,"href":"https:\/\/toutcourtfestival.fr\/index.php\/wp-json\/wp\/v2\/pages\/9183"}],"wp:featuredmedia":[{"embeddable":true,"href":"https:\/\/toutcourtfestival.fr\/index.php\/wp-json\/wp\/v2\/media\/9260"}],"wp:attachment":[{"href":"https:\/\/toutcourtfestival.fr\/index.php\/wp-json\/wp\/v2\/media?parent=9248"}],"curies":[{"name":"wp","href":"https:\/\/api.w.org\/{rel}","templated":true}]}}