{"id":9947,"date":"2026-03-15T19:49:46","date_gmt":"2026-03-15T18:49:46","guid":{"rendered":"https:\/\/toutcourtfestival.fr\/?page_id=9947"},"modified":"2026-03-15T19:49:46","modified_gmt":"2026-03-15T18:49:46","slug":"jury-2026","status":"publish","type":"page","link":"https:\/\/toutcourtfestival.fr\/index.php\/jury-2026\/","title":{"rendered":"Jury 2026"},"content":{"rendered":"<div id=\"pl-9947\"  class=\"panel-layout\" ><div id=\"pg-9947-0\"  class=\"panel-grid panel-no-style\" ><div id=\"pgc-9947-0-0\"  class=\"panel-grid-cell\" ><div id=\"panel-9947-0-0-0\" class=\"so-panel widget widget_sow-headline panel-first-child panel-last-child\" data-index=\"0\" ><div\n\t\t\t\n\t\t\tclass=\"so-widget-sow-headline so-widget-sow-headline-default-6321850d9803-9947\"\n\t\t\t\n\t\t><div class=\"sow-headline-container \">\n\t\t\t\t\t\t\t<h1 class=\"sow-headline\">\n\t\t\t\t\t\tJury de l'\u00e9dition 2026\t\t\t\t\t\t<\/h1>\n\t\t\t\t\t\t\t\t\t\t\t<div class=\"decoration\">\n\t\t\t\t\t\t<div class=\"decoration-inside\"><\/div>\n\t\t\t\t\t<\/div>\n\t\t\t\t\t\t\t\t\t\t\t<h3 class=\"sow-sub-headline\">\n\t\t\t\t\t\tJury Pro\t\t\t\t\t\t<\/h3>\n\t\t\t\t\t\t<\/div>\n<\/div><\/div><\/div><\/div><div id=\"pg-9947-1\"  class=\"panel-grid panel-no-style\" ><div id=\"pgc-9947-1-0\"  class=\"panel-grid-cell panel-grid-cell-empty\" ><\/div><div id=\"pgc-9947-1-1\"  class=\"panel-grid-cell panel-grid-cell-mobile-last\" ><div id=\"panel-9947-1-1-0\" class=\"so-panel widget widget_sow-editor panel-first-child panel-last-child\" data-index=\"1\" ><div\n\t\t\t\n\t\t\tclass=\"so-widget-sow-editor so-widget-sow-editor-base\"\n\t\t\t\n\t\t>\n<div class=\"siteorigin-widget-tinymce textwidget\">\n\t<p style=\"text-align: justify;\"><span style=\"font-size: 12pt;\"><span style=\"font-size: 12pt;\">Le jury pro est compos\u00e9 d'artistes (r\u00e9alisateurs, acteurs...) et professionnels du cin\u00e9ma. Il est renouvel\u00e9 \u00e0 chaque \u00e9dition. Il d\u00e9cerne le <\/span><strong style=\"font-size: 12pt;\">Grand Prix du Jury,<\/strong><span style=\"font-size: 12pt;\"> \u00e9ventuellement accompagn\u00e9 d'un <\/span><b style=\"font-size: 12pt;\">Coup de <\/b><b>C\u0153ur<\/b><b style=\"font-size: 12pt;\"> du Jury.<\/b><\/span><\/p>\n<\/div>\n<\/div><\/div><\/div><div id=\"pgc-9947-1-2\"  class=\"panel-grid-cell panel-grid-cell-empty\" ><\/div><\/div><div id=\"pg-9947-2\"  class=\"panel-grid panel-has-style\" ><div class=\"panel-row-style panel-row-style-for-9947-2\" ><div id=\"pgc-9947-2-0\"  class=\"panel-grid-cell\" ><div id=\"panel-9947-2-0-0\" class=\"so-panel widget widget_sow-editor panel-first-child\" data-index=\"2\" ><div class=\"panel-widget-style panel-widget-style-for-9947-2-0-0\" ><div\n\t\t\t\n\t\t\tclass=\"so-widget-sow-editor so-widget-sow-editor-base\"\n\t\t\t\n\t\t>\n<div class=\"siteorigin-widget-tinymce textwidget\">\n\t<h1 style=\"text-align: justify;\"><span style=\"color: #e6e6e6;\"><b>Lou Zidi <\/b><\/span><b><\/b><\/h1>\n<\/div>\n<\/div><\/div><\/div><div id=\"panel-9947-2-0-1\" class=\"so-panel widget widget_siteorigin-panels-builder panel-last-child\" data-index=\"3\" ><div id=\"pl-w69b1d3ca401c8\"  class=\"panel-layout\" ><div id=\"pg-w69b1d3ca401c8-0\"  class=\"panel-grid panel-no-style\" ><div id=\"pgc-w69b1d3ca401c8-0-0\"  class=\"panel-grid-cell panel-grid-cell-empty\" ><\/div><div id=\"pgc-w69b1d3ca401c8-0-1\"  class=\"panel-grid-cell\" ><div id=\"panel-w69b1d3ca401c8-0-1-0\" class=\"so-panel widget widget_sow-image panel-first-child panel-last-child\" data-index=\"0\" ><div class=\"panel-widget-style panel-widget-style-for-w69b1d3ca401c8-0-1-0\" ><div\n\t\t\t\n\t\t\tclass=\"so-widget-sow-image so-widget-sow-image-default-4e6925654b7a\"\n\t\t\t\n\t\t>\n<div class=\"sow-image-container\">\n\t\t<img \n\tsrc=\"https:\/\/i0.wp.com\/toutcourtfestival.fr\/wp-content\/uploads\/2026\/03\/Lou-ZIDI.jpeg?fit=200%2C300&amp;ssl=1\" width=\"200\" height=\"300\" srcset=\"https:\/\/i0.wp.com\/toutcourtfestival.fr\/wp-content\/uploads\/2026\/03\/Lou-ZIDI.jpeg?w=1067&amp;ssl=1 1067w, https:\/\/i0.wp.com\/toutcourtfestival.fr\/wp-content\/uploads\/2026\/03\/Lou-ZIDI.jpeg?resize=200%2C300&amp;ssl=1 200w, https:\/\/i0.wp.com\/toutcourtfestival.fr\/wp-content\/uploads\/2026\/03\/Lou-ZIDI.jpeg?resize=683%2C1024&amp;ssl=1 683w, https:\/\/i0.wp.com\/toutcourtfestival.fr\/wp-content\/uploads\/2026\/03\/Lou-ZIDI.jpeg?resize=768%2C1152&amp;ssl=1 768w, https:\/\/i0.wp.com\/toutcourtfestival.fr\/wp-content\/uploads\/2026\/03\/Lou-ZIDI.jpeg?resize=1024%2C1536&amp;ssl=1 1024w\" title=\"Jury 2026: Lou Zidi\" alt=\"\" \t\tclass=\"so-widget-image\"\/>\n\t<\/div>\n\n<\/div><\/div><\/div><\/div><div id=\"pgc-w69b1d3ca401c8-0-2\"  class=\"panel-grid-cell\" ><div id=\"panel-w69b1d3ca401c8-0-2-0\" class=\"so-panel widget widget_sow-editor panel-first-child panel-last-child\" data-index=\"1\" ><div\n\t\t\t\n\t\t\tclass=\"so-widget-sow-editor so-widget-sow-editor-base\"\n\t\t\t\n\t\t>\n<div class=\"siteorigin-widget-tinymce textwidget\">\n\t<p style=\"text-align: justify;\"><span style=\"font-size: 12pt; color: #e6e6e6;\">Lou Zidi a grandi \u00e0 Paris o\u00f9 elle obtient un bac option audiovisuel avant d\u2019int\u00e9grer l\u2019EICAR en section r\u00e9alisation. Entour\u00e9e d'une \u00e9quipe fid\u00e8le qui l\u2019accompagne encore aujourd'hui, elle y \u00e9crit et r\u00e9alise ses premiers court-m\u00e9trages dont NINO, s\u00e9lectionn\u00e9 et prim\u00e9 en France et \u00e0 l\u2019international.<br \/>\nEn 2019, elle monte sa propre soci\u00e9t\u00e9 de productions BRAQUAGE PRODUCTIONS avec laquelle elle r\u00e9alise et produit le court-m\u00e9trage Couleur Menthe \u00e0 l\u2019eau, s\u00e9lectionn\u00e9 dans de nombreux festivals et laur\u00e9at d'une Mention Sp\u00e9ciale du Jury Etudiant au festival Paris Courts Devant ainsi que d\u2019une Mention Sp\u00e9ciale du Label film de La maison du film.<br \/>\nElle signe ensuite le court-m\u00e9trage Laissez-moi danser (2025), s\u00e9lectionn\u00e9 notamment au Festival du film francophone d\u2019Angoul\u00eame et \u00e0 Paris Court Devant, ainsi que la mini-s\u00e9rie Les rieuses (2025) r\u00e9compens\u00e9e du prix du public de la meilleure mini-s\u00e9rie du Nikon film festival.<br \/>\nActuellement en d\u00e9veloppement de sa s\u00e9rie 6x52\u2019 Les rieuses, elle est \u00e9galement en d\u00e9veloppement de son premier long m\u00e9trage Quand on sera grand.<\/span><\/p>\n<\/div>\n<\/div><\/div><\/div><\/div><\/div><\/div><\/div><\/div><\/div><div id=\"pg-9947-3\"  class=\"panel-grid panel-has-style\" ><div class=\"panel-row-style panel-row-style-for-9947-3\" ><div id=\"pgc-9947-3-0\"  class=\"panel-grid-cell\" ><div id=\"panel-9947-3-0-0\" class=\"so-panel widget widget_sow-editor panel-first-child\" data-index=\"4\" ><div class=\"panel-widget-style panel-widget-style-for-9947-3-0-0\" ><div\n\t\t\t\n\t\t\tclass=\"so-widget-sow-editor so-widget-sow-editor-base\"\n\t\t\t\n\t\t>\n<div class=\"siteorigin-widget-tinymce textwidget\">\n\t<h1 style=\"text-align: right;\"><b>Tristan Zerbib <\/b><\/h1>\n<\/div>\n<\/div><\/div><\/div><div id=\"panel-9947-3-0-1\" class=\"so-panel widget widget_siteorigin-panels-builder panel-last-child\" data-index=\"5\" ><div id=\"pl-w69b1d3ca422db\"  class=\"panel-layout\" ><div id=\"pg-w69b1d3ca422db-0\"  class=\"panel-grid panel-no-style\" ><div id=\"pgc-w69b1d3ca422db-0-0\"  class=\"panel-grid-cell panel-grid-cell-empty\" ><\/div><div id=\"pgc-w69b1d3ca422db-0-1\"  class=\"panel-grid-cell\" ><div id=\"panel-w69b1d3ca422db-0-1-0\" class=\"so-panel widget widget_sow-editor panel-first-child panel-last-child\" data-index=\"0\" ><div\n\t\t\t\n\t\t\tclass=\"so-widget-sow-editor so-widget-sow-editor-base\"\n\t\t\t\n\t\t>\n<div class=\"siteorigin-widget-tinymce textwidget\">\n\t<p style=\"text-align: justify;\">Tristan Zerbib est com\u00e9dien et auteur. Il commence l\u2019\u00e9criture en 2007 avec La piche attitude, un duo comique puis il co-\u00e9crit trois pi\u00e8ces de th\u00e9\u00e2tre produites et jou\u00e9es \u00e0 Paris et en tourn\u00e9e : Mes pires amis, Le ticket gagnant, Coup de foudre sans gluten.<br \/>\nIl est s\u00e9lectionn\u00e9 en 2021 \u00e0 la r\u00e9sidence d\u2019\u00e9criture CINECOMEDIELAB \u00e0 Lille pour une com\u00e9die de long m\u00e9trage, Un r\u00f4le sur mesure, l\u2019adaptation d\u2019une de ses pi\u00e8ces de th\u00e9\u00e2tre.<br \/>\nIl a \u00e9crit et r\u00e9alis\u00e9 4 courts-m\u00e9trages autoproduits : La Poussette, Le plus vieux m\u00e9tier du monde, Anonymat et Inadapt\u00e9 (achat France 2).<br \/>\nLe court m\u00e9trage Action, co-\u00e9crit avec Brice Emiel, est en d\u00e9veloppement avec la boite de production Eldorado.<\/p>\n<\/div>\n<\/div><\/div><\/div><div id=\"pgc-w69b1d3ca422db-0-2\"  class=\"panel-grid-cell\" ><div id=\"panel-w69b1d3ca422db-0-2-0\" class=\"so-panel widget widget_sow-image panel-first-child panel-last-child\" data-index=\"1\" ><div class=\"panel-widget-style panel-widget-style-for-w69b1d3ca422db-0-2-0\" ><div\n\t\t\t\n\t\t\tclass=\"so-widget-sow-image so-widget-sow-image-default-e4c2d9f6c920\"\n\t\t\t\n\t\t>\n<div class=\"sow-image-container\">\n\t\t<img \n\tsrc=\"https:\/\/i0.wp.com\/toutcourtfestival.fr\/wp-content\/uploads\/2026\/03\/Tristan-Zerbib-scaled.jpg?fit=215%2C300&amp;ssl=1\" width=\"215\" height=\"300\" srcset=\"https:\/\/i0.wp.com\/toutcourtfestival.fr\/wp-content\/uploads\/2026\/03\/Tristan-Zerbib-scaled.jpg?w=1833&amp;ssl=1 1833w, https:\/\/i0.wp.com\/toutcourtfestival.fr\/wp-content\/uploads\/2026\/03\/Tristan-Zerbib-scaled.jpg?resize=215%2C300&amp;ssl=1 215w, https:\/\/i0.wp.com\/toutcourtfestival.fr\/wp-content\/uploads\/2026\/03\/Tristan-Zerbib-scaled.jpg?resize=733%2C1024&amp;ssl=1 733w, https:\/\/i0.wp.com\/toutcourtfestival.fr\/wp-content\/uploads\/2026\/03\/Tristan-Zerbib-scaled.jpg?resize=768%2C1072&amp;ssl=1 768w, https:\/\/i0.wp.com\/toutcourtfestival.fr\/wp-content\/uploads\/2026\/03\/Tristan-Zerbib-scaled.jpg?resize=1100%2C1536&amp;ssl=1 1100w, https:\/\/i0.wp.com\/toutcourtfestival.fr\/wp-content\/uploads\/2026\/03\/Tristan-Zerbib-scaled.jpg?resize=1467%2C2048&amp;ssl=1 1467w, https:\/\/i0.wp.com\/toutcourtfestival.fr\/wp-content\/uploads\/2026\/03\/Tristan-Zerbib-scaled.jpg?resize=1370%2C1913&amp;ssl=1 1370w\" title=\"Jury 2026: Tristan Zerbib\" alt=\"\" \t\tclass=\"so-widget-image\"\/>\n\t<\/div>\n\n<\/div><\/div><\/div><\/div><\/div><\/div><\/div><\/div><\/div><\/div><div id=\"pg-9947-4\"  class=\"panel-grid panel-has-style\" ><div class=\"panel-row-style panel-row-style-for-9947-4\" ><div id=\"pgc-9947-4-0\"  class=\"panel-grid-cell\" ><div id=\"panel-9947-4-0-0\" class=\"so-panel widget widget_sow-editor panel-first-child\" data-index=\"6\" ><div class=\"panel-widget-style panel-widget-style-for-9947-4-0-0\" ><div\n\t\t\t\n\t\t\tclass=\"so-widget-sow-editor so-widget-sow-editor-base\"\n\t\t\t\n\t\t>\n<div class=\"siteorigin-widget-tinymce textwidget\">\n\t<h1 style=\"text-align: justify;\"><span style=\"color: #e6e6e6;\"><b>Nicolas Novak <\/b><\/span><b><\/b><\/h1>\n<\/div>\n<\/div><\/div><\/div><div id=\"panel-9947-4-0-1\" class=\"so-panel widget widget_siteorigin-panels-builder panel-last-child\" data-index=\"7\" ><div id=\"pl-w69b1d3ca44d91\"  class=\"panel-layout\" ><div id=\"pg-w69b1d3ca44d91-0\"  class=\"panel-grid panel-no-style\" ><div id=\"pgc-w69b1d3ca44d91-0-0\"  class=\"panel-grid-cell panel-grid-cell-empty\" ><\/div><div id=\"pgc-w69b1d3ca44d91-0-1\"  class=\"panel-grid-cell\" ><div id=\"panel-w69b1d3ca44d91-0-1-0\" class=\"so-panel widget widget_sow-image panel-first-child panel-last-child\" data-index=\"0\" ><div class=\"panel-widget-style panel-widget-style-for-w69b1d3ca44d91-0-1-0\" ><div\n\t\t\t\n\t\t\tclass=\"so-widget-sow-image so-widget-sow-image-default-4e6925654b7a\"\n\t\t\t\n\t\t>\n<div class=\"sow-image-container\">\n\t\t<img \n\tsrc=\"https:\/\/i0.wp.com\/toutcourtfestival.fr\/wp-content\/uploads\/2026\/03\/Nicolas-Novak.png?fit=277%2C300&amp;ssl=1\" width=\"277\" height=\"300\" srcset=\"https:\/\/i0.wp.com\/toutcourtfestival.fr\/wp-content\/uploads\/2026\/03\/Nicolas-Novak.png?w=922&amp;ssl=1 922w, https:\/\/i0.wp.com\/toutcourtfestival.fr\/wp-content\/uploads\/2026\/03\/Nicolas-Novak.png?resize=277%2C300&amp;ssl=1 277w, https:\/\/i0.wp.com\/toutcourtfestival.fr\/wp-content\/uploads\/2026\/03\/Nicolas-Novak.png?resize=768%2C832&amp;ssl=1 768w\" title=\"Jury 2026: Nicolas Novak\" alt=\"\" \t\tclass=\"so-widget-image\"\/>\n\t<\/div>\n\n<\/div><\/div><\/div><\/div><div id=\"pgc-w69b1d3ca44d91-0-2\"  class=\"panel-grid-cell\" ><div id=\"panel-w69b1d3ca44d91-0-2-0\" class=\"so-panel widget widget_sow-editor panel-first-child panel-last-child\" data-index=\"1\" ><div\n\t\t\t\n\t\t\tclass=\"so-widget-sow-editor so-widget-sow-editor-base\"\n\t\t\t\n\t\t>\n<div class=\"siteorigin-widget-tinymce textwidget\">\n\t<p style=\"text-align: justify;\"><span style=\"font-size: 12pt; color: #e6e6e6;\">Nicolas Novak partage sa vie entre la production et la r\u00e9alisation de films. Il a explor\u00e9 diff\u00e9rents genre (thriller social, com\u00e9die burlesque, exp\u00e9rimental) et diff\u00e9rents supports avec un attachement particulier \u00e0 la pellicule. <\/span><\/p>\n<p>&nbsp;<\/p>\n<\/div>\n<\/div><\/div><\/div><\/div><\/div><\/div><\/div><\/div><\/div><div id=\"pg-9947-5\"  class=\"panel-grid panel-has-style\" ><div class=\"panel-row-style panel-row-style-for-9947-5\" ><div id=\"pgc-9947-5-0\"  class=\"panel-grid-cell\" ><div id=\"panel-9947-5-0-0\" class=\"so-panel widget widget_sow-editor panel-first-child\" data-index=\"8\" ><div class=\"panel-widget-style panel-widget-style-for-9947-5-0-0\" ><div\n\t\t\t\n\t\t\tclass=\"so-widget-sow-editor so-widget-sow-editor-base\"\n\t\t\t\n\t\t>\n<div class=\"siteorigin-widget-tinymce textwidget\">\n\t<h1 style=\"text-align: right;\"><b>Lola Gantillon<\/b><\/h1>\n<\/div>\n<\/div><\/div><\/div><div id=\"panel-9947-5-0-1\" class=\"so-panel widget widget_siteorigin-panels-builder panel-last-child\" data-index=\"9\" ><div id=\"pl-w69b47ee17116d\"  class=\"panel-layout\" ><div id=\"pg-w69b47ee17116d-0\"  class=\"panel-grid panel-no-style\" ><div id=\"pgc-w69b47ee17116d-0-0\"  class=\"panel-grid-cell panel-grid-cell-empty\" ><\/div><div id=\"pgc-w69b47ee17116d-0-1\"  class=\"panel-grid-cell\" ><div id=\"panel-w69b47ee17116d-0-1-0\" class=\"so-panel widget widget_sow-editor panel-first-child panel-last-child\" data-index=\"0\" ><div\n\t\t\t\n\t\t\tclass=\"so-widget-sow-editor so-widget-sow-editor-base\"\n\t\t\t\n\t\t>\n<div class=\"siteorigin-widget-tinymce textwidget\">\n\t<p style=\"text-align: justify;\"><span style=\"font-size: 12pt;\">Lola Gantillon est productrice et r\u00e9alisatrice, cofondatrice de Hisa\u00e9 Productions, une soci\u00e9t\u00e9 ind\u00e9pendante bas\u00e9e \u00e0 Paris. Elle accompagne le d\u00e9veloppement et la production de courts-m\u00e9trages de fiction, de clips vid\u00e9o et de projets publicitaires ou institutionnels. <\/span><\/p>\n<\/div>\n<\/div><\/div><\/div><div id=\"pgc-w69b47ee17116d-0-2\"  class=\"panel-grid-cell\" ><div id=\"panel-w69b47ee17116d-0-2-0\" class=\"so-panel widget widget_sow-image panel-first-child panel-last-child\" data-index=\"1\" ><div class=\"panel-widget-style panel-widget-style-for-w69b47ee17116d-0-2-0\" ><div\n\t\t\t\n\t\t\tclass=\"so-widget-sow-image so-widget-sow-image-default-e4c2d9f6c920\"\n\t\t\t\n\t\t>\n<div class=\"sow-image-container\">\n\t\t<img \n\tsrc=\"https:\/\/i0.wp.com\/toutcourtfestival.fr\/wp-content\/uploads\/2026\/03\/Lola-Gantillon.jpeg?fit=273%2C300&amp;ssl=1\" width=\"273\" height=\"300\" srcset=\"https:\/\/i0.wp.com\/toutcourtfestival.fr\/wp-content\/uploads\/2026\/03\/Lola-Gantillon.jpeg?w=1170&amp;ssl=1 1170w, https:\/\/i0.wp.com\/toutcourtfestival.fr\/wp-content\/uploads\/2026\/03\/Lola-Gantillon.jpeg?resize=273%2C300&amp;ssl=1 273w, https:\/\/i0.wp.com\/toutcourtfestival.fr\/wp-content\/uploads\/2026\/03\/Lola-Gantillon.jpeg?resize=932%2C1024&amp;ssl=1 932w, https:\/\/i0.wp.com\/toutcourtfestival.fr\/wp-content\/uploads\/2026\/03\/Lola-Gantillon.jpeg?resize=768%2C844&amp;ssl=1 768w\" title=\"Jury 2026: Lola Gantillon\" alt=\"\" \t\tclass=\"so-widget-image\"\/>\n\t<\/div>\n\n<\/div><\/div><\/div><\/div><\/div><\/div><\/div><\/div><\/div><\/div><div id=\"pg-9947-6\"  class=\"panel-grid panel-has-style\" ><div class=\"panel-row-style panel-row-style-for-9947-6\" ><div id=\"pgc-9947-6-0\"  class=\"panel-grid-cell\" ><div id=\"panel-9947-6-0-0\" class=\"so-panel widget widget_sow-editor panel-first-child\" data-index=\"10\" ><div class=\"panel-widget-style panel-widget-style-for-9947-6-0-0\" ><div\n\t\t\t\n\t\t\tclass=\"so-widget-sow-editor so-widget-sow-editor-base\"\n\t\t\t\n\t\t>\n<div class=\"siteorigin-widget-tinymce textwidget\">\n\t<h1 style=\"text-align: justify;\"><span style=\"color: #e6e6e6;\"><strong>Tanguy Lucchetta <\/strong><\/span><\/h1>\n<\/div>\n<\/div><\/div><\/div><div id=\"panel-9947-6-0-1\" class=\"so-panel widget widget_siteorigin-panels-builder panel-last-child\" data-index=\"11\" ><div id=\"pl-w69b1d3ca472bd\"  class=\"panel-layout\" ><div id=\"pg-w69b1d3ca472bd-0\"  class=\"panel-grid panel-no-style\" ><div id=\"pgc-w69b1d3ca472bd-0-0\"  class=\"panel-grid-cell panel-grid-cell-empty\" ><\/div><div id=\"pgc-w69b1d3ca472bd-0-1\"  class=\"panel-grid-cell\" ><div id=\"panel-w69b1d3ca472bd-0-1-0\" class=\"so-panel widget widget_sow-image panel-first-child panel-last-child\" data-index=\"0\" ><div class=\"panel-widget-style panel-widget-style-for-w69b1d3ca472bd-0-1-0\" ><div\n\t\t\t\n\t\t\tclass=\"so-widget-sow-image so-widget-sow-image-default-4e6925654b7a\"\n\t\t\t\n\t\t>\n<div class=\"sow-image-container\">\n\t\t<img \n\tsrc=\"https:\/\/i0.wp.com\/toutcourtfestival.fr\/wp-content\/uploads\/2026\/03\/Tanguy-LUCCHETA-scaled-e1773261694964.jpeg?fit=142%2C300&amp;ssl=1\" width=\"142\" height=\"300\" srcset=\"https:\/\/i0.wp.com\/toutcourtfestival.fr\/wp-content\/uploads\/2026\/03\/Tanguy-LUCCHETA-scaled-e1773261694964.jpeg?w=907&amp;ssl=1 907w, https:\/\/i0.wp.com\/toutcourtfestival.fr\/wp-content\/uploads\/2026\/03\/Tanguy-LUCCHETA-scaled-e1773261694964.jpeg?resize=142%2C300&amp;ssl=1 142w, https:\/\/i0.wp.com\/toutcourtfestival.fr\/wp-content\/uploads\/2026\/03\/Tanguy-LUCCHETA-scaled-e1773261694964.jpeg?resize=486%2C1024&amp;ssl=1 486w, https:\/\/i0.wp.com\/toutcourtfestival.fr\/wp-content\/uploads\/2026\/03\/Tanguy-LUCCHETA-scaled-e1773261694964.jpeg?resize=768%2C1617&amp;ssl=1 768w, https:\/\/i0.wp.com\/toutcourtfestival.fr\/wp-content\/uploads\/2026\/03\/Tanguy-LUCCHETA-scaled-e1773261694964.jpeg?resize=729%2C1536&amp;ssl=1 729w\" title=\"Tanguy LUCCHETA\" alt=\"\" \t\tclass=\"so-widget-image\"\/>\n\t<\/div>\n\n<\/div><\/div><\/div><\/div><div id=\"pgc-w69b1d3ca472bd-0-2\"  class=\"panel-grid-cell\" ><div id=\"panel-w69b1d3ca472bd-0-2-0\" class=\"so-panel widget widget_sow-editor panel-first-child panel-last-child\" data-index=\"1\" ><div\n\t\t\t\n\t\t\tclass=\"so-widget-sow-editor so-widget-sow-editor-base\"\n\t\t\t\n\t\t>\n<div class=\"siteorigin-widget-tinymce textwidget\">\n\t<p style=\"text-align: justify;\"><span style=\"font-size: 12pt; color: #e6e6e6;\">Tanguy Lucchetta est un jeune \u00e9tudiant en deuxi\u00e8me ann\u00e9e de cin\u00e9ma \u00e0 l\u2019universit\u00e9 de Rennes 2.<br \/>\nIl commence son parcours audiovisuel par de petits sketches en p\u00e2te \u00e0 modeler dans sa chambre, puis concr\u00e9tise sa passion au lyc\u00e9e Chateaubriand en int\u00e9grant la sp\u00e9cialit\u00e9 cin\u00e9ma.<br \/>\nEn collaboration, il y r\u00e9alise un documentaire, suivi d\u2019un court m\u00e9trage de fiction (Splitter) prim\u00e9 au festival Court M\u00e9trange en octobre 2024, et diffus\u00e9 au festival Tout court en mars 2025.<br \/>\nIl s\u2019est investi ces deux derni\u00e8res ann\u00e9es dans plusieurs projets audiovisuel, lui faisant porter la casquette de cameraman de concert live, sc\u00e9nariste, r\u00e9gisseur, \u00e9lectricien de plateau et r\u00e9alisateur.<br \/>\n<\/span><\/p>\n<\/div>\n<\/div><\/div><\/div><\/div><\/div><\/div><\/div><\/div><\/div><div id=\"pg-9947-7\"  class=\"panel-grid panel-no-style\" ><div id=\"pgc-9947-7-0\"  class=\"panel-grid-cell\" ><div id=\"panel-9947-7-0-0\" class=\"so-panel widget widget_sow-headline panel-first-child panel-last-child\" data-index=\"12\" ><div\n\t\t\t\n\t\t\tclass=\"so-widget-sow-headline so-widget-sow-headline-default-6090f20097d1-9947\"\n\t\t\t\n\t\t><div class=\"sow-headline-container \">\n\t\t\t\t\t\t<div class=\"decoration\">\n\t\t\t\t\t\t<div class=\"decoration-inside\"><\/div>\n\t\t\t\t\t<\/div>\n\t\t\t\t\t\t\t\t\t\t\t<h3 class=\"sow-sub-headline\">\n\t\t\t\t\t\tJury de la ville de Gisors\t\t\t\t\t\t<\/h3>\n\t\t\t\t\t\t<\/div>\n<\/div><\/div><\/div><\/div><div id=\"pg-9947-8\"  class=\"panel-grid panel-no-style\" ><div id=\"pgc-9947-8-0\"  class=\"panel-grid-cell panel-grid-cell-empty\" ><\/div><div id=\"pgc-9947-8-1\"  class=\"panel-grid-cell panel-grid-cell-mobile-last\" ><div id=\"panel-9947-8-1-0\" class=\"so-panel widget widget_sow-editor panel-first-child panel-last-child\" data-index=\"13\" ><div\n\t\t\t\n\t\t\tclass=\"so-widget-sow-editor so-widget-sow-editor-base\"\n\t\t\t\n\t\t>\n<div class=\"siteorigin-widget-tinymce textwidget\">\n\t<p style=\"text-align: justify;\"><span style=\"font-size: 12pt;\">Compos\u00e9 de repr\u00e9sentants de la commune, il d\u00e9cernera le <\/span><strong>Prix de la ville de Gisors<\/strong><strong>.<\/strong><\/p>\n<\/div>\n<\/div><\/div><\/div><div id=\"pgc-9947-8-2\"  class=\"panel-grid-cell panel-grid-cell-empty\" ><\/div><\/div><div id=\"pg-9947-9\"  class=\"panel-grid panel-no-style\" ><div id=\"pgc-9947-9-0\"  class=\"panel-grid-cell\" ><div id=\"panel-9947-9-0-0\" class=\"so-panel widget widget_sow-headline panel-first-child panel-last-child\" data-index=\"14\" ><div\n\t\t\t\n\t\t\tclass=\"so-widget-sow-headline so-widget-sow-headline-default-fb75b4ca24a1-9947\"\n\t\t\t\n\t\t><div class=\"sow-headline-container \">\n\t\t\t\t\t\t<div class=\"decoration\">\n\t\t\t\t\t\t<div class=\"decoration-inside\"><\/div>\n\t\t\t\t\t<\/div>\n\t\t\t\t\t\t\t\t\t\t\t<h3 class=\"sow-sub-headline\">\n\t\t\t\t\t\tJury coll\u00e9gien\t\t\t\t\t\t<\/h3>\n\t\t\t\t\t\t<\/div>\n<\/div><\/div><\/div><\/div><div id=\"pg-9947-10\"  class=\"panel-grid panel-no-style\" ><div id=\"pgc-9947-10-0\"  class=\"panel-grid-cell panel-grid-cell-empty\" ><\/div><div id=\"pgc-9947-10-1\"  class=\"panel-grid-cell panel-grid-cell-mobile-last\" ><div id=\"panel-9947-10-1-0\" class=\"so-panel widget widget_sow-editor panel-first-child panel-last-child\" data-index=\"15\" ><div\n\t\t\t\n\t\t\tclass=\"so-widget-sow-editor so-widget-sow-editor-base\"\n\t\t\t\n\t\t>\n<div class=\"siteorigin-widget-tinymce textwidget\">\n\t<p style=\"text-align: justify;\"><span style=\"font-size: 12pt;\">Le jury coll\u00e9gien est compos\u00e9 d'\u00e9l\u00e8ves du coll\u00e8ge Pablo Picasso de Gisors, de la cinqui\u00e8me \u00e0 la troisi\u00e8me, encadr\u00e9s par leur professeur et responsable du club cin\u00e9ma de l'\u00e9tablissement. <\/span>Ils d\u00e9cerneront le <strong>prix du jury coll\u00e9gien<\/strong><strong>.<\/strong><\/p>\n<\/div>\n<\/div><\/div><\/div><div id=\"pgc-9947-10-2\"  class=\"panel-grid-cell panel-grid-cell-empty\" ><\/div><\/div><div id=\"pg-9947-11\"  class=\"panel-grid panel-no-style\" ><div id=\"pgc-9947-11-0\"  class=\"panel-grid-cell\" ><div id=\"panel-9947-11-0-0\" class=\"so-panel widget widget_sow-headline panel-first-child panel-last-child\" data-index=\"16\" ><div\n\t\t\t\n\t\t\tclass=\"so-widget-sow-headline so-widget-sow-headline-default-fb75b4ca24a1-9947\"\n\t\t\t\n\t\t><div class=\"sow-headline-container \">\n\t\t\t\t\t\t<div class=\"decoration\">\n\t\t\t\t\t\t<div class=\"decoration-inside\"><\/div>\n\t\t\t\t\t<\/div>\n\t\t\t\t\t\t\t\t\t\t\t<h3 class=\"sow-sub-headline\">\n\t\t\t\t\t\tJury lyc\u00e9en\t\t\t\t\t\t<\/h3>\n\t\t\t\t\t\t<\/div>\n<\/div><\/div><\/div><\/div><div id=\"pg-9947-12\"  class=\"panel-grid panel-no-style\" ><div id=\"pgc-9947-12-0\"  class=\"panel-grid-cell panel-grid-cell-empty\" ><\/div><div id=\"pgc-9947-12-1\"  class=\"panel-grid-cell panel-grid-cell-mobile-last\" ><div id=\"panel-9947-12-1-0\" class=\"so-panel widget widget_sow-editor panel-first-child panel-last-child\" data-index=\"17\" ><div\n\t\t\t\n\t\t\tclass=\"so-widget-sow-editor so-widget-sow-editor-base\"\n\t\t\t\n\t\t>\n<div class=\"siteorigin-widget-tinymce textwidget\">\n\t<p style=\"text-align: justify;\"><span style=\"font-size: 12pt;\">Le jury lyc\u00e9en est compos\u00e9 d'\u00e9l\u00e8ves du lyc\u00e9e Louise Michel de Gisors, de la seconde \u00e0 la terminale, encadr\u00e9s par leur professeur. <\/span>Ils d\u00e9cerneront le <strong>prix du jury lyc\u00e9en<\/strong><strong>.<\/strong><\/p>\n<\/div>\n<\/div><\/div><\/div><div id=\"pgc-9947-12-2\"  class=\"panel-grid-cell panel-grid-cell-empty\" ><\/div><\/div><div id=\"pg-9947-13\"  class=\"panel-grid panel-no-style\" ><div id=\"pgc-9947-13-0\"  class=\"panel-grid-cell\" ><div id=\"panel-9947-13-0-0\" class=\"so-panel widget widget_sow-headline panel-first-child panel-last-child\" data-index=\"18\" ><div\n\t\t\t\n\t\t\tclass=\"so-widget-sow-headline so-widget-sow-headline-default-6090f20097d1-9947\"\n\t\t\t\n\t\t><div class=\"sow-headline-container \">\n\t\t\t\t\t\t<div class=\"decoration\">\n\t\t\t\t\t\t<div class=\"decoration-inside\"><\/div>\n\t\t\t\t\t<\/div>\n\t\t\t\t\t\t\t\t\t\t\t<h3 class=\"sow-sub-headline\">\n\t\t\t\t\t\tEnfants du Tout Court !\t\t\t\t\t\t<\/h3>\n\t\t\t\t\t\t<\/div>\n<\/div><\/div><\/div><\/div><div id=\"pg-9947-14\"  class=\"panel-grid panel-no-style\" ><div id=\"pgc-9947-14-0\"  class=\"panel-grid-cell panel-grid-cell-empty\" ><\/div><div id=\"pgc-9947-14-1\"  class=\"panel-grid-cell panel-grid-cell-mobile-last\" ><div id=\"panel-9947-14-1-0\" class=\"so-panel widget widget_sow-editor panel-first-child panel-last-child\" data-index=\"19\" ><div\n\t\t\t\n\t\t\tclass=\"so-widget-sow-editor so-widget-sow-editor-base\"\n\t\t\t\n\t\t>\n<div class=\"siteorigin-widget-tinymce textwidget\">\n\t<p style=\"text-align: justify;\"><span style=\"font-size: 12pt;\">Les enfants spectateurs des deux s\u00e9ances Jeunes Public voteront en fin de s\u00e9ance pour leur film pr\u00e9f\u00e9r\u00e9, et d\u00e9cerneront ainsi le <strong>prix des enfants du Tout Court !<\/strong><\/span><\/p>\n<\/div>\n<\/div><\/div><\/div><div id=\"pgc-9947-14-2\"  class=\"panel-grid-cell panel-grid-cell-empty\" ><\/div><\/div><div id=\"pg-9947-15\"  class=\"panel-grid panel-no-style\" ><div id=\"pgc-9947-15-0\"  class=\"panel-grid-cell\" ><div id=\"panel-9947-15-0-0\" class=\"so-panel widget widget_sow-headline panel-first-child panel-last-child\" data-index=\"20\" ><div\n\t\t\t\n\t\t\tclass=\"so-widget-sow-headline so-widget-sow-headline-default-6090f20097d1-9947\"\n\t\t\t\n\t\t><div class=\"sow-headline-container \">\n\t\t\t\t\t\t<div class=\"decoration\">\n\t\t\t\t\t\t<div class=\"decoration-inside\"><\/div>\n\t\t\t\t\t<\/div>\n\t\t\t\t\t\t\t\t\t\t\t<h3 class=\"sow-sub-headline\">\n\t\t\t\t\t\tPrix du public\t\t\t\t\t\t<\/h3>\n\t\t\t\t\t\t<\/div>\n<\/div><\/div><\/div><\/div><div id=\"pg-9947-16\"  class=\"panel-grid panel-no-style\" ><div id=\"pgc-9947-16-0\"  class=\"panel-grid-cell panel-grid-cell-empty\" ><\/div><div id=\"pgc-9947-16-1\"  class=\"panel-grid-cell panel-grid-cell-mobile-last\" ><div id=\"panel-9947-16-1-0\" class=\"so-panel widget widget_sow-editor panel-first-child panel-last-child\" data-index=\"21\" ><div\n\t\t\t\n\t\t\tclass=\"so-widget-sow-editor so-widget-sow-editor-base\"\n\t\t\t\n\t\t>\n<div class=\"siteorigin-widget-tinymce textwidget\">\n\t<p style=\"text-align: justify;\"><span style=\"font-size: 12pt;\">Le public sera amen\u00e9 \u00e0 voter en fin des s\u00e9ances comp\u00e9tition afin de d\u00e9cerner le <strong>Prix du public.<\/strong><\/span><\/p>\n<\/div>\n<\/div><\/div><\/div><div id=\"pgc-9947-16-2\"  class=\"panel-grid-cell panel-grid-cell-empty\" ><\/div><\/div><div id=\"pg-9947-17\"  class=\"panel-grid panel-no-style\" ><div id=\"pgc-9947-17-0\"  class=\"panel-grid-cell\" ><div id=\"panel-9947-17-0-0\" class=\"so-panel widget widget_text panel-first-child panel-last-child\" data-index=\"22\" >\t\t\t<div class=\"textwidget\"><style>.entry-title {display:none;}<\/style> <\/div>\n\t\t<\/div><\/div><\/div><\/div>","protected":false},"excerpt":{"rendered":"<p>Jury de l&#8217;\u00e9dition 2026 Jury Pro <\/p>\n<p style=\"text-align: justify;\">Le jury pro est compos\u00e9 d&#8217;artistes (r\u00e9alisateurs, acteurs&#8230;) et professionnels du cin\u00e9ma. Il est renouvel\u00e9 \u00e0 chaque \u00e9dition. Il d\u00e9cerne le <strong style=\"font-size: 12pt;\">Grand Prix du Jury,<\/strong> \u00e9ventuellement accompagn\u00e9 d&#8217;un <b style=\"font-size: 12pt;\">Coup de <\/b><b>C\u0153ur<\/b><b style=\"font-size: 12pt;\"> du Jury.<\/b><\/p>\n<p> <b>Lou Zidi <\/b><b><\/b> <\/p>\n<p style=\"text-align: justify;\">Lou Zidi a &hellip; <\/p>\n<p><a class=\"more-link btn\" href=\"https:\/\/toutcourtfestival.fr\/index.php\/jury-2026\/\">Continue reading<\/a><\/p>\n","protected":false},"author":4,"featured_media":0,"parent":0,"menu_order":0,"comment_status":"closed","ping_status":"closed","template":"","meta":{"ngg_post_thumbnail":0,"jetpack_post_was_ever_published":false,"footnotes":""},"class_list":["post-9947","page","type-page","status-publish","hentry","nodate","item-wrap"],"jetpack_sharing_enabled":true,"jetpack_shortlink":"https:\/\/wp.me\/P8k6iw-2Ar","jetpack_likes_enabled":true,"_links":{"self":[{"href":"https:\/\/toutcourtfestival.fr\/index.php\/wp-json\/wp\/v2\/pages\/9947","targetHints":{"allow":["GET"]}}],"collection":[{"href":"https:\/\/toutcourtfestival.fr\/index.php\/wp-json\/wp\/v2\/pages"}],"about":[{"href":"https:\/\/toutcourtfestival.fr\/index.php\/wp-json\/wp\/v2\/types\/page"}],"author":[{"embeddable":true,"href":"https:\/\/toutcourtfestival.fr\/index.php\/wp-json\/wp\/v2\/users\/4"}],"replies":[{"embeddable":true,"href":"https:\/\/toutcourtfestival.fr\/index.php\/wp-json\/wp\/v2\/comments?post=9947"}],"version-history":[{"count":13,"href":"https:\/\/toutcourtfestival.fr\/index.php\/wp-json\/wp\/v2\/pages\/9947\/revisions"}],"predecessor-version":[{"id":10311,"href":"https:\/\/toutcourtfestival.fr\/index.php\/wp-json\/wp\/v2\/pages\/9947\/revisions\/10311"}],"wp:attachment":[{"href":"https:\/\/toutcourtfestival.fr\/index.php\/wp-json\/wp\/v2\/media?parent=9947"}],"curies":[{"name":"wp","href":"https:\/\/api.w.org\/{rel}","templated":true}]}}